{"id":12834,"date":"2021-09-02T11:32:49","date_gmt":"2021-09-02T11:32:49","guid":{"rendered":"https:\/\/equalsaree.org\/?post_type=project&#038;p=12834"},"modified":"2024-03-14T16:17:16","modified_gmt":"2024-03-14T16:17:16","slug":"imaginons-la-place-17-de-setembre-3","status":"publish","type":"project","link":"https:\/\/equalsaree.org\/fr\/project\/imaginons-la-place-17-de-setembre-3\/","title":{"rendered":"\u00c9tude pour am\u00e9liorer l&rsquo;espace public \u00e0 Argentona"},"content":{"rendered":"<p>[et_pb_section fb_built=\u00a0\u00bb1&Prime; admin_label=\u00a0\u00bbsection\u00a0\u00bb _builder_version=\u00a0\u00bb3.22&Prime; custom_padding=\u00a0\u00bb40px|||||\u00a0\u00bb hover_enabled=\u00a0\u00bb0&Prime; locked=\u00a0\u00bboff\u00a0\u00bb][et_pb_row column_structure=\u00a0\u00bb1_2,1_2&Prime; admin_label=\u00a0\u00bbrow\u00a0\u00bb _builder_version=\u00a0\u00bb3.25&Prime; background_size=\u00a0\u00bbinitial\u00a0\u00bb background_position=\u00a0\u00bbtop_left\u00a0\u00bb background_repeat=\u00a0\u00bbrepeat\u00a0\u00bb width=\u00a0\u00bb75%\u00a0\u00bb custom_margin=\u00a0\u00bb|31px||179px||\u00a0\u00bb][et_pb_column type=\u00a0\u00bb1_2&Prime; _builder_version=\u00a0\u00bb3.25&Prime; custom_padding=\u00a0\u00bb|||\u00a0\u00bb custom_padding__hover=\u00a0\u00bb|||\u00a0\u00bb][et_pb_image src=\u00a0\u00bbhttps:\/\/equalsaree.org\/wp-content\/uploads\/2021\/09\/30_Argentona.jpg\u00a0\u00bb alt=\u00a0\u00bbEqual Saree Barcelona urbanismo arquitectura feminista g\u00e9nero metodolog\u00eda marcha exploratoria\u00a0\u00bb title_text=\u00a0\u00bbArgentona_Equal Saree\u00a0\u00bb align_tablet=\u00a0\u00bbcenter\u00a0\u00bb align_phone=\u00a0\u00bb\u00a0\u00bb align_last_edited=\u00a0\u00bbon|desktop\u00a0\u00bb _builder_version=\u00a0\u00bb4.4.5&Prime; hover_enabled=\u00a0\u00bb0&Prime; always_center_on_mobile=\u00a0\u00bbon\u00a0\u00bb][\/et_pb_image][\/et_pb_column][et_pb_column type=\u00a0\u00bb1_2&Prime; _builder_version=\u00a0\u00bb3.25&Prime; custom_padding=\u00a0\u00bb|||\u00a0\u00bb custom_padding__hover=\u00a0\u00bb|||\u00a0\u00bb][et_pb_text admin_label=\u00a0\u00bbTexto\u00a0\u00bb _builder_version=\u00a0\u00bb4.4.5&Prime; text_font_size=\u00a0\u00bb12&Prime; text_line_height=\u00a0\u00bb1.4em\u00a0\u00bb background_size=\u00a0\u00bbinitial\u00a0\u00bb background_position=\u00a0\u00bbtop_left\u00a0\u00bb background_repeat=\u00a0\u00bbrepeat\u00a0\u00bb use_border_color=\u00a0\u00bboff\u00a0\u00bb]<\/p>\n<h2><b>\u00c9tude pour am\u00e9liorer l&rsquo;espace public \u00e0 Argentona<\/b><\/h2>\n<h3><span style=\"color: #d51f00;\"><span style=\"font-weight: 400;\">Diagnostic et propositions pour le quartier de Sant Miquel del Cros dans une perspective de genre et intersectionnelle<\/span><\/span><\/h3>\n<p><span style=\"font-weight: 400;\">Cette \u00e9tude vise \u00e0 g\u00e9n\u00e9rer des crit\u00e8res pour la conception de l&rsquo;espace public et des strat\u00e9gies d&rsquo;action dans une perspective de genre et intersectionnelle qui serviront de base aux futures interventions dans le quartier. Avec la volont\u00e9 ultime de faciliter le quotidien, la coh\u00e9sion et l&rsquo;int\u00e9gration sociale et de cr\u00e9er un paysage urbain qui favorise le sentiment d&rsquo;appartenance, la perception de s\u00e9curit\u00e9 et de confort \u00e0 tous les habitants, travailleurs et visiteurs du quartier du Cros.<\/span><\/p>\n<p><span style=\"font-weight: 400;\">Les \u00e9tudes de l&rsquo;espace public avec une perspective de genre et intersectionnelle valorisent des aspects qui n&rsquo;ont pas \u00e9t\u00e9 si pris en compte dans l&rsquo;urbanisme traditionnel et, d&rsquo;autre part, jouent un r\u00f4le fondamental dans la vie quotidienne. De plus, le quartier de Sant Miquel del Cros pr\u00e9sente un certain nombre de caract\u00e9ristiques uniques du quartier et de sa dynamique.<\/span><\/p>\n<p><span style=\"font-weight: 400;\"><strong>Date et lieu:<\/strong> d\u00e9cembre 2020-juillet 2021. Argentona<br \/><\/span><span style=\"font-weight: 400;\"><strong>Client:<\/strong> Mairie d&rsquo;Argentona<\/span><b><\/b><b><\/b><\/p>\n<p>[\/et_pb_text][\/et_pb_column][\/et_pb_row][\/et_pb_section][et_pb_section fb_built=\u00a0\u00bb1&Prime; custom_padding_last_edited=\u00a0\u00bbon|desktop\u00a0\u00bb admin_label=\u00a0\u00bbSecci\u00f3n\u00a0\u00bb _builder_version=\u00a0\u00bb3.22&Prime; custom_padding_tablet=\u00a0\u00bb50px|0|50px|0&Prime; custom_padding_phone=\u00a0\u00bb\u00a0\u00bb transparent_background=\u00a0\u00bboff\u00a0\u00bb padding_mobile=\u00a0\u00bboff\u00a0\u00bb make_fullwidth=\u00a0\u00bboff\u00a0\u00bb use_custom_width=\u00a0\u00bboff\u00a0\u00bb width_unit=\u00a0\u00bbon\u00a0\u00bb locked=\u00a0\u00bboff\u00a0\u00bb][et_pb_row padding_mobile=\u00a0\u00bboff\u00a0\u00bb column_padding_mobile=\u00a0\u00bbon\u00a0\u00bb admin_label=\u00a0\u00bbFila\u00a0\u00bb module_id=\u00a0\u00bbetapas\u00a0\u00bb _builder_version=\u00a0\u00bb3.25&Prime; background_size=\u00a0\u00bbinitial\u00a0\u00bb background_position=\u00a0\u00bbtop_left\u00a0\u00bb background_repeat=\u00a0\u00bbrepeat\u00a0\u00bb make_fullwidth=\u00a0\u00bboff\u00a0\u00bb use_custom_width=\u00a0\u00bboff\u00a0\u00bb width_unit=\u00a0\u00bbon\u00a0\u00bb][et_pb_column type=\u00a0\u00bb4_4&Prime; _builder_version=\u00a0\u00bb3.25&Prime; custom_padding=\u00a0\u00bb|||\u00a0\u00bb custom_padding__hover=\u00a0\u00bb|||\u00a0\u00bb][et_pb_text admin_label=\u00a0\u00bbTexto\u00a0\u00bb _builder_version=\u00a0\u00bb4.4.5&Prime; background_size=\u00a0\u00bbinitial\u00a0\u00bb background_position=\u00a0\u00bbtop_left\u00a0\u00bb background_repeat=\u00a0\u00bbrepeat\u00a0\u00bb use_border_color=\u00a0\u00bboff\u00a0\u00bb]<\/p>\n<h2><strong>Conoce m\u00e1s el proyecto<\/strong><\/h2>\n<p><a href=\"#etapa1\">M\u00e9thodologie<\/a>\u00a0|<a title=\"Espais de participaci\u00f3 f\u00edsics\" href=\"#etapa2\"> Propositions<\/a><\/p>\n<p>[\/et_pb_text][\/et_pb_column][\/et_pb_row][et_pb_row admin_label=\u00a0\u00bbFila\u00a0\u00bb _builder_version=\u00a0\u00bb3.25&Prime; background_size=\u00a0\u00bbinitial\u00a0\u00bb background_position=\u00a0\u00bbtop_left\u00a0\u00bb background_repeat=\u00a0\u00bbrepeat\u00a0\u00bb][et_pb_column type=\u00a0\u00bb4_4&Prime; _builder_version=\u00a0\u00bb3.25&Prime; custom_padding=\u00a0\u00bb|||\u00a0\u00bb custom_padding__hover=\u00a0\u00bb|||\u00a0\u00bb]<\/p>\n<p>[et_pb_divider color=\u00a0\u00bb#777777&Prime; divider_position=\u00a0\u00bbcenter\u00a0\u00bb disabled_on=\u00a0\u00bbon|on|off\u00a0\u00bb admin_label=\u00a0\u00bbSeparador\u00a0\u00bb _builder_version=\u00a0\u00bb3.23.4&Prime; height=\u00a0\u00bb80px\u00a0\u00bb hide_on_mobile=\u00a0\u00bbon\u00a0\u00bb]\u00a0[\/et_pb_divider]<\/p>\n<p>[\/et_pb_column][\/et_pb_row][et_pb_row column_structure=\u00a0\u00bb1_2,1_2&Prime; padding_mobile=\u00a0\u00bboff\u00a0\u00bb column_padding_mobile=\u00a0\u00bbon\u00a0\u00bb admin_label=\u00a0\u00bb#etapa1&Prime; module_id=\u00a0\u00bbetapa1&Prime; _builder_version=\u00a0\u00bb4.4.5&Prime; background_size=\u00a0\u00bbinitial\u00a0\u00bb background_position=\u00a0\u00bbtop_left\u00a0\u00bb background_repeat=\u00a0\u00bbrepeat\u00a0\u00bb][et_pb_column type=\u00a0\u00bb1_2&Prime; _builder_version=\u00a0\u00bb3.25&Prime; custom_padding=\u00a0\u00bb|||\u00a0\u00bb custom_padding__hover=\u00a0\u00bb|||\u00a0\u00bb][et_pb_text admin_label=\u00a0\u00bbetapa 1&Prime; _builder_version=\u00a0\u00bb4.4.5&Prime; text_font_size=\u00a0\u00bb12&Prime; text_line_height=\u00a0\u00bb1.4em\u00a0\u00bb background_size=\u00a0\u00bbinitial\u00a0\u00bb background_position=\u00a0\u00bbtop_left\u00a0\u00bb background_repeat=\u00a0\u00bbrepeat\u00a0\u00bb use_border_color=\u00a0\u00bboff\u00a0\u00bb]<\/p>\n<h3><b>M\u00e9thodologie<\/b><\/h3>\n<p><span style=\"font-weight: 400;\">La m\u00e9thodologie a consist\u00e9 \u00e0 r\u00e9aliser des observations techniques, des entretiens et des tables de travail transversales avec l&rsquo;\u00e9quipe communale. Afin de comprendre l&rsquo;usage des espaces publics dans le quartier, ils ont pris en compte les conditions architecturales et sociales, class\u00e9es dans les param\u00e8tres d&rsquo;\u00e9tude suivants:<\/span><\/p>\n<p><span style=\"font-weight: 400;\">\u292b CONNECTIVIT\u00c9: La connectivit\u00e9 fait r\u00e9f\u00e9rence \u00e0 la mobilit\u00e9 et \u00e0 la fa\u00e7on dont le quartier se rapporte \u00e0 son environnement et aux centres urbains environnants et comment les atteindre.<\/span><\/p>\n<p><span style=\"font-weight: 400;\">&#x2194; PERM\u00c9ABILIT\u00c9: La perm\u00e9abilit\u00e9 est le degr\u00e9 de connexion physique et visuelle entre les espaces.<\/span><\/p>\n<p><span style=\"font-weight: 400;\">\u25a1 USAGES: D\u00e9signe la vitalit\u00e9 des espaces, les usages sp\u00e9cifiques qui s&rsquo;y d\u00e9roulent et s&rsquo;ils sont r\u00e9alis\u00e9s de mani\u00e8re simultan\u00e9e et continue. Il fait \u00e9galement r\u00e9f\u00e9rence au profil des personnes qui utilisent les espaces et s&rsquo;il s&rsquo;agit de profils divers et repr\u00e9sentatifs de la diversit\u00e9 existante.<\/span><\/p>\n<p><span style=\"font-weight: 400;\">\u25ef CONFORT: Il fait r\u00e9f\u00e9rence \u00e0 la qualit\u00e9 des espaces et \u00e0 la mani\u00e8re dont ils sont utilis\u00e9s et appr\u00e9ci\u00e9s.<\/span><\/p>\n<p><span style=\"font-weight: 400;\">\u25b3 L&rsquo;AUTONOMIE: Elle fait r\u00e9f\u00e9rence aux qualit\u00e9s des espaces qui les rendent per\u00e7us comme s\u00fbrs, et est obtenue lorsque l&rsquo;accessibilit\u00e9 est garantie pour toutes les personnes ind\u00e9pendamment de leur physique ou de leur identit\u00e9.<\/span><\/p>\n<p><span style=\"font-weight: 400;\">\u2b59 REPR\u00c9SENTATIVIT\u00c9: La repr\u00e9sentativit\u00e9 concerne la reconnaissance et la visibilit\u00e9 r\u00e9elle et symbolique de la communaut\u00e9 compos\u00e9e de toute la diversit\u00e9 des personnes et surtout des groupes traditionnellement invisibles.<\/span><\/p>\n<p>[\/et_pb_text][et_pb_text admin_label=\u00a0\u00bbTexto\u00a0\u00bb _builder_version=\u00a0\u00bb4.4.5&Prime; background_size=\u00a0\u00bbinitial\u00a0\u00bb background_position=\u00a0\u00bbtop_left\u00a0\u00bb background_repeat=\u00a0\u00bbrepeat\u00a0\u00bb use_border_color=\u00a0\u00bboff\u00a0\u00bb]<\/p>\n<h4><a href=\"#etapas\"><img loading=\"lazy\" decoding=\"async\" class=\"alignnone wp-image-445\" src=\"https:\/\/equalsaree.org\/wp-content\/uploads\/2016\/03\/FLECHA-1.png\" alt=\"FLECHA\" width=\"20\" height=\"22\" \/><\/a><\/h4>\n<p>[\/et_pb_text][\/et_pb_column][et_pb_column type=\u00a0\u00bb1_2&Prime; _builder_version=\u00a0\u00bb3.25&Prime; custom_padding=\u00a0\u00bb|||\u00a0\u00bb custom_padding__hover=\u00a0\u00bb|||\u00a0\u00bb]<\/p>\n<p>[et_pb_gallery gallery_ids=\u00a0\u00bb12685,12681,12677&Prime; fullwidth=\u00a0\u00bbon\u00a0\u00bb admin_label=\u00a0\u00bbGaler\u00eda\u00a0\u00bb _builder_version=\u00a0\u00bb4.4.5&Prime; auto=\u00a0\u00bbon\u00a0\u00bb pagination_font_size_tablet=\u00a0\u00bb51&Prime; pagination_line_height_tablet=\u00a0\u00bb2&Prime; use_border_color=\u00a0\u00bboff\u00a0\u00bb]\u00a0 [\/et_pb_gallery]<\/p>\n<p>[\/et_pb_column][\/et_pb_row][et_pb_row admin_label=\u00a0\u00bbFila\u00a0\u00bb _builder_version=\u00a0\u00bb3.25&Prime; background_size=\u00a0\u00bbinitial\u00a0\u00bb background_position=\u00a0\u00bbtop_left\u00a0\u00bb background_repeat=\u00a0\u00bbrepeat\u00a0\u00bb][et_pb_column type=\u00a0\u00bb4_4&Prime; _builder_version=\u00a0\u00bb3.25&Prime; custom_padding=\u00a0\u00bb|||\u00a0\u00bb custom_padding__hover=\u00a0\u00bb|||\u00a0\u00bb]<\/p>\n<p>[et_pb_divider color=\u00a0\u00bb#777777&Prime; divider_position=\u00a0\u00bbcenter\u00a0\u00bb disabled_on=\u00a0\u00bbon|on|off\u00a0\u00bb admin_label=\u00a0\u00bbSeparador\u00a0\u00bb _builder_version=\u00a0\u00bb3.23.4&Prime; height=\u00a0\u00bb80px\u00a0\u00bb hide_on_mobile=\u00a0\u00bbon\u00a0\u00bb]\u00a0[\/et_pb_divider]<\/p>\n<p>[\/et_pb_column][\/et_pb_row][et_pb_row column_structure=\u00a0\u00bb1_2,1_2&Prime; padding_mobile=\u00a0\u00bboff\u00a0\u00bb column_padding_mobile=\u00a0\u00bbon\u00a0\u00bb admin_label=\u00a0\u00bb#etapa2&Prime; module_id=\u00a0\u00bbetapa1&Prime; _builder_version=\u00a0\u00bb4.4.5&Prime; background_size=\u00a0\u00bbinitial\u00a0\u00bb background_position=\u00a0\u00bbtop_left\u00a0\u00bb background_repeat=\u00a0\u00bbrepeat\u00a0\u00bb][et_pb_column type=\u00a0\u00bb1_2&Prime; _builder_version=\u00a0\u00bb3.25&Prime; custom_padding=\u00a0\u00bb|||\u00a0\u00bb custom_padding__hover=\u00a0\u00bb|||\u00a0\u00bb][et_pb_text admin_label=\u00a0\u00bbetapa2&Prime; _builder_version=\u00a0\u00bb4.4.5&Prime; text_font_size=\u00a0\u00bb12&Prime; text_line_height=\u00a0\u00bb1.4em\u00a0\u00bb background_size=\u00a0\u00bbinitial\u00a0\u00bb background_position=\u00a0\u00bbtop_left\u00a0\u00bb background_repeat=\u00a0\u00bbrepeat\u00a0\u00bb use_border_color=\u00a0\u00bboff\u00a0\u00bb]<\/p>\n<h3><strong>P<b>ropositions<\/b><\/strong><\/h3>\n<p><span style=\"font-weight: 400;\">Compte tenu des param\u00e8tres ci-dessus, et r\u00e9pondant aux besoins d\u00e9tect\u00e9s lors du diagnostic, des propositions d&rsquo;actions sp\u00e9cifiques ont \u00e9t\u00e9 faites pour am\u00e9liorer la qualit\u00e9 des espaces publics dans le quartier. Les propositions visent \u00e0 am\u00e9liorer les connexions du quartier avec son environnement (privil\u00e9giant le transports public et la mobilit\u00e9 active), \u00e0 \u200b\u200bconsolider le r\u00e9seau d&rsquo;espaces publics, \u00e0 promouvoir un sch\u00e9ma d&rsquo;usages et d&rsquo;activit\u00e9s pour les locaux du quartier, \u00e0 garantir les services de base, de r\u00e9duire l&rsquo;effet d&rsquo;\u00eelot de chaleur et d&rsquo;augmenter les espaces verts, d&rsquo;am\u00e9liorer la perception que les voisins ont de leur quartier et de promouvoir une identit\u00e9 partag\u00e9e en valorisant le patrimoine urbain, culturel et social du quartier.<\/span><\/p>\n<p>[\/et_pb_text][et_pb_text admin_label=\u00a0\u00bbTexto\u00a0\u00bb _builder_version=\u00a0\u00bb4.4.5&Prime; background_size=\u00a0\u00bbinitial\u00a0\u00bb background_position=\u00a0\u00bbtop_left\u00a0\u00bb background_repeat=\u00a0\u00bbrepeat\u00a0\u00bb use_border_color=\u00a0\u00bboff\u00a0\u00bb]<\/p>\n<h4><a href=\"#etapas\"><img loading=\"lazy\" decoding=\"async\" class=\"alignnone wp-image-445\" src=\"https:\/\/equalsaree.org\/wp-content\/uploads\/2016\/03\/FLECHA-1.png\" alt=\"FLECHA\" width=\"20\" height=\"22\" \/><\/a><\/h4>\n<p>[\/et_pb_text][\/et_pb_column][et_pb_column type=\u00a0\u00bb1_2&Prime; _builder_version=\u00a0\u00bb3.25&Prime; custom_padding=\u00a0\u00bb|||\u00a0\u00bb custom_padding__hover=\u00a0\u00bb|||\u00a0\u00bb]<\/p>\n<p>[et_pb_gallery gallery_ids=\u00a0\u00bb12720,12716,12736,12732&Prime; fullwidth=\u00a0\u00bbon\u00a0\u00bb admin_label=\u00a0\u00bbGaler\u00eda\u00a0\u00bb _builder_version=\u00a0\u00bb4.4.5&Prime; auto=\u00a0\u00bbon\u00a0\u00bb pagination_font_size_tablet=\u00a0\u00bb51&Prime; pagination_line_height_tablet=\u00a0\u00bb2&Prime; use_border_color=\u00a0\u00bboff\u00a0\u00bb]\u00a0 [\/et_pb_gallery]<\/p>\n<p>[\/et_pb_column][\/et_pb_row][et_pb_row admin_label=\u00a0\u00bbFila\u00a0\u00bb _builder_version=\u00a0\u00bb3.25&Prime; background_size=\u00a0\u00bbinitial\u00a0\u00bb background_position=\u00a0\u00bbtop_left\u00a0\u00bb background_repeat=\u00a0\u00bbrepeat\u00a0\u00bb][et_pb_column type=\u00a0\u00bb4_4&Prime; _builder_version=\u00a0\u00bb3.25&Prime; custom_padding=\u00a0\u00bb|||\u00a0\u00bb custom_padding__hover=\u00a0\u00bb|||\u00a0\u00bb]<\/p>\n<p>[et_pb_divider color=\u00a0\u00bb#777777&Prime; divider_position=\u00a0\u00bbcenter\u00a0\u00bb disabled_on=\u00a0\u00bbon|on|off\u00a0\u00bb admin_label=\u00a0\u00bbSeparador\u00a0\u00bb _builder_version=\u00a0\u00bb3.23.4&Prime; height=\u00a0\u00bb80px\u00a0\u00bb hide_on_mobile=\u00a0\u00bbon\u00a0\u00bb]\u00a0[\/et_pb_divider][et_pb_divider show_divider=\u00a0\u00bboff\u00a0\u00bb disabled_on=\u00a0\u00bbon|on|off\u00a0\u00bb admin_label=\u00a0\u00bbSeparador\u00a0\u00bb _builder_version=\u00a0\u00bb3.2&Prime; hide_on_mobile=\u00a0\u00bbon\u00a0\u00bb]\u00a0[\/et_pb_divider]<\/p>\n<p>[\/et_pb_column][\/et_pb_row][et_pb_row admin_label=\u00a0\u00bbFila\u00a0\u00bb _builder_version=\u00a0\u00bb3.25&Prime; background_size=\u00a0\u00bbinitial\u00a0\u00bb background_position=\u00a0\u00bbtop_left\u00a0\u00bb background_repeat=\u00a0\u00bbrepeat\u00a0\u00bb][et_pb_column type=\u00a0\u00bb4_4&Prime; _builder_version=\u00a0\u00bb3.25&Prime; custom_padding=\u00a0\u00bb|||\u00a0\u00bb custom_padding__hover=\u00a0\u00bb|||\u00a0\u00bb][et_pb_text admin_label=\u00a0\u00bbTexto\u00a0\u00bb _builder_version=\u00a0\u00bb4.4.5&Prime; background_size=\u00a0\u00bbinitial\u00a0\u00bb background_position=\u00a0\u00bbtop_left\u00a0\u00bb background_repeat=\u00a0\u00bbrepeat\u00a0\u00bb use_border_color=\u00a0\u00bboff\u00a0\u00bb border_color=\u00a0\u00bb#ffffff\u00a0\u00bb border_style=\u00a0\u00bbsolid\u00a0\u00bb]<\/p>\n<h2><strong>A<\/strong><strong>utres projets<\/strong><\/h2>\n<p>[\/et_pb_text][et_pb_divider show_divider=\u00a0\u00bboff\u00a0\u00bb disabled_on=\u00a0\u00bbon|on|off\u00a0\u00bb admin_label=\u00a0\u00bbSeparador\u00a0\u00bb _builder_version=\u00a0\u00bb3.2&Prime; hide_on_mobile=\u00a0\u00bbon\u00a0\u00bb]\u00a0 [\/et_pb_divider][et_pb_blog fullwidth=\u00a0\u00bboff\u00a0\u00bb posts_number=\u00a0\u00bb3&Prime; include_categories=\u00a0\u00bb3&Prime; show_more=\u00a0\u00bbon\u00a0\u00bb show_author=\u00a0\u00bboff\u00a0\u00bb show_date=\u00a0\u00bboff\u00a0\u00bb show_categories=\u00a0\u00bboff\u00a0\u00bb masonry_tile_background_color=\u00a0\u00bb#ffffff\u00a0\u00bb _builder_version=\u00a0\u00bb3.0.105&Prime; header_font=\u00a0\u00bb|on|||\u00a0\u00bb body_line_height=\u00a0\u00bb1.4em\u00a0\u00bb border_width_all=\u00a0\u00bb0px\u00a0\u00bb border_color_all=\u00a0\u00bb#ffffff\u00a0\u00bb border_style_all=\u00a0\u00bbsolid\u00a0\u00bb border_width_all_fullwidth=\u00a0\u00bb0px\u00a0\u00bb border_color_all_fullwidth=\u00a0\u00bb#ffffff\u00a0\u00bb border_style_all_fullwidth=\u00a0\u00bbsolid\u00a0\u00bb use_border_color=\u00a0\u00bbon\u00a0\u00bb border_color=\u00a0\u00bb#ffffff\u00a0\u00bb border_width=\u00a0\u00bb0px\u00a0\u00bb border_style=\u00a0\u00bbsolid\u00a0\u00bb use_dropshadow=\u00a0\u00bboff\u00a0\u00bb]\u00a0 [\/et_pb_blog][\/et_pb_column][\/et_pb_row][\/et_pb_section][et_pb_section fb_built=\u00a0\u00bb1&Prime; _builder_version=\u00a0\u00bb4.4.5&Prime;][et_pb_row _builder_version=\u00a0\u00bb4.4.5&Prime;][et_pb_column type=\u00a0\u00bb4_4&Prime; _builder_version=\u00a0\u00bb4.4.5&Prime;][\/et_pb_column][\/et_pb_row][\/et_pb_section]<\/p>\n","protected":false},"excerpt":{"rendered":"<p>\u00c9tude pour am\u00e9liorer l&rsquo;espace public \u00e0 Argentona Diagnostic et propositions pour le quartier de Sant Miquel del Cros dans une perspective de genre et intersectionnelle Cette \u00e9tude vise \u00e0 g\u00e9n\u00e9rer des crit\u00e8res pour la conception de l&rsquo;espace public et des strat\u00e9gies d&rsquo;action dans une perspective de genre et intersectionnelle qui serviront de base aux futures [&hellip;]<\/p>\n","protected":false},"author":7,"featured_media":12858,"template":"","meta":{"_seopress_robots_primary_cat":"","_seopress_titles_title":"","_seopress_titles_desc":"","_seopress_robots_index":"","_et_pb_use_builder":"on","_et_pb_old_content":"","_et_gb_content_width":"","footnotes":""},"project_category":[117],"project_tag":[],"class_list":["post-12834","project","type-project","status-publish","has-post-thumbnail","hentry","project_category-conseil"],"_links":{"self":[{"href":"https:\/\/equalsaree.org\/fr\/wp-json\/wp\/v2\/project\/12834","targetHints":{"allow":["GET"]}}],"collection":[{"href":"https:\/\/equalsaree.org\/fr\/wp-json\/wp\/v2\/project"}],"about":[{"href":"https:\/\/equalsaree.org\/fr\/wp-json\/wp\/v2\/types\/project"}],"author":[{"embeddable":true,"href":"https:\/\/equalsaree.org\/fr\/wp-json\/wp\/v2\/users\/7"}],"version-history":[{"count":1,"href":"https:\/\/equalsaree.org\/fr\/wp-json\/wp\/v2\/project\/12834\/revisions"}],"predecessor-version":[{"id":16274,"href":"https:\/\/equalsaree.org\/fr\/wp-json\/wp\/v2\/project\/12834\/revisions\/16274"}],"wp:featuredmedia":[{"embeddable":true,"href":"https:\/\/equalsaree.org\/fr\/wp-json\/wp\/v2\/media\/12858"}],"wp:attachment":[{"href":"https:\/\/equalsaree.org\/fr\/wp-json\/wp\/v2\/media?parent=12834"}],"wp:term":[{"taxonomy":"project_category","embeddable":true,"href":"https:\/\/equalsaree.org\/fr\/wp-json\/wp\/v2\/project_category?post=12834"},{"taxonomy":"project_tag","embeddable":true,"href":"https:\/\/equalsaree.org\/fr\/wp-json\/wp\/v2\/project_tag?post=12834"}],"curies":[{"name":"wp","href":"https:\/\/api.w.org\/{rel}","templated":true}]}}