{"id":12774,"date":"2020-11-10T10:05:59","date_gmt":"2020-11-10T10:05:59","guid":{"rendered":"https:\/\/equalsaree.org\/project\/repensons-la-cour-de-lecole-serra-marina\/"},"modified":"2022-11-23T15:23:48","modified_gmt":"2022-11-23T15:23:48","slug":"repensons-la-cour-de-lecole-serra-marina","status":"publish","type":"project","link":"https:\/\/equalsaree.org\/fr\/project\/repensons-la-cour-de-lecole-serra-marina\/","title":{"rendered":"Repensons la cour de l\u2019\u00e9cole Serra Marina"},"content":{"rendered":"<p>[et_pb_section fb_built=\u00a0\u00bb1&Prime; admin_label=\u00a0\u00bbsection\u00a0\u00bb _builder_version=\u00a0\u00bb3.22&Prime;][et_pb_row column_structure=\u00a0\u00bb1_2,1_2&Prime; admin_label=\u00a0\u00bbrow\u00a0\u00bb _builder_version=\u00a0\u00bb3.25&Prime; background_size=\u00a0\u00bbinitial\u00a0\u00bb background_position=\u00a0\u00bbtop_left\u00a0\u00bb background_repeat=\u00a0\u00bbrepeat\u00a0\u00bb][et_pb_column type=\u00a0\u00bb1_2&Prime; _builder_version=\u00a0\u00bb3.25&Prime; custom_padding=\u00a0\u00bb|||\u00a0\u00bb custom_padding__hover=\u00a0\u00bb|||\u00a0\u00bb][et_pb_image src=\u00a0\u00bbhttps:\/\/equalsaree.org\/wp-content\/uploads\/2022\/11\/19_Serra-Marina-Portada.jpg\u00a0\u00bb alt=\u00a0\u00bbEqual Saree Barcelona urbanismo arquitectura feminista g\u00e9nero patios coeducativos infancia participaci\u00f3n la generadora formaci\u00f3n\u00a0\u00bb title_text=\u00a0\u00bb19_Serra Marina Portada\u00a0\u00bb align_tablet=\u00a0\u00bbcenter\u00a0\u00bb align_phone=\u00a0\u00bb\u00a0\u00bb align_last_edited=\u00a0\u00bbon|desktop\u00a0\u00bb _builder_version=\u00a0\u00bb4.4.5&Prime; hover_enabled=\u00a0\u00bb0&Prime; always_center_on_mobile=\u00a0\u00bbon\u00a0\u00bb][\/et_pb_image][\/et_pb_column][et_pb_column type=\u00a0\u00bb1_2&Prime; _builder_version=\u00a0\u00bb3.25&Prime; custom_padding=\u00a0\u00bb|||\u00a0\u00bb custom_padding__hover=\u00a0\u00bb|||\u00a0\u00bb][et_pb_text admin_label=\u00a0\u00bbTexto\u00a0\u00bb _builder_version=\u00a0\u00bb4.4.5&Prime; text_font_size=\u00a0\u00bb12&Prime; text_line_height=\u00a0\u00bb1.4em\u00a0\u00bb background_size=\u00a0\u00bbinitial\u00a0\u00bb background_position=\u00a0\u00bbtop_left\u00a0\u00bb background_repeat=\u00a0\u00bbrepeat\u00a0\u00bb use_border_color=\u00a0\u00bboff\u00a0\u00bb]<\/p>\n<h2><b>Repensons la cour de l\u2019\u00e9cole Serra Marina<\/b><\/h2>\n<h3><span style=\"color: #d51f00;\"><span style=\"font-weight: 400;\">Processus collaboratif pour repenser l\u2019usage de la cour<\/span><\/span><\/h3>\n<p><span style=\"font-weight: 400;\">Dans le cadre du projet <\/span><a href=\"https:\/\/equalsaree.org\/fr\/project\/empatitzem\/\" target=\"_blank\" rel=\"noopener noreferrer\"><span style=\"font-weight: 400;\">Empatitzem<\/span><\/a><span style=\"font-weight: 400;\">, ce projet a pour objectif de repenser la cour de l\u2019\u00e9cole \u00e0 partir d\u2019un processus de r\u00e9flexion collectif avec les \u00e9l\u00e8ves et les enseignant.e.s, bas\u00e9 sur l\u2019\u00e9galit\u00e9 de genre. A travers le processus participatif, nous recherchons \u00e0 initier un processus de prise de conscience sur les in\u00e9galit\u00e9s et les st\u00e9r\u00e9otypes de la cour, \u00e0 favoriser la participation active des \u00e9l\u00e8ves dans la transformation de son environnement, et \u00e0 g\u00e9n\u00e9rer des strat\u00e9gies de transformation de la cour \u00e0 partir de l\u2019exp\u00e9rience des \u00e9l\u00e8ves pour concevoir une cours plus \u00e9galitaire et inclusive. Le processus s\u2019est appuy\u00e9 sur le guide <\/span><a href=\"https:\/\/ia800607.us.archive.org\/25\/items\/ElPatiDeLescolaEnIgualtatEqualSaree\/ElPatiDeLescolaEnIgualtat201707_EqualSaree.pdf\" target=\"_blank\" rel=\"noopener noreferrer\"><i><span style=\"font-weight: 400;\">La cour d&rsquo;\u00e9cole \u00e9galitaire <\/span><\/i><\/a><span style=\"font-weight: 400;\">et la participation d&rsquo;environ 350 \u00e9l\u00e8ves. Tout au long du processus, 3 formations ont \u00e9t\u00e9 organis\u00e9es pour les enseignants afin de leur apporter de nouvelles connaissances et des outils en vue du d\u00e9veloppement et de l\u2019animation des activit\u00e9s avec les \u00e9l\u00e8ves.\u00a0<\/span><\/p>\n<p><span style=\"font-weight: 400;\">Le projet de transformation pr\u00e9voit finalement la cr\u00e9ation de deux nouveaux espaces, l\u2019un pour les usages calmes et l\u2019autre pour les usages actifs, l&rsquo;utilisation des parties verticales existantes comme de nouveaux \u00e9l\u00e9ments r\u00e9cr\u00e9atifs et l&rsquo;incorporation de nouveaux \u00e9l\u00e9ments dans le patio pour diversifier les activit\u00e9s.<\/span><\/p>\n<p><b>Date et lieu: <span style=\"font-weight: 400;\">Janvier 2020 &#8211; D\u00e9cembre 2020, Santa Coloma de Gramenet.<\/span><\/b><span style=\"font-weight: 400;\"><br \/><\/span><b>Client: <span style=\"font-weight: 400;\">Mairie de Santa Coloma de Gramenet.<\/span><span style=\"font-weight: 400;\"><br \/><\/span><\/b><strong><b>Ecole participante<\/b>: <span style=\"font-weight: 400;\">CEIP Serra Marina<\/span><\/strong><\/p>\n<p>[\/et_pb_text][\/et_pb_column][\/et_pb_row][\/et_pb_section][et_pb_section fb_built=\u00a0\u00bb1&Prime; custom_padding_last_edited=\u00a0\u00bbon|desktop\u00a0\u00bb admin_label=\u00a0\u00bbSecci\u00f3n\u00a0\u00bb _builder_version=\u00a0\u00bb3.22&Prime; custom_padding_tablet=\u00a0\u00bb50px|0|50px|0&Prime; custom_padding_phone=\u00a0\u00bb\u00a0\u00bb transparent_background=\u00a0\u00bboff\u00a0\u00bb padding_mobile=\u00a0\u00bboff\u00a0\u00bb make_fullwidth=\u00a0\u00bboff\u00a0\u00bb use_custom_width=\u00a0\u00bboff\u00a0\u00bb width_unit=\u00a0\u00bbon\u00a0\u00bb][et_pb_row padding_mobile=\u00a0\u00bboff\u00a0\u00bb column_padding_mobile=\u00a0\u00bbon\u00a0\u00bb admin_label=\u00a0\u00bbFila\u00a0\u00bb module_id=\u00a0\u00bbetapas\u00a0\u00bb _builder_version=\u00a0\u00bb3.25&Prime; background_size=\u00a0\u00bbinitial\u00a0\u00bb background_position=\u00a0\u00bbtop_left\u00a0\u00bb background_repeat=\u00a0\u00bbrepeat\u00a0\u00bb make_fullwidth=\u00a0\u00bboff\u00a0\u00bb use_custom_width=\u00a0\u00bboff\u00a0\u00bb width_unit=\u00a0\u00bbon\u00a0\u00bb][et_pb_column type=\u00a0\u00bb4_4&Prime; _builder_version=\u00a0\u00bb3.25&Prime; custom_padding=\u00a0\u00bb|||\u00a0\u00bb custom_padding__hover=\u00a0\u00bb|||\u00a0\u00bb][et_pb_text admin_label=\u00a0\u00bbTexto\u00a0\u00bb _builder_version=\u00a0\u00bb4.4.5&Prime; background_size=\u00a0\u00bbinitial\u00a0\u00bb background_position=\u00a0\u00bbtop_left\u00a0\u00bb background_repeat=\u00a0\u00bbrepeat\u00a0\u00bb use_border_color=\u00a0\u00bboff\u00a0\u00bb]<\/p>\n<h2><strong>En savoir plus sur le projet<\/strong><\/h2>\n<p><a href=\"#etapa1\">Nous comprenons la cour<\/a>\u00a0| <a href=\"#etapa2\">Nous imaginons la cour<\/a><\/p>\n<p>[\/et_pb_text][\/et_pb_column][\/et_pb_row][et_pb_row admin_label=\u00a0\u00bbFila\u00a0\u00bb _builder_version=\u00a0\u00bb3.25&Prime; background_size=\u00a0\u00bbinitial\u00a0\u00bb background_position=\u00a0\u00bbtop_left\u00a0\u00bb background_repeat=\u00a0\u00bbrepeat\u00a0\u00bb][et_pb_column type=\u00a0\u00bb4_4&Prime; _builder_version=\u00a0\u00bb3.25&Prime; custom_padding=\u00a0\u00bb|||\u00a0\u00bb custom_padding__hover=\u00a0\u00bb|||\u00a0\u00bb][et_pb_divider color=\u00a0\u00bb#777777&Prime; divider_position=\u00a0\u00bbcenter\u00a0\u00bb disabled_on=\u00a0\u00bbon|on|off\u00a0\u00bb admin_label=\u00a0\u00bbSeparador\u00a0\u00bb _builder_version=\u00a0\u00bb3.23.4&Prime; height=\u00a0\u00bb80px\u00a0\u00bb hide_on_mobile=\u00a0\u00bbon\u00a0\u00bb]\u00a0 [\/et_pb_divider][\/et_pb_column][\/et_pb_row][et_pb_row column_structure=\u00a0\u00bb1_2,1_2&Prime; padding_mobile=\u00a0\u00bboff\u00a0\u00bb column_padding_mobile=\u00a0\u00bbon\u00a0\u00bb admin_label=\u00a0\u00bbFila\u00a0\u00bb module_id=\u00a0\u00bbetapa1&Prime; _builder_version=\u00a0\u00bb4.4.5&Prime; background_size=\u00a0\u00bbinitial\u00a0\u00bb background_position=\u00a0\u00bbtop_left\u00a0\u00bb background_repeat=\u00a0\u00bbrepeat\u00a0\u00bb][et_pb_column type=\u00a0\u00bb1_2&Prime; _builder_version=\u00a0\u00bb3.25&Prime; custom_padding=\u00a0\u00bb|||\u00a0\u00bb custom_padding__hover=\u00a0\u00bb|||\u00a0\u00bb][et_pb_text admin_label=\u00a0\u00bbetapa 1&Prime; _builder_version=\u00a0\u00bb4.4.5&Prime; text_font_size=\u00a0\u00bb12&Prime; text_line_height=\u00a0\u00bb1.4em\u00a0\u00bb background_size=\u00a0\u00bbinitial\u00a0\u00bb background_position=\u00a0\u00bbtop_left\u00a0\u00bb background_repeat=\u00a0\u00bbrepeat\u00a0\u00bb use_border_color=\u00a0\u00bboff\u00a0\u00bb]<\/p>\n<h3><b>Nous comprenons la cour<\/b><\/h3>\n<p><span style=\"font-weight: 400;\">Durant cette phase, (janvier &#8211; f\u00e9vrier 2020), les usages et interactions qui se jouent dans la cour sont analys\u00e9s. Deux formations ont \u00e9t\u00e9 organis\u00e9es pour les enseignants sur les in\u00e9galit\u00e9s entre les genres dans l&rsquo;utilisation et l&rsquo;occupation des espaces. Ensuite, les \u00e9l\u00e8ves ont r\u00e9alis\u00e9 les activit\u00e9s d&rsquo;analyse, <\/span><i><span style=\"font-weight: 400;\">Nous explorons la cour<\/span><\/i><span style=\"font-weight: 400;\"> et <\/span><i><span style=\"font-weight: 400;\">D\u00e9bat avec les \u00e9l\u00e8ves<\/span><\/i><span style=\"font-weight: 400;\">, pour r\u00e9fl\u00e9chir aux usages de la cour et pour d\u00e9tecter les besoins et les in\u00e9galit\u00e9s en mati\u00e8re de genre. <\/span><\/p>\n<p><span style=\"font-weight: 400;\">Cette phase s&rsquo;est termin\u00e9e par l&rsquo;atelier <\/span><i><span style=\"font-weight: 400;\">Carte collective<\/span><\/i><span style=\"font-weight: 400;\"> avec l&rsquo;Assembl\u00e9e des repr\u00e9sentants pour partager le diagnostic et r\u00e9fl\u00e9chir ensemble aux\u00a0 strat\u00e9gies de transformation de la cour pour atteindre les objectifs souhait\u00e9s.<\/span><\/p>\n<p>[\/et_pb_text][et_pb_text admin_label=\u00a0\u00bbTexto\u00a0\u00bb _builder_version=\u00a0\u00bb4.4.5&Prime; background_size=\u00a0\u00bbinitial\u00a0\u00bb background_position=\u00a0\u00bbtop_left\u00a0\u00bb background_repeat=\u00a0\u00bbrepeat\u00a0\u00bb use_border_color=\u00a0\u00bboff\u00a0\u00bb]<\/p>\n<h4><a href=\"#etapas\"><img loading=\"lazy\" decoding=\"async\" class=\"wp-image-806 alignnone \" src=\"https:\/\/equalsaree.org\/wp-content\/uploads\/2016\/03\/FLECHA-1.png\" alt=\"\" width=\"16\" height=\"18\" \/><\/a><\/h4>\n<p>[\/et_pb_text][\/et_pb_column][et_pb_column type=\u00a0\u00bb1_2&Prime; _builder_version=\u00a0\u00bb3.25&Prime; custom_padding=\u00a0\u00bb|||\u00a0\u00bb custom_padding__hover=\u00a0\u00bb|||\u00a0\u00bb][et_pb_gallery gallery_ids=\u00a0\u00bb8258,8278,8274,8270,8266,8262&Prime; fullwidth=\u00a0\u00bbon\u00a0\u00bb admin_label=\u00a0\u00bbGaler\u00eda\u00a0\u00bb _builder_version=\u00a0\u00bb4.4.5&Prime; auto=\u00a0\u00bbon\u00a0\u00bb pagination_font_size_tablet=\u00a0\u00bb51&Prime; pagination_line_height_tablet=\u00a0\u00bb2&Prime; use_border_color=\u00a0\u00bboff\u00a0\u00bb]\u00a0 [\/et_pb_gallery][\/et_pb_column][\/et_pb_row][et_pb_row admin_label=\u00a0\u00bbFila\u00a0\u00bb _builder_version=\u00a0\u00bb3.25&Prime; background_size=\u00a0\u00bbinitial\u00a0\u00bb background_position=\u00a0\u00bbtop_left\u00a0\u00bb background_repeat=\u00a0\u00bbrepeat\u00a0\u00bb][et_pb_column type=\u00a0\u00bb4_4&Prime; _builder_version=\u00a0\u00bb3.25&Prime; custom_padding=\u00a0\u00bb|||\u00a0\u00bb custom_padding__hover=\u00a0\u00bb|||\u00a0\u00bb][et_pb_divider color=\u00a0\u00bb#777777&Prime; divider_position=\u00a0\u00bbcenter\u00a0\u00bb disabled_on=\u00a0\u00bbon|on|off\u00a0\u00bb admin_label=\u00a0\u00bbSeparador\u00a0\u00bb _builder_version=\u00a0\u00bb3.23.4&Prime; height=\u00a0\u00bb80px\u00a0\u00bb hide_on_mobile=\u00a0\u00bbon\u00a0\u00bb]\u00a0 [\/et_pb_divider][\/et_pb_column][\/et_pb_row][et_pb_row column_structure=\u00a0\u00bb1_2,1_2&Prime; padding_mobile=\u00a0\u00bboff\u00a0\u00bb column_padding_mobile=\u00a0\u00bbon\u00a0\u00bb admin_label=\u00a0\u00bbFila\u00a0\u00bb module_id=\u00a0\u00bbetapa2&Prime; _builder_version=\u00a0\u00bb4.4.5&Prime; background_size=\u00a0\u00bbinitial\u00a0\u00bb background_position=\u00a0\u00bbtop_left\u00a0\u00bb background_repeat=\u00a0\u00bbrepeat\u00a0\u00bb][et_pb_column type=\u00a0\u00bb1_2&Prime; _builder_version=\u00a0\u00bb3.25&Prime; custom_padding=\u00a0\u00bb|||\u00a0\u00bb custom_padding__hover=\u00a0\u00bb|||\u00a0\u00bb][et_pb_text admin_label=\u00a0\u00bbetapa2&Prime; _builder_version=\u00a0\u00bb4.4.5&Prime; text_font_size=\u00a0\u00bb12&Prime; text_line_height=\u00a0\u00bb1.4em\u00a0\u00bb background_size=\u00a0\u00bbinitial\u00a0\u00bb background_position=\u00a0\u00bbtop_left\u00a0\u00bb background_repeat=\u00a0\u00bbrepeat\u00a0\u00bb use_border_color=\u00a0\u00bboff\u00a0\u00bb]<\/p>\n<h3><b>Nous imaginons la cour<\/b><\/h3>\n<p><span style=\"font-weight: 400;\">La seconde phase (f\u00e9vrier &#8211; juin 2020) est rythm\u00e9e par les activit\u00e9s de co-cr\u00e9ation de transformation de la cour. Une session Une session a \u00e9t\u00e9 organis\u00e9e avec les enseignants impliqu\u00e9s dans le processus pour expliquer les activit\u00e9s \u00e0 r\u00e9aliser avec les \u00e9l\u00e8ves. Dans cette phase, les \u00e9l\u00e8ves ont r\u00e9alis\u00e9 les activit\u00e9s <\/span><i><span style=\"font-weight: 400;\">Une cour \u00e0 notre mesure<\/span><\/i><span style=\"font-weight: 400;\"> et <\/span><i><span style=\"font-weight: 400;\">L\u2019arquicollage<\/span><\/i><span style=\"font-weight: 400;\">, pendant lesquels ils ont travaill\u00e9 avec des outils d&rsquo;architecture et de design, et ont exp\u00e9riment\u00e9 les mat\u00e9riaux et leur propre corps.\u00a0 Ces activit\u00e9s ont permis de d\u00e9finir conjointement la proposition pour le nouvelle cour.<\/span><\/p>\n<p><span style=\"font-weight: 400;\">Affect\u00e9e par la crise sanitaire due \u00e0 Covid-19 et la fermeture de l&rsquo;\u00e9cole, la m\u00e9thodologie de cette phase a d\u00fb \u00eatre adapt\u00e9e afin que certaines activit\u00e9s de cocr\u00e9ation soient men\u00e9es \u00e0 domicile avec l&rsquo;aide des familles.<\/span><\/p>\n<p><span style=\"font-weight: 400;\">Les propositions issues du processus participatif ont abouti aux r\u00e9sultats suivants :\u00a0<\/span><\/p>\n<ul>\n<li style=\"font-weight: 400;\" aria-level=\"1\"><span style=\"font-weight: 400;\">Un environnement calme, cosy et confortable avec plus de nature, de couleurs et d&rsquo;odeurs. Il a \u00e9t\u00e9 propos\u00e9 : un espace de lecture et des tables, un espace d\u00e9tente avec des coussins et des nattes, un espace nature avec des tables de jardin et des bacs \u00e0 fleurs, un mur artistique multifonctionnel, et enfin, un espace intime \u00e0 l&rsquo;ombre.<\/span><\/li>\n<li style=\"font-weight: 400;\" aria-level=\"1\"><span style=\"font-weight: 400;\">Un environnement actif, dans lequel il est possible de s\u2019adonner \u00e0 des activit\u00e9s telles que la course, la danse, la corde \u00e0 sauter et tous les jeux de mouvement possibles. Il a \u00e9t\u00e9 propos\u00e9 : la cr\u00e9ation de circuits et de jeux peints au sol, incorporer divers \u00e9l\u00e9ments tels que des jeux g\u00e9om\u00e9triques, des \u00e9l\u00e9ments musicaux ou de construction, une nouvelle d\u00e9coration de la cl\u00f4ture, et enfin, des structures de jeu mobiles en bois.<\/span><\/li>\n<\/ul>\n<p><span style=\"font-weight: 400;\">Cette phase s&rsquo;est achev\u00e9e avec la pr\u00e9sentation de r\u00e9sultats issus des propositions de transformation de l&rsquo;\u00e9cole \u00e0 travers une vid\u00e9o r\u00e9alis\u00e9e par l&rsquo;\u00e9quipe d&rsquo;Equal Saree.<\/span><\/p>\n<p>[\/et_pb_text][et_pb_text admin_label=\u00a0\u00bbTexto\u00a0\u00bb _builder_version=\u00a0\u00bb4.4.5&Prime; background_size=\u00a0\u00bbinitial\u00a0\u00bb background_position=\u00a0\u00bbtop_left\u00a0\u00bb background_repeat=\u00a0\u00bbrepeat\u00a0\u00bb use_border_color=\u00a0\u00bboff\u00a0\u00bb]<\/p>\n<h4><a href=\"#etapas\"><img loading=\"lazy\" decoding=\"async\" class=\"wp-image-806 alignnone \" src=\"https:\/\/equalsaree.org\/wp-content\/uploads\/2016\/03\/FLECHA-1.png\" alt=\"\" width=\"16\" height=\"18\" \/><\/a><\/h4>\n<p>[\/et_pb_text][\/et_pb_column][et_pb_column type=\u00a0\u00bb1_2&Prime; _builder_version=\u00a0\u00bb3.25&Prime; custom_padding=\u00a0\u00bb|||\u00a0\u00bb custom_padding__hover=\u00a0\u00bb|||\u00a0\u00bb][et_pb_gallery gallery_ids=\u00a0\u00bb8282,8290,8294,8318,8298,8306,8314,8326,8330&Prime; fullwidth=\u00a0\u00bbon\u00a0\u00bb admin_label=\u00a0\u00bbGaler\u00eda\u00a0\u00bb _builder_version=\u00a0\u00bb4.4.5&Prime; auto=\u00a0\u00bbon\u00a0\u00bb pagination_font_size_tablet=\u00a0\u00bb51&Prime; pagination_line_height_tablet=\u00a0\u00bb2&Prime; use_border_color=\u00a0\u00bboff\u00a0\u00bb]\u00a0 [\/et_pb_gallery][\/et_pb_column][\/et_pb_row][et_pb_row admin_label=\u00a0\u00bbFila\u00a0\u00bb _builder_version=\u00a0\u00bb3.25&Prime; background_size=\u00a0\u00bbinitial\u00a0\u00bb background_position=\u00a0\u00bbtop_left\u00a0\u00bb background_repeat=\u00a0\u00bbrepeat\u00a0\u00bb][et_pb_column type=\u00a0\u00bb4_4&Prime; _builder_version=\u00a0\u00bb3.25&Prime; custom_padding=\u00a0\u00bb|||\u00a0\u00bb custom_padding__hover=\u00a0\u00bb|||\u00a0\u00bb][et_pb_divider color=\u00a0\u00bb#777777&Prime; divider_position=\u00a0\u00bbcenter\u00a0\u00bb disabled_on=\u00a0\u00bbon|on|off\u00a0\u00bb admin_label=\u00a0\u00bbSeparador\u00a0\u00bb _builder_version=\u00a0\u00bb3.23.4&Prime; height=\u00a0\u00bb80px\u00a0\u00bb hide_on_mobile=\u00a0\u00bbon\u00a0\u00bb]\u00a0 [\/et_pb_divider][et_pb_divider show_divider=\u00a0\u00bboff\u00a0\u00bb disabled_on=\u00a0\u00bbon|on|off\u00a0\u00bb admin_label=\u00a0\u00bbSeparador\u00a0\u00bb _builder_version=\u00a0\u00bb3.2&Prime; hide_on_mobile=\u00a0\u00bbon\u00a0\u00bb]\u00a0 [\/et_pb_divider][\/et_pb_column][\/et_pb_row][et_pb_row admin_label=\u00a0\u00bbFila\u00a0\u00bb _builder_version=\u00a0\u00bb3.25&Prime; background_size=\u00a0\u00bbinitial\u00a0\u00bb background_position=\u00a0\u00bbtop_left\u00a0\u00bb background_repeat=\u00a0\u00bbrepeat\u00a0\u00bb][et_pb_column type=\u00a0\u00bb4_4&Prime; _builder_version=\u00a0\u00bb3.25&Prime; custom_padding=\u00a0\u00bb|||\u00a0\u00bb custom_padding__hover=\u00a0\u00bb|||\u00a0\u00bb][et_pb_text admin_label=\u00a0\u00bbTexto\u00a0\u00bb _builder_version=\u00a0\u00bb4.4.5&Prime; background_size=\u00a0\u00bbinitial\u00a0\u00bb background_position=\u00a0\u00bbtop_left\u00a0\u00bb background_repeat=\u00a0\u00bbrepeat\u00a0\u00bb use_border_color=\u00a0\u00bboff\u00a0\u00bb border_color=\u00a0\u00bb#ffffff\u00a0\u00bb border_style=\u00a0\u00bbsolid\u00a0\u00bb]<\/p>\n<h2><strong>Autres projets<\/strong><\/h2>\n<p>[\/et_pb_text][et_pb_divider show_divider=\u00a0\u00bboff\u00a0\u00bb disabled_on=\u00a0\u00bbon|on|off\u00a0\u00bb admin_label=\u00a0\u00bbSeparador\u00a0\u00bb _builder_version=\u00a0\u00bb3.2&Prime; hide_on_mobile=\u00a0\u00bbon\u00a0\u00bb]\u00a0 [\/et_pb_divider][et_pb_blog fullwidth=\u00a0\u00bboff\u00a0\u00bb post_type=\u00a0\u00bbproject\u00a0\u00bb posts_number=\u00a0\u00bb3&Prime; show_more=\u00a0\u00bbon\u00a0\u00bb show_author=\u00a0\u00bboff\u00a0\u00bb show_date=\u00a0\u00bboff\u00a0\u00bb show_categories=\u00a0\u00bboff\u00a0\u00bb masonry_tile_background_color=\u00a0\u00bb#ffffff\u00a0\u00bb _builder_version=\u00a0\u00bb4.4.5&Prime; header_font=\u00a0\u00bb|on|||\u00a0\u00bb body_line_height=\u00a0\u00bb1.4em\u00a0\u00bb border_width_all=\u00a0\u00bb0px\u00a0\u00bb border_color_all=\u00a0\u00bb#ffffff\u00a0\u00bb border_style_all=\u00a0\u00bbsolid\u00a0\u00bb border_width_all_fullwidth=\u00a0\u00bb0px\u00a0\u00bb border_color_all_fullwidth=\u00a0\u00bb#ffffff\u00a0\u00bb border_style_all_fullwidth=\u00a0\u00bbsolid\u00a0\u00bb use_border_color=\u00a0\u00bbon\u00a0\u00bb border_color=\u00a0\u00bb#ffffff\u00a0\u00bb border_width=\u00a0\u00bb0px\u00a0\u00bb border_style=\u00a0\u00bbsolid\u00a0\u00bb use_dropshadow=\u00a0\u00bboff\u00a0\u00bb]\u00a0 [\/et_pb_blog][\/et_pb_column][\/et_pb_row][\/et_pb_section]<\/p>\n","protected":false},"excerpt":{"rendered":"<p>Repensons la cour de l\u2019\u00e9cole Serra Marina Processus collaboratif pour repenser l\u2019usage de la cour Dans le cadre du projet Empatitzem, ce projet a pour objectif de repenser la cour de l\u2019\u00e9cole \u00e0 partir d\u2019un processus de r\u00e9flexion collectif avec les \u00e9l\u00e8ves et les enseignant.e.s, bas\u00e9 sur l\u2019\u00e9galit\u00e9 de genre. A travers le processus participatif, [&hellip;]<\/p>\n","protected":false},"author":7,"featured_media":8255,"template":"","meta":{"_seopress_robots_primary_cat":"","_seopress_titles_title":"","_seopress_titles_desc":"","_seopress_robots_index":"","_et_pb_use_builder":"on","_et_pb_old_content":"","_et_gb_content_width":"","footnotes":""},"project_category":[118],"project_tag":[],"class_list":["post-12774","project","type-project","status-publish","has-post-thumbnail","hentry","project_category-espaces-educatifs"],"_links":{"self":[{"href":"https:\/\/equalsaree.org\/fr\/wp-json\/wp\/v2\/project\/12774","targetHints":{"allow":["GET"]}}],"collection":[{"href":"https:\/\/equalsaree.org\/fr\/wp-json\/wp\/v2\/project"}],"about":[{"href":"https:\/\/equalsaree.org\/fr\/wp-json\/wp\/v2\/types\/project"}],"author":[{"embeddable":true,"href":"https:\/\/equalsaree.org\/fr\/wp-json\/wp\/v2\/users\/7"}],"version-history":[{"count":0,"href":"https:\/\/equalsaree.org\/fr\/wp-json\/wp\/v2\/project\/12774\/revisions"}],"wp:featuredmedia":[{"embeddable":true,"href":"https:\/\/equalsaree.org\/fr\/wp-json\/wp\/v2\/media\/8255"}],"wp:attachment":[{"href":"https:\/\/equalsaree.org\/fr\/wp-json\/wp\/v2\/media?parent=12774"}],"wp:term":[{"taxonomy":"project_category","embeddable":true,"href":"https:\/\/equalsaree.org\/fr\/wp-json\/wp\/v2\/project_category?post=12774"},{"taxonomy":"project_tag","embeddable":true,"href":"https:\/\/equalsaree.org\/fr\/wp-json\/wp\/v2\/project_tag?post=12774"}],"curies":[{"name":"wp","href":"https:\/\/api.w.org\/{rel}","templated":true}]}}