{"id":11595,"date":"2016-12-02T18:49:09","date_gmt":"2016-12-02T18:49:09","guid":{"rendered":"https:\/\/equalsaree.org\/project\/morecongress\/"},"modified":"2022-01-11T12:31:56","modified_gmt":"2022-01-11T12:31:56","slug":"morecongress","status":"publish","type":"project","link":"https:\/\/equalsaree.org\/fr\/project\/morecongress\/","title":{"rendered":"MOREcongress"},"content":{"rendered":"<p>[et_pb_section fb_built=\u00a0\u00bb1&Prime; admin_label=\u00a0\u00bbsection\u00a0\u00bb _builder_version=\u00a0\u00bb3.22&Prime;][et_pb_row column_structure=\u00a0\u00bb1_2,1_2&Prime; admin_label=\u00a0\u00bbrow\u00a0\u00bb _builder_version=\u00a0\u00bb3.25&Prime; background_size=\u00a0\u00bbinitial\u00a0\u00bb background_position=\u00a0\u00bbtop_left\u00a0\u00bb background_repeat=\u00a0\u00bbrepeat\u00a0\u00bb][et_pb_column type=\u00a0\u00bb1_2&Prime; _builder_version=\u00a0\u00bb3.25&Prime; custom_padding=\u00a0\u00bb|||\u00a0\u00bb custom_padding__hover=\u00a0\u00bb|||\u00a0\u00bb][et_pb_image src=\u00a0\u00bbhttps:\/\/equalsaree.org\/wp-content\/uploads\/2018\/03\/MOREcongress_-Equal-Saree.jpg\u00a0\u00bb alt=\u00a0\u00bbEqual Saree Barcelona urbanismo arquitectura feminista g\u00e9nero congreso\u00a0\u00bb title_text=\u00a0\u00bbMOREcongress_ Equal Saree\u00a0\u00bb align_tablet=\u00a0\u00bbcenter\u00a0\u00bb align_phone=\u00a0\u00bb\u00a0\u00bb align_last_edited=\u00a0\u00bbon|desktop\u00a0\u00bb admin_label=\u00a0\u00bbImagen\u00a0\u00bb _builder_version=\u00a0\u00bb4.4.5&Prime; animation_style=\u00a0\u00bbslide\u00a0\u00bb animation_direction=\u00a0\u00bbleft\u00a0\u00bb animation_duration=\u00a0\u00bb500ms\u00a0\u00bb animation_intensity_slide=\u00a0\u00bb10%\u00a0\u00bb use_border_color=\u00a0\u00bboff\u00a0\u00bb always_center_on_mobile=\u00a0\u00bbon\u00a0\u00bb]&nbsp;<\/p>\n<p>&nbsp;[\/et_pb_image][\/et_pb_column][et_pb_column type=\u00a0\u00bb1_2&Prime; _builder_version=\u00a0\u00bb3.25&Prime; custom_padding=\u00a0\u00bb|||\u00a0\u00bb custom_padding__hover=\u00a0\u00bb|||\u00a0\u00bb][et_pb_text admin_label=\u00a0\u00bbTexto\u00a0\u00bb _builder_version=\u00a0\u00bb4.4.5&Prime; text_font_size=\u00a0\u00bb12&Prime; text_line_height=\u00a0\u00bb1.4em\u00a0\u00bb background_size=\u00a0\u00bbinitial\u00a0\u00bb background_position=\u00a0\u00bbtop_left\u00a0\u00bb background_repeat=\u00a0\u00bbrepeat\u00a0\u00bb use_border_color=\u00a0\u00bboff\u00a0\u00bb]<\/p>\n<h2><strong>MOREcongress<\/strong><\/h2>\n<h3><span style=\"color: #d51f00;\">3e Congr\u00e8s international sur l&rsquo;architecture et le genre<\/h3>\n<p><i>Expanding architecture from a gender-based perspective. III International Conference on Gender and Architecture<\/i>\u00a0est la 3\u00e8me \u00e9dition du congr\u00e8s voulant promouvoir et visibiliser les contributions que le f\u00e9minisme a apport\u00e9 \u00e0 l\u2019architecture, \u00e0 la planification urbaine et \u00e0 toute les disciplines qui \u00e9tudient et\/ou interviennent sur l\u2019espace. Cette \u00e9dition cherche \u00e0 consolider l\u2019espace de rencontre et de d\u00e9bat initi\u00e9 en 2014, en cr\u00e9ant des connections entre la th\u00e9orie et la pratique ainsi qu\u2019entre les administrations publiques et les autres agents qui participent \u00e0 la construction des environnements urbains. Cette \u00e9dition contient un forum de rencontre entre diff\u00e9rentes villes o\u00f9 d\u00e9battre et rapprocher les exp\u00e9riences \u00e0 travers des pr\u00e9sentations et ateliers de travail.<\/p>\n<p><b>Date et lieu :\u00a0<\/b>26-28 janvier 2017, Florence.<br \/>\n<b>Equipe:\u00a0<\/b>Serafina Amoroso, Amelia Vilaplana, Mar\u00eda Novas de\u00a0<a href=\"http:\/\/dexeneroconstrucion.com\/\" target=\"_blank\" rel=\"noopener\">dexeneroconstrucion<\/a>\u00a0et Equal Saree.<br \/>\n<strong>Fotos:<\/strong> de\u00a0<a href=\"https:\/\/albasotelo.com\/\" target=\"_blank\" rel=\"noopener\">Alba Sotelo<\/a>.<\/p>\n<p><strong>+\u00a0<a href=\"http:\/\/www.morecongress.tumblr.com\/\" target=\"_blank\" rel=\"noopener noreferrer\">Web del congr\u00e9<\/a>s \u00a0 \u00a0 \u00a0 \u00a0 \u00a0 \u00a0 \u00a0 \u00a0 \u00a0 \u00a0 \u00a0\u00a0<\/strong><strong><a href=\"https:\/\/www.facebook.com\/MOREcongress\/\" target=\"_blank\" rel=\"noopener noreferrer\">Facebook<\/a>&gt; i\u00a0<\/strong><strong><a href=\"https:\/\/twitter.com\/more_congress\" target=\"_blank\" rel=\"noopener noreferrer\">Twitter<\/a>&gt;<\/strong><\/p>\n<p><a href=\"http:\/\/dexeneroconstrucion.com\/wp-content\/uploads\/2017\/04\/MORE_Book.pdf\" target=\"_blank\" rel=\"noopener noreferrer\"><strong>+ Book of Abstracts<\/strong><\/a>[\/et_pb_text][\/et_pb_column][\/et_pb_row][\/et_pb_section][et_pb_section fb_built=\u00a0\u00bb1&Prime; custom_padding_last_edited=\u00a0\u00bbon|desktop\u00a0\u00bb admin_label=\u00a0\u00bbSecci\u00f3n\u00a0\u00bb _builder_version=\u00a0\u00bb3.22&Prime; custom_padding_tablet=\u00a0\u00bb50px|0|50px|0&Prime; custom_padding_phone=\u00a0\u00bb\u00a0\u00bb transparent_background=\u00a0\u00bboff\u00a0\u00bb padding_mobile=\u00a0\u00bboff\u00a0\u00bb make_fullwidth=\u00a0\u00bboff\u00a0\u00bb use_custom_width=\u00a0\u00bboff\u00a0\u00bb width_unit=\u00a0\u00bbon\u00a0\u00bb][et_pb_row padding_mobile=\u00a0\u00bboff\u00a0\u00bb column_padding_mobile=\u00a0\u00bbon\u00a0\u00bb admin_label=\u00a0\u00bbFila\u00a0\u00bb module_id=\u00a0\u00bbetapas\u00a0\u00bb _builder_version=\u00a0\u00bb3.25&Prime; background_size=\u00a0\u00bbinitial\u00a0\u00bb background_position=\u00a0\u00bbtop_left\u00a0\u00bb background_repeat=\u00a0\u00bbrepeat\u00a0\u00bb make_fullwidth=\u00a0\u00bboff\u00a0\u00bb use_custom_width=\u00a0\u00bboff\u00a0\u00bb width_unit=\u00a0\u00bbon\u00a0\u00bb][et_pb_column type=\u00a0\u00bb4_4&Prime; _builder_version=\u00a0\u00bb3.25&Prime; custom_padding=\u00a0\u00bb|||\u00a0\u00bb custom_padding__hover=\u00a0\u00bb|||\u00a0\u00bb][et_pb_text admin_label=\u00a0\u00bbTexto\u00a0\u00bb _builder_version=\u00a0\u00bb4.4.5&Prime; background_size=\u00a0\u00bbinitial\u00a0\u00bb background_position=\u00a0\u00bbtop_left\u00a0\u00bb background_repeat=\u00a0\u00bbrepeat\u00a0\u00bb hover_enabled=\u00a0\u00bb0&Prime; use_border_color=\u00a0\u00bboff\u00a0\u00bb border_color=\u00a0\u00bb#ffffff\u00a0\u00bb border_style=\u00a0\u00bbsolid\u00a0\u00bb]<\/p>\n<h2><b>En savoir plus sur le projet<\/b><\/h2>\n<p><a href=\"#etapa1\">MORE than\u2026<\/a>\u00a0|\u00a0<a href=\"#etapa2\">Cities Promoting Best Practices<\/a>\u00a0|\u00a0<a href=\"#etapa3\">MORE Activities<\/a>\u00a0|\u00a0<a href=\"#etapa4\">Comit\u00e9 scientifique<\/a>\u00a0|\u00a0<a href=\"#etapa5\">Comit\u00e9 organisateur<\/a><\/p>\n<p>[\/et_pb_text][\/et_pb_column][\/et_pb_row][et_pb_row admin_label=\u00a0\u00bbFila\u00a0\u00bb _builder_version=\u00a0\u00bb3.25&Prime; background_size=\u00a0\u00bbinitial\u00a0\u00bb background_position=\u00a0\u00bbtop_left\u00a0\u00bb background_repeat=\u00a0\u00bbrepeat\u00a0\u00bb][et_pb_column type=\u00a0\u00bb4_4&Prime; _builder_version=\u00a0\u00bb3.25&Prime; custom_padding=\u00a0\u00bb|||\u00a0\u00bb custom_padding__hover=\u00a0\u00bb|||\u00a0\u00bb][et_pb_divider color=\u00a0\u00bb#777777&Prime; divider_position=\u00a0\u00bbcenter\u00a0\u00bb disabled_on=\u00a0\u00bbon|on|off\u00a0\u00bb admin_label=\u00a0\u00bbSeparador\u00a0\u00bb _builder_version=\u00a0\u00bb3.23.4&Prime; height=\u00a0\u00bb80px\u00a0\u00bb hide_on_mobile=\u00a0\u00bbon\u00a0\u00bb]\u00a0[\/et_pb_divider][\/et_pb_column][\/et_pb_row][et_pb_row column_structure=\u00a0\u00bb1_2,1_2&Prime; padding_mobile=\u00a0\u00bboff\u00a0\u00bb column_padding_mobile=\u00a0\u00bbon\u00a0\u00bb admin_label=\u00a0\u00bbFila\u00a0\u00bb module_id=\u00a0\u00bbetapa1&Prime; _builder_version=\u00a0\u00bb4.4.5&Prime; background_size=\u00a0\u00bbinitial\u00a0\u00bb background_position=\u00a0\u00bbtop_left\u00a0\u00bb background_repeat=\u00a0\u00bbrepeat\u00a0\u00bb hover_enabled=\u00a0\u00bb0&Prime; make_fullwidth=\u00a0\u00bboff\u00a0\u00bb use_custom_width=\u00a0\u00bboff\u00a0\u00bb width_unit=\u00a0\u00bbon\u00a0\u00bb][et_pb_column type=\u00a0\u00bb1_2&Prime; _builder_version=\u00a0\u00bb3.25&Prime; custom_padding=\u00a0\u00bb|||\u00a0\u00bb custom_padding__hover=\u00a0\u00bb|||\u00a0\u00bb][et_pb_text admin_label=\u00a0\u00bbetapa 1&Prime; _builder_version=\u00a0\u00bb3.27.4&Prime; text_font_size=\u00a0\u00bb12&Prime; text_line_height=\u00a0\u00bb1.4em\u00a0\u00bb background_size=\u00a0\u00bbinitial\u00a0\u00bb background_position=\u00a0\u00bbtop_left\u00a0\u00bb background_repeat=\u00a0\u00bbrepeat\u00a0\u00bb use_border_color=\u00a0\u00bboff\u00a0\u00bb border_color=\u00a0\u00bb#ffffff\u00a0\u00bb border_style=\u00a0\u00bbsolid\u00a0\u00bb]<\/p>\n<h3><b>MORE than\u2026 Cities, Objects, Academia &amp; Humans.<\/b><\/h3>\n<p><b>Date et lieu:<\/b>\u00a026 janvier, UniFi, Florence.<br \/>\n<b>Equipe:\u00a0<\/b><a href=\"http:\/\/cargocollective.com\/sa2\" target=\"_blank\" rel=\"noopener\">Serafina Amoroso<\/a>,\u00a0<a href=\"http:\/\/vilaplanaestudio.com\/\" target=\"_blank\" rel=\"noopener\">Amelia Vilaplana<\/a>,\u00a0<a href=\"http:\/\/dexeneroconstrucion.com\/\" target=\"_blank\" rel=\"noopener\">Mar\u00eda Novas et\u00a0<\/a><a href=\"https:\/\/equalsaree.org\/fr\/equipe\/\" target=\"_blank\" rel=\"noopener\">Equal Saree<\/a>.<br \/>\n<b>Participant\u00b7e<\/b><b>s:<\/b>\u00a036 conf\u00e9rencier\u00b7es. 33 femmes et 3 hommes<br \/>\n<b>Dur\u00e9e:\u00a0<\/b>1 journ\u00e9e.<\/p>\n<p>Les contributions ont couvert 4 axes th\u00e9matiques.<\/p>\n<p><i>MORE _ than cities<\/i>\u00a0a mis en \u00e9vidence que l\u2019espace urbain reproduit et perp\u00e9tue des id\u00e9ologies et repr\u00e9sentations de genre asym\u00e9triques et\u00a0biais\u00e9es. Des strat\u00e9gies de r\u00e9sistance \u00e0 partir d\u2019un urbanisme participatif, \u00e9motionnel, et affectif s\u2019est alors g\u00e9n\u00e9r\u00e9.<\/p>\n<p>MORE _ than Objects a apport\u00e9 des id\u00e9es pour la d\u00e9construction du concept de\u00a0b\u00e2timent\u00a0canonique, allant au-del\u00e0 de sa conception comme objet physique et unique.<\/p>\n<p>MORE _ than Academia a enrichi les connaissances sur le travail interdisciplinaire et le point de vue f\u00e9ministe pour l\u2019\u00e9ducation spatiale \u00e9galitaire depuis l\u2019\u00e9cole et l\u2019universit\u00e9.<\/p>\n<p>Enfin, MORE _ than Humans, prend pour point de d\u00e9part la critique post-f\u00e9ministe \u00e0 l\u2019opposition Humain\/animal et animal\/v\u00e9g\u00e9tal, et explore les opportunit\u00e9s de cohabitation dans des villes plus inclusives.<\/p>\n<p><a href=\"http:\/\/dexeneroconstrucion.com\/wp-content\/uploads\/2017\/01\/MOREAGENDA_EN.pdf\" target=\"_blank\" rel=\"noopener\"><strong>+ Programme complet<\/strong>\u00a0\u00a0<\/a>[\/et_pb_text][et_pb_text admin_label=\u00a0\u00bbTexto\u00a0\u00bb _builder_version=\u00a0\u00bb4.4.5&Prime; background_size=\u00a0\u00bbinitial\u00a0\u00bb background_position=\u00a0\u00bbtop_left\u00a0\u00bb background_repeat=\u00a0\u00bbrepeat\u00a0\u00bb use_border_color=\u00a0\u00bboff\u00a0\u00bb border_color=\u00a0\u00bb#ffffff\u00a0\u00bb border_style=\u00a0\u00bbsolid\u00a0\u00bb]<\/p>\n<h4><a href=\"#etapas\"><img loading=\"lazy\" decoding=\"async\" class=\"wp-image-806 alignnone \" src=\"https:\/\/equalsaree.org\/wp-content\/uploads\/2016\/03\/FLECHA-1.png\" alt=\"\" width=\"16\" height=\"18\" \/><\/a><\/h4>\n<p>[\/et_pb_text][\/et_pb_column][et_pb_column type=\u00a0\u00bb1_2&Prime; _builder_version=\u00a0\u00bb3.25&Prime; custom_padding=\u00a0\u00bb|||\u00a0\u00bb custom_padding__hover=\u00a0\u00bb|||\u00a0\u00bb][et_pb_gallery gallery_ids=\u00a0\u00bb2013,2110,2111,2112,2113,2114,2115&Prime; fullwidth=\u00a0\u00bbon\u00a0\u00bb admin_label=\u00a0\u00bbGaler\u00eda\u00a0\u00bb _builder_version=\u00a0\u00bb3.0.87&Prime; caption_all_caps=\u00a0\u00bboff\u00a0\u00bb auto=\u00a0\u00bbon\u00a0\u00bb use_border_color=\u00a0\u00bboff\u00a0\u00bb border_color=\u00a0\u00bb#ffffff\u00a0\u00bb border_style=\u00a0\u00bbsolid\u00a0\u00bb]\u00a0[\/et_pb_gallery][\/et_pb_column][\/et_pb_row][et_pb_row admin_label=\u00a0\u00bbFila\u00a0\u00bb _builder_version=\u00a0\u00bb3.25&Prime; background_size=\u00a0\u00bbinitial\u00a0\u00bb background_position=\u00a0\u00bbtop_left\u00a0\u00bb background_repeat=\u00a0\u00bbrepeat\u00a0\u00bb][et_pb_column type=\u00a0\u00bb4_4&Prime; _builder_version=\u00a0\u00bb3.25&Prime; custom_padding=\u00a0\u00bb|||\u00a0\u00bb custom_padding__hover=\u00a0\u00bb|||\u00a0\u00bb][et_pb_divider color=\u00a0\u00bb#777777&Prime; divider_position=\u00a0\u00bbcenter\u00a0\u00bb disabled_on=\u00a0\u00bbon|on|off\u00a0\u00bb admin_label=\u00a0\u00bbSeparador\u00a0\u00bb _builder_version=\u00a0\u00bb3.23.4&Prime; height=\u00a0\u00bb80px\u00a0\u00bb hide_on_mobile=\u00a0\u00bbon\u00a0\u00bb]\u00a0[\/et_pb_divider][\/et_pb_column][\/et_pb_row][et_pb_row column_structure=\u00a0\u00bb1_2,1_2&Prime; padding_mobile=\u00a0\u00bboff\u00a0\u00bb column_padding_mobile=\u00a0\u00bbon\u00a0\u00bb admin_label=\u00a0\u00bbFila\u00a0\u00bb module_id=\u00a0\u00bbetapa2&Prime; _builder_version=\u00a0\u00bb4.4.5&Prime; background_size=\u00a0\u00bbinitial\u00a0\u00bb background_position=\u00a0\u00bbtop_left\u00a0\u00bb background_repeat=\u00a0\u00bbrepeat\u00a0\u00bb hover_enabled=\u00a0\u00bb0&Prime; make_fullwidth=\u00a0\u00bboff\u00a0\u00bb use_custom_width=\u00a0\u00bboff\u00a0\u00bb width_unit=\u00a0\u00bbon\u00a0\u00bb][et_pb_column type=\u00a0\u00bb1_2&Prime; _builder_version=\u00a0\u00bb3.25&Prime; custom_padding=\u00a0\u00bb|||\u00a0\u00bb custom_padding__hover=\u00a0\u00bb|||\u00a0\u00bb][et_pb_text admin_label=\u00a0\u00bbetapa 2&Prime; _builder_version=\u00a0\u00bb4.4.5&Prime; text_font_size=\u00a0\u00bb12&Prime; text_line_height=\u00a0\u00bb1.4em\u00a0\u00bb background_size=\u00a0\u00bbinitial\u00a0\u00bb background_position=\u00a0\u00bbtop_left\u00a0\u00bb background_repeat=\u00a0\u00bbrepeat\u00a0\u00bb hover_enabled=\u00a0\u00bb0&Prime; use_border_color=\u00a0\u00bboff\u00a0\u00bb border_color=\u00a0\u00bb#ffffff\u00a0\u00bb border_style=\u00a0\u00bbsolid\u00a0\u00bb]<\/p>\n<h3><b>Cities Promoting Best Practices<\/b><\/h3>\n<p><b>Date et lieu :<\/b>\u00a027 janvier, UniFi, Florence.<br \/><b>Equipe:\u00a0<\/b><a href=\"http:\/\/cargocollective.com\/sa2\" target=\"_blank\" rel=\"noopener\">Serafina Amoroso<\/a>,\u00a0<a href=\"http:\/\/vilaplanaestudio.com\/\" target=\"_blank\" rel=\"noopener\">Amelia Vilaplana<\/a>,\u00a0<a href=\"http:\/\/dexeneroconstrucion.com\/\" target=\"_blank\" rel=\"noopener\">Mar\u00eda Novas<\/a>\u00a0et\u00a0<a href=\"https:\/\/equalsaree.org\/fr\/equipe\/\" target=\"_blank\" rel=\"noopener\">Equal Saree<\/a>.<br \/><b>Participant\u00b7es: \u00a0<\/b>Viena (Austria), Eva Kail|Santiago de Compostela (Spain), Mar\u00eda Novas|Bogot\u00e1 (Colombia), M\u00f3nica S\u00e1nchez Bernal|Santa Coloma de Gramenet (Spain), Nuria Parl\u00f3n &amp; Zaida Mux\u00ed|Sassari (Italia), Valentina Tal\u00fa.<br \/><b>Dur\u00e9e:\u00a0<\/b>4 heures.<\/p>\n<p>Un des principaux objectifs de MORE congress a \u00e9t\u00e9 la cr\u00e9ation d\u2019interconnections entre la th\u00e9orie et la pratique, ainsi que la cr\u00e9ation d\u2019un r\u00e9seau entre administrations publiques et autres acteur\u00b7ices impliqu\u00e9\u00b7es dans la construction des milieux urbains, en tant que professionnel\u00b7lles et chercheur\u00b7euses. Les administrations publiques jouent un r\u00f4le fondamental pour la garantie du droit des personnes \u00e0 jouir de la ville. Par \u201cjouir de\u201d, nous faisons r\u00e9f\u00e9rence au fait que toutes les personnes puissent b\u00e9n\u00e9ficier des services et opportunit\u00e9s qu\u2019offre la vie urbaine dans des conditions d\u2019\u00e9galit\u00e9. Les pr\u00e9sentations de ce bloc visibilisent les bonnes pratiques urbaines depuis la perspective de genre promues par l\u2019administration publique et qui aboutissent sur des transformations urbaines inclusives.<\/p>\n<p><a href=\"http:\/\/dexeneroconstrucion.com\/wp-content\/uploads\/2017\/01\/MOREAGENDA_EN.pdf\" target=\"_blank\" rel=\"noopener\"><strong>+ Programme complet\u00a0\u00a0<\/strong><\/a><\/p>\n<p>[\/et_pb_text][et_pb_text admin_label=\u00a0\u00bbTexto\u00a0\u00bb _builder_version=\u00a0\u00bb4.4.5&Prime; background_size=\u00a0\u00bbinitial\u00a0\u00bb background_position=\u00a0\u00bbtop_left\u00a0\u00bb background_repeat=\u00a0\u00bbrepeat\u00a0\u00bb use_border_color=\u00a0\u00bboff\u00a0\u00bb border_color=\u00a0\u00bb#ffffff\u00a0\u00bb border_style=\u00a0\u00bbsolid\u00a0\u00bb]<\/p>\n<h4><a href=\"#etapas\"><img loading=\"lazy\" decoding=\"async\" class=\"wp-image-806 alignnone \" src=\"https:\/\/equalsaree.org\/wp-content\/uploads\/2016\/03\/FLECHA-1.png\" alt=\"\" width=\"16\" height=\"18\" \/><\/a><\/h4>\n<p>[\/et_pb_text][\/et_pb_column][et_pb_column type=\u00a0\u00bb1_2&Prime; _builder_version=\u00a0\u00bb3.25&Prime; custom_padding=\u00a0\u00bb|||\u00a0\u00bb custom_padding__hover=\u00a0\u00bb|||\u00a0\u00bb][et_pb_gallery gallery_ids=\u00a0\u00bb2125,2118,2119,2120,2121,2122,2123,2124&Prime; fullwidth=\u00a0\u00bbon\u00a0\u00bb admin_label=\u00a0\u00bbGaler\u00eda\u00a0\u00bb _builder_version=\u00a0\u00bb3.0.87&Prime; caption_all_caps=\u00a0\u00bboff\u00a0\u00bb auto=\u00a0\u00bbon\u00a0\u00bb use_border_color=\u00a0\u00bboff\u00a0\u00bb border_color=\u00a0\u00bb#ffffff\u00a0\u00bb border_style=\u00a0\u00bbsolid\u00a0\u00bb]\u00a0[\/et_pb_gallery][\/et_pb_column][\/et_pb_row][et_pb_row admin_label=\u00a0\u00bbFila\u00a0\u00bb _builder_version=\u00a0\u00bb3.25&Prime; background_size=\u00a0\u00bbinitial\u00a0\u00bb background_position=\u00a0\u00bbtop_left\u00a0\u00bb background_repeat=\u00a0\u00bbrepeat\u00a0\u00bb][et_pb_column type=\u00a0\u00bb4_4&Prime; _builder_version=\u00a0\u00bb3.25&Prime; custom_padding=\u00a0\u00bb|||\u00a0\u00bb custom_padding__hover=\u00a0\u00bb|||\u00a0\u00bb][et_pb_divider color=\u00a0\u00bb#777777&Prime; divider_position=\u00a0\u00bbcenter\u00a0\u00bb disabled_on=\u00a0\u00bbon|on|off\u00a0\u00bb admin_label=\u00a0\u00bbSeparador\u00a0\u00bb _builder_version=\u00a0\u00bb3.23.4&Prime; height=\u00a0\u00bb80px\u00a0\u00bb hide_on_mobile=\u00a0\u00bbon\u00a0\u00bb]\u00a0[\/et_pb_divider][\/et_pb_column][\/et_pb_row][et_pb_row column_structure=\u00a0\u00bb1_2,1_2&Prime; padding_mobile=\u00a0\u00bboff\u00a0\u00bb column_padding_mobile=\u00a0\u00bbon\u00a0\u00bb admin_label=\u00a0\u00bbFila\u00a0\u00bb module_id=\u00a0\u00bbetapa3&Prime; _builder_version=\u00a0\u00bb4.4.5&Prime; background_size=\u00a0\u00bbinitial\u00a0\u00bb background_position=\u00a0\u00bbtop_left\u00a0\u00bb background_repeat=\u00a0\u00bbrepeat\u00a0\u00bb hover_enabled=\u00a0\u00bb0&Prime; make_fullwidth=\u00a0\u00bboff\u00a0\u00bb use_custom_width=\u00a0\u00bboff\u00a0\u00bb width_unit=\u00a0\u00bbon\u00a0\u00bb][et_pb_column type=\u00a0\u00bb1_2&Prime; _builder_version=\u00a0\u00bb3.25&Prime; custom_padding=\u00a0\u00bb|||\u00a0\u00bb custom_padding__hover=\u00a0\u00bb|||\u00a0\u00bb][et_pb_text admin_label=\u00a0\u00bbetapa 3&Prime; _builder_version=\u00a0\u00bb4.4.5&Prime; text_font_size=\u00a0\u00bb12&Prime; text_line_height=\u00a0\u00bb1.4em\u00a0\u00bb background_size=\u00a0\u00bbinitial\u00a0\u00bb background_position=\u00a0\u00bbtop_left\u00a0\u00bb background_repeat=\u00a0\u00bbrepeat\u00a0\u00bb hover_enabled=\u00a0\u00bb0&Prime; use_border_color=\u00a0\u00bboff\u00a0\u00bb border_color=\u00a0\u00bb#ffffff\u00a0\u00bb border_style=\u00a0\u00bbsolid\u00a0\u00bb]<\/p>\n<h3><b>MORE activities<\/b><\/h3>\n<p><b>Date et lieu:\u00a0<\/b>26-28 janvier, UniFi, Florence &amp; Figline e Incisa Valdarno.<br \/><b>Equipe:\u00a0<\/b><a href=\"http:\/\/cargocollective.com\/sa2\" target=\"_blank\" rel=\"noopener\">Serafina Amoroso<\/a>,\u00a0<a href=\"http:\/\/vilaplanaestudio.com\/\" target=\"_blank\" rel=\"noopener\">Amelia Vilaplana<\/a>,\u00a0<a href=\"http:\/\/dexeneroconstrucion.com\/\" target=\"_blank\" rel=\"noopener\">Mar\u00eda Novas<\/a>\u00a0i\u00a0<a href=\"https:\/\/equalsaree.org\/fr\/equipe\/\" target=\"_blank\" rel=\"noopener\">Equal Saree<\/a>.<br \/><b>Participant\u00b7es:\u00a0<\/b>Assistant\u00b7es au congr\u00e8s, architectes locaux, repr\u00e9sentant\u00b7es politiques de Figline.<br \/><b>Dur\u00e9e:<\/b>\u00a03 jours<\/p>\n<p>La programmation de MOREcongress a \u00e9galement inclus l\u2019action collaborative A-MORE, l\u2019atelier Nous et l\u2019espace_Figline (Figline &amp; Incisa Valdarno) et les conf\u00e9rences magistrales de Liza Fior et Liisa Horelli, en plus d\u2019une session de pr\u00e9sentation de\u00a0posters\u00a0et d\u00e9bats.<\/p>\n<p><a href=\"\/?p=2103\" target=\"_blank\" rel=\"noopener\"><b>+ d\u2019informations sur Nous et l\u2019espace_Figline<\/b><\/a><\/p>\n<p>[\/et_pb_text][et_pb_text admin_label=\u00a0\u00bbTexto\u00a0\u00bb _builder_version=\u00a0\u00bb4.4.5&Prime; background_size=\u00a0\u00bbinitial\u00a0\u00bb background_position=\u00a0\u00bbtop_left\u00a0\u00bb background_repeat=\u00a0\u00bbrepeat\u00a0\u00bb use_border_color=\u00a0\u00bboff\u00a0\u00bb border_color=\u00a0\u00bb#ffffff\u00a0\u00bb border_style=\u00a0\u00bbsolid\u00a0\u00bb]<\/p>\n<h4><a href=\"#etapas\"><img loading=\"lazy\" decoding=\"async\" class=\"wp-image-806 alignnone \" src=\"https:\/\/equalsaree.org\/wp-content\/uploads\/2016\/03\/FLECHA-1.png\" alt=\"\" width=\"16\" height=\"18\" \/><\/a><\/h4>\n<p>[\/et_pb_text][\/et_pb_column][et_pb_column type=\u00a0\u00bb1_2&Prime; _builder_version=\u00a0\u00bb3.25&Prime; custom_padding=\u00a0\u00bb|||\u00a0\u00bb custom_padding__hover=\u00a0\u00bb|||\u00a0\u00bb][et_pb_gallery gallery_ids=\u00a0\u00bb2137,2147,2134,2146,2142,2148,2145,2141,2136,2140,2139,2143,2144&Prime; fullwidth=\u00a0\u00bbon\u00a0\u00bb admin_label=\u00a0\u00bbGaler\u00eda\u00a0\u00bb _builder_version=\u00a0\u00bb3.0.87&Prime; caption_all_caps=\u00a0\u00bboff\u00a0\u00bb auto=\u00a0\u00bbon\u00a0\u00bb use_border_color=\u00a0\u00bboff\u00a0\u00bb border_color=\u00a0\u00bb#ffffff\u00a0\u00bb border_style=\u00a0\u00bbsolid\u00a0\u00bb]\u00a0[\/et_pb_gallery][\/et_pb_column][\/et_pb_row][et_pb_row admin_label=\u00a0\u00bbFila\u00a0\u00bb _builder_version=\u00a0\u00bb3.25&Prime; background_size=\u00a0\u00bbinitial\u00a0\u00bb background_position=\u00a0\u00bbtop_left\u00a0\u00bb background_repeat=\u00a0\u00bbrepeat\u00a0\u00bb][et_pb_column type=\u00a0\u00bb4_4&Prime; _builder_version=\u00a0\u00bb3.25&Prime; custom_padding=\u00a0\u00bb|||\u00a0\u00bb custom_padding__hover=\u00a0\u00bb|||\u00a0\u00bb][et_pb_divider color=\u00a0\u00bb#777777&Prime; divider_position=\u00a0\u00bbcenter\u00a0\u00bb disabled_on=\u00a0\u00bbon|on|off\u00a0\u00bb admin_label=\u00a0\u00bbSeparador\u00a0\u00bb _builder_version=\u00a0\u00bb3.23.4&Prime; height=\u00a0\u00bb80px\u00a0\u00bb hide_on_mobile=\u00a0\u00bbon\u00a0\u00bb]\u00a0[\/et_pb_divider][\/et_pb_column][\/et_pb_row][et_pb_row column_structure=\u00a0\u00bb1_2,1_2&Prime; padding_mobile=\u00a0\u00bboff\u00a0\u00bb column_padding_mobile=\u00a0\u00bbon\u00a0\u00bb admin_label=\u00a0\u00bbFila\u00a0\u00bb module_id=\u00a0\u00bbetapa4&Prime; _builder_version=\u00a0\u00bb4.4.5&Prime; background_size=\u00a0\u00bbinitial\u00a0\u00bb background_position=\u00a0\u00bbtop_left\u00a0\u00bb background_repeat=\u00a0\u00bbrepeat\u00a0\u00bb hover_enabled=\u00a0\u00bb0&Prime; make_fullwidth=\u00a0\u00bboff\u00a0\u00bb use_custom_width=\u00a0\u00bboff\u00a0\u00bb width_unit=\u00a0\u00bbon\u00a0\u00bb][et_pb_column type=\u00a0\u00bb1_2&Prime; _builder_version=\u00a0\u00bb3.25&Prime; custom_padding=\u00a0\u00bb|||\u00a0\u00bb custom_padding__hover=\u00a0\u00bb|||\u00a0\u00bb][et_pb_text admin_label=\u00a0\u00bbetapa 4&Prime; _builder_version=\u00a0\u00bb3.27.4&Prime; text_font_size=\u00a0\u00bb12&Prime; text_line_height=\u00a0\u00bb1.4em\u00a0\u00bb background_size=\u00a0\u00bbinitial\u00a0\u00bb background_position=\u00a0\u00bbtop_left\u00a0\u00bb background_repeat=\u00a0\u00bbrepeat\u00a0\u00bb use_border_color=\u00a0\u00bboff\u00a0\u00bb border_color=\u00a0\u00bb#ffffff\u00a0\u00bb border_style=\u00a0\u00bbsolid\u00a0\u00bb]<\/p>\n<h3><b>Comit\u00e9 scientifique<\/b><\/h3>\n<p>Le Comit\u00e9 Scientifique est compos\u00e9 des membres du Comit\u00e9 organisateur et des expertes reconnues pour leur prestige et exp\u00e9rience au niveau international.<\/p>\n<p><strong>Eva \u00c1lvarez Isidro<\/strong>,\u00a0ETSA Valencia \u2013 Polytechnic University of Valencia, Spain.<br \/>\n<strong>Nuria \u00c1lvarez Lombardero<\/strong>,\u00a0Architectural Association School of Architecture, London, UK.<br \/>\n<strong>Atxu Amann Alcocer<\/strong>, ETSA Madrid \u2013 Polytechnic University of Madrid, Spain.<br \/>\n<strong>Laura Andreini<\/strong>,\u00a0School of Architecture, Univeristy of Florence, Italy.<br \/>\n<strong>Nerea Calvillo Gonz\u00e1lez<\/strong>, Centre for Interdisciplinary Methodologies, University of Warwick, UK.<br \/>\n<strong>Liza Fior<\/strong>,\u00a0MUF architecture\/art, London, UK.<br \/>\n<strong>Joyce Hwang<\/strong>,\u00a0Architecture and Planning, State University of New York at Buffalo, EEUU.<br \/>\n<strong>Maria Grazia Eccheli<\/strong>,\u00a0School of Architecture, Univeristy of Florence, Italy.<br \/>\n<strong>Zaida Mux\u00ed Mart\u00ednez<\/strong>,\u00a0 ETSA Barcelona \u2013 Polytechnic University of Catalunya, Barcelona, Spain.<br \/>\n<strong>Anna Ortiz Guitart<\/strong>,\u00a0Autonomous University of Barcelona, Spain.<br \/>\n<strong>Patricia Santos Pedrosa<\/strong>,\u00a0LABART Lus\u00f3fona University, Lisbon, Portugal.<br \/>\n<strong>Eliana Sousa Santos<\/strong>,\u00a0Centre for Social Studies \u2013 University of Coimbra, Portugal.<br \/>\n<strong>Martha Thorne<\/strong>,\u00a0IE School of Architecture &amp; Design, Madrid, Spain.<br \/>\n<strong>Rosal\u00eda Torrent Esclap\u00e9s<\/strong>,\u00a0Jaume I University, Castell\u00f3, Spain.<\/p>\n<p><a href=\"http:\/\/dexeneroconstrucion.com\/wp-content\/uploads\/2016\/11\/ENTREVISTAS_COMPLETO.pdf\" target=\"_blank\" rel=\"noopener noreferrer\"><b>+ Entretiens avec le comit\u00e9 scientifique\u00a0\u00a0<\/b><\/a>[\/et_pb_text][et_pb_text admin_label=\u00a0\u00bbTexto\u00a0\u00bb _builder_version=\u00a0\u00bb4.4.5&Prime; background_size=\u00a0\u00bbinitial\u00a0\u00bb background_position=\u00a0\u00bbtop_left\u00a0\u00bb background_repeat=\u00a0\u00bbrepeat\u00a0\u00bb use_border_color=\u00a0\u00bboff\u00a0\u00bb border_color=\u00a0\u00bb#ffffff\u00a0\u00bb border_style=\u00a0\u00bbsolid\u00a0\u00bb]<\/p>\n<h4><a href=\"#etapas\"><img loading=\"lazy\" decoding=\"async\" class=\"wp-image-806 alignnone \" src=\"https:\/\/equalsaree.org\/wp-content\/uploads\/2016\/03\/FLECHA-1.png\" alt=\"\" width=\"16\" height=\"18\" \/><\/a><\/h4>\n<p>[\/et_pb_text][\/et_pb_column][et_pb_column type=\u00a0\u00bb1_2&Prime; _builder_version=\u00a0\u00bb3.25&Prime; custom_padding=\u00a0\u00bb|||\u00a0\u00bb custom_padding__hover=\u00a0\u00bb|||\u00a0\u00bb][et_pb_gallery gallery_ids=\u00a0\u00bb1815,1816,1817,1818,1819,1820,1821,1822,1823,1824,1825,1826,1827&Prime; fullwidth=\u00a0\u00bbon\u00a0\u00bb admin_label=\u00a0\u00bbGaler\u00eda\u00a0\u00bb _builder_version=\u00a0\u00bb3.0.87&Prime; caption_all_caps=\u00a0\u00bboff\u00a0\u00bb auto=\u00a0\u00bbon\u00a0\u00bb use_border_color=\u00a0\u00bboff\u00a0\u00bb border_color=\u00a0\u00bb#ffffff\u00a0\u00bb border_style=\u00a0\u00bbsolid\u00a0\u00bb]\u00a0[\/et_pb_gallery][\/et_pb_column][\/et_pb_row][et_pb_row admin_label=\u00a0\u00bbFila\u00a0\u00bb _builder_version=\u00a0\u00bb3.25&Prime; background_size=\u00a0\u00bbinitial\u00a0\u00bb background_position=\u00a0\u00bbtop_left\u00a0\u00bb background_repeat=\u00a0\u00bbrepeat\u00a0\u00bb][et_pb_column type=\u00a0\u00bb4_4&Prime; _builder_version=\u00a0\u00bb3.25&Prime; custom_padding=\u00a0\u00bb|||\u00a0\u00bb custom_padding__hover=\u00a0\u00bb|||\u00a0\u00bb][et_pb_divider color=\u00a0\u00bb#777777&Prime; divider_position=\u00a0\u00bbcenter\u00a0\u00bb disabled_on=\u00a0\u00bbon|on|off\u00a0\u00bb admin_label=\u00a0\u00bbSeparador\u00a0\u00bb _builder_version=\u00a0\u00bb3.23.4&Prime; height=\u00a0\u00bb80px\u00a0\u00bb hide_on_mobile=\u00a0\u00bbon\u00a0\u00bb]\u00a0[\/et_pb_divider][\/et_pb_column][\/et_pb_row][et_pb_row column_structure=\u00a0\u00bb1_2,1_2&Prime; padding_mobile=\u00a0\u00bboff\u00a0\u00bb column_padding_mobile=\u00a0\u00bbon\u00a0\u00bb admin_label=\u00a0\u00bbFila\u00a0\u00bb module_id=\u00a0\u00bbetapa5&Prime; _builder_version=\u00a0\u00bb4.4.5&Prime; background_size=\u00a0\u00bbinitial\u00a0\u00bb background_position=\u00a0\u00bbtop_left\u00a0\u00bb background_repeat=\u00a0\u00bbrepeat\u00a0\u00bb hover_enabled=\u00a0\u00bb0&Prime; make_fullwidth=\u00a0\u00bboff\u00a0\u00bb use_custom_width=\u00a0\u00bboff\u00a0\u00bb width_unit=\u00a0\u00bbon\u00a0\u00bb][et_pb_column type=\u00a0\u00bb1_2&Prime; _builder_version=\u00a0\u00bb3.25&Prime; custom_padding=\u00a0\u00bb|||\u00a0\u00bb custom_padding__hover=\u00a0\u00bb|||\u00a0\u00bb][et_pb_text admin_label=\u00a0\u00bbetapa 5&Prime; _builder_version=\u00a0\u00bb3.27.4&Prime; text_font_size=\u00a0\u00bb12&Prime; text_line_height=\u00a0\u00bb1.4em\u00a0\u00bb background_size=\u00a0\u00bbinitial\u00a0\u00bb background_position=\u00a0\u00bbtop_left\u00a0\u00bb background_repeat=\u00a0\u00bbrepeat\u00a0\u00bb use_border_color=\u00a0\u00bboff\u00a0\u00bb border_color=\u00a0\u00bb#ffffff\u00a0\u00bb border_style=\u00a0\u00bbsolid\u00a0\u00bb]<\/p>\n<h3><b>Comit\u00e9 organisateur<\/b><\/h3>\n<p>MOREcongress a \u00e9t\u00e9 organis\u00e9 horizontalement et en collaboration par:<\/p>\n<p><b>Mar\u00eda Novas<\/b>,\u00a0<a href=\"http:\/\/t.umblr.com\/redirect?z=http%3A%2F%2Fdexeneroconstrucion.com%2F&amp;t=MDkzYTgxNjNlOTc1NzNjNGZhODE4NzJmMWIwZjYzNzJlZmE0NjdkYixUbU4zdWpESg%3D%3D&amp;p=&amp;m=0\" target=\"_blank\" rel=\"noopener\"><b>Dexeneroconstrucion<\/b><\/a>, Galiza, Spain.<\/p>\n<p><b>Serafina Amoroso<\/b>,\u00a0<a href=\"http:\/\/t.umblr.com\/redirect?z=http%3A%2F%2Fcargocollective.com%2Fsa2&amp;t=NTFjZjgwYTRlZWQ4YjI5NGVjYTc3Mzc1ODAzZjhlNDY2YjJhMTk4MixUbU4zdWpESg%3D%3D&amp;p=&amp;m=0\" target=\"_blank\" rel=\"noopener\"><b>sa2<\/b><\/a>, School of Architecture, University of Florence, Italy.<\/p>\n<p><b>Amelia Vilaplana<\/b>,\u00a0<a href=\"http:\/\/t.umblr.com\/redirect?z=http%3A%2F%2Fvilaplanaestudio.com%2F&amp;t=YTJlMjhkY2E0ZTM0NWNkNzY0NmUxY2ExNzBjODU0NGE5YjgzMjg0ZSxUbU4zdWpESg%3D%3D&amp;p=&amp;m=0\" target=\"_blank\" rel=\"noopener\"><b>Vilaplana&amp;Vilaplana Estudio<\/b><\/a>, Barcelona-Alicante, Spain<\/p>\n<p><b>Dafne Salda\u00f1a, Helena Cardona<\/b>\u00a0<b>and Julia Goula,<\/b>\u00a0<a href=\"https:\/\/equalsaree.org\/fr\/equipe\/\" target=\"_blank\" rel=\"noopener\"><b>Equal Saree<\/b><\/a>, Catalunya, Spain.<\/p>\n<p><a href=\"http:\/\/dexeneroconstrucion.com\/wp-content\/uploads\/2016\/12\/Organizing_Conversations.pdf\" target=\"_blank\" rel=\"noopener noreferrer\"><b>+\u00a0<\/b><\/a><b><a href=\"http:\/\/dexeneroconstrucion.com\/wp-content\/uploads\/2016\/12\/Organizing_Conversations.pdf\" target=\"_blank\" rel=\"noopener\">Entretiens avec le comit\u00e9 organisateur<\/a><\/b>[\/et_pb_text][et_pb_text admin_label=\u00a0\u00bbTexto\u00a0\u00bb _builder_version=\u00a0\u00bb4.4.5&Prime; background_size=\u00a0\u00bbinitial\u00a0\u00bb background_position=\u00a0\u00bbtop_left\u00a0\u00bb background_repeat=\u00a0\u00bbrepeat\u00a0\u00bb use_border_color=\u00a0\u00bboff\u00a0\u00bb border_color=\u00a0\u00bb#ffffff\u00a0\u00bb border_style=\u00a0\u00bbsolid\u00a0\u00bb]<\/p>\n<h4><a href=\"#etapas\"><img loading=\"lazy\" decoding=\"async\" class=\"wp-image-806 alignnone \" src=\"https:\/\/equalsaree.org\/wp-content\/uploads\/2016\/03\/FLECHA-1.png\" alt=\"\" width=\"16\" height=\"18\" \/><\/a><\/h4>\n<p>[\/et_pb_text][\/et_pb_column][et_pb_column type=\u00a0\u00bb1_2&Prime; _builder_version=\u00a0\u00bb3.25&Prime; custom_padding=\u00a0\u00bb|||\u00a0\u00bb custom_padding__hover=\u00a0\u00bb|||\u00a0\u00bb][et_pb_gallery gallery_ids=\u00a0\u00bb2203,2016,2017,2019,2018&Prime; fullwidth=\u00a0\u00bbon\u00a0\u00bb admin_label=\u00a0\u00bbGaler\u00eda\u00a0\u00bb _builder_version=\u00a0\u00bb3.0.87&Prime; caption_all_caps=\u00a0\u00bboff\u00a0\u00bb auto=\u00a0\u00bbon\u00a0\u00bb use_border_color=\u00a0\u00bboff\u00a0\u00bb border_color=\u00a0\u00bb#ffffff\u00a0\u00bb border_style=\u00a0\u00bbsolid\u00a0\u00bb]\u00a0[\/et_pb_gallery][\/et_pb_column][\/et_pb_row][et_pb_row admin_label=\u00a0\u00bbFila\u00a0\u00bb _builder_version=\u00a0\u00bb3.25&Prime; background_size=\u00a0\u00bbinitial\u00a0\u00bb background_position=\u00a0\u00bbtop_left\u00a0\u00bb background_repeat=\u00a0\u00bbrepeat\u00a0\u00bb][et_pb_column type=\u00a0\u00bb4_4&Prime; _builder_version=\u00a0\u00bb3.25&Prime; custom_padding=\u00a0\u00bb|||\u00a0\u00bb custom_padding__hover=\u00a0\u00bb|||\u00a0\u00bb][et_pb_divider color=\u00a0\u00bb#777777&Prime; divider_position=\u00a0\u00bbcenter\u00a0\u00bb disabled_on=\u00a0\u00bbon|on|off\u00a0\u00bb admin_label=\u00a0\u00bbSeparador\u00a0\u00bb _builder_version=\u00a0\u00bb3.23.4&Prime; height=\u00a0\u00bb80px\u00a0\u00bb hide_on_mobile=\u00a0\u00bbon\u00a0\u00bb]\u00a0[\/et_pb_divider][et_pb_divider show_divider=\u00a0\u00bboff\u00a0\u00bb disabled_on=\u00a0\u00bbon|on|off\u00a0\u00bb admin_label=\u00a0\u00bbSeparador\u00a0\u00bb _builder_version=\u00a0\u00bb3.2&Prime; hide_on_mobile=\u00a0\u00bbon\u00a0\u00bb]\u00a0[\/et_pb_divider][\/et_pb_column][\/et_pb_row][et_pb_row admin_label=\u00a0\u00bbFila\u00a0\u00bb _builder_version=\u00a0\u00bb3.25&Prime; background_size=\u00a0\u00bbinitial\u00a0\u00bb background_position=\u00a0\u00bbtop_left\u00a0\u00bb background_repeat=\u00a0\u00bbrepeat\u00a0\u00bb][et_pb_column type=\u00a0\u00bb4_4&Prime; _builder_version=\u00a0\u00bb3.25&Prime; custom_padding=\u00a0\u00bb|||\u00a0\u00bb custom_padding__hover=\u00a0\u00bb|||\u00a0\u00bb][et_pb_text admin_label=\u00a0\u00bbTexto\u00a0\u00bb _builder_version=\u00a0\u00bb3.27.4&Prime; background_size=\u00a0\u00bbinitial\u00a0\u00bb background_position=\u00a0\u00bbtop_left\u00a0\u00bb background_repeat=\u00a0\u00bbrepeat\u00a0\u00bb use_border_color=\u00a0\u00bboff\u00a0\u00bb border_color=\u00a0\u00bb#ffffff\u00a0\u00bb border_style=\u00a0\u00bbsolid\u00a0\u00bb]<\/p>\n<div class=\"et_pb_module et_pb_text et_pb_text_14 et_pb_text_align_left et_pb_bg_layout_light\">\n<div class=\"et_pb_text_inner\">\n<h2><strong>Autres projets<\/strong><\/h2>\n<\/div>\n<\/div>\n<p>[\/et_pb_text][et_pb_divider show_divider=\u00a0\u00bboff\u00a0\u00bb disabled_on=\u00a0\u00bbon|on|off\u00a0\u00bb admin_label=\u00a0\u00bbSeparador\u00a0\u00bb _builder_version=\u00a0\u00bb3.2&Prime; hide_on_mobile=\u00a0\u00bbon\u00a0\u00bb]&nbsp;[\/et_pb_divider][et_pb_blog fullwidth=\u00a0\u00bboff\u00a0\u00bb post_type=\u00a0\u00bbproject\u00a0\u00bb posts_number=\u00a0\u00bb3&Prime; show_more=\u00a0\u00bbon\u00a0\u00bb show_author=\u00a0\u00bboff\u00a0\u00bb show_date=\u00a0\u00bboff\u00a0\u00bb show_categories=\u00a0\u00bboff\u00a0\u00bb masonry_tile_background_color=\u00a0\u00bb#ffffff\u00a0\u00bb _builder_version=\u00a0\u00bb4.4.5&Prime; header_font=\u00a0\u00bb|on|||\u00a0\u00bb body_line_height=\u00a0\u00bb1.4em\u00a0\u00bb border_width_all=\u00a0\u00bb0px\u00a0\u00bb border_color_all=\u00a0\u00bb#ffffff\u00a0\u00bb border_style_all=\u00a0\u00bbsolid\u00a0\u00bb border_width_all_fullwidth=\u00a0\u00bb0px\u00a0\u00bb border_color_all_fullwidth=\u00a0\u00bb#ffffff\u00a0\u00bb border_style_all_fullwidth=\u00a0\u00bbsolid\u00a0\u00bb use_border_color=\u00a0\u00bbon\u00a0\u00bb border_color=\u00a0\u00bb#ffffff\u00a0\u00bb border_width=\u00a0\u00bb0px\u00a0\u00bb border_style=\u00a0\u00bbsolid\u00a0\u00bb use_dropshadow=\u00a0\u00bboff\u00a0\u00bb]&nbsp;[\/et_pb_blog][\/et_pb_column][\/et_pb_row][\/et_pb_section]<\/p>\n","protected":false},"excerpt":{"rendered":"<p>&nbsp; &nbsp;MOREcongress 3e Congr\u00e8s international sur l&rsquo;architecture et le genre Expanding architecture from a gender-based perspective. III International Conference on Gender and Architecture\u00a0est la 3\u00e8me \u00e9dition du congr\u00e8s voulant promouvoir et visibiliser les contributions que le f\u00e9minisme a apport\u00e9 \u00e0 l\u2019architecture, \u00e0 la planification urbaine et \u00e0 toute les disciplines qui \u00e9tudient et\/ou interviennent sur [&hellip;]<\/p>\n","protected":false},"author":7,"featured_media":11596,"template":"","meta":{"_seopress_robots_primary_cat":"","_seopress_titles_title":"","_seopress_titles_desc":"","_seopress_robots_index":"","_et_pb_use_builder":"on","_et_pb_old_content":"Welcome to WordPress. This is your first post. Edit or delete it, then start writing!","_et_gb_content_width":"","footnotes":""},"project_category":[119],"project_tag":[],"class_list":["post-11595","project","type-project","status-publish","has-post-thumbnail","hentry","project_category-formation"],"_links":{"self":[{"href":"https:\/\/equalsaree.org\/fr\/wp-json\/wp\/v2\/project\/11595","targetHints":{"allow":["GET"]}}],"collection":[{"href":"https:\/\/equalsaree.org\/fr\/wp-json\/wp\/v2\/project"}],"about":[{"href":"https:\/\/equalsaree.org\/fr\/wp-json\/wp\/v2\/types\/project"}],"author":[{"embeddable":true,"href":"https:\/\/equalsaree.org\/fr\/wp-json\/wp\/v2\/users\/7"}],"version-history":[{"count":0,"href":"https:\/\/equalsaree.org\/fr\/wp-json\/wp\/v2\/project\/11595\/revisions"}],"wp:featuredmedia":[{"embeddable":true,"href":"https:\/\/equalsaree.org\/fr\/wp-json\/wp\/v2\/media\/11596"}],"wp:attachment":[{"href":"https:\/\/equalsaree.org\/fr\/wp-json\/wp\/v2\/media?parent=11595"}],"wp:term":[{"taxonomy":"project_category","embeddable":true,"href":"https:\/\/equalsaree.org\/fr\/wp-json\/wp\/v2\/project_category?post=11595"},{"taxonomy":"project_tag","embeddable":true,"href":"https:\/\/equalsaree.org\/fr\/wp-json\/wp\/v2\/project_tag?post=11595"}],"curies":[{"name":"wp","href":"https:\/\/api.w.org\/{rel}","templated":true}]}}