{"id":2825,"date":"2018-03-26T11:58:54","date_gmt":"2018-03-26T11:58:54","guid":{"rendered":"https:\/\/equalsaree.org\/?page_id=2825"},"modified":"2026-04-16T10:27:59","modified_gmt":"2026-04-16T10:27:59","slug":"publications","status":"publish","type":"page","link":"https:\/\/equalsaree.org\/fr\/publications\/","title":{"rendered":"Publications"},"content":{"rendered":"<p>[et_pb_section fb_built=\u00a0\u00bb1&Prime; admin_label=\u00a0\u00bbsection\u00a0\u00bb _builder_version=\u00a0\u00bb4.16&Prime; global_colors_info=\u00a0\u00bb{}\u00a0\u00bb][et_pb_row admin_label=\u00a0\u00bbrow\u00a0\u00bb _builder_version=\u00a0\u00bb4.16&Prime; background_size=\u00a0\u00bbinitial\u00a0\u00bb background_position=\u00a0\u00bbtop_left\u00a0\u00bb background_repeat=\u00a0\u00bbrepeat\u00a0\u00bb global_colors_info=\u00a0\u00bb{}\u00a0\u00bb][et_pb_column type=\u00a0\u00bb4_4&Prime; _builder_version=\u00a0\u00bb4.16&Prime; custom_padding=\u00a0\u00bb|||\u00a0\u00bb global_colors_info=\u00a0\u00bb{}\u00a0\u00bb custom_padding__hover=\u00a0\u00bb|||\u00a0\u00bb][et_pb_text admin_label=\u00a0\u00bbTexto\u00a0\u00bb _builder_version=\u00a0\u00bb4.16&Prime; text_font_size=\u00a0\u00bb12&Prime; text_line_height=\u00a0\u00bb1.4em\u00a0\u00bb use_border_color=\u00a0\u00bboff\u00a0\u00bb border_color=\u00a0\u00bb#ffffff\u00a0\u00bb border_style=\u00a0\u00bbsolid\u00a0\u00bb global_colors_info=\u00a0\u00bb{}\u00a0\u00bb]&nbsp;<\/p>\n<h1><span style=\"color: #54beb7;\"><strong>Publications<\/strong><\/span><\/h1>\n<p>&nbsp;<br \/>\n[\/et_pb_text][et_pb_divider show_divider=\u00a0\u00bboff\u00a0\u00bb disabled_on=\u00a0\u00bbon|on|off\u00a0\u00bb admin_label=\u00a0\u00bbSeparador\u00a0\u00bb _builder_version=\u00a0\u00bb4.16&Prime; height=\u00a0\u00bb20px\u00a0\u00bb hide_on_mobile=\u00a0\u00bbon\u00a0\u00bb global_colors_info=\u00a0\u00bb{}\u00a0\u00bb]&nbsp;<br \/>\n[\/et_pb_divider][et_pb_text _builder_version=\u00a0\u00bb4.16&Prime; global_colors_info=\u00a0\u00bb{}\u00a0\u00bb]<\/p>\n<p><strong><a href=\"#nos publication\"><b>Nos publications<\/b><\/a> | <a href=\"#Publicacions on participem\"><b>Nos participation \u00e0 des publications<\/b><\/a>\u00a0| <a href=\"#vid\u00e9os\"><b>Vid\u00e9os<\/b><\/a>\u00a0<b>|<\/b><a href=\"#impact dans les m\u00e9dias\"><b> Impact dans les m\u00e9dias<\/b>\u00a0<\/a><\/strong><\/p>\n<p>[\/et_pb_text][\/et_pb_column][\/et_pb_row][et_pb_row _builder_version=\u00a0\u00bb4.16&Prime; global_colors_info=\u00a0\u00bb{}\u00a0\u00bb][et_pb_column type=\u00a0\u00bb4_4&Prime; _builder_version=\u00a0\u00bb4.16&Prime; global_colors_info=\u00a0\u00bb{}\u00a0\u00bb][et_pb_divider _builder_version=\u00a0\u00bb4.16&Prime; global_colors_info=\u00a0\u00bb{}\u00a0\u00bb][\/et_pb_divider][et_pb_text admin_label=\u00a0\u00bbnos publication\u00a0\u00bb _builder_version=\u00a0\u00bb4.16&Prime; global_colors_info=\u00a0\u00bb{}\u00a0\u00bb]<\/p>\n<h3><span style=\"color: #000000;\"><strong><b>Nos publications<\/b><\/strong><\/span><\/h3>\n<p>[\/et_pb_text][et_pb_divider show_divider=\u00a0\u00bboff\u00a0\u00bb disabled_on=\u00a0\u00bbon|on|off\u00a0\u00bb admin_label=\u00a0\u00bbSeparador\u00a0\u00bb _builder_version=\u00a0\u00bb4.16&Prime; height=\u00a0\u00bb20px\u00a0\u00bb hide_on_mobile=\u00a0\u00bbon\u00a0\u00bb global_colors_info=\u00a0\u00bb{}\u00a0\u00bb]&nbsp;<br \/>\n[\/et_pb_divider][\/et_pb_column][\/et_pb_row][et_pb_row column_structure=\u00a0\u00bb1_4,1_4,1_4,1_4&Prime; admin_label=\u00a0\u00bbrow\u00a0\u00bb _builder_version=\u00a0\u00bb4.16&Prime; background_size=\u00a0\u00bbinitial\u00a0\u00bb background_position=\u00a0\u00bbtop_left\u00a0\u00bb background_repeat=\u00a0\u00bbrepeat\u00a0\u00bb global_colors_info=\u00a0\u00bb{}\u00a0\u00bb][et_pb_column type=\u00a0\u00bb1_4&Prime; _builder_version=\u00a0\u00bb4.16&Prime; custom_padding=\u00a0\u00bb|||\u00a0\u00bb global_colors_info=\u00a0\u00bb{}\u00a0\u00bb custom_padding__hover=\u00a0\u00bb|||\u00a0\u00bb][et_pb_image src=\u00a0\u00bbhttps:\/\/equalsaree.org\/wp-content\/uploads\/2025\/01\/10_Faire-la-taille.jpg\u00a0\u00bb alt=\u00a0\u00bbEqual Saree Barcelona urbanismo arquitectura feminista g\u00e9nero patios coeducativos infancia participaci\u00f3n\u00a0\u00bb title_text=\u00a0\u00bb10_Faire la taille\u00a0\u00bb url=\u00a0\u00bbhttps:\/\/librairie.ademe.fr\/urbanisme-territoires-et-sols\/7731-faire-la-taille-pour-des-territoires-a-hauteur-d-enfants.html\u00a0\u00bb url_new_window=\u00a0\u00bbon\u00a0\u00bb align_tablet=\u00a0\u00bbcenter\u00a0\u00bb align_phone=\u00a0\u00bb\u00a0\u00bb align_last_edited=\u00a0\u00bbon|desktop\u00a0\u00bb admin_label=\u00a0\u00bbA pied d&rsquo;oeuvre \u00a0\u00bb _builder_version=\u00a0\u00bb4.27.4&Prime; vertical_offset_tablet=\u00a0\u00bb0&Prime; horizontal_offset_tablet=\u00a0\u00bb0&Prime; animation_style=\u00a0\u00bbslide\u00a0\u00bb animation_direction=\u00a0\u00bbleft\u00a0\u00bb animation_duration=\u00a0\u00bb500ms\u00a0\u00bb animation_intensity_slide=\u00a0\u00bb10%\u00a0\u00bb z_index_tablet=\u00a0\u00bb0&Prime; box_shadow_horizontal_tablet=\u00a0\u00bb0px\u00a0\u00bb box_shadow_vertical_tablet=\u00a0\u00bb0px\u00a0\u00bb box_shadow_blur_tablet=\u00a0\u00bb40px\u00a0\u00bb box_shadow_spread_tablet=\u00a0\u00bb0px\u00a0\u00bb use_border_color=\u00a0\u00bboff\u00a0\u00bb locked=\u00a0\u00bboff\u00a0\u00bb global_colors_info=\u00a0\u00bb{}\u00a0\u00bb]&nbsp;<br \/>\n[\/et_pb_image][et_pb_text admin_label=\u00a0\u00bbTexto\u00a0\u00bb _builder_version=\u00a0\u00bb4.27.4&Prime; text_font_size=\u00a0\u00bb12&Prime; text_line_height=\u00a0\u00bb1.4em\u00a0\u00bb use_border_color=\u00a0\u00bboff\u00a0\u00bb global_colors_info=\u00a0\u00bb{}\u00a0\u00bb]<\/p>\n<h4><b>Faire la taille. <\/b><\/h4>\n<p><b>Pour des territoires \u00e0 Hauteur d&rsquo;Enfants<\/b><\/p>\n<p><span style=\"font-weight: 400;\"><span>Cette \u00e9tude analyse 13 projets de conception d&rsquo;espaces publics en France ax\u00e9s sur l&rsquo;enfance, \u00e9valuant leur impact sur l&rsquo;am\u00e9lioration des conditions de vie de tou\u00b7te\u00b7s. \u00c0 travers une analyse technique et participative, elle tire des enseignements sur la mani\u00e8re d&rsquo;int\u00e9grer les besoins de l&rsquo;enfance dans l&rsquo;urbanisme et la planification territoriale. L&rsquo;objectif est de fournir des outils aux acteurs impliqu\u00e9s dans la cr\u00e9ation d&rsquo;environnements urbains inclusifs et favorables \u00e0 l&rsquo;enfance.<\/span><\/span><\/p>\n<p><span style=\"font-weight: 400;\"><\/span><span style=\"font-weight: 400;\">Edit\u00e9 par l&rsquo;AD\u00c8ME.<\/span><\/p>\n<p><a href=\"https:\/\/librairie.ademe.fr\/urbanisme-territoires-et-sols\/7731-faire-la-taille-pour-des-territoires-a-hauteur-d-enfants.html\" target=\"_blank\" rel=\"noopener\">T\u00e9l\u00e9carger le manuel &gt;<\/a><\/p>\n<p><span class=\"Y2IQFc\" lang=\"fr\"><a href=\"https:\/\/equalsaree.org\/project\/more-congress\/\" target=\"_blank\" rel=\"noopener noreferrer\"><\/a><\/span><\/p>\n<p><span class=\"Y2IQFc\" lang=\"fr\"><\/span><\/p>\n<p>[\/et_pb_text][\/et_pb_column][et_pb_column type=\u00a0\u00bb1_4&Prime; _builder_version=\u00a0\u00bb4.16&Prime; custom_padding=\u00a0\u00bb|||\u00a0\u00bb global_colors_info=\u00a0\u00bb{}\u00a0\u00bb custom_padding__hover=\u00a0\u00bb|||\u00a0\u00bb][et_pb_image src=\u00a0\u00bbhttps:\/\/equalsaree.org\/wp-content\/uploads\/2024\/02\/09_A-pied-doeuvrre.jpg\u00a0\u00bb alt=\u00a0\u00bbEqual Saree Barcelona urbanismo arquitectura feminista g\u00e9nero patios coeducativos infancia participaci\u00f3n\u00a0\u00bb title_text=\u00a0\u00bb09_\u00c0 pied d&rsquo;oeuvrre\u00a0\u00bb url=\u00a0\u00bbhttps:\/\/librairie.ademe.fr\/urbanisme-et-batiment\/5998-a-pied-d-oeuvre-mettre-les-pietons-au-coeur-de-la-fabrique-des-espaces-publics.html\u00a0\u00bb url_new_window=\u00a0\u00bbon\u00a0\u00bb align_tablet=\u00a0\u00bbcenter\u00a0\u00bb align_phone=\u00a0\u00bb\u00a0\u00bb align_last_edited=\u00a0\u00bbon|desktop\u00a0\u00bb admin_label=\u00a0\u00bbA pied d&rsquo;oeuvre \u00a0\u00bb _builder_version=\u00a0\u00bb4.23.1&Prime; vertical_offset_tablet=\u00a0\u00bb0&Prime; horizontal_offset_tablet=\u00a0\u00bb0&Prime; animation_style=\u00a0\u00bbslide\u00a0\u00bb animation_direction=\u00a0\u00bbleft\u00a0\u00bb animation_duration=\u00a0\u00bb500ms\u00a0\u00bb animation_intensity_slide=\u00a0\u00bb10%\u00a0\u00bb z_index_tablet=\u00a0\u00bb0&Prime; box_shadow_horizontal_tablet=\u00a0\u00bb0px\u00a0\u00bb box_shadow_vertical_tablet=\u00a0\u00bb0px\u00a0\u00bb box_shadow_blur_tablet=\u00a0\u00bb40px\u00a0\u00bb box_shadow_spread_tablet=\u00a0\u00bb0px\u00a0\u00bb use_border_color=\u00a0\u00bboff\u00a0\u00bb locked=\u00a0\u00bboff\u00a0\u00bb global_colors_info=\u00a0\u00bb{}\u00a0\u00bb]&nbsp;<br \/>\n[\/et_pb_image][et_pb_text admin_label=\u00a0\u00bbTexto\u00a0\u00bb _builder_version=\u00a0\u00bb4.23.1&Prime; text_font_size=\u00a0\u00bb12&Prime; text_line_height=\u00a0\u00bb1.4em\u00a0\u00bb use_border_color=\u00a0\u00bboff\u00a0\u00bb global_colors_info=\u00a0\u00bb{}\u00a0\u00bb]<\/p>\n<h4><b>A pied d&rsquo;oeuvre.<\/b><\/h4>\n<p><b>Mettre les pi\u00e9tons au coeur de la fabrique des espaces publics<\/b><\/p>\n<p><span style=\"font-weight: 400;\">Ce guide nous invite \u00e0 repenser en profondeur les m\u00e9canismes d&rsquo;am\u00e9nagement pour inverser les tendances du \u00ab tout voiture \u00bb et cr\u00e9er des espaces plus sobres et apais\u00e9s, repla\u00e7ant les pi\u00e9tons au centre des pr\u00e9occupations des politiques publiques. Il s&rsquo;agit de red\u00e9finir une vision ambitieuse de l&rsquo;espace public, en mobilisant l&rsquo;ensemble des acteurs et actrices, des domaines et des th\u00e9matiques n\u00e9cessaires \u00e0 l&rsquo;\u00e9panouissement des personnes.\u00a0<\/span><\/p>\n<p><span style=\"font-weight: 400;\"><\/span><span style=\"font-weight: 400;\">Edit\u00e9 par l&rsquo;AD\u00c8ME et co-\u00e9crit avec l&rsquo;Agence Monono et Le Faciliteur de Mobilit\u00e9.<\/span><\/p>\n<p><a href=\"https:\/\/librairie.ademe.fr\/urbanisme-et-batiment\/5998-a-pied-d-oeuvre-mettre-les-pietons-au-coeur-de-la-fabrique-des-espaces-publics.html\" target=\"_blank\" rel=\"noopener\">T\u00e9l\u00e9carger le manuel &gt;<\/a><\/p>\n<p><span class=\"Y2IQFc\" lang=\"fr\"><a href=\"https:\/\/equalsaree.org\/project\/more-congress\/\" target=\"_blank\" rel=\"noopener noreferrer\"><\/a><\/span><\/p>\n<p><span class=\"Y2IQFc\" lang=\"fr\"><\/span><\/p>\n<p>[\/et_pb_text][\/et_pb_column][et_pb_column type=\u00a0\u00bb1_4&Prime; _builder_version=\u00a0\u00bb4.16&Prime; custom_padding=\u00a0\u00bb|||\u00a0\u00bb global_colors_info=\u00a0\u00bb{}\u00a0\u00bb custom_padding__hover=\u00a0\u00bb|||\u00a0\u00bb][et_pb_image src=\u00a0\u00bbhttps:\/\/equalsaree.org\/wp-content\/uploads\/2021\/04\/09_MORE-Expanding-Architecture-from-a-Gender-Based-Perspective_Equal-Saree.jpg\u00a0\u00bb alt=\u00a0\u00bbEqual Saree Barcelona urbanismo arquitectura feminista g\u00e9nero patios coeducativos infancia participaci\u00f3n\u00a0\u00bb title_text=\u00a0\u00bb09_MORE Expanding Architecture from a Gender-Based Perspective_Equal Saree\u00a0\u00bb url=\u00a0\u00bbhttps:\/\/issuu.com\/dida-unifi\/docs\/more._expanding_architecture_from_a_gender-based_p?fbclid=IwAR2GBGRU4S5BbZpx-ZJalKuRNXickWiXRIyxfpdvEGshZOKa_lrrScrMn5Q\u00a0\u00bb url_new_window=\u00a0\u00bbon\u00a0\u00bb align_tablet=\u00a0\u00bbcenter\u00a0\u00bb align_phone=\u00a0\u00bb\u00a0\u00bb align_last_edited=\u00a0\u00bbon|desktop\u00a0\u00bb admin_label=\u00a0\u00bbMORE\u00a0\u00bb _builder_version=\u00a0\u00bb4.16&Prime; vertical_offset_tablet=\u00a0\u00bb0&Prime; horizontal_offset_tablet=\u00a0\u00bb0&Prime; animation_style=\u00a0\u00bbslide\u00a0\u00bb animation_direction=\u00a0\u00bbleft\u00a0\u00bb animation_duration=\u00a0\u00bb500ms\u00a0\u00bb animation_intensity_slide=\u00a0\u00bb10%\u00a0\u00bb z_index_tablet=\u00a0\u00bb0&Prime; box_shadow_horizontal_tablet=\u00a0\u00bb0px\u00a0\u00bb box_shadow_vertical_tablet=\u00a0\u00bb0px\u00a0\u00bb box_shadow_blur_tablet=\u00a0\u00bb40px\u00a0\u00bb box_shadow_spread_tablet=\u00a0\u00bb0px\u00a0\u00bb use_border_color=\u00a0\u00bboff\u00a0\u00bb locked=\u00a0\u00bboff\u00a0\u00bb global_colors_info=\u00a0\u00bb{}\u00a0\u00bb]&nbsp;<br \/>\n[\/et_pb_image][et_pb_text admin_label=\u00a0\u00bbTexto\u00a0\u00bb _builder_version=\u00a0\u00bb4.16&Prime; text_font_size=\u00a0\u00bb12&Prime; text_line_height=\u00a0\u00bb1.4em\u00a0\u00bb use_border_color=\u00a0\u00bboff\u00a0\u00bb global_colors_info=\u00a0\u00bb{}\u00a0\u00bb]<\/p>\n<h4><b>MORE<\/b><\/h4>\n<p><b>Expanding Architecture from a Gender-Based Perspective.<\/b><\/p>\n<p><span class=\"Y2IQFc\" lang=\"fr\">Cette publication comprend des pr\u00e9sentations, des conf\u00e9rences, des essais vid\u00e9o et des ateliers organis\u00e9s lors de la III Conf\u00e9rence internationale sur le genre et l&rsquo;architecture (Florence, 2017). Le congr\u00e8s vise \u00e0 promouvoir et mettre en lumi\u00e8re les contributions que le f\u00e9minisme a apport\u00e9es \u00e0 l&rsquo;architecture, \u00e0 l&rsquo;urbanisme et \u00e0 toutes les disciplines qui \u00e9tudient et\/ou interviennent dans l&rsquo;espace. <\/span><\/p>\n<p><span class=\"Y2IQFc\" lang=\"fr\">Co-\u00e9dit\u00e9 avec Serafina Amoroso, Maria Novas et Amelia Vilaplana.<\/span><\/p>\n<p><span class=\"Y2IQFc\" lang=\"fr\"><\/span><a href=\"https:\/\/issuu.com\/dida-unifi\/docs\/more._expanding_architecture_from_a_gender-based_p?fbclid=IwAR2GBGRU4S5BbZpx-ZJalKuRNXickWiXRIyxfpdvEGshZOKa_lrrScrMn5Q\" target=\"_blank\" rel=\"noopener noreferrer\"><span class=\"Y2IQFc\" lang=\"fr\">T\u00e9l\u00e9charger le proc\u00e8s-verbal &gt;<\/span><\/a><span class=\"Y2IQFc\" lang=\"fr\"><br \/> <a href=\"https:\/\/equalsaree.org\/project\/more-congress\/\" target=\"_blank\" rel=\"noopener noreferrer\">MOREcongress &gt;<\/a><\/span><\/p>\n<p><span class=\"Y2IQFc\" lang=\"fr\"><\/span><\/p>\n<p>[\/et_pb_text][\/et_pb_column][et_pb_column type=\u00a0\u00bb1_4&Prime; _builder_version=\u00a0\u00bb4.16&Prime; custom_padding=\u00a0\u00bb|||\u00a0\u00bb global_colors_info=\u00a0\u00bb{}\u00a0\u00bb custom_padding__hover=\u00a0\u00bb|||\u00a0\u00bb][et_pb_image src=\u00a0\u00bbhttps:\/\/equalsaree.org\/wp-content\/uploads\/2020\/01\/03_Portada-El-pati-de-lescola-en-igualtat_Equal-Saree_Pollen.jpg\u00a0\u00bb alt=\u00a0\u00bbEqual Saree Barcelona urbanismo arquitectura feminista g\u00e9nero patios coeducativos infancia participaci\u00f3n\u00a0\u00bb title_text=\u00a0\u00bb03_Portada El pati de l&rsquo;escola en igualtat_Equal Saree_Pollen\u00a0\u00bb url=\u00a0\u00bbhttps:\/\/pol-len.cat\/llibres\/patis-escola\/\u00a0\u00bb url_new_window=\u00a0\u00bbon\u00a0\u00bb align_tablet=\u00a0\u00bbcenter\u00a0\u00bb align_phone=\u00a0\u00bb\u00a0\u00bb align_last_edited=\u00a0\u00bbon|desktop\u00a0\u00bb admin_label=\u00a0\u00bbEl pati de l&rsquo;escola en igualtat\u00a0\u00bb _builder_version=\u00a0\u00bb4.16&Prime; vertical_offset_tablet=\u00a0\u00bb0&Prime; horizontal_offset_tablet=\u00a0\u00bb0&Prime; animation_style=\u00a0\u00bbslide\u00a0\u00bb animation_direction=\u00a0\u00bbleft\u00a0\u00bb animation_duration=\u00a0\u00bb500ms\u00a0\u00bb animation_intensity_slide=\u00a0\u00bb10%\u00a0\u00bb z_index_tablet=\u00a0\u00bb0&Prime; box_shadow_horizontal_tablet=\u00a0\u00bb0px\u00a0\u00bb box_shadow_vertical_tablet=\u00a0\u00bb0px\u00a0\u00bb box_shadow_blur_tablet=\u00a0\u00bb40px\u00a0\u00bb box_shadow_spread_tablet=\u00a0\u00bb0px\u00a0\u00bb use_border_color=\u00a0\u00bboff\u00a0\u00bb locked=\u00a0\u00bboff\u00a0\u00bb global_colors_info=\u00a0\u00bb{}\u00a0\u00bb]&nbsp;<br \/>\n[\/et_pb_image][et_pb_text admin_label=\u00a0\u00bbTexto\u00a0\u00bb _builder_version=\u00a0\u00bb4.16&Prime; text_font_size=\u00a0\u00bb12&Prime; text_line_height=\u00a0\u00bb1.4em\u00a0\u00bb use_border_color=\u00a0\u00bboff\u00a0\u00bb global_colors_info=\u00a0\u00bb{}\u00a0\u00bb]<\/p>\n<h4><b style=\"color: #333333; font-size: 18px;\">El pati de l&rsquo;escola en igualtat<\/b><\/h4>\n<p><strong>Guia de diagnosi i d&rsquo;intervenci\u00f3 amb perspectiva de g\u00e8nere.<\/strong><\/p>\n<p>M\u00e9thodologie de diagnostic participative et d&rsquo;intervention d&rsquo;\u00e9galit\u00e9 de genre au sein des espaces de r\u00e9cr\u00e9ation \u00e0 partir d&rsquo;un processus de r\u00e9flexion et d&rsquo;apprentissage collectif. Elle se base sur le travail de recherche \u00ab\u00a0<span style=\"font-weight: 400;\"><a href=\"https:\/\/ia601300.us.archive.org\/11\/items\/elpatidelescolaengualtat\/El%20Pati%20de%20l'Escola%20en%20Igualtat_Dafne%20Saldan%CC%83a%20Blasco.pdf\" target=\"_blank\" rel=\"noopener noreferrer\">El pati de l&rsquo;escola en igualtat. Diagn\u00f2stic i intervenci\u00f3 de g\u00e8nere a l&rsquo;espai d&rsquo;esbarjo<\/a>\u00a0\u00bb de Dafne Salda\u00f1a Blasco.\u00a0<\/span><\/p>\n<p><span style=\"color: #d6202d;\"><a href=\"https:\/\/pol-len.cat\/llibres\/patis-escola\/\" target=\"_blank\" rel=\"noopener\">Achetez le guide sur papier&gt;<\/a><br \/> <a href=\"https:\/\/ia600607.us.archive.org\/25\/items\/ElPatiDeLescolaEnIgualtatEqualSaree\/Guia_formatDigital.pdf\" target=\"_blank\" rel=\"noopener noreferrer\">T\u00e9l\u00e9charger le manuel&gt;<\/a><\/span><br \/> <span style=\"color: #d6202d;\"><a href=\"https:\/\/equalsaree.org\/wp-content\/uploads\/2018\/02\/Material-de-suport_-Equal-Saree.pdf\" target=\"_blank\" rel=\"noopener\">T\u00e9l\u00e9charger le mat\u00e9riel de support &gt;<\/a><br \/> <a href=\"https:\/\/equalsaree.org\/fr\/blog\/2016\/02\/24\/el-pati-de-la-joan-solans\/\" target=\"_blank\" rel=\"noopener\">Projets li\u00e9s<\/a><a style=\"color: #d6202d;\" href=\"https:\/\/equalsaree.org\/el-pati-de-la-joan-solans\/\" target=\"_blank\" rel=\"noopener noreferrer\">\u00a0&gt;<\/a><\/span><\/p>\n<p>&nbsp;<\/p>\n<p>&nbsp;<\/p>\n<p>&nbsp;<\/p>\n<p>[\/et_pb_text][\/et_pb_column][\/et_pb_row][et_pb_row column_structure=\u00a0\u00bb1_4,1_4,1_4,1_4&Prime; admin_label=\u00a0\u00bbrow\u00a0\u00bb _builder_version=\u00a0\u00bb4.16&Prime; background_size=\u00a0\u00bbinitial\u00a0\u00bb background_position=\u00a0\u00bbtop_left\u00a0\u00bb background_repeat=\u00a0\u00bbrepeat\u00a0\u00bb global_colors_info=\u00a0\u00bb{}\u00a0\u00bb][et_pb_column type=\u00a0\u00bb1_4&Prime; _builder_version=\u00a0\u00bb4.16&Prime; custom_padding=\u00a0\u00bb|||\u00a0\u00bb global_colors_info=\u00a0\u00bb{}\u00a0\u00bb custom_padding__hover=\u00a0\u00bb|||\u00a0\u00bb][et_pb_image src=\u00a0\u00bbhttps:\/\/equalsaree.org\/wp-content\/uploads\/2020\/01\/04_Portada-El-patio-de-la-escuela-en-igualdad_Equal-Saree.jpg\u00a0\u00bb alt=\u00a0\u00bbEqual Saree Barcelona urbanismo arquitectura feminista g\u00e9nero patios coeducativos infancia participaci\u00f3n\u00a0\u00bb title_text=\u00a0\u00bb04_Portada El patio de la escuela en igualdad_Equal Saree\u00a0\u00bb url=\u00a0\u00bbhttps:\/\/ia803008.us.archive.org\/11\/items\/elpatiodelaescuelaenigualdad_equalsaree\/2019%2006%2011%20Gu%C3%ADa-%20CASTELLANO.pdf\u00a0\u00bb url_new_window=\u00a0\u00bbon\u00a0\u00bb align_tablet=\u00a0\u00bbcenter\u00a0\u00bb align_phone=\u00a0\u00bb\u00a0\u00bb align_last_edited=\u00a0\u00bbon|desktop\u00a0\u00bb admin_label=\u00a0\u00bbEl patio de la escuela en igualdad\u00a0\u00bb _builder_version=\u00a0\u00bb4.16&Prime; vertical_offset_tablet=\u00a0\u00bb0&Prime; horizontal_offset_tablet=\u00a0\u00bb0&Prime; animation_style=\u00a0\u00bbslide\u00a0\u00bb animation_direction=\u00a0\u00bbleft\u00a0\u00bb animation_duration=\u00a0\u00bb500ms\u00a0\u00bb animation_intensity_slide=\u00a0\u00bb10%\u00a0\u00bb z_index_tablet=\u00a0\u00bb0&Prime; box_shadow_horizontal_tablet=\u00a0\u00bb0px\u00a0\u00bb box_shadow_vertical_tablet=\u00a0\u00bb0px\u00a0\u00bb box_shadow_blur_tablet=\u00a0\u00bb40px\u00a0\u00bb box_shadow_spread_tablet=\u00a0\u00bb0px\u00a0\u00bb use_border_color=\u00a0\u00bboff\u00a0\u00bb locked=\u00a0\u00bboff\u00a0\u00bb global_colors_info=\u00a0\u00bb{}\u00a0\u00bb]&nbsp;<br \/>\n[\/et_pb_image][et_pb_text admin_label=\u00a0\u00bbTexto\u00a0\u00bb _builder_version=\u00a0\u00bb4.16&Prime; text_font_size=\u00a0\u00bb12&Prime; text_line_height=\u00a0\u00bb1.4em\u00a0\u00bb use_border_color=\u00a0\u00bboff\u00a0\u00bb global_colors_info=\u00a0\u00bb{}\u00a0\u00bb]<\/p>\n<h4><b>El patio de la escuela en igualdad<\/b><\/h4>\n<p><strong><b>Gu\u00eda de diagnosis e intervenci\u00f3n con perspectiva de g\u00e9nero<\/b>.<\/strong><\/p>\n<p><span style=\"font-weight: 400;\">Traduction du guide en espagnol gr\u00e2ce \u00e0 \u201c<\/span><a href=\"http:\/\/www.goteo.org\/project\/inclusive-schoolyards\" target=\"_blank\" rel=\"noopener noreferrer\"><span style=\"font-weight: 400;\">Inclusive Schoolyards<\/span><\/a><span style=\"font-weight: 400;\">\u201c, campagne de financement participatif sur Goteo.<\/span><\/p>\n<p><a href=\"https:\/\/ia803008.us.archive.org\/11\/items\/elpatiodelaescuelaenigualdad_equalsaree\/2019%2006%2011%20Gu%C3%ADa-%20CASTELLANO.pdf\" target=\"_blank\" rel=\"noopener noreferrer\"><span style=\"color: #d6202d;\">T\u00e9l\u00e9charger le manuel&gt;<\/span><\/a><span style=\"color: #d6202d;\"><br \/> <a href=\"https:\/\/equalsaree.org\/fr\/blog\/2016\/02\/24\/el-pati-de-la-joan-solans\/\" target=\"_blank\" rel=\"noopener noreferrer\">Projets li\u00e9s<\/a><a style=\"color: #d6202d;\" href=\"https:\/\/equalsaree.org\/el-pati-de-la-joan-solans\/\" target=\"_blank\" rel=\"noopener noreferrer\">\u00a0&gt;<\/a><\/span><\/p>\n<p>&nbsp;<\/p>\n<p>[\/et_pb_text][\/et_pb_column][et_pb_column type=\u00a0\u00bb1_4&Prime; _builder_version=\u00a0\u00bb4.16&Prime; custom_padding=\u00a0\u00bb|||\u00a0\u00bb global_colors_info=\u00a0\u00bb{}\u00a0\u00bb custom_padding__hover=\u00a0\u00bb|||\u00a0\u00bb][et_pb_image src=\u00a0\u00bbhttps:\/\/equalsaree.org\/wp-content\/uploads\/2023\/05\/08_Portada-La-cour-decole-inclusive.jpg\u00a0\u00bb title_text=\u00a0\u00bb08_Portada La cour d&rsquo;\u00e9cole inclusive\u00a0\u00bb url=\u00a0\u00bbhttps:\/\/ia804504.us.archive.org\/22\/items\/la-cour-decole-inclusive-equalsaree\/Projet%20Pilote_%20La%20cour%20d_%C3%A9cole%20inclusive_%202023%2001%20turquoise%20FRAN%C3%87AIS_compressed.pdf\u00a0\u00bb url_new_window=\u00a0\u00bbon\u00a0\u00bb align_tablet=\u00a0\u00bbcenter\u00a0\u00bb align_phone=\u00a0\u00bb\u00a0\u00bb align_last_edited=\u00a0\u00bbon|desktop\u00a0\u00bb admin_label=\u00a0\u00bbLa cour<br \/>\nd\u2019\u00e9cole<br \/>\ninclusive\u00a0\u00bb _builder_version=\u00a0\u00bb4.27.4&Prime; vertical_offset_tablet=\u00a0\u00bb0&Prime; horizontal_offset_tablet=\u00a0\u00bb0&Prime; animation_style=\u00a0\u00bbslide\u00a0\u00bb animation_direction=\u00a0\u00bbleft\u00a0\u00bb animation_duration=\u00a0\u00bb500ms\u00a0\u00bb animation_intensity_slide=\u00a0\u00bb10%\u00a0\u00bb z_index_tablet=\u00a0\u00bb0&Prime; box_shadow_horizontal_tablet=\u00a0\u00bb0px\u00a0\u00bb box_shadow_vertical_tablet=\u00a0\u00bb0px\u00a0\u00bb box_shadow_blur_tablet=\u00a0\u00bb40px\u00a0\u00bb box_shadow_spread_tablet=\u00a0\u00bb0px\u00a0\u00bb use_border_color=\u00a0\u00bboff\u00a0\u00bb locked=\u00a0\u00bboff\u00a0\u00bb global_colors_info=\u00a0\u00bb{}\u00a0\u00bb]&nbsp;<br \/>\n[\/et_pb_image][et_pb_text admin_label=\u00a0\u00bbTexto\u00a0\u00bb _builder_version=\u00a0\u00bb4.27.4&Prime; text_font_size=\u00a0\u00bb12&Prime; text_line_height=\u00a0\u00bb1.4em\u00a0\u00bb use_border_color=\u00a0\u00bboff\u00a0\u00bb global_colors_info=\u00a0\u00bb{}\u00a0\u00bb]<\/p>\n<h4><b>La cour d\u2019\u00e9cole inclusive<\/b><\/h4>\n<p><b>Un guide de diagnostic et d\u2019intervention dans une perspective de genre<\/b><\/p>\n<p><a href=\"https:\/\/ia804504.us.archive.org\/22\/items\/la-cour-decole-inclusive-equalsaree\/Projet%20Pilote_%20La%20cour%20d_%C3%A9cole%20inclusive_%202023%2001%20turquoise%20FRAN%C3%87AIS_compressed.pdf\" target=\"_blank\" rel=\"noopener noreferrer\"><span style=\"color: #d6202d;\">T\u00e9l\u00e9charger le manuel&gt;<\/span><\/a><span style=\"color: #d6202d;\"><br \/><a href=\"https:\/\/equalsaree.org\/fr\/blog\/2016\/02\/24\/el-pati-de-la-joan-solans\/\" target=\"_blank\" rel=\"noopener noreferrer\">Projets li\u00e9s<\/a><a style=\"color: #d6202d;\" href=\"https:\/\/equalsaree.org\/el-pati-de-la-joan-solans\/\" target=\"_blank\" rel=\"noopener noreferrer\">\u00a0&gt;<strong><\/strong><\/a><\/span><\/p>\n<p>&nbsp;<\/p>\n<p>[\/et_pb_text][\/et_pb_column][et_pb_column type=\u00a0\u00bb1_4&Prime; _builder_version=\u00a0\u00bb4.16&Prime; custom_padding=\u00a0\u00bb|||\u00a0\u00bb global_colors_info=\u00a0\u00bb{}\u00a0\u00bb custom_padding__hover=\u00a0\u00bb|||\u00a0\u00bb][et_pb_image src=\u00a0\u00bbhttps:\/\/equalsaree.org\/wp-content\/uploads\/2020\/01\/06_Portada-Inclusive-school-playgrounds_Equal-Saree-1.jpg\u00a0\u00bb alt=\u00a0\u00bbEqual Saree Barcelona urbanismo arquitectura feminista g\u00e9nero patios coeducativos infancia participaci\u00f3n\u00a0\u00bb title_text=\u00a0\u00bb06_Portada Inclusive school playgrounds_Equal Saree\u00a0\u00bb url=\u00a0\u00bbhttps:\/\/ia802803.us.archive.org\/29\/items\/inclusiveschoolplaygroundsequalsaree2020\/Inclusive%20school%20playgrounds_%20Equal%20Saree%202020.pdf\u00a0\u00bb url_new_window=\u00a0\u00bbon\u00a0\u00bb align_tablet=\u00a0\u00bbcenter\u00a0\u00bb align_phone=\u00a0\u00bb\u00a0\u00bb align_last_edited=\u00a0\u00bbon|desktop\u00a0\u00bb admin_label=\u00a0\u00bbInclusive school playgrounds\u00a0\u00bb _builder_version=\u00a0\u00bb4.16&Prime; vertical_offset_tablet=\u00a0\u00bb0&Prime; horizontal_offset_tablet=\u00a0\u00bb0&Prime; animation_style=\u00a0\u00bbslide\u00a0\u00bb animation_direction=\u00a0\u00bbleft\u00a0\u00bb animation_duration=\u00a0\u00bb500ms\u00a0\u00bb animation_intensity_slide=\u00a0\u00bb10%\u00a0\u00bb z_index_tablet=\u00a0\u00bb0&Prime; box_shadow_horizontal_tablet=\u00a0\u00bb0px\u00a0\u00bb box_shadow_vertical_tablet=\u00a0\u00bb0px\u00a0\u00bb box_shadow_blur_tablet=\u00a0\u00bb40px\u00a0\u00bb box_shadow_spread_tablet=\u00a0\u00bb0px\u00a0\u00bb use_border_color=\u00a0\u00bboff\u00a0\u00bb locked=\u00a0\u00bboff\u00a0\u00bb global_colors_info=\u00a0\u00bb{}\u00a0\u00bb]&nbsp;<br \/>\n[\/et_pb_image][et_pb_text admin_label=\u00a0\u00bbTexto\u00a0\u00bb _builder_version=\u00a0\u00bb4.16&Prime; text_font_size=\u00a0\u00bb12&Prime; text_line_height=\u00a0\u00bb1.4em\u00a0\u00bb use_border_color=\u00a0\u00bboff\u00a0\u00bb global_colors_info=\u00a0\u00bb{}\u00a0\u00bb]<\/p>\n<h4><b>Inclusive school playgrounds<\/b><\/h4>\n<p><strong><b>A guide to diagnosis and intervention witha gender perspective.<\/b><\/strong><\/p>\n<p><span style=\"font-weight: 400;\">Traduction du guide en anglais grace \u00e0 \u201c<\/span><a href=\"http:\/\/www.goteo.org\/project\/inclusive-schoolyards\" target=\"_blank\" rel=\"noopener noreferrer\"><span style=\"font-weight: 400;\">Inclusive Schoolyards<\/span><\/a><span style=\"font-weight: 400;\">\u201c, campagne de financement participatif sur Goteo.<\/span><\/p>\n<p><a href=\"https:\/\/ia601406.us.archive.org\/6\/items\/inclusiveschoolplaygroundsequalsaree2020\/Inclusive%20school%20playgrounds_%20Equal%20Saree%202020.pdf\" target=\"_blank\" rel=\"noopener noreferrer\"><span style=\"color: #d6202d;\">T\u00e9l\u00e9charger le manuel&gt;<\/span><\/a><span style=\"color: #d6202d;\"><br \/> <a href=\"https:\/\/equalsaree.org\/fr\/blog\/2016\/02\/24\/el-pati-de-la-joan-solans\/\" target=\"_blank\" rel=\"noopener noreferrer\">Projets li\u00e9s<\/a><a style=\"color: #d6202d;\" href=\"https:\/\/equalsaree.org\/el-pati-de-la-joan-solans\/\" target=\"_blank\" rel=\"noopener noreferrer\">\u00a0&gt;<strong><\/strong><\/a><\/span><\/p>\n<p>&nbsp;<\/p>\n<p>[\/et_pb_text][\/et_pb_column][et_pb_column type=\u00a0\u00bb1_4&Prime; _builder_version=\u00a0\u00bb4.16&Prime; custom_padding=\u00a0\u00bb|||\u00a0\u00bb global_colors_info=\u00a0\u00bb{}\u00a0\u00bb custom_padding__hover=\u00a0\u00bb|||\u00a0\u00bb][et_pb_image src=\u00a0\u00bbhttps:\/\/equalsaree.org\/wp-content\/uploads\/2020\/01\/05_Portada-\u0397-\u03c3\u03c7\u03bf\u03bb\u03b9\u03ba\u03ae-\u03b1\u03c5\u03bb\u03ae_Equal-Saree.jpg\u00a0\u00bb alt=\u00a0\u00bbEqual Saree Barcelona urbanismo arquitectura feminista g\u00e9nero patios coeducativos infancia participaci\u00f3n\u00a0\u00bb title_text=\u00a0\u00bb05_Portada \u0397 \u03c3\u03c7\u03bf\u03bb\u03b9\u03ba\u03ae \u03b1\u03c5\u03bb\u03ae,_Equal Saree\u00a0\u00bb url=\u00a0\u00bbhttps:\/\/ia802808.us.archive.org\/3\/items\/inclusiveschoolplaygroundsgreekversionequalsaree2020\/Inclusive%20school%20playgrounds%20GREEK%20VERSION_%20Equal%20Saree%202020.pdf\u00a0\u00bb url_new_window=\u00a0\u00bbon\u00a0\u00bb align_tablet=\u00a0\u00bbcenter\u00a0\u00bb align_phone=\u00a0\u00bb\u00a0\u00bb align_last_edited=\u00a0\u00bbon|desktop\u00a0\u00bb admin_label=\u00a0\u00bb\u0397 \u03c3\u03c7\u03bf\u03bb\u03b9\u03ba\u03ae \u03b1\u03c5\u03bb\u03ae, \u03ad\u03bd\u03b1\u03c2 \u03c7\u03ce\u03c1\u03bf\u03c2 \u03b9\u03c3\u03cc\u03c4\u03b7\u03c4\u03b1\u03c2\u00a0\u00bb _builder_version=\u00a0\u00bb4.16&Prime; vertical_offset_tablet=\u00a0\u00bb0&Prime; horizontal_offset_tablet=\u00a0\u00bb0&Prime; animation_style=\u00a0\u00bbslide\u00a0\u00bb animation_direction=\u00a0\u00bbleft\u00a0\u00bb animation_duration=\u00a0\u00bb500ms\u00a0\u00bb animation_intensity_slide=\u00a0\u00bb10%\u00a0\u00bb z_index_tablet=\u00a0\u00bb0&Prime; box_shadow_horizontal_tablet=\u00a0\u00bb0px\u00a0\u00bb box_shadow_vertical_tablet=\u00a0\u00bb0px\u00a0\u00bb box_shadow_blur_tablet=\u00a0\u00bb40px\u00a0\u00bb box_shadow_spread_tablet=\u00a0\u00bb0px\u00a0\u00bb use_border_color=\u00a0\u00bboff\u00a0\u00bb locked=\u00a0\u00bboff\u00a0\u00bb global_colors_info=\u00a0\u00bb{}\u00a0\u00bb]&nbsp;<br \/>\n[\/et_pb_image][et_pb_text admin_label=\u00a0\u00bbTexto\u00a0\u00bb _builder_version=\u00a0\u00bb4.16&Prime; text_font_size=\u00a0\u00bb12&Prime; text_line_height=\u00a0\u00bb1.4em\u00a0\u00bb use_border_color=\u00a0\u00bboff\u00a0\u00bb global_colors_info=\u00a0\u00bb{}\u00a0\u00bb]<\/p>\n<p><b style=\"color: #333333; font-size: 18px;\">\u0397 \u03c3\u03c7\u03bf\u03bb\u03b9\u03ba\u03ae \u03b1\u03c5\u03bb\u03ae, \u03ad\u03bd\u03b1\u03c2 \u03c7\u03ce\u03c1\u03bf\u03c2 \u03b9\u03c3\u03cc\u03c4\u03b7\u03c4\u03b1\u03c2<\/b><\/p>\n<p><strong><b>\u039f\u03b4\u03b7\u03b3\u03cc\u03c2 \u03c0\u03b1\u03c1\u03b1\u03c4\u03ae\u03c1\u03b7\u03c3\u03b7\u03c2 \u03ba\u03b1\u03b9 \u03b1\u03bd\u03ac\u03c0\u03c4\u03c5\u03be\u03b7\u03c2 \u03c0\u03b1\u03c1\u03b5\u03bc\u03b2\u03ac\u03c3\u03b5\u03c9\u03bd \u03bc\u03b5 \u03b2\u03ac\u03c3\u03b7 \u03c4\u03b7\u03bd \u03bf\u03c0\u03c4\u03b9\u03ba\u03ae \u03c4\u03bf\u03c5 \u03c6\u03cd\u03bb\u03bf\u03c5<\/b>.<\/strong><\/p>\n<p><span style=\"font-weight: 400;\">Traduction du guide en grecque grace \u00e0 \u201c<\/span><a href=\"http:\/\/www.goteo.org\/project\/inclusive-schoolyards\" target=\"_blank\" rel=\"noopener\"><span style=\"font-weight: 400;\">Inclusive Schoolyards<\/span><\/a><span style=\"font-weight: 400;\">\u201c, campagne de financement participatif sur Goteo.<\/span><\/p>\n<p><span style=\"color: #d6202d;\"><a href=\"https:\/\/ia601506.us.archive.org\/31\/items\/inclusiveschoolplaygroundsgreekversionequalsaree2020\/Inclusive%20school%20playgrounds%20GREEK%20VERSION_%20Equal%20Saree%202020.pdf\" target=\"_blank\" rel=\"noopener\">T\u00e9l\u00e9charger le manuel<\/a>\u00a0&gt;<\/span><span style=\"color: #d6202d;\"><br \/><a href=\"https:\/\/equalsaree.org\/fr\/blog\/2016\/02\/24\/el-pati-de-la-joan-solans\/\">Projets li\u00e9s<\/a><a style=\"color: #d6202d;\" href=\"https:\/\/equalsaree.org\/el-pati-de-la-joan-solans\/\" target=\"_blank\" rel=\"noopener noreferrer\">\u00a0&gt;<\/a><\/span><\/p>\n<p>&nbsp;<\/p>\n<p>[\/et_pb_text][\/et_pb_column][\/et_pb_row][et_pb_row column_structure=\u00a0\u00bb1_4,1_4,1_4,1_4&Prime; admin_label=\u00a0\u00bbrow\u00a0\u00bb _builder_version=\u00a0\u00bb4.16&Prime; background_size=\u00a0\u00bbinitial\u00a0\u00bb background_position=\u00a0\u00bbtop_left\u00a0\u00bb background_repeat=\u00a0\u00bbrepeat\u00a0\u00bb global_colors_info=\u00a0\u00bb{}\u00a0\u00bb][et_pb_column type=\u00a0\u00bb1_4&Prime; _builder_version=\u00a0\u00bb4.16&Prime; custom_padding=\u00a0\u00bb|||\u00a0\u00bb global_colors_info=\u00a0\u00bb{}\u00a0\u00bb custom_padding__hover=\u00a0\u00bb|||\u00a0\u00bb][et_pb_image src=\u00a0\u00bbhttps:\/\/equalsaree.org\/wp-content\/uploads\/2026\/04\/Explorando-nuestro-habitat-desde-el-ecofeminismo.jpg\u00a0\u00bb alt=\u00a0\u00bbEqual Saree Barcelona urbanismo arquitectura feminista g\u00e9nero patios coeducativos infancia participaci\u00f3n\u00a0\u00bb title_text=\u00a0\u00bbExplorando nuestro h\u00e1bitat desde el ecofeminismo\u00a0\u00bb url=\u00a0\u00bbhttps:\/\/archive.org\/details\/CaminaTamshiRecomanacionsUrbanesAmbPerspectivaDeGenere\u00a0\u00bb url_new_window=\u00a0\u00bbon\u00a0\u00bb align_tablet=\u00a0\u00bbcenter\u00a0\u00bb align_phone=\u00a0\u00bb\u00a0\u00bb align_last_edited=\u00a0\u00bbon|desktop\u00a0\u00bb admin_label=\u00a0\u00bbCamina Tamshi\u00a0\u00bb _builder_version=\u00a0\u00bb4.27.4&Prime; vertical_offset_tablet=\u00a0\u00bb0&Prime; horizontal_offset_tablet=\u00a0\u00bb0&Prime; animation_style=\u00a0\u00bbslide\u00a0\u00bb animation_direction=\u00a0\u00bbleft\u00a0\u00bb animation_duration=\u00a0\u00bb500ms\u00a0\u00bb animation_intensity_slide=\u00a0\u00bb10%\u00a0\u00bb z_index_tablet=\u00a0\u00bb0&Prime; box_shadow_horizontal_tablet=\u00a0\u00bb0px\u00a0\u00bb box_shadow_vertical_tablet=\u00a0\u00bb0px\u00a0\u00bb box_shadow_blur_tablet=\u00a0\u00bb40px\u00a0\u00bb box_shadow_spread_tablet=\u00a0\u00bb0px\u00a0\u00bb use_border_color=\u00a0\u00bboff\u00a0\u00bb locked=\u00a0\u00bboff\u00a0\u00bb global_colors_info=\u00a0\u00bb{}\u00a0\u00bb]&nbsp;<br \/>\n[\/et_pb_image][et_pb_text admin_label=\u00a0\u00bbTexto\u00a0\u00bb _builder_version=\u00a0\u00bb4.27.4&Prime; text_font_size=\u00a0\u00bb12&Prime; text_line_height=\u00a0\u00bb1.4em\u00a0\u00bb use_border_color=\u00a0\u00bboff\u00a0\u00bb global_colors_info=\u00a0\u00bb{}\u00a0\u00bb]<\/p>\n<h4><strong><span style=\"color: #000000;\">Explorando nuestro h\u00e1bitat desde el ecofeminismo<\/span><\/strong><\/h4>\n<p><strong>Activit\u00e9 p\u00e9dagogique<\/strong><\/p>\n<p>Ce support vise \u00e0 fournir des outils permettant aux enfants et aux adolescents de prendre conscience et d&rsquo;identifier les in\u00e9galit\u00e9s mondiales en mati\u00e8re de droit \u00e0 un logement d\u00e9cent, en comprenant leurs causes structurelles et multidimensionnelles, dans une perspective de justice sociale, tant \u00e0 l&rsquo;\u00e9chelle mondiale qu&rsquo;\u00e0 l&rsquo;\u00e9chelle locale.<\/p>\n<p>&nbsp;<\/p>\n<p>[\/et_pb_text][\/et_pb_column][et_pb_column type=\u00a0\u00bb1_4&Prime; _builder_version=\u00a0\u00bb4.16&Prime; custom_padding=\u00a0\u00bb|||\u00a0\u00bb global_colors_info=\u00a0\u00bb{}\u00a0\u00bb custom_padding__hover=\u00a0\u00bb|||\u00a0\u00bb][et_pb_image src=\u00a0\u00bbhttps:\/\/equalsaree.org\/wp-content\/uploads\/2019\/06\/02_Portada-Camina-Tamshi_Equal-Saree.jpg\u00a0\u00bb alt=\u00a0\u00bbEqual Saree Barcelona urbanismo arquitectura feminista g\u00e9nero patios coeducativos infancia participaci\u00f3n\u00a0\u00bb title_text=\u00a0\u00bb02_Portada Camina Tamshi_Equal Saree\u00a0\u00bb url=\u00a0\u00bbhttps:\/\/archive.org\/details\/CaminaTamshiRecomanacionsUrbanesAmbPerspectivaDeGenere\u00a0\u00bb url_new_window=\u00a0\u00bbon\u00a0\u00bb align_tablet=\u00a0\u00bbcenter\u00a0\u00bb align_phone=\u00a0\u00bb\u00a0\u00bb align_last_edited=\u00a0\u00bbon|desktop\u00a0\u00bb admin_label=\u00a0\u00bbCamina Tamshi\u00a0\u00bb _builder_version=\u00a0\u00bb4.16&Prime; vertical_offset_tablet=\u00a0\u00bb0&Prime; horizontal_offset_tablet=\u00a0\u00bb0&Prime; animation_style=\u00a0\u00bbslide\u00a0\u00bb animation_direction=\u00a0\u00bbleft\u00a0\u00bb animation_duration=\u00a0\u00bb500ms\u00a0\u00bb animation_intensity_slide=\u00a0\u00bb10%\u00a0\u00bb z_index_tablet=\u00a0\u00bb0&Prime; box_shadow_horizontal_tablet=\u00a0\u00bb0px\u00a0\u00bb box_shadow_vertical_tablet=\u00a0\u00bb0px\u00a0\u00bb box_shadow_blur_tablet=\u00a0\u00bb40px\u00a0\u00bb box_shadow_spread_tablet=\u00a0\u00bb0px\u00a0\u00bb use_border_color=\u00a0\u00bboff\u00a0\u00bb locked=\u00a0\u00bboff\u00a0\u00bb global_colors_info=\u00a0\u00bb{}\u00a0\u00bb]&nbsp;<br \/>\n[\/et_pb_image][et_pb_text admin_label=\u00a0\u00bbTexto\u00a0\u00bb _builder_version=\u00a0\u00bb4.16&Prime; text_font_size=\u00a0\u00bb12&Prime; text_line_height=\u00a0\u00bb1.4em\u00a0\u00bb use_border_color=\u00a0\u00bboff\u00a0\u00bb global_colors_info=\u00a0\u00bb{}\u00a0\u00bb]<\/p>\n<h4><span style=\"color: #000000;\"><strong>Camina Tamshi<\/strong><\/span><\/h4>\n<p><b>Recommandations urbaines depuis la perspective de genre.<\/b><\/p>\n<p><span style=\"font-weight: 400;\">Un manuel de recommandations et de strat\u00e9gies pour un d\u00e9veloppement urbain inclusif et \u00e9galitaire de la municipalit\u00e9 de Gueznaia, Tanger-T\u00e9touan.<\/span><\/p>\n<p><span style=\"color: #d6202d;\"><a style=\"color: #d6202d;\" href=\"https:\/\/ia801305.us.archive.org\/29\/items\/CaminaTamshiRecomanacionsUrbanesAmbPerspectivaDeGenere\/Camina%20Tamshi-Recomanacions%20urbanes%20amb%20perspectiva%20de%20ge%CC%80nere.pdf\" target=\"_blank\" rel=\"noopener noreferrer\">T\u00e9l\u00e9charger &gt;<\/a><br \/><a style=\"color: #d6202d;\" href=\"https:\/\/equalsaree.org\/camina-tamshi\/\" target=\"_blank\" rel=\"noopener noreferrer\">En savoir plus sur le projet &gt;<\/a><\/span><\/p>\n<p>&nbsp;<\/p>\n<p>[\/et_pb_text][\/et_pb_column][et_pb_column type=\u00a0\u00bb1_4&Prime; _builder_version=\u00a0\u00bb4.16&Prime; custom_padding=\u00a0\u00bb|||\u00a0\u00bb global_colors_info=\u00a0\u00bb{}\u00a0\u00bb custom_padding__hover=\u00a0\u00bb|||\u00a0\u00bb][et_pb_image src=\u00a0\u00bbhttps:\/\/equalsaree.org\/wp-content\/uploads\/2019\/06\/01_Portada-Walking-India_Equal-Saree.jpg\u00a0\u00bb alt=\u00a0\u00bbEqual Saree Barcelona urbanismo arquitectura feminista g\u00e9nero patios coeducativos infancia participaci\u00f3n\u00a0\u00bb title_text=\u00a0\u00bbImprimir\u00a0\u00bb url=\u00a0\u00bbhttps:\/\/archive.org\/details\/WALKINGINDIA\u00a0\u00bb url_new_window=\u00a0\u00bbon\u00a0\u00bb align_tablet=\u00a0\u00bbcenter\u00a0\u00bb align_phone=\u00a0\u00bb\u00a0\u00bb align_last_edited=\u00a0\u00bbon|desktop\u00a0\u00bb admin_label=\u00a0\u00bbWalkin India\u00a0\u00bb _builder_version=\u00a0\u00bb4.16&Prime; vertical_offset_tablet=\u00a0\u00bb0&Prime; horizontal_offset_tablet=\u00a0\u00bb0&Prime; animation_style=\u00a0\u00bbslide\u00a0\u00bb animation_direction=\u00a0\u00bbleft\u00a0\u00bb animation_duration=\u00a0\u00bb500ms\u00a0\u00bb animation_intensity_slide=\u00a0\u00bb10%\u00a0\u00bb z_index_tablet=\u00a0\u00bb0&Prime; box_shadow_horizontal_tablet=\u00a0\u00bb0px\u00a0\u00bb box_shadow_vertical_tablet=\u00a0\u00bb0px\u00a0\u00bb box_shadow_blur_tablet=\u00a0\u00bb40px\u00a0\u00bb box_shadow_spread_tablet=\u00a0\u00bb0px\u00a0\u00bb use_border_color=\u00a0\u00bboff\u00a0\u00bb locked=\u00a0\u00bboff\u00a0\u00bb global_colors_info=\u00a0\u00bb{}\u00a0\u00bb]&nbsp;<br \/>\n[\/et_pb_image][et_pb_text admin_label=\u00a0\u00bbTexto\u00a0\u00bb _builder_version=\u00a0\u00bb4.16&Prime; text_font_size=\u00a0\u00bb12&Prime; text_line_height=\u00a0\u00bb1.4em\u00a0\u00bb use_border_color=\u00a0\u00bboff\u00a0\u00bb global_colors_info=\u00a0\u00bb{}\u00a0\u00bb]<\/p>\n<h4><span style=\"color: #000000;\"><strong><b>Walking India<\/b><\/strong><\/span><\/h4>\n<p><b>Recherche d\u2019Equal Saree men\u00e9e entre 2010 et 2013.<\/b><\/p>\n<p><span style=\"font-weight: 400;\">\u00c9tude urbanisme et genre en Inde. Bas\u00e9e sur les concepts de Women Resource Zone, elle explore les conditions et possibilit\u00e9s de d\u00e9veloppement urbain inclusif, aussi bien dans la grande m\u00e9tropole, Delhi, que dans une zone rurale, Muhar.<\/span><\/p>\n<p><span style=\"color: #d6202d;\"><a style=\"color: #d6202d;\" href=\"https:\/\/ia800404.us.archive.org\/13\/items\/WALKINGINDIA\/WALKING%20INDIA%20horitzontal%20+%20LOGO%20CC.pdf\" target=\"_blank\" rel=\"noopener noreferrer\">T\u00e9l\u00e9charger &gt;<\/a><br \/><a style=\"color: #d6202d;\" href=\"https:\/\/equalsaree.org\/wi\/\">En savoir plus sur le projet&gt;<\/a><\/span><\/p>\n<p>&nbsp;<\/p>\n<p>[\/et_pb_text][\/et_pb_column][et_pb_column type=\u00a0\u00bb1_4&Prime; _builder_version=\u00a0\u00bb4.16&Prime; custom_padding=\u00a0\u00bb|||\u00a0\u00bb global_colors_info=\u00a0\u00bb{}\u00a0\u00bb custom_padding__hover=\u00a0\u00bb|||\u00a0\u00bb][\/et_pb_column][\/et_pb_row][et_pb_row _builder_version=\u00a0\u00bb4.16&Prime; global_colors_info=\u00a0\u00bb{}\u00a0\u00bb][et_pb_column type=\u00a0\u00bb4_4&Prime; _builder_version=\u00a0\u00bb4.16&Prime; global_colors_info=\u00a0\u00bb{}\u00a0\u00bb][et_pb_text _builder_version=\u00a0\u00bb4.16&Prime; global_colors_info=\u00a0\u00bb{}\u00a0\u00bb]<\/p>\n<p><a href=\"#top\"><img loading=\"lazy\" decoding=\"async\" class=\"alignnone wp-image-445\" src=\"https:\/\/equalsaree.org\/wp-content\/uploads\/2016\/03\/FLECHA-1.png\" alt=\"FLECHA\" width=\"30\" height=\"34\" \/><\/a><\/p>\n<p>[\/et_pb_text][\/et_pb_column][\/et_pb_row][\/et_pb_section][et_pb_section fb_built=\u00a0\u00bb1&Prime; admin_label=\u00a0\u00bbSecci\u00f3n\u00a0\u00bb _builder_version=\u00a0\u00bb4.16&Prime; locked=\u00a0\u00bboff\u00a0\u00bb global_colors_info=\u00a0\u00bb{}\u00a0\u00bb][et_pb_row module_id=\u00a0\u00bbparticipem\u00a0\u00bb _builder_version=\u00a0\u00bb4.16&Prime; global_colors_info=\u00a0\u00bb{}\u00a0\u00bb][et_pb_column type=\u00a0\u00bb4_4&Prime; _builder_version=\u00a0\u00bb4.16&Prime; custom_padding=\u00a0\u00bb|||\u00a0\u00bb global_colors_info=\u00a0\u00bb{}\u00a0\u00bb custom_padding__hover=\u00a0\u00bb|||\u00a0\u00bb][et_pb_divider show_divider=\u00a0\u00bboff\u00a0\u00bb _builder_version=\u00a0\u00bb4.16&Prime; global_colors_info=\u00a0\u00bb{}\u00a0\u00bb][\/et_pb_divider][et_pb_text admin_label=\u00a0\u00bbPublicacions on participem\u00a0\u00bb _builder_version=\u00a0\u00bb4.16&Prime; global_colors_info=\u00a0\u00bb{}\u00a0\u00bb]<\/p>\n<h3><span style=\"color: #000000;\"><strong><b>Nos participation \u00e0 des publications<\/b><\/strong><\/span><\/h3>\n<p>[\/et_pb_text][et_pb_divider show_divider=\u00a0\u00bboff\u00a0\u00bb disabled_on=\u00a0\u00bbon|on|off\u00a0\u00bb admin_label=\u00a0\u00bbSeparador\u00a0\u00bb _builder_version=\u00a0\u00bb4.16&Prime; height=\u00a0\u00bb20px\u00a0\u00bb global_colors_info=\u00a0\u00bb{}\u00a0\u00bb]&nbsp;<br \/>\n[\/et_pb_divider][\/et_pb_column][\/et_pb_row][et_pb_row column_structure=\u00a0\u00bb1_4,1_4,1_4,1_4&Prime; admin_label=\u00a0\u00bbFila\u00a0\u00bb _builder_version=\u00a0\u00bb4.16&Prime; background_size=\u00a0\u00bbinitial\u00a0\u00bb background_position=\u00a0\u00bbtop_left\u00a0\u00bb background_repeat=\u00a0\u00bbrepeat\u00a0\u00bb global_colors_info=\u00a0\u00bb{}\u00a0\u00bb][et_pb_column type=\u00a0\u00bb1_4&Prime; _builder_version=\u00a0\u00bb4.16&Prime; custom_padding=\u00a0\u00bb|||\u00a0\u00bb global_colors_info=\u00a0\u00bb{}\u00a0\u00bb custom_padding__hover=\u00a0\u00bb|||\u00a0\u00bb][et_pb_image src=\u00a0\u00bbhttps:\/\/equalsaree.org\/wp-content\/uploads\/2023\/05\/20_cap-a-una-arquitectura-ecofeminista-al-cohabitatge.jpg\u00a0\u00bb title_text=\u00a0\u00bb20_cap a una arquitectura ecofeminista al cohabitatge\u00a0\u00bb url=\u00a0\u00bbhttps:\/\/perviure.org\/wp-content\/uploads\/2022\/07\/Guia-arquitectura-ecofeminista_revisada.pdf\u00a0\u00bb url_new_window=\u00a0\u00bbon\u00a0\u00bb align_tablet=\u00a0\u00bbcenter\u00a0\u00bb align_phone=\u00a0\u00bb\u00a0\u00bb align_last_edited=\u00a0\u00bbon|desktop\u00a0\u00bb admin_label=\u00a0\u00bbecofeminisme cohabitatge\u00a0\u00bb _builder_version=\u00a0\u00bb4.16&Prime; animation_style=\u00a0\u00bbslide\u00a0\u00bb animation_direction=\u00a0\u00bbleft\u00a0\u00bb animation_duration=\u00a0\u00bb500ms\u00a0\u00bb animation_intensity_slide=\u00a0\u00bb10%\u00a0\u00bb use_border_color=\u00a0\u00bboff\u00a0\u00bb always_center_on_mobile=\u00a0\u00bbon\u00a0\u00bb global_colors_info=\u00a0\u00bb{}\u00a0\u00bb]&nbsp;<br \/>\n[\/et_pb_image][et_pb_text admin_label=\u00a0\u00bbTexto\u00a0\u00bb _builder_version=\u00a0\u00bb4.16&Prime; text_font_size=\u00a0\u00bb12&Prime; text_line_height=\u00a0\u00bb1.4em\u00a0\u00bb background_size=\u00a0\u00bbinitial\u00a0\u00bb background_position=\u00a0\u00bbtop_left\u00a0\u00bb background_repeat=\u00a0\u00bbrepeat\u00a0\u00bb use_border_color=\u00a0\u00bboff\u00a0\u00bb global_colors_info=\u00a0\u00bb{}\u00a0\u00bb]<\/p>\n<h4><b><span>Cap a una arquitectura ecofeminista al cohabitatge.<\/span><\/b><\/h4>\n<p><span style=\"font-weight: 400;\">Nous participons \u00e0 la r\u00e9daction du guide pour int\u00e9grer la perspective \u00e9cof\u00e9ministe dans la conception des cohabitations, dans le cadre du projet unique d&rsquo;intercoop\u00e9ration \u00ab Int\u00e9gration de la perspective \u00e9cof\u00e9ministe dans la cohabitation et les secteurs \u00e9conomiques concern\u00e9s \u00bb.<\/span><\/p>\n<p><span style=\"font-weight: 400;\">Guide r\u00e9dig\u00e9 par la coop\u00e9rative Celobert avec la collaboration de Equal Saree et Fil a l&rsquo;agulla.<\/span><\/p>\n<p><a href=\"https:\/\/perviure.org\/wp-content\/uploads\/2022\/07\/Guia-arquitectura-ecofeminista_revisada.pdf\" target=\"_blank\" rel=\"noopener noreferrer\"><span style=\"font-weight: 400;\">Guide complet &gt;<\/span><\/a><\/p>\n<p>[\/et_pb_text][\/et_pb_column][et_pb_column type=\u00a0\u00bb1_4&Prime; _builder_version=\u00a0\u00bb4.16&Prime; custom_padding=\u00a0\u00bb|||\u00a0\u00bb global_colors_info=\u00a0\u00bb{}\u00a0\u00bb custom_padding__hover=\u00a0\u00bb|||\u00a0\u00bb][et_pb_image src=\u00a0\u00bbhttps:\/\/equalsaree.org\/wp-content\/uploads\/2023\/05\/19_revista-guix.jpg\u00a0\u00bb title_text=\u00a0\u00bb19_revista guix\u00a0\u00bb url=\u00a0\u00bbhttps:\/\/www.grao.com\/revistas\/pedagogia-hospitalaria-i-escola-propostes-i-recursos-42852&Prime; url_new_window=\u00a0\u00bbon\u00a0\u00bb align_tablet=\u00a0\u00bbcenter\u00a0\u00bb align_phone=\u00a0\u00bb\u00a0\u00bb align_last_edited=\u00a0\u00bbon|desktop\u00a0\u00bb admin_label=\u00a0\u00bbguix 2&Prime; _builder_version=\u00a0\u00bb4.16&Prime; animation_style=\u00a0\u00bbslide\u00a0\u00bb animation_direction=\u00a0\u00bbleft\u00a0\u00bb animation_duration=\u00a0\u00bb500ms\u00a0\u00bb animation_intensity_slide=\u00a0\u00bb10%\u00a0\u00bb use_border_color=\u00a0\u00bboff\u00a0\u00bb always_center_on_mobile=\u00a0\u00bbon\u00a0\u00bb global_colors_info=\u00a0\u00bb{}\u00a0\u00bb]&nbsp;<br \/>\n[\/et_pb_image][et_pb_text admin_label=\u00a0\u00bbTexto\u00a0\u00bb _builder_version=\u00a0\u00bb4.16&Prime; text_font_size=\u00a0\u00bb12&Prime; text_line_height=\u00a0\u00bb1.4em\u00a0\u00bb background_size=\u00a0\u00bbinitial\u00a0\u00bb background_position=\u00a0\u00bbtop_left\u00a0\u00bb background_repeat=\u00a0\u00bbrepeat\u00a0\u00bb use_border_color=\u00a0\u00bboff\u00a0\u00bb global_colors_info=\u00a0\u00bb{}\u00a0\u00bb]<\/p>\n<h4><b>Guix. Pedagogia hospital\u00e0ria i escola<\/b><\/h4>\n<p><span><span style=\"font-weight: 400;\">Publication de l\u2019article<\/span><span style=\"font-weight: 400;\"> \u201c<\/span><a href=\"https:\/\/www.grao.com\/es\/producto\/patis-coeducatius-una-transformacio-amb-impacte-gu495154640\"><b>Patis coeducatius: una transformaci\u00f3 amb impacte<\/b><\/a><span style=\"font-weight: 400;\">\u201d.<\/span><br \/> <\/span><\/p>\n<p><a href=\"https:\/\/www.grao.com\/revistas\/pedagogia-hospitalaria-i-escola-propostes-i-recursos-42852\" target=\"_blank\" rel=\"noopener noreferrer\"><span style=\"font-weight: 400;\">Publication compl\u00e8te &gt;<\/span><\/a><\/p>\n<p>&nbsp;<\/p>\n<p>[\/et_pb_text][\/et_pb_column][et_pb_column type=\u00a0\u00bb1_4&Prime; _builder_version=\u00a0\u00bb4.16&Prime; custom_padding=\u00a0\u00bb|||\u00a0\u00bb global_colors_info=\u00a0\u00bb{}\u00a0\u00bb custom_padding__hover=\u00a0\u00bb|||\u00a0\u00bb][et_pb_image src=\u00a0\u00bbhttps:\/\/equalsaree.org\/wp-content\/uploads\/2023\/05\/18_meanwhile-city.jpg\u00a0\u00bb title_text=\u00a0\u00bb18_meanwhile city\u00a0\u00bb url=\u00a0\u00bbhttps:\/\/www.milk.sk\/wp-content\/uploads\/2022\/09\/Meanwhile-City_by-Milk.pdf\u00a0\u00bb url_new_window=\u00a0\u00bbon\u00a0\u00bb align_tablet=\u00a0\u00bbcenter\u00a0\u00bb align_phone=\u00a0\u00bb\u00a0\u00bb align_last_edited=\u00a0\u00bbon|desktop\u00a0\u00bb admin_label=\u00a0\u00bbmeanwhile city\u00a0\u00bb _builder_version=\u00a0\u00bb4.16&Prime; animation_style=\u00a0\u00bbslide\u00a0\u00bb animation_direction=\u00a0\u00bbleft\u00a0\u00bb animation_duration=\u00a0\u00bb500ms\u00a0\u00bb animation_intensity_slide=\u00a0\u00bb10%\u00a0\u00bb use_border_color=\u00a0\u00bboff\u00a0\u00bb always_center_on_mobile=\u00a0\u00bbon\u00a0\u00bb global_colors_info=\u00a0\u00bb{}\u00a0\u00bb]&nbsp;<br \/>\n[\/et_pb_image][et_pb_text admin_label=\u00a0\u00bbTexto\u00a0\u00bb _builder_version=\u00a0\u00bb4.16&Prime; text_font_size=\u00a0\u00bb12&Prime; text_line_height=\u00a0\u00bb1.4em\u00a0\u00bb background_size=\u00a0\u00bbinitial\u00a0\u00bb background_position=\u00a0\u00bbtop_left\u00a0\u00bb background_repeat=\u00a0\u00bbrepeat\u00a0\u00bb use_border_color=\u00a0\u00bboff\u00a0\u00bb global_colors_info=\u00a0\u00bb{}\u00a0\u00bb]<\/p>\n<h4><b>Meanwhile city. How temporary interventions create welcoming places with a strong identity<\/b><\/h4>\n<p><span><span style=\"font-weight: 400;\">Publication de la campagne \u201c<\/span><b>Equal Playgrounds\u201d.<\/b><br \/> <\/span><\/p>\n<p><a href=\"https:\/\/www.milk.sk\/wp-content\/uploads\/2022\/09\/Meanwhile-City_by-Milk.pdf\" target=\"_blank\" rel=\"noopener noreferrer\"><span style=\"font-weight: 400;\">Publication compl\u00e8te &gt;<\/span><\/a><\/p>\n<p>&nbsp;<\/p>\n<p>[\/et_pb_text][\/et_pb_column][et_pb_column type=\u00a0\u00bb1_4&Prime; _builder_version=\u00a0\u00bb4.16&Prime; custom_padding=\u00a0\u00bb|||\u00a0\u00bb global_colors_info=\u00a0\u00bb{}\u00a0\u00bb custom_padding__hover=\u00a0\u00bb|||\u00a0\u00bb][et_pb_image src=\u00a0\u00bbhttps:\/\/equalsaree.org\/wp-content\/uploads\/2023\/05\/17_revista-LINA.jpg\u00a0\u00bb title_text=\u00a0\u00bb17_revista LINA\u00a0\u00bb url=\u00a0\u00bbhttps:\/\/www.revistalina.com\/edi%C3%A7%C3%A3o-0&Prime; url_new_window=\u00a0\u00bbon\u00a0\u00bb align_tablet=\u00a0\u00bbcenter\u00a0\u00bb align_phone=\u00a0\u00bb\u00a0\u00bb align_last_edited=\u00a0\u00bbon|desktop\u00a0\u00bb admin_label=\u00a0\u00bbonde estao as mulheres\u00a0\u00bb _builder_version=\u00a0\u00bb4.16&Prime; animation_style=\u00a0\u00bbslide\u00a0\u00bb animation_direction=\u00a0\u00bbleft\u00a0\u00bb animation_duration=\u00a0\u00bb500ms\u00a0\u00bb animation_intensity_slide=\u00a0\u00bb10%\u00a0\u00bb use_border_color=\u00a0\u00bboff\u00a0\u00bb always_center_on_mobile=\u00a0\u00bbon\u00a0\u00bb global_colors_info=\u00a0\u00bb{}\u00a0\u00bb]&nbsp;<br \/>\n[\/et_pb_image][et_pb_text admin_label=\u00a0\u00bbTexto\u00a0\u00bb _builder_version=\u00a0\u00bb4.16&Prime; text_font_size=\u00a0\u00bb12&Prime; text_line_height=\u00a0\u00bb1.4em\u00a0\u00bb background_size=\u00a0\u00bbinitial\u00a0\u00bb background_position=\u00a0\u00bbtop_left\u00a0\u00bb background_repeat=\u00a0\u00bbrepeat\u00a0\u00bb use_border_color=\u00a0\u00bboff\u00a0\u00bb global_colors_info=\u00a0\u00bb{}\u00a0\u00bb]<\/p>\n<h4><b>Lina. Onde est\u00e3o as mulheres?<\/b><\/h4>\n<p><span style=\"font-weight: 400;\">Publication de l\u2019article<\/span><span style=\"font-weight: 400;\"> \u201c<\/span><b>Arquitecturas para crecer en igualdad<\/b><span style=\"font-weight: 400;\">\u201d.<\/span><\/p>\n<p><a href=\"https:\/\/www.revistalina.com\/edi%C3%A7%C3%A3o-0\" target=\"_blank\" rel=\"noopener noreferrer\">Publication compl\u00e8te &gt;<br \/><\/a><a href=\"https:\/\/www.revistalina.com\/post\/arquitecturas-para-crecer-en-igualdad-por-equal-saree\" target=\"_blank\" rel=\"noopener noreferrer\"><span style=\"font-weight: 400;\">Lire l\u2019article &gt; <\/span><\/a><\/p>\n<p>[\/et_pb_text][\/et_pb_column][\/et_pb_row][et_pb_row column_structure=\u00a0\u00bb1_4,1_4,1_4,1_4&Prime; admin_label=\u00a0\u00bbFila\u00a0\u00bb _builder_version=\u00a0\u00bb4.16&Prime; background_size=\u00a0\u00bbinitial\u00a0\u00bb background_position=\u00a0\u00bbtop_left\u00a0\u00bb background_repeat=\u00a0\u00bbrepeat\u00a0\u00bb global_colors_info=\u00a0\u00bb{}\u00a0\u00bb][et_pb_column type=\u00a0\u00bb1_4&Prime; _builder_version=\u00a0\u00bb4.16&Prime; custom_padding=\u00a0\u00bb|||\u00a0\u00bb global_colors_info=\u00a0\u00bb{}\u00a0\u00bb custom_padding__hover=\u00a0\u00bb|||\u00a0\u00bb][et_pb_image src=\u00a0\u00bbhttps:\/\/equalsaree.org\/wp-content\/uploads\/2023\/05\/16_educar-para-la-igualdad.jpg\u00a0\u00bb title_text=\u00a0\u00bb16_educar para la igualdad\u00a0\u00bb url=\u00a0\u00bbhttps:\/\/feccoo-madrid.org\/6a9b892c3d49b5d9b362f5bae77f3343000063.pdf\u00a0\u00bb url_new_window=\u00a0\u00bbon\u00a0\u00bb align_tablet=\u00a0\u00bbcenter\u00a0\u00bb align_phone=\u00a0\u00bb\u00a0\u00bb align_last_edited=\u00a0\u00bbon|desktop\u00a0\u00bb admin_label=\u00a0\u00bbeducar para la igualdad\u00a0\u00bb _builder_version=\u00a0\u00bb4.16&Prime; animation_style=\u00a0\u00bbslide\u00a0\u00bb animation_direction=\u00a0\u00bbleft\u00a0\u00bb animation_duration=\u00a0\u00bb500ms\u00a0\u00bb animation_intensity_slide=\u00a0\u00bb10%\u00a0\u00bb use_border_color=\u00a0\u00bboff\u00a0\u00bb always_center_on_mobile=\u00a0\u00bbon\u00a0\u00bb global_colors_info=\u00a0\u00bb{}\u00a0\u00bb]&nbsp;<br \/>\n[\/et_pb_image][et_pb_text admin_label=\u00a0\u00bbTexto\u00a0\u00bb _builder_version=\u00a0\u00bb4.16&Prime; text_font_size=\u00a0\u00bb12&Prime; text_line_height=\u00a0\u00bb1.4em\u00a0\u00bb background_size=\u00a0\u00bbinitial\u00a0\u00bb background_position=\u00a0\u00bbtop_left\u00a0\u00bb background_repeat=\u00a0\u00bbrepeat\u00a0\u00bb use_border_color=\u00a0\u00bboff\u00a0\u00bb global_colors_info=\u00a0\u00bb{}\u00a0\u00bb]<\/p>\n<h4><b>Educar para la igualdad <\/b><\/h4>\n<p><span style=\"font-weight: 400;\">Publication de l\u2019article<\/span><span style=\"font-weight: 400;\"> \u201c<\/span><b>Patios inclusivos<\/b><span style=\"font-weight: 400;\">\u201d.<\/span><\/p>\n<p><a href=\"https:\/\/feccoo-madrid.org\/6a9b892c3d49b5d9b362f5bae77f3343000063.pdf\" target=\"_blank\" rel=\"noopener noreferrer\"><span style=\"font-weight: 400;\">Publication compl\u00e8te &gt;<\/span><\/a><\/p>\n<p>[\/et_pb_text][\/et_pb_column][et_pb_column type=\u00a0\u00bb1_4&Prime; _builder_version=\u00a0\u00bb4.16&Prime; custom_padding=\u00a0\u00bb|||\u00a0\u00bb global_colors_info=\u00a0\u00bb{}\u00a0\u00bb custom_padding__hover=\u00a0\u00bb|||\u00a0\u00bb][et_pb_image src=\u00a0\u00bbhttps:\/\/equalsaree.org\/wp-content\/uploads\/2023\/05\/15_Lescola-expandida.jpg\u00a0\u00bb title_text=\u00a0\u00bb15_L&rsquo;escola expandida\u00a0\u00bb url=\u00a0\u00bbhttps:\/\/pol-len.cat\/llibres\/lescola-expandida\/\u00a0\u00bb url_new_window=\u00a0\u00bbon\u00a0\u00bb align_tablet=\u00a0\u00bbcenter\u00a0\u00bb align_phone=\u00a0\u00bb\u00a0\u00bb align_last_edited=\u00a0\u00bbon|desktop\u00a0\u00bb admin_label=\u00a0\u00bbescola expandida\u00a0\u00bb _builder_version=\u00a0\u00bb4.16&Prime; animation_style=\u00a0\u00bbslide\u00a0\u00bb animation_direction=\u00a0\u00bbleft\u00a0\u00bb animation_duration=\u00a0\u00bb500ms\u00a0\u00bb animation_intensity_slide=\u00a0\u00bb10%\u00a0\u00bb use_border_color=\u00a0\u00bboff\u00a0\u00bb always_center_on_mobile=\u00a0\u00bbon\u00a0\u00bb global_colors_info=\u00a0\u00bb{}\u00a0\u00bb]&nbsp;<br \/>\n[\/et_pb_image][et_pb_text admin_label=\u00a0\u00bbTexto\u00a0\u00bb _builder_version=\u00a0\u00bb4.16&Prime; text_font_size=\u00a0\u00bb12&Prime; text_line_height=\u00a0\u00bb1.4em\u00a0\u00bb background_size=\u00a0\u00bbinitial\u00a0\u00bb background_position=\u00a0\u00bbtop_left\u00a0\u00bb background_repeat=\u00a0\u00bbrepeat\u00a0\u00bb use_border_color=\u00a0\u00bboff\u00a0\u00bb global_colors_info=\u00a0\u00bb{}\u00a0\u00bb]<\/p>\n<h4><b>L\u2019escola expandida. Repensem els espais d\u2019aprenentatge<\/b><\/h4>\n<p><b>Publication de l\u2019article <\/b><span style=\"font-weight: 400;\">\u201c<\/span><b>Ecosistemes coeducatius: espais d&rsquo;aprenentatge per viure en igualtat<\/b><span style=\"font-weight: 400;\">\u201d.<\/span><\/p>\n<p><a href=\"https:\/\/pol-len.cat\/llibres\/lescola-expandida\/\" target=\"_blank\" rel=\"noopener noreferrer\"><span style=\"font-weight: 400;\">Publication compl\u00e8te &gt;<\/span><\/a><\/p>\n<p>[\/et_pb_text][\/et_pb_column][et_pb_column type=\u00a0\u00bb1_4&Prime; _builder_version=\u00a0\u00bb4.16&Prime; custom_padding=\u00a0\u00bb|||\u00a0\u00bb global_colors_info=\u00a0\u00bb{}\u00a0\u00bb custom_padding__hover=\u00a0\u00bb|||\u00a0\u00bb][et_pb_image src=\u00a0\u00bbhttps:\/\/equalsaree.org\/wp-content\/uploads\/2021\/12\/14_mujeres-y-arquitecturas.jpg\u00a0\u00bb title_text=\u00a0\u00bb14_mujeres y arquitecturas\u00a0\u00bb url_new_window=\u00a0\u00bbon\u00a0\u00bb align_tablet=\u00a0\u00bbcenter\u00a0\u00bb align_phone=\u00a0\u00bb\u00a0\u00bb align_last_edited=\u00a0\u00bbon|desktop\u00a0\u00bb admin_label=\u00a0\u00bbmujeres y arquitecturas\u00a0\u00bb _builder_version=\u00a0\u00bb4.16&Prime; animation_style=\u00a0\u00bbslide\u00a0\u00bb animation_direction=\u00a0\u00bbleft\u00a0\u00bb animation_duration=\u00a0\u00bb500ms\u00a0\u00bb animation_intensity_slide=\u00a0\u00bb10%\u00a0\u00bb use_border_color=\u00a0\u00bboff\u00a0\u00bb always_center_on_mobile=\u00a0\u00bbon\u00a0\u00bb global_colors_info=\u00a0\u00bb{}\u00a0\u00bb]&nbsp;<br \/>\n[\/et_pb_image][et_pb_text admin_label=\u00a0\u00bbTexto\u00a0\u00bb _builder_version=\u00a0\u00bb4.16&Prime; text_font_size=\u00a0\u00bb12&Prime; text_line_height=\u00a0\u00bb1.4em\u00a0\u00bb background_size=\u00a0\u00bbinitial\u00a0\u00bb background_position=\u00a0\u00bbtop_left\u00a0\u00bb background_repeat=\u00a0\u00bbrepeat\u00a0\u00bb use_border_color=\u00a0\u00bboff\u00a0\u00bb global_colors_info=\u00a0\u00bb{}\u00a0\u00bb]<\/p>\n<h4><b><span>Mujeres y arquitectura. Hacia una profesi\u00f3n igualitaria<\/span><\/b><\/h4>\n<p>Publicacion de le papier \u201c<strong>Pr\u00e1cticas feministas en el espacio construido. Espacios para unas infancias igualitarias en Santa Coloma de Gramenet.<\/strong>\u201c<span><br \/> <\/span><\/p>\n<p><a href=\"https:\/\/equalsaree.org\/wp-content\/uploads\/2021\/12\/Mujeres-y-Arquitecturas.-Libro.pdf\" rel=\"attachment wp-att-13090 noopener noreferrer\" target=\"_blank\">Publication compl\u00e8te &gt;<\/a><\/p>\n<p>&nbsp;<\/p>\n<p>[\/et_pb_text][\/et_pb_column][et_pb_column type=\u00a0\u00bb1_4&Prime; _builder_version=\u00a0\u00bb4.16&Prime; custom_padding=\u00a0\u00bb|||\u00a0\u00bb global_colors_info=\u00a0\u00bb{}\u00a0\u00bb custom_padding__hover=\u00a0\u00bb|||\u00a0\u00bb][et_pb_image src=\u00a0\u00bbhttps:\/\/equalsaree.org\/wp-content\/uploads\/2021\/09\/13_de-la-planeacion-a-la-accion.jpg\u00a0\u00bb title_text=\u00a0\u00bb13_de la planeaci\u00f3n a la acci\u00f3n\u00a0\u00bb url_new_window=\u00a0\u00bbon\u00a0\u00bb align_tablet=\u00a0\u00bbcenter\u00a0\u00bb align_phone=\u00a0\u00bb\u00a0\u00bb align_last_edited=\u00a0\u00bbon|desktop\u00a0\u00bb admin_label=\u00a0\u00bbDe la planeaci\u00f3n a la acci\u00f3n\u00a0\u00bb _builder_version=\u00a0\u00bb4.16&Prime; animation_style=\u00a0\u00bbslide\u00a0\u00bb animation_direction=\u00a0\u00bbleft\u00a0\u00bb animation_duration=\u00a0\u00bb500ms\u00a0\u00bb animation_intensity_slide=\u00a0\u00bb10%\u00a0\u00bb use_border_color=\u00a0\u00bboff\u00a0\u00bb always_center_on_mobile=\u00a0\u00bbon\u00a0\u00bb global_colors_info=\u00a0\u00bb{}\u00a0\u00bb]&nbsp;<br \/>\n[\/et_pb_image][et_pb_text admin_label=\u00a0\u00bbTexto\u00a0\u00bb _builder_version=\u00a0\u00bb4.16&Prime; text_font_size=\u00a0\u00bb12&Prime; text_line_height=\u00a0\u00bb1.4em\u00a0\u00bb background_size=\u00a0\u00bbinitial\u00a0\u00bb background_position=\u00a0\u00bbtop_left\u00a0\u00bb background_repeat=\u00a0\u00bbrepeat\u00a0\u00bb use_border_color=\u00a0\u00bboff\u00a0\u00bb global_colors_info=\u00a0\u00bb{}\u00a0\u00bb]<\/p>\n<h4><b>De la planeaci\u00f3n a la acci\u00f3n<\/b><\/h4>\n<p><span style=\"font-weight: 400;\">Publication de la proposition \u00ab\u00a0<strong>Empatitzem<\/strong>\u00ab\u00a0<\/span><\/p>\n<p><a href=\"https:\/\/www.tejiendocomunidad.mx\/publicaciones\" target=\"_blank\" rel=\"noopener noreferrer\">Publication compl\u00e8te &gt;<\/a><\/p>\n<p>[\/et_pb_text][\/et_pb_column][\/et_pb_row][et_pb_row column_structure=\u00a0\u00bb1_4,1_4,1_4,1_4&Prime; admin_label=\u00a0\u00bbFila\u00a0\u00bb _builder_version=\u00a0\u00bb4.16&Prime; background_size=\u00a0\u00bbinitial\u00a0\u00bb background_position=\u00a0\u00bbtop_left\u00a0\u00bb background_repeat=\u00a0\u00bbrepeat\u00a0\u00bb global_colors_info=\u00a0\u00bb{}\u00a0\u00bb][et_pb_column type=\u00a0\u00bb1_4&Prime; _builder_version=\u00a0\u00bb4.16&Prime; custom_padding=\u00a0\u00bb|||\u00a0\u00bb global_colors_info=\u00a0\u00bb{}\u00a0\u00bb custom_padding__hover=\u00a0\u00bb|||\u00a0\u00bb][et_pb_image src=\u00a0\u00bbhttps:\/\/equalsaree.org\/wp-content\/uploads\/2021\/04\/11_Encuentro-internacional-ge\u0301nero-arquitectura-y-ciudad_Equal-Saree.jpg\u00a0\u00bb title_text=\u00a0\u00bb11_Encuentro internacional ge\u0301nero, arquitectura y ciudad_Equal Saree\u00a0\u00bb url_new_window=\u00a0\u00bbon\u00a0\u00bb align_tablet=\u00a0\u00bbcenter\u00a0\u00bb align_phone=\u00a0\u00bb\u00a0\u00bb align_last_edited=\u00a0\u00bbon|desktop\u00a0\u00bb admin_label=\u00a0\u00bbEncuentro Internacional G\u00e9nero, Arquitectura y Sociedad\u00a0\u00bb _builder_version=\u00a0\u00bb4.16&Prime; animation_style=\u00a0\u00bbslide\u00a0\u00bb animation_direction=\u00a0\u00bbleft\u00a0\u00bb animation_duration=\u00a0\u00bb500ms\u00a0\u00bb animation_intensity_slide=\u00a0\u00bb10%\u00a0\u00bb use_border_color=\u00a0\u00bboff\u00a0\u00bb always_center_on_mobile=\u00a0\u00bbon\u00a0\u00bb global_colors_info=\u00a0\u00bb{}\u00a0\u00bb]&nbsp;<br \/>\n[\/et_pb_image][et_pb_text admin_label=\u00a0\u00bbTexto\u00a0\u00bb _builder_version=\u00a0\u00bb4.16&Prime; text_font_size=\u00a0\u00bb12&Prime; text_line_height=\u00a0\u00bb1.4em\u00a0\u00bb background_size=\u00a0\u00bbinitial\u00a0\u00bb background_position=\u00a0\u00bbtop_left\u00a0\u00bb background_repeat=\u00a0\u00bbrepeat\u00a0\u00bb use_border_color=\u00a0\u00bboff\u00a0\u00bb global_colors_info=\u00a0\u00bb{}\u00a0\u00bb]<\/p>\n<h4><b>Encuentro Internacional G\u00e9nero, Arquitectura y Sociedad<\/b><\/h4>\n<p><span style=\"font-weight: 400;\">Publication de l\u2019article \u201c<strong>Cambiar el patio para cambiar el mundo: educaci\u00f3n espacial feminista y transformaci\u00f3n social<\/strong>\u201d<\/span><\/p>\n<p><a href=\"https:\/\/spdc.ulpgc.es\/libro\/gac_118656\/\" target=\"_blank\" rel=\"noopener noreferrer\">Publication compl\u00e8te &gt;<\/a><\/p>\n<p>[\/et_pb_text][\/et_pb_column][et_pb_column type=\u00a0\u00bb1_4&Prime; _builder_version=\u00a0\u00bb4.16&Prime; custom_padding=\u00a0\u00bb|||\u00a0\u00bb global_colors_info=\u00a0\u00bb{}\u00a0\u00bb custom_padding__hover=\u00a0\u00bb|||\u00a0\u00bb][et_pb_image src=\u00a0\u00bbhttps:\/\/equalsaree.org\/wp-content\/uploads\/2021\/04\/12_Cro\u0300niques-del-desconfinament_Equal-Saree.jpg\u00a0\u00bb title_text=\u00a0\u00bb12_Cro\u0300niques del desconfinament_Equal Saree\u00a0\u00bb url_new_window=\u00a0\u00bbon\u00a0\u00bb align_tablet=\u00a0\u00bbcenter\u00a0\u00bb align_phone=\u00a0\u00bb\u00a0\u00bb align_last_edited=\u00a0\u00bbon|desktop\u00a0\u00bb admin_label=\u00a0\u00bbCr\u00f2niques del desconfinament: Dones i arquitectura\u00a0\u00bb _builder_version=\u00a0\u00bb4.16&Prime; animation_style=\u00a0\u00bbslide\u00a0\u00bb animation_direction=\u00a0\u00bbleft\u00a0\u00bb animation_duration=\u00a0\u00bb500ms\u00a0\u00bb animation_intensity_slide=\u00a0\u00bb10%\u00a0\u00bb use_border_color=\u00a0\u00bboff\u00a0\u00bb always_center_on_mobile=\u00a0\u00bbon\u00a0\u00bb global_colors_info=\u00a0\u00bb{}\u00a0\u00bb]&nbsp;<br \/>\n[\/et_pb_image][et_pb_text admin_label=\u00a0\u00bbTexto\u00a0\u00bb _builder_version=\u00a0\u00bb4.16&Prime; text_font_size=\u00a0\u00bb12&Prime; text_line_height=\u00a0\u00bb1.4em\u00a0\u00bb background_size=\u00a0\u00bbinitial\u00a0\u00bb background_position=\u00a0\u00bbtop_left\u00a0\u00bb background_repeat=\u00a0\u00bbrepeat\u00a0\u00bb use_border_color=\u00a0\u00bboff\u00a0\u00bb global_colors_info=\u00a0\u00bb{}\u00a0\u00bb]<\/p>\n<h4><b>Cr\u00f2niques del desconfinament: Dones i arquitectura<\/b><\/h4>\n<p><span style=\"font-weight: 400;\">Publication de l\u2019article \u201c<strong>Ecosistema (co)educatiu<\/strong>\u201d<\/span><\/p>\n<p><a href=\"https:\/\/www.escolasert.com\/es\/blog\/ecosistema-coeducativo\" target=\"_blank\" rel=\"noopener noreferrer\">Lire l&rsquo;article &gt;<\/a><br \/> <a href=\"https:\/\/www.escolasert.com\/ca\/blog\/llibre-croniques-desconfinament-dones-arquitectura\" target=\"_blank\" rel=\"noopener noreferrer\">Publication compl\u00e8te &gt;<\/a><\/p>\n<p>[\/et_pb_text][\/et_pb_column][et_pb_column type=\u00a0\u00bb1_4&Prime; _builder_version=\u00a0\u00bb4.16&Prime; custom_padding=\u00a0\u00bb|||\u00a0\u00bb global_colors_info=\u00a0\u00bb{}\u00a0\u00bb custom_padding__hover=\u00a0\u00bb|||\u00a0\u00bb][et_pb_image src=\u00a0\u00bbhttps:\/\/equalsaree.org\/wp-content\/uploads\/2021\/01\/09_Patis-descola-g\u00e8nere-i-inf\u00e0ncia_Equal-Saree.jpg\u00a0\u00bb title_text=\u00a0\u00bb09_Patis d&rsquo;escola, g\u00e8nere i inf\u00e0ncia_Equal Saree\u00a0\u00bb url_new_window=\u00a0\u00bbon\u00a0\u00bb align_tablet=\u00a0\u00bbcenter\u00a0\u00bb align_phone=\u00a0\u00bb\u00a0\u00bb align_last_edited=\u00a0\u00bbon|desktop\u00a0\u00bb admin_label=\u00a0\u00bbTreballs de la societat catalana\u00a0\u00bb _builder_version=\u00a0\u00bb4.16&Prime; animation_style=\u00a0\u00bbslide\u00a0\u00bb animation_direction=\u00a0\u00bbleft\u00a0\u00bb animation_duration=\u00a0\u00bb500ms\u00a0\u00bb animation_intensity_slide=\u00a0\u00bb10%\u00a0\u00bb use_border_color=\u00a0\u00bboff\u00a0\u00bb always_center_on_mobile=\u00a0\u00bbon\u00a0\u00bb global_colors_info=\u00a0\u00bb{}\u00a0\u00bb]&nbsp;<br \/>\n[\/et_pb_image][et_pb_text admin_label=\u00a0\u00bbTexto\u00a0\u00bb _builder_version=\u00a0\u00bb4.16&Prime; text_font_size=\u00a0\u00bb12&Prime; text_line_height=\u00a0\u00bb1.4em\u00a0\u00bb background_size=\u00a0\u00bbinitial\u00a0\u00bb background_position=\u00a0\u00bbtop_left\u00a0\u00bb background_repeat=\u00a0\u00bbrepeat\u00a0\u00bb use_border_color=\u00a0\u00bboff\u00a0\u00bb global_colors_info=\u00a0\u00bb{}\u00a0\u00bb]<\/p>\n<h4><b>Treballs de la Societat Catalana de Geografia<\/b><\/h4>\n<p><span style=\"font-weight: 400;\">Publication de l\u2019article \u201c<strong>Patis d\u2019escola, g\u00e8nere i inf\u00e0ncia: una recerca en el marc de les geografies de la inf\u00e0ncia<\/strong>\u201d<\/span><\/p>\n<p><a href=\"https:\/\/issuu.com\/institut-destudis-catalans\/docs\/issuu_tscg_90\" target=\"_blank\" rel=\"noopener\">Publication compl\u00e8te<\/a><a href=\"https:\/\/issuu.com\/institut-destudis-catalans\/docs\/issuu_tscg_90\" target=\"_blank\" rel=\"noopener\"> &gt;<\/a><\/p>\n<p>[\/et_pb_text][\/et_pb_column][et_pb_column type=\u00a0\u00bb1_4&Prime; _builder_version=\u00a0\u00bb4.16&Prime; custom_padding=\u00a0\u00bb|||\u00a0\u00bb global_colors_info=\u00a0\u00bb{}\u00a0\u00bb custom_padding__hover=\u00a0\u00bb|||\u00a0\u00bb][et_pb_image src=\u00a0\u00bbhttps:\/\/equalsaree.org\/wp-content\/uploads\/2021\/01\/09_Guix_Equal-Saree.jpg\u00a0\u00bb title_text=\u00a0\u00bb09_Guix_Equal Saree\u00a0\u00bb url_new_window=\u00a0\u00bbon\u00a0\u00bb align_tablet=\u00a0\u00bbcenter\u00a0\u00bb align_phone=\u00a0\u00bb\u00a0\u00bb align_last_edited=\u00a0\u00bbon|desktop\u00a0\u00bb admin_label=\u00a0\u00bbguix\u00a0\u00bb _builder_version=\u00a0\u00bb4.16&Prime; animation_style=\u00a0\u00bbslide\u00a0\u00bb animation_direction=\u00a0\u00bbleft\u00a0\u00bb animation_duration=\u00a0\u00bb500ms\u00a0\u00bb animation_intensity_slide=\u00a0\u00bb10%\u00a0\u00bb use_border_color=\u00a0\u00bboff\u00a0\u00bb always_center_on_mobile=\u00a0\u00bbon\u00a0\u00bb global_colors_info=\u00a0\u00bb{}\u00a0\u00bb]&nbsp;<br \/>\n[\/et_pb_image][et_pb_text admin_label=\u00a0\u00bbTexto\u00a0\u00bb _builder_version=\u00a0\u00bb4.16&Prime; text_font_size=\u00a0\u00bb12&Prime; text_line_height=\u00a0\u00bb1.4em\u00a0\u00bb background_size=\u00a0\u00bbinitial\u00a0\u00bb background_position=\u00a0\u00bbtop_left\u00a0\u00bb background_repeat=\u00a0\u00bbrepeat\u00a0\u00bb use_border_color=\u00a0\u00bboff\u00a0\u00bb global_colors_info=\u00a0\u00bb{}\u00a0\u00bb]<\/p>\n<h4><b>Guix. Patis amb una mirada feminista.<\/b><\/h4>\n<p><span style=\"font-weight: 400;\">Publication de l\u2019article \u201c<strong>Cocreant unes ciutats coeducadores<\/strong>\u201d<\/span><\/p>\n<p><a href=\"https:\/\/www.grao.com\/es\/producto\/revista-guix-468-juliol-20-patis-amb-una-mirada-feminista-gu468\" target=\"_blank\" rel=\"noopener\"><span style=\"font-weight: 400;\">Publication compl\u00e8te<\/span><\/a><a href=\"https:\/\/www.grao.com\/es\/producto\/revista-guix-468-juliol-20-patis-amb-una-mirada-feminista-gu468\" target=\"_blank\" rel=\"noopener\"> &gt;<\/a><\/p>\n<p>[\/et_pb_text][\/et_pb_column][\/et_pb_row][et_pb_row column_structure=\u00a0\u00bb1_4,1_4,1_4,1_4&Prime; admin_label=\u00a0\u00bbFila\u00a0\u00bb _builder_version=\u00a0\u00bb4.16&Prime; background_size=\u00a0\u00bbinitial\u00a0\u00bb background_position=\u00a0\u00bbtop_left\u00a0\u00bb background_repeat=\u00a0\u00bbrepeat\u00a0\u00bb global_colors_info=\u00a0\u00bb{}\u00a0\u00bb][et_pb_column type=\u00a0\u00bb1_4&Prime; _builder_version=\u00a0\u00bb4.16&Prime; custom_padding=\u00a0\u00bb|||\u00a0\u00bb global_colors_info=\u00a0\u00bb{}\u00a0\u00bb custom_padding__hover=\u00a0\u00bb|||\u00a0\u00bb][et_pb_image src=\u00a0\u00bbhttps:\/\/equalsaree.org\/wp-content\/uploads\/2020\/10\/08_Lagenda-2030-en-clau-dinf\u00e0ncia-a-Catalunya-UNICEF_Equal-Saree-1.jpg\u00a0\u00bb title_text=\u00a0\u00bb08_L&rsquo;agenda 2030 en clau d&rsquo;inf\u00e0ncia a Catalunya UNICEF_Equal Saree\u00a0\u00bb url_new_window=\u00a0\u00bbon\u00a0\u00bb align_tablet=\u00a0\u00bbcenter\u00a0\u00bb align_phone=\u00a0\u00bb\u00a0\u00bb align_last_edited=\u00a0\u00bbon|desktop\u00a0\u00bb admin_label=\u00a0\u00bbUnicef\u00a0\u00bb _builder_version=\u00a0\u00bb4.16&Prime; animation_style=\u00a0\u00bbslide\u00a0\u00bb animation_direction=\u00a0\u00bbleft\u00a0\u00bb animation_duration=\u00a0\u00bb500ms\u00a0\u00bb animation_intensity_slide=\u00a0\u00bb10%\u00a0\u00bb use_border_color=\u00a0\u00bboff\u00a0\u00bb always_center_on_mobile=\u00a0\u00bbon\u00a0\u00bb global_colors_info=\u00a0\u00bb{}\u00a0\u00bb]&nbsp;<br \/>\n[\/et_pb_image][et_pb_text admin_label=\u00a0\u00bbTexto\u00a0\u00bb _builder_version=\u00a0\u00bb4.16&Prime; text_font_size=\u00a0\u00bb12&Prime; text_line_height=\u00a0\u00bb1.4em\u00a0\u00bb background_size=\u00a0\u00bbinitial\u00a0\u00bb background_position=\u00a0\u00bbtop_left\u00a0\u00bb background_repeat=\u00a0\u00bbrepeat\u00a0\u00bb use_border_color=\u00a0\u00bboff\u00a0\u00bb global_colors_info=\u00a0\u00bb{}\u00a0\u00bb]<\/p>\n<h4><b>Unicef. L\u2019agenda 2020 en clau d\u2019inf\u00e0ncia a Catalunya. 10 anys per a l\u2019acci\u00f3<\/b><\/h4>\n<p><span style=\"font-weight: 400;\">Publication de l\u2019article \u201c<strong>Ciutats a mida de la inf\u00e0ncia<\/strong>\u201d<\/span><\/p>\n<p><a href=\"https:\/\/www.unicef.es\/sites\/unicef.es\/files\/comunicacion\/Informe_ODS_CAT_2020_DEF.pdf\" target=\"_blank\" rel=\"noopener\">Publication compl\u00e8te &gt;<\/a><\/p>\n<p>[\/et_pb_text][\/et_pb_column][et_pb_column type=\u00a0\u00bb1_4&Prime; _builder_version=\u00a0\u00bb4.16&Prime; custom_padding=\u00a0\u00bb|||\u00a0\u00bb global_colors_info=\u00a0\u00bb{}\u00a0\u00bb custom_padding__hover=\u00a0\u00bb|||\u00a0\u00bb][et_pb_image src=\u00a0\u00bbhttps:\/\/equalsaree.org\/wp-content\/uploads\/2020\/04\/07_Kultur_Equal-Saree.jpg\u00a0\u00bb url_new_window=\u00a0\u00bbon\u00a0\u00bb align_tablet=\u00a0\u00bbcenter\u00a0\u00bb align_phone=\u00a0\u00bb\u00a0\u00bb align_last_edited=\u00a0\u00bbon|desktop\u00a0\u00bb admin_label=\u00a0\u00bbKult-ur\u00a0\u00bb _builder_version=\u00a0\u00bb4.16&Prime; animation_style=\u00a0\u00bbslide\u00a0\u00bb animation_direction=\u00a0\u00bbleft\u00a0\u00bb animation_duration=\u00a0\u00bb500ms\u00a0\u00bb animation_intensity_slide=\u00a0\u00bb10%\u00a0\u00bb use_border_color=\u00a0\u00bboff\u00a0\u00bb always_center_on_mobile=\u00a0\u00bbon\u00a0\u00bb global_colors_info=\u00a0\u00bb{}\u00a0\u00bb]&nbsp;<br \/>\n[\/et_pb_image][et_pb_text admin_label=\u00a0\u00bbTexto\u00a0\u00bb _builder_version=\u00a0\u00bb4.16&Prime; text_font_size=\u00a0\u00bb12&Prime; text_line_height=\u00a0\u00bb1.4em\u00a0\u00bb background_size=\u00a0\u00bbinitial\u00a0\u00bb background_position=\u00a0\u00bbtop_left\u00a0\u00bb background_repeat=\u00a0\u00bbrepeat\u00a0\u00bb use_border_color=\u00a0\u00bboff\u00a0\u00bb global_colors_info=\u00a0\u00bb{}\u00a0\u00bb]<\/p>\n<h4><b>Kult-ur.\u00a0Ciutat Educadora: Mirades i pr\u00e0ctiques<\/b><\/h4>\n<p><span style=\"font-weight: 400;\">Publication de l\u2019article \u00ab\u00a0<strong>La co-creaci\u00f3n del espacio p\u00fablico como estrategia para ciudades educadoras<\/strong>\u00ab\u00a0<\/span><\/p>\n<p><a href=\"http:\/\/www.e-revistes.uji.es\/index.php\/kult-ur\/article\/view\/3776\/3247\" target=\"_blank\" rel=\"noopener\"><span style=\"font-weight: 400;\">Lire l\u2019article<\/span><\/a><a href=\"http:\/\/www.e-revistes.uji.es\/index.php\/kult-ur\/article\/view\/3776\/3247\" target=\"_blank\" rel=\"noopener\"> &gt;<\/a><br \/> <a href=\"http:\/\/www.e-revistes.uji.es\/index.php\/kult-ur\/issue\/viewIssue\/v6n11\/83\" target=\"_blank\" rel=\"noopener\"><span style=\"font-weight: 400;\">Publication compl\u00e8te<\/span><\/a><a href=\"http:\/\/www.e-revistes.uji.es\/index.php\/kult-ur\/issue\/viewIssue\/v6n11\/83\" target=\"_blank\" rel=\"noopener\"> &gt;<\/a><br \/> <a href=\"https:\/\/equalsaree.org\/fr\/blog\/2019\/02\/01\/passons-le-samedi-a-placa-baro\/\" target=\"_blank\" rel=\"noopener\"><span style=\"font-weight: 400;\">Projet li\u00e9<\/span><\/a><a href=\"https:\/\/equalsaree.org\/blog\/2017\/12\/02\/fem-dissabte-a-placa-baro\/\" target=\"_blank\" rel=\"noopener\"> &gt;<\/a><\/p>\n<p>&nbsp;<\/p>\n<p>[\/et_pb_text][\/et_pb_column][et_pb_column type=\u00a0\u00bb1_4&Prime; _builder_version=\u00a0\u00bb4.16&Prime; custom_padding=\u00a0\u00bb|||\u00a0\u00bb global_colors_info=\u00a0\u00bb{}\u00a0\u00bb custom_padding__hover=\u00a0\u00bb|||\u00a0\u00bb][et_pb_image src=\u00a0\u00bbhttps:\/\/equalsaree.org\/wp-content\/uploads\/2020\/04\/05_Portada-HyS_Equal-Saree.jpg\u00a0\u00bb url_new_window=\u00a0\u00bbon\u00a0\u00bb align_tablet=\u00a0\u00bbcenter\u00a0\u00bb align_phone=\u00a0\u00bb\u00a0\u00bb align_last_edited=\u00a0\u00bbon|desktop\u00a0\u00bb admin_label=\u00a0\u00bbHyS\u00a0\u00bb _builder_version=\u00a0\u00bb4.16&Prime; animation_style=\u00a0\u00bbslide\u00a0\u00bb animation_direction=\u00a0\u00bbleft\u00a0\u00bb animation_duration=\u00a0\u00bb500ms\u00a0\u00bb animation_intensity_slide=\u00a0\u00bb10%\u00a0\u00bb use_border_color=\u00a0\u00bboff\u00a0\u00bb always_center_on_mobile=\u00a0\u00bbon\u00a0\u00bb global_colors_info=\u00a0\u00bb{}\u00a0\u00bb]&nbsp;<br \/>\n[\/et_pb_image][et_pb_text admin_label=\u00a0\u00bbTexto\u00a0\u00bb _builder_version=\u00a0\u00bb4.16&Prime; text_font_size=\u00a0\u00bb12&Prime; text_line_height=\u00a0\u00bb1.4em\u00a0\u00bb background_size=\u00a0\u00bbinitial\u00a0\u00bb background_position=\u00a0\u00bbtop_left\u00a0\u00bb background_repeat=\u00a0\u00bbrepeat\u00a0\u00bb use_border_color=\u00a0\u00bboff\u00a0\u00bb global_colors_info=\u00a0\u00bb{}\u00a0\u00bb]<\/p>\n<h4><b>H\u00e1bitat y Sociedad. Aportaciones feministas a las arquitecturas y las ciudades<\/b><\/h4>\n<p><span style=\"font-weight: 400;\">Publication de l\u2019article \u00ab\u00a0<strong>Reorganizar el patio de la escuela, un proceso colectivo para la transformaci\u00f3n<\/strong>\u00ab\u00a0<\/span><\/p>\n<p><a href=\"https:\/\/revistascientificas.us.es\/index.php\/HyS\/article\/view\/5136\/6032\" target=\"_blank\" rel=\"noopener\"><span style=\"font-weight: 400;\">Lire l\u2019article<\/span><\/a><a href=\"https:\/\/revistascientificas.us.es\/index.php\/HyS\/article\/view\/5136\/6032\" target=\"_blank\" rel=\"noopener\"> &gt;<\/a><br \/> <a href=\"https:\/\/revistascientificas.us.es\/index.php\/HyS\/issue\/viewIssue\/460\/216\" target=\"_blank\" rel=\"noopener\"><span style=\"font-weight: 400;\">Publication compl\u00e8te<\/span> &gt;<\/a><br \/> <a href=\"https:\/\/equalsaree.org\/fr\/blog\/2019\/03\/01\/empatitzem-2\/\" target=\"_blank\" rel=\"noopener\"><span style=\"font-weight: 400;\">Projet li\u00e9<\/span><\/a><a href=\"https:\/\/equalsaree.org\/blog\/2016\/02\/24\/ct\/\">&gt;<\/a><\/p>\n<p>[\/et_pb_text][\/et_pb_column][et_pb_column type=\u00a0\u00bb1_4&Prime; _builder_version=\u00a0\u00bb4.16&Prime; custom_padding=\u00a0\u00bb|||\u00a0\u00bb global_colors_info=\u00a0\u00bb{}\u00a0\u00bb custom_padding__hover=\u00a0\u00bb|||\u00a0\u00bb][et_pb_image src=\u00a0\u00bbhttps:\/\/equalsaree.org\/wp-content\/uploads\/2019\/06\/02_Portada-Apropiaciones-de-la-ciudad_Equal-Saree.jpg\u00a0\u00bb url_new_window=\u00a0\u00bbon\u00a0\u00bb align_tablet=\u00a0\u00bbcenter\u00a0\u00bb align_phone=\u00a0\u00bb\u00a0\u00bb align_last_edited=\u00a0\u00bbon|desktop\u00a0\u00bb admin_label=\u00a0\u00bbApropiacions\u00a0\u00bb _builder_version=\u00a0\u00bb4.16&Prime; animation_style=\u00a0\u00bbslide\u00a0\u00bb animation_direction=\u00a0\u00bbleft\u00a0\u00bb animation_duration=\u00a0\u00bb500ms\u00a0\u00bb animation_intensity_slide=\u00a0\u00bb10%\u00a0\u00bb use_border_color=\u00a0\u00bboff\u00a0\u00bb always_center_on_mobile=\u00a0\u00bbon\u00a0\u00bb global_colors_info=\u00a0\u00bb{}\u00a0\u00bb]&nbsp;<br \/>\n[\/et_pb_image][et_pb_text admin_label=\u00a0\u00bbTexto\u00a0\u00bb _builder_version=\u00a0\u00bb4.16&Prime; text_font_size=\u00a0\u00bb12&Prime; text_line_height=\u00a0\u00bb1.4em\u00a0\u00bb background_size=\u00a0\u00bbinitial\u00a0\u00bb background_position=\u00a0\u00bbtop_left\u00a0\u00bb background_repeat=\u00a0\u00bbrepeat\u00a0\u00bb use_border_color=\u00a0\u00bboff\u00a0\u00bb global_colors_info=\u00a0\u00bb{}\u00a0\u00bb]<\/p>\n<h4><strong>Apropiaciones de la ciudad<\/strong><\/h4>\n<p><span style=\"font-weight: 400;\">T\u2019es-tu d\u00e9j\u00e0 demand\u00e9 comment, pour quoi et pour qui les villes sont-elles am\u00e9nag\u00e9es ? Pour quel type de personnes, de corps, de besoins ?\u00a0<\/span><\/p>\n<p><span style=\"font-weight: 400;\">Ce livre propose une r\u00e9flexion sur ces questions et d\u2019autres. Nous y sommes les autrices du chapitre \u201c<strong>Espaces de jeux et in\u00e9galit\u00e9s de genre dans l\u2019enfance<\/strong>\u201d. <\/span><\/p>\n<p>[\/et_pb_text][\/et_pb_column][\/et_pb_row][et_pb_row column_structure=\u00a0\u00bb1_4,1_4,1_4,1_4&Prime; admin_label=\u00a0\u00bbFila\u00a0\u00bb _builder_version=\u00a0\u00bb4.16&Prime; background_size=\u00a0\u00bbinitial\u00a0\u00bb background_position=\u00a0\u00bbtop_left\u00a0\u00bb background_repeat=\u00a0\u00bbrepeat\u00a0\u00bb global_colors_info=\u00a0\u00bb{}\u00a0\u00bb][et_pb_column type=\u00a0\u00bb1_4&Prime; _builder_version=\u00a0\u00bb4.16&Prime; custom_padding=\u00a0\u00bb|||\u00a0\u00bb global_colors_info=\u00a0\u00bb{}\u00a0\u00bb custom_padding__hover=\u00a0\u00bb|||\u00a0\u00bb][et_pb_image src=\u00a0\u00bbhttps:\/\/equalsaree.org\/wp-content\/uploads\/2019\/06\/01_Portada-Ludantia_Equal-Saree.jpg\u00a0\u00bb url=\u00a0\u00bbhttps:\/\/issuu.com\/colexiooficialdearquitectosgalicia\/docs\/ludantia_relatorios_2-3&Prime; url_new_window=\u00a0\u00bbon\u00a0\u00bb align_tablet=\u00a0\u00bbcenter\u00a0\u00bb align_phone=\u00a0\u00bb\u00a0\u00bb align_last_edited=\u00a0\u00bbon|desktop\u00a0\u00bb admin_label=\u00a0\u00bbLudantia\u00a0\u00bb _builder_version=\u00a0\u00bb4.16&Prime; animation_style=\u00a0\u00bbslide\u00a0\u00bb animation_direction=\u00a0\u00bbleft\u00a0\u00bb animation_duration=\u00a0\u00bb500ms\u00a0\u00bb animation_intensity_slide=\u00a0\u00bb10%\u00a0\u00bb use_border_color=\u00a0\u00bboff\u00a0\u00bb always_center_on_mobile=\u00a0\u00bbon\u00a0\u00bb global_colors_info=\u00a0\u00bb{}\u00a0\u00bb]&nbsp;<br \/>\n[\/et_pb_image][et_pb_text admin_label=\u00a0\u00bbTexto\u00a0\u00bb _builder_version=\u00a0\u00bb4.16&Prime; text_font_size=\u00a0\u00bb12&Prime; text_line_height=\u00a0\u00bb1.4em\u00a0\u00bb background_size=\u00a0\u00bbinitial\u00a0\u00bb background_position=\u00a0\u00bbtop_left\u00a0\u00bb background_repeat=\u00a0\u00bbrepeat\u00a0\u00bb use_border_color=\u00a0\u00bboff\u00a0\u00bb global_colors_info=\u00a0\u00bb{}\u00a0\u00bb]<\/p>\n<h4><b>Ludantia<\/b><\/h4>\n<p><b>Participation des gar\u00e7ons et des filles \u00e0 la transformation de leur cour d&rsquo;\u00e9cole en incluant des crit\u00e8res d&rsquo;\u00e9quit\u00e9.<\/b><\/p>\n<p><span style=\"font-weight: 400;\">Ce livre est une compilation de toutes les communications de la \u201cBiennale de l\u2019\u00e9ducation en architecture pour enfants et adolescents\u201d tenue \u00e0 Pontevedra en 2018.<\/span><\/p>\n<p><span style=\"font-weight: 400;\">Lire<\/span>\u00a0<a href=\"https:\/\/issuu.com\/colexiooficialdearquitectosgalicia\/docs\/ludantia_relatorios_2-3\">Relatorios 2<br \/><\/a><span style=\"font-weight: 400;\">Lire le reste des communications<\/span>:\u00a0\u00a0<a href=\"https:\/\/issuu.com\/colexiooficialdearquitectosgalicia\/docs\/ludantia_relatorios_1-3\">Relatorios 1\u00a0\u00a0<\/a>\u00a0<a href=\"https:\/\/issuu.com\/colexiooficialdearquitectosgalicia\/docs\/ludantia_relatorios_3-3\">Relatorios 3<\/a><\/p>\n<p>[\/et_pb_text][\/et_pb_column][et_pb_column type=\u00a0\u00bb1_4&Prime; _builder_version=\u00a0\u00bb4.16&Prime; custom_padding=\u00a0\u00bb|||\u00a0\u00bb global_colors_info=\u00a0\u00bb{}\u00a0\u00bb custom_padding__hover=\u00a0\u00bb|||\u00a0\u00bb][et_pb_image src=\u00a0\u00bbhttps:\/\/equalsaree.org\/wp-content\/uploads\/2020\/04\/06_Portada-ArquitectAs_Equal-Saree.jpg\u00a0\u00bb url_new_window=\u00a0\u00bbon\u00a0\u00bb align_tablet=\u00a0\u00bbcenter\u00a0\u00bb align_phone=\u00a0\u00bb\u00a0\u00bb align_last_edited=\u00a0\u00bbon|desktop\u00a0\u00bb admin_label=\u00a0\u00bbArquitectAs\u00a0\u00bb _builder_version=\u00a0\u00bb4.16&Prime; animation_style=\u00a0\u00bbslide\u00a0\u00bb animation_direction=\u00a0\u00bbleft\u00a0\u00bb animation_duration=\u00a0\u00bb500ms\u00a0\u00bb animation_intensity_slide=\u00a0\u00bb10%\u00a0\u00bb use_border_color=\u00a0\u00bboff\u00a0\u00bb always_center_on_mobile=\u00a0\u00bbon\u00a0\u00bb global_colors_info=\u00a0\u00bb{}\u00a0\u00bb]&nbsp;<br \/>\n[\/et_pb_image][et_pb_text admin_label=\u00a0\u00bbTexto\u00a0\u00bb _builder_version=\u00a0\u00bb4.16&Prime; text_font_size=\u00a0\u00bb12&Prime; text_line_height=\u00a0\u00bb1.4em\u00a0\u00bb background_size=\u00a0\u00bbinitial\u00a0\u00bb background_position=\u00a0\u00bbtop_left\u00a0\u00bb background_repeat=\u00a0\u00bbrepeat\u00a0\u00bb use_border_color=\u00a0\u00bboff\u00a0\u00bb global_colors_info=\u00a0\u00bb{}\u00a0\u00bb]<\/p>\n<h4><b>ArquitectAs. Redefiniendo la profesi\u00f3n<\/b><\/h4>\n<p><span style=\"font-weight: 400;\">Actes du \u00ab\u00a01r Congr\u00e9s Internacional en Arquitectura i G\u00e8nere\u00a0\u00bb.\u00a0<\/span><br \/>Sevilla, 2014<\/p>\n<p>[\/et_pb_text][\/et_pb_column][et_pb_column type=\u00a0\u00bb1_4&Prime; _builder_version=\u00a0\u00bb4.16&Prime; custom_padding=\u00a0\u00bb|||\u00a0\u00bb global_colors_info=\u00a0\u00bb{}\u00a0\u00bb custom_padding__hover=\u00a0\u00bb|||\u00a0\u00bb][et_pb_image src=\u00a0\u00bbhttps:\/\/equalsaree.org\/wp-content\/uploads\/2019\/06\/03_Portada-Premis-Ajac.jpg\u00a0\u00bb url_new_window=\u00a0\u00bbon\u00a0\u00bb align_tablet=\u00a0\u00bbcenter\u00a0\u00bb align_phone=\u00a0\u00bb\u00a0\u00bb align_last_edited=\u00a0\u00bbon|desktop\u00a0\u00bb admin_label=\u00a0\u00bbAjac\u00a0\u00bb _builder_version=\u00a0\u00bb4.16&Prime; animation_style=\u00a0\u00bbslide\u00a0\u00bb animation_direction=\u00a0\u00bbleft\u00a0\u00bb animation_duration=\u00a0\u00bb500ms\u00a0\u00bb animation_intensity_slide=\u00a0\u00bb10%\u00a0\u00bb use_border_color=\u00a0\u00bboff\u00a0\u00bb always_center_on_mobile=\u00a0\u00bbon\u00a0\u00bb global_colors_info=\u00a0\u00bb{}\u00a0\u00bb]&nbsp;<br \/>\n[\/et_pb_image][et_pb_text admin_label=\u00a0\u00bbTexto\u00a0\u00bb _builder_version=\u00a0\u00bb4.16&Prime; text_font_size=\u00a0\u00bb12&Prime; text_line_height=\u00a0\u00bb1.4em\u00a0\u00bb background_size=\u00a0\u00bbinitial\u00a0\u00bb background_position=\u00a0\u00bbtop_left\u00a0\u00bb background_repeat=\u00a0\u00bbrepeat\u00a0\u00bb use_border_color=\u00a0\u00bboff\u00a0\u00bb global_colors_info=\u00a0\u00bb{}\u00a0\u00bb]<\/p>\n<h4><strong>Publicaci\u00f3 X Premis Ajac<\/strong><\/h4>\n<p><span style=\"font-weight: 400;\"><span style=\"font-weight: 400;\" data-mce-fragment=\"1\">Publication pr\u00e9sentant tous les projets prim\u00e9s de cette \u00e9dition du X Premis Ajac, dans notre cas le projet <\/span> \u00ab\u00a0<strong>Camina Tamsh<\/strong>i\u00a0\u00bb.<\/span><\/p>\n<p><a href=\"https:\/\/equalsaree.org\/blog\/2016\/02\/24\/ct\/\" target=\"_blank\" rel=\"noopener\">Projet li\u00e9 &gt;<\/a><\/p>\n<p>[\/et_pb_text][\/et_pb_column][et_pb_column type=\u00a0\u00bb1_4&Prime; _builder_version=\u00a0\u00bb4.16&Prime; custom_padding=\u00a0\u00bb|||\u00a0\u00bb global_colors_info=\u00a0\u00bb{}\u00a0\u00bb custom_padding__hover=\u00a0\u00bb|||\u00a0\u00bb][\/et_pb_column][\/et_pb_row][et_pb_row _builder_version=\u00a0\u00bb4.16&Prime; background_size=\u00a0\u00bbinitial\u00a0\u00bb background_position=\u00a0\u00bbtop_left\u00a0\u00bb background_repeat=\u00a0\u00bbrepeat\u00a0\u00bb global_colors_info=\u00a0\u00bb{}\u00a0\u00bb][et_pb_column type=\u00a0\u00bb4_4&Prime; _builder_version=\u00a0\u00bb4.16&Prime; custom_padding=\u00a0\u00bb|||\u00a0\u00bb global_colors_info=\u00a0\u00bb{}\u00a0\u00bb custom_padding__hover=\u00a0\u00bb|||\u00a0\u00bb][et_pb_text _builder_version=\u00a0\u00bb4.16&Prime; global_colors_info=\u00a0\u00bb{}\u00a0\u00bb]&nbsp;<\/p>\n<p><a href=\"#top\"><img loading=\"lazy\" decoding=\"async\" class=\"alignnone wp-image-445\" src=\"https:\/\/equalsaree.org\/wp-content\/uploads\/2016\/03\/FLECHA-1.png\" alt=\"FLECHA\" width=\"30\" height=\"34\" \/><\/a><br \/>\n[\/et_pb_text][\/et_pb_column][\/et_pb_row][\/et_pb_section][et_pb_section fb_built=\u00a0\u00bb1&Prime; admin_label=\u00a0\u00bbSecci\u00f3n\u00a0\u00bb _builder_version=\u00a0\u00bb4.16&Prime; locked=\u00a0\u00bboff\u00a0\u00bb global_colors_info=\u00a0\u00bb{}\u00a0\u00bb][et_pb_row module_id=\u00a0\u00bbvideos\u00a0\u00bb _builder_version=\u00a0\u00bb4.16&Prime; global_colors_info=\u00a0\u00bb{}\u00a0\u00bb][et_pb_column type=\u00a0\u00bb4_4&Prime; _builder_version=\u00a0\u00bb4.16&Prime; custom_padding=\u00a0\u00bb|||\u00a0\u00bb global_colors_info=\u00a0\u00bb{}\u00a0\u00bb custom_padding__hover=\u00a0\u00bb|||\u00a0\u00bb][et_pb_divider show_divider=\u00a0\u00bboff\u00a0\u00bb _builder_version=\u00a0\u00bb4.16&Prime; global_colors_info=\u00a0\u00bb{}\u00a0\u00bb][\/et_pb_divider][et_pb_text admin_label=\u00a0\u00bbV\u00eddeos\u00a0\u00bb _builder_version=\u00a0\u00bb4.16&Prime; global_colors_info=\u00a0\u00bb{}\u00a0\u00bb]<\/p>\n<h3><b>Vid\u00e9os<\/b><\/h3>\n<p>[\/et_pb_text][et_pb_divider show_divider=\u00a0\u00bboff\u00a0\u00bb disabled_on=\u00a0\u00bbon|on|off\u00a0\u00bb admin_label=\u00a0\u00bbSeparador\u00a0\u00bb _builder_version=\u00a0\u00bb4.16&Prime; height=\u00a0\u00bb20px\u00a0\u00bb global_colors_info=\u00a0\u00bb{}\u00a0\u00bb]&nbsp;<br \/>\n[\/et_pb_divider][\/et_pb_column][\/et_pb_row][et_pb_row column_structure=\u00a0\u00bb1_4,1_4,1_4,1_4&Prime; admin_label=\u00a0\u00bbFila\u00a0\u00bb _builder_version=\u00a0\u00bb4.16&Prime; background_size=\u00a0\u00bbinitial\u00a0\u00bb background_position=\u00a0\u00bbtop_left\u00a0\u00bb background_repeat=\u00a0\u00bbrepeat\u00a0\u00bb global_colors_info=\u00a0\u00bb{}\u00a0\u00bb][et_pb_column type=\u00a0\u00bb1_4&Prime; _builder_version=\u00a0\u00bb4.16&Prime; custom_padding=\u00a0\u00bb|||\u00a0\u00bb global_colors_info=\u00a0\u00bb{}\u00a0\u00bb custom_padding__hover=\u00a0\u00bb|||\u00a0\u00bb][et_pb_image src=\u00a0\u00bbhttps:\/\/equalsaree.org\/wp-content\/uploads\/2026\/04\/Mamifera-NEB.jpg\u00a0\u00bb title_text=\u00a0\u00bbMam\u00edfera NEB\u00a0\u00bb url=\u00a0\u00bbhttps:\/\/www.youtube.com\/watch?v=q7J5UWXMHfQ\u00a0\u00bb url_new_window=\u00a0\u00bbon\u00a0\u00bb use_overlay=\u00a0\u00bbon\u00a0\u00bb overlay_icon_color=\u00a0\u00bb#ffffff\u00a0\u00bb hover_overlay_color=\u00a0\u00bb#5eb7b2&Prime; hover_icon=\u00a0\u00bb&#x49;||divi||400&Prime; align_tablet=\u00a0\u00bbcenter\u00a0\u00bb align_phone=\u00a0\u00bb\u00a0\u00bb align_last_edited=\u00a0\u00bbon|desktop\u00a0\u00bb admin_label=\u00a0\u00bbworkshop EUP\u00a0\u00bb _builder_version=\u00a0\u00bb4.27.4&Prime; animation_style=\u00a0\u00bbslide\u00a0\u00bb animation_direction=\u00a0\u00bbleft\u00a0\u00bb animation_duration=\u00a0\u00bb500ms\u00a0\u00bb animation_intensity_slide=\u00a0\u00bb10%\u00a0\u00bb hover_enabled=\u00a0\u00bb0&Prime; use_border_color=\u00a0\u00bboff\u00a0\u00bb always_center_on_mobile=\u00a0\u00bbon\u00a0\u00bb global_colors_info=\u00a0\u00bb{}\u00a0\u00bb sticky_enabled=\u00a0\u00bb0&Prime;]&nbsp;<br \/>\n[\/et_pb_image][et_pb_text admin_label=\u00a0\u00bbTexto\u00a0\u00bb _builder_version=\u00a0\u00bb4.27.4&Prime; text_font_size=\u00a0\u00bb12&Prime; text_line_height=\u00a0\u00bb1.4em\u00a0\u00bb background_size=\u00a0\u00bbinitial\u00a0\u00bb background_position=\u00a0\u00bbtop_left\u00a0\u00bb background_repeat=\u00a0\u00bbrepeat\u00a0\u00bb hover_enabled=\u00a0\u00bb0&Prime; use_border_color=\u00a0\u00bboff\u00a0\u00bb global_colors_info=\u00a0\u00bb{}\u00a0\u00bb sticky_enabled=\u00a0\u00bb0&Prime;]<\/p>\n<h4><strong>Mam\u00edfera<\/strong><\/h4>\n<p><strong>Espace d&rsquo;allaitement en commun<\/strong><\/p>\n<p>Mam\u00edfera a \u00e9t\u00e9 cr\u00e9\u00e9e dans le cadre des prix Model. Festival d&rsquo;architecture de Barcelone et figurait parmi les projets finalistes des prix New European Bauhaus 2024. Les NEB visent \u00e0 promouvoir l&rsquo;architecture et son r\u00f4le dans l&rsquo;am\u00e9lioration de la qualit\u00e9 de vie dans les villes. En ce sens, Mam\u00edfera offre un espace visible, accessible, s\u00fbr et confortable pour faciliter la vie des personnes qui allaitent et nourrissent des nourrissons. Mam\u00edfera place la vie et la collectivisation des soins au centre de ses pr\u00e9occupations et met en \u00e9vidence la n\u00e9cessit\u00e9 d&rsquo;espaces de soins collectifs dans l&rsquo;espace public.<\/p>\n<p><a href=\"https:\/\/www.youtube.com\/watch?v=q7J5UWXMHfQ\" target=\"_blank\" rel=\"noopener noreferrer\">Regardez-l\u00e0 sur youtube\u00a0 &gt;<\/a><a href=\"https:\/\/www.youtube.com\/watch?v=Uthyvef4BO8\" target=\"_blank\" rel=\"noopener noreferrer\"><br \/><\/a><a href=\"https:\/\/www.youtube.com\/watch?v=Uthyvef4BO8\" target=\"_blank\" rel=\"noopener noreferrer\"><br \/><\/a><\/p>\n<p>&nbsp;<\/p>\n<p>[\/et_pb_text][\/et_pb_column][et_pb_column type=\u00a0\u00bb1_4&Prime; _builder_version=\u00a0\u00bb4.16&Prime; custom_padding=\u00a0\u00bb|||\u00a0\u00bb global_colors_info=\u00a0\u00bb{}\u00a0\u00bb custom_padding__hover=\u00a0\u00bb|||\u00a0\u00bb][et_pb_image src=\u00a0\u00bbhttps:\/\/equalsaree.org\/wp-content\/uploads\/2021\/11\/07_Workshop-universitari-a-lEscola-dUrbanisme-de-Paris-EUP.jpg\u00a0\u00bb title_text=\u00a0\u00bb07_Workshop universitari a l&rsquo;Escola d&rsquo;Urbanisme de Par\u00eds (EUP)\u00a0\u00bb url=\u00a0\u00bbhttps:\/\/www.youtube.com\/watch?v=oFZMEV77cu8&Prime; url_new_window=\u00a0\u00bbon\u00a0\u00bb use_overlay=\u00a0\u00bbon\u00a0\u00bb overlay_icon_color=\u00a0\u00bb#ffffff\u00a0\u00bb hover_overlay_color=\u00a0\u00bb#5eb7b2&Prime; hover_icon=\u00a0\u00bb&#x49;||divi||400&Prime; align_tablet=\u00a0\u00bbcenter\u00a0\u00bb align_phone=\u00a0\u00bb\u00a0\u00bb align_last_edited=\u00a0\u00bbon|desktop\u00a0\u00bb admin_label=\u00a0\u00bbworkshop EUP\u00a0\u00bb _builder_version=\u00a0\u00bb4.16&Prime; animation_style=\u00a0\u00bbslide\u00a0\u00bb animation_direction=\u00a0\u00bbleft\u00a0\u00bb animation_duration=\u00a0\u00bb500ms\u00a0\u00bb animation_intensity_slide=\u00a0\u00bb10%\u00a0\u00bb use_border_color=\u00a0\u00bboff\u00a0\u00bb always_center_on_mobile=\u00a0\u00bbon\u00a0\u00bb global_colors_info=\u00a0\u00bb{}\u00a0\u00bb]&nbsp;<br \/>\n[\/et_pb_image][et_pb_text admin_label=\u00a0\u00bbTexto\u00a0\u00bb _builder_version=\u00a0\u00bb4.16&Prime; text_font_size=\u00a0\u00bb12&Prime; text_line_height=\u00a0\u00bb1.4em\u00a0\u00bb background_size=\u00a0\u00bbinitial\u00a0\u00bb background_position=\u00a0\u00bbtop_left\u00a0\u00bb background_repeat=\u00a0\u00bbrepeat\u00a0\u00bb use_border_color=\u00a0\u00bboff\u00a0\u00bb global_colors_info=\u00a0\u00bb{}\u00a0\u00bb]<\/p>\n<h4><strong>Atelier universitaire \u00e0 l&rsquo;\u00c9cole d&rsquo;urbanisme de Paris (EUP)<\/strong><\/h4>\n<p><strong>De l\u2019approche du genre \u00e0 l\u2019approche des genres<\/strong><\/p>\n<p><span style=\"font-weight: 400;\">A travers une approche \u00e0 la fois th\u00e9orique et pratique (exploration et pr\u00e9conisations sur un espace public), cet atelier propose aux \u00e9tudiants et \u00e9tudiantes de se former \u00e0 l\u2019approche genre appliqu\u00e9e au travail de diagnostic et de conception urbaine.<\/span><\/p>\n<p><span style=\"font-weight: 400;\">En collaboration avec la Direction de l&rsquo;Urbanisme et l&rsquo;Observatoire de Paris des Violences faites aux Femmes de la Ville de Paris.<\/span><\/p>\n<p><a href=\"https:\/\/www.youtube.com\/watch?v=AmZkHHiZJ5I&amp;t=1s\" target=\"_blank\" rel=\"noopener noreferrer\">Regardez-l\u00e0 sur youtube avec les soustitres en espagnol &gt;<\/a><a href=\"https:\/\/www.youtube.com\/watch?v=Uthyvef4BO8\" target=\"_blank\" rel=\"noopener noreferrer\"><br \/>Regardez-l\u00e0 sur youtube avec les soustitres en fran\u00e7ais &gt;<\/a><a href=\"https:\/\/www.youtube.com\/watch?v=Uthyvef4BO8\" target=\"_blank\" rel=\"noopener noreferrer\"><br \/><\/a><\/p>\n<p>&nbsp;<\/p>\n<p>[\/et_pb_text][\/et_pb_column][et_pb_column type=\u00a0\u00bb1_4&Prime; _builder_version=\u00a0\u00bb4.16&Prime; custom_padding=\u00a0\u00bb|||\u00a0\u00bb global_colors_info=\u00a0\u00bb{}\u00a0\u00bb custom_padding__hover=\u00a0\u00bb|||\u00a0\u00bb][et_pb_image src=\u00a0\u00bbhttps:\/\/equalsaree.org\/wp-content\/uploads\/2020\/05\/portada_urbana.jpg\u00a0\u00bb title_text=\u00a0\u00bbportada_urbana\u00a0\u00bb url=\u00a0\u00bbhttps:\/\/www.youtube.com\/watch?v=oFZMEV77cu8&Prime; url_new_window=\u00a0\u00bbon\u00a0\u00bb use_overlay=\u00a0\u00bbon\u00a0\u00bb overlay_icon_color=\u00a0\u00bb#ffffff\u00a0\u00bb hover_overlay_color=\u00a0\u00bb#5eb7b2&Prime; hover_icon=\u00a0\u00bb&#x49;||divi||400&Prime; align_tablet=\u00a0\u00bbcenter\u00a0\u00bb align_phone=\u00a0\u00bb\u00a0\u00bb align_last_edited=\u00a0\u00bbon|desktop\u00a0\u00bb admin_label=\u00a0\u00bbAtenes\u00a0\u00bb _builder_version=\u00a0\u00bb4.16&Prime; animation_style=\u00a0\u00bbslide\u00a0\u00bb animation_direction=\u00a0\u00bbleft\u00a0\u00bb animation_duration=\u00a0\u00bb500ms\u00a0\u00bb animation_intensity_slide=\u00a0\u00bb10%\u00a0\u00bb use_border_color=\u00a0\u00bboff\u00a0\u00bb always_center_on_mobile=\u00a0\u00bbon\u00a0\u00bb global_colors_info=\u00a0\u00bb{}\u00a0\u00bb]&nbsp;<br \/>\n[\/et_pb_image][et_pb_text admin_label=\u00a0\u00bbTexto\u00a0\u00bb _builder_version=\u00a0\u00bb4.16&Prime; text_font_size=\u00a0\u00bb12&Prime; text_line_height=\u00a0\u00bb1.4em\u00a0\u00bb background_size=\u00a0\u00bbinitial\u00a0\u00bb background_position=\u00a0\u00bbtop_left\u00a0\u00bb background_repeat=\u00a0\u00bbrepeat\u00a0\u00bb use_border_color=\u00a0\u00bboff\u00a0\u00bb global_colors_info=\u00a0\u00bb{}\u00a0\u00bb]<\/p>\n<h4><strong>When women go about Athens<\/strong><\/h4>\n<p><b>Re-examining Athen&rsquo;s public space through women&rsquo;s experiences<\/b><\/p>\n<p>\u00ab\u00a0When women go about Athens\u00a0\u00bb est le r\u00e9sultat d&rsquo;une formation universitaire bas\u00e9e sur la m\u00e9thodologie des Marches exploratoires dans la ville d&rsquo;Ath\u00e8nes.<\/p>\n<p>Les marches exploratoires sont une m\u00e9thodologie f\u00e9ministe tr\u00e8s puissante car, en plus d&rsquo;ajouter une grande valeur \u00e0 l&rsquo;analyse urbaine de la proximit\u00e9 et du quotidien, elles sont une exp\u00e9rience de sororit\u00e9 et de responsabilisation.<\/p>\n<p>Dans cette vid\u00e9o, plusieurs \u00e9tudiants racontent comment cette formation a transform\u00e9 leur compr\u00e9hension de l&rsquo;espace urbain.<\/p>\n<p><a href=\"https:\/\/www.youtube.com\/watch?v=oFZMEV77cu8\" target=\"_blank\" rel=\"noopener\">Regardez-l\u00e0 sur youtube &gt;<\/a><\/p>\n<p>&nbsp;<\/p>\n<p>[\/et_pb_text][\/et_pb_column][et_pb_column type=\u00a0\u00bb1_4&Prime; _builder_version=\u00a0\u00bb4.16&Prime; custom_padding=\u00a0\u00bb|||\u00a0\u00bb global_colors_info=\u00a0\u00bb{}\u00a0\u00bb custom_padding__hover=\u00a0\u00bb|||\u00a0\u00bb][et_pb_image src=\u00a0\u00bbhttps:\/\/equalsaree.org\/wp-content\/uploads\/2019\/06\/06_Portada-Empatitzem_Equal-Saree.jpg\u00a0\u00bb url=\u00a0\u00bbhttps:\/\/www.youtube.com\/watch?v=-sNyWZ-JibM\u00a0\u00bb url_new_window=\u00a0\u00bbon\u00a0\u00bb use_overlay=\u00a0\u00bbon\u00a0\u00bb overlay_icon_color=\u00a0\u00bb#ffffff\u00a0\u00bb hover_overlay_color=\u00a0\u00bb#5eb7b2&Prime; hover_icon=\u00a0\u00bb&#x49;||divi||400&Prime; align_tablet=\u00a0\u00bbcenter\u00a0\u00bb align_phone=\u00a0\u00bb\u00a0\u00bb align_last_edited=\u00a0\u00bbon|desktop\u00a0\u00bb admin_label=\u00a0\u00bbEmpatitzem\u00a0\u00bb _builder_version=\u00a0\u00bb4.16&Prime; animation_style=\u00a0\u00bbslide\u00a0\u00bb animation_direction=\u00a0\u00bbleft\u00a0\u00bb animation_duration=\u00a0\u00bb500ms\u00a0\u00bb animation_intensity_slide=\u00a0\u00bb10%\u00a0\u00bb use_border_color=\u00a0\u00bboff\u00a0\u00bb always_center_on_mobile=\u00a0\u00bbon\u00a0\u00bb global_colors_info=\u00a0\u00bb{}\u00a0\u00bb]&nbsp;<br \/>\n[\/et_pb_image][et_pb_text admin_label=\u00a0\u00bbTexto\u00a0\u00bb _builder_version=\u00a0\u00bb4.16&Prime; text_font_size=\u00a0\u00bb12&Prime; text_line_height=\u00a0\u00bb1.4em\u00a0\u00bb background_size=\u00a0\u00bbinitial\u00a0\u00bb background_position=\u00a0\u00bbtop_left\u00a0\u00bb background_repeat=\u00a0\u00bbrepeat\u00a0\u00bb use_border_color=\u00a0\u00bboff\u00a0\u00bb global_colors_info=\u00a0\u00bb{}\u00a0\u00bb]<\/p>\n<h4><strong>Empatitzem\u00a0<\/strong><\/h4>\n<p><b>Repensons les usages des cours d\u2019\u00e9cole.<\/b><\/p>\n<p><span style=\"font-weight: 400;\">Cette vid\u00e9o retrace le processus de conception du projet Empatitzem dans les 5 \u00e9coles de Santa Coloma de Gramenet qui ont particip\u00e9 \u00e0 cette \u00e9dition: Fray Luis de Le\u00f3n, Llu\u00eds Milllet, Jaume Salvatella, Merc\u00e8 Rodoreda et Miguel de Unamuno.<\/span><\/p>\n<p><span style=\"font-weight: 400;\">Elle est un r\u00e9cit audiovisuel collectif de l&rsquo;exp\u00e9rience Empatitzem, r\u00e9alis\u00e9 en m\u00e9langeant les m\u00eames ingr\u00e9dients que les \u00e9l\u00e8ves ont mobilis\u00e9s tout au long du processus. <\/span><\/p>\n<p><span style=\"font-weight: 400;\">La ligne du temps montre les diff\u00e9rentes phases et les images ont \u00e9t\u00e9 cr\u00e9\u00e9es \u00e0 partir des dessins et cartes r\u00e9alis\u00e9es par les \u00e9l\u00e8ves tout au long du processus.\u00a0<\/span><\/p>\n<p><span style=\"font-weight: 400;\">Vid\u00e9o r\u00e9alis\u00e9e en collaboration avec la Coopt\u00e8cniques<\/span><\/p>\n<p><span style=\"font-weight: 400;\"><a href=\"https:\/\/equalsaree.org\/fr\/blog\/2019\/03\/01\/empatitzem-2\/\" target=\"_blank\" rel=\"noopener\">Projet li\u00e9 &gt;<\/a><br \/> <\/span><span style=\"color: #d6202d;\"><a href=\"https:\/\/www.youtube.com\/watch?v=-sNyWZ-JibM\" target=\"_blank\" rel=\"noopener\"><span style=\"font-weight: 400;\">Regardez-l\u00e0 sur youtube &gt;<\/span><\/a><\/span><\/p>\n<p><span style=\"color: #d6202d;\"><span style=\"font-weight: 400;\"><\/span><\/span><\/p>\n<p>[\/et_pb_text][\/et_pb_column][\/et_pb_row][et_pb_row column_structure=\u00a0\u00bb1_4,1_4,1_4,1_4&Prime; admin_label=\u00a0\u00bbFila\u00a0\u00bb _builder_version=\u00a0\u00bb4.16&Prime; background_size=\u00a0\u00bbinitial\u00a0\u00bb background_position=\u00a0\u00bbtop_left\u00a0\u00bb background_repeat=\u00a0\u00bbrepeat\u00a0\u00bb global_colors_info=\u00a0\u00bb{}\u00a0\u00bb][et_pb_column type=\u00a0\u00bb1_4&Prime; _builder_version=\u00a0\u00bb4.16&Prime; custom_padding=\u00a0\u00bb|||\u00a0\u00bb global_colors_info=\u00a0\u00bb{}\u00a0\u00bb custom_padding__hover=\u00a0\u00bb|||\u00a0\u00bb][et_pb_image src=\u00a0\u00bbhttps:\/\/equalsaree.org\/wp-content\/uploads\/2019\/06\/05_Portada-Equalplaygrounds_-EqualSaree_.jpg\u00a0\u00bb url=\u00a0\u00bbhttps:\/\/www.youtube.com\/watch?v=1Oq5sZQRzCY\u00a0\u00bb url_new_window=\u00a0\u00bbon\u00a0\u00bb use_overlay=\u00a0\u00bbon\u00a0\u00bb overlay_icon_color=\u00a0\u00bb#ffffff\u00a0\u00bb hover_overlay_color=\u00a0\u00bb#5eb7b2&Prime; hover_icon=\u00a0\u00bb&#x49;||divi||400&Prime; align_tablet=\u00a0\u00bbcenter\u00a0\u00bb align_phone=\u00a0\u00bb\u00a0\u00bb align_last_edited=\u00a0\u00bbon|desktop\u00a0\u00bb admin_label=\u00a0\u00bbEqual Playgrounds\u00a0\u00bb _builder_version=\u00a0\u00bb4.16&Prime; animation_style=\u00a0\u00bbslide\u00a0\u00bb animation_direction=\u00a0\u00bbleft\u00a0\u00bb animation_duration=\u00a0\u00bb500ms\u00a0\u00bb animation_intensity_slide=\u00a0\u00bb10%\u00a0\u00bb use_border_color=\u00a0\u00bboff\u00a0\u00bb always_center_on_mobile=\u00a0\u00bbon\u00a0\u00bb global_colors_info=\u00a0\u00bb{}\u00a0\u00bb]&nbsp;<br \/>\n[\/et_pb_image][et_pb_text admin_label=\u00a0\u00bbTexto\u00a0\u00bb _builder_version=\u00a0\u00bb4.16&Prime; text_font_size=\u00a0\u00bb12&Prime; text_line_height=\u00a0\u00bb1.4em\u00a0\u00bb background_size=\u00a0\u00bbinitial\u00a0\u00bb background_position=\u00a0\u00bbtop_left\u00a0\u00bb background_repeat=\u00a0\u00bbrepeat\u00a0\u00bb use_border_color=\u00a0\u00bboff\u00a0\u00bb global_colors_info=\u00a0\u00bb{}\u00a0\u00bb]<\/p>\n<h4><strong>Equal Playgrounds<\/strong><\/h4>\n<p><b>Campagne de sensibilisation sur l\u2019usage des cours de r\u00e9cr\u00e9ation.<\/b><\/p>\n<p><span style=\"font-weight: 400;\">La cour de r\u00e9cr\u00e9ation est le premier espace urbain dans lequel les filles et les gar\u00e7ons apprennent \u00e0 interagir librement. Le probl\u00e8me est que, dans la majorit\u00e9 des cours, le terrain de football, principalement utilis\u00e9 par des gar\u00e7ons, occupe l\u2019espace central de la cour quand la majeure partie des filles et le reste des enfants s\u2019habituent \u00e0 se regrouper \u00e0 la p\u00e9riph\u00e9rie. En cons\u00e9quences, ils r\u00e9alisent des activit\u00e9s plus passives, statiques et moins importantes dans l\u2019espace. Pour \u00e9viter que les in\u00e9galit\u00e9s de genre se reproduisent d\u00e8s l\u2019enfance, nous devons cr\u00e9er des cours \u00e9galitaires.<\/span><\/p>\n<p><span style=\"font-weight: 400;\">Vid\u00e9o r\u00e9alis\u00e9e en collaboration avec Ogilvy et l&rsquo;\u00c9cole Alfred Mata.<\/span><\/p>\n<p><span style=\"font-weight: 400;\"><a href=\"http:\/\/equalplaygrounds.org\/index_cat.html\" target=\"_blank\" rel=\"noopener\">Projet li\u00e9 &gt;<br \/> <\/a><\/span><a href=\"https:\/\/www.youtube.com\/watch?v=1Oq5sZQRzCY\" target=\"_blank\" rel=\"noopener\"><span>Regardez-la sur youtube avec les sous-titres en espagnol &gt;<br \/> <\/span><\/a><a href=\"https:\/\/www.youtube.com\/watch?v=0kUdjWhirxM&amp;t=4s\" target=\"_blank\" rel=\"noopener\"><span style=\"font-weight: 400;\">Regardez-l\u00e0 sur youtube avec les sous-titre en anglais &gt;<\/span><\/a><\/p>\n<p><span style=\"font-weight: 400;\"><\/span><\/p>\n<p>[\/et_pb_text][\/et_pb_column][et_pb_column type=\u00a0\u00bb1_4&Prime; _builder_version=\u00a0\u00bb4.16&Prime; custom_padding=\u00a0\u00bb|||\u00a0\u00bb global_colors_info=\u00a0\u00bb{}\u00a0\u00bb custom_padding__hover=\u00a0\u00bb|||\u00a0\u00bb][et_pb_image src=\u00a0\u00bbhttps:\/\/equalsaree.org\/wp-content\/uploads\/2019\/06\/01_Portada-Inclusive-Schoolyards_Equal-Saree.jpg\u00a0\u00bb url=\u00a0\u00bbhttps:\/\/www.youtube.com\/watch?v=fkN0FzfNYnU\u00a0\u00bb url_new_window=\u00a0\u00bbon\u00a0\u00bb use_overlay=\u00a0\u00bbon\u00a0\u00bb overlay_icon_color=\u00a0\u00bb#ffffff\u00a0\u00bb hover_overlay_color=\u00a0\u00bb#5eb7b2&Prime; hover_icon=\u00a0\u00bb&#x49;||divi||400&Prime; align_tablet=\u00a0\u00bbcenter\u00a0\u00bb align_phone=\u00a0\u00bb\u00a0\u00bb align_last_edited=\u00a0\u00bbon|desktop\u00a0\u00bb admin_label=\u00a0\u00bbInclusive Schoolyards\u00a0\u00bb _builder_version=\u00a0\u00bb4.16&Prime; animation_style=\u00a0\u00bbslide\u00a0\u00bb animation_direction=\u00a0\u00bbleft\u00a0\u00bb animation_duration=\u00a0\u00bb500ms\u00a0\u00bb animation_intensity_slide=\u00a0\u00bb10%\u00a0\u00bb use_border_color=\u00a0\u00bboff\u00a0\u00bb always_center_on_mobile=\u00a0\u00bbon\u00a0\u00bb global_colors_info=\u00a0\u00bb{}\u00a0\u00bb]&nbsp;<br \/>\n[\/et_pb_image][et_pb_text admin_label=\u00a0\u00bbTexto\u00a0\u00bb _builder_version=\u00a0\u00bb4.16&Prime; text_font_size=\u00a0\u00bb12&Prime; text_line_height=\u00a0\u00bb1.4em\u00a0\u00bb background_size=\u00a0\u00bbinitial\u00a0\u00bb background_position=\u00a0\u00bbtop_left\u00a0\u00bb background_repeat=\u00a0\u00bbrepeat\u00a0\u00bb use_border_color=\u00a0\u00bboff\u00a0\u00bb global_colors_info=\u00a0\u00bb{}\u00a0\u00bb]<\/p>\n<h4><strong>Inclusive Schoolyards<\/strong><\/h4>\n<p><strong><b>Vid\u00e9o de diffusion du projet de financement participatif pour la traduction du guide<\/b> \u00ab\u00a0El pati de l&rsquo;escola en igualtat\u00a0\u00bb.<\/strong><\/p>\n<p><span style=\"font-weight: 400;\">Partant de l\u2019importance de la cour d\u2019\u00e9cole comme espace d\u2019apprentissage, de jeu et de convivialit\u00e9, nous cherchons \u00e0 \u00e9laborer des propositions de r\u00e9am\u00e9nagement qui travaille sur l\u2019\u00e9galit\u00e9 de genre, la coop\u00e9ration et les valeurs d\u2019inclusion.\u00a0<\/span><\/p>\n<p><span style=\"font-weight: 400;\">Nous pensons que r\u00e9fl\u00e9chir et exp\u00e9rimenter la r\u00e9organisation de l&rsquo;espace peut \u00eatre un point de d\u00e9part pour r\u00e9aliser des changements profonds, \u00e0 la fois dans les \u00e9coles et dans la communaut\u00e9.<\/span><\/p>\n<p><span style=\"font-weight: 400;\">Vid\u00e9o r\u00e9alis\u00e9e en collaboration avec Arnau Costa i Sirvent, Athan Zervopoulos et Kately Roberts.<\/span><\/p>\n<p><a href=\"https:\/\/www.youtube.com\/watch?v=fkN0FzfNYnU\" target=\"_blank\" rel=\"noopener\"><span style=\"font-weight: 400;\">Regardez-l\u00e0 sur youtube \u00a0&gt;<br \/><\/span><\/a><a href=\"http:\/\/www.goteo.org\/project\/inclusive-schoolyards\" target=\"_blank\" rel=\"noopener\"><span style=\"font-weight: 400;\">Voir le projet sur Goteo &gt;<\/span><\/a>\u00a0<\/p>\n<p>[\/et_pb_text][\/et_pb_column][et_pb_column type=\u00a0\u00bb1_4&Prime; _builder_version=\u00a0\u00bb4.16&Prime; custom_padding=\u00a0\u00bb|||\u00a0\u00bb global_colors_info=\u00a0\u00bb{}\u00a0\u00bb custom_padding__hover=\u00a0\u00bb|||\u00a0\u00bb][et_pb_image src=\u00a0\u00bbhttps:\/\/equalsaree.org\/wp-content\/uploads\/2019\/06\/03_Portada-Fem-Dissabte-a-la-Pla\u00e7a-den-Bar\u00f3.jpg\u00a0\u00bb url=\u00a0\u00bbhttps:\/\/www.youtube.com\/watch?v=a724KMgH-jk&#038;t=1s\u00a0\u00bb url_new_window=\u00a0\u00bbon\u00a0\u00bb use_overlay=\u00a0\u00bbon\u00a0\u00bb overlay_icon_color=\u00a0\u00bb#ffffff\u00a0\u00bb hover_overlay_color=\u00a0\u00bb#5eb7b2&Prime; hover_icon=\u00a0\u00bb&#x49;||divi||400&Prime; align_tablet=\u00a0\u00bbcenter\u00a0\u00bb align_phone=\u00a0\u00bb\u00a0\u00bb align_last_edited=\u00a0\u00bbon|desktop\u00a0\u00bb admin_label=\u00a0\u00bbFem Dissabte\u00a0\u00bb _builder_version=\u00a0\u00bb4.16&Prime; animation_style=\u00a0\u00bbslide\u00a0\u00bb animation_direction=\u00a0\u00bbleft\u00a0\u00bb animation_duration=\u00a0\u00bb500ms\u00a0\u00bb animation_intensity_slide=\u00a0\u00bb10%\u00a0\u00bb use_border_color=\u00a0\u00bboff\u00a0\u00bb always_center_on_mobile=\u00a0\u00bbon\u00a0\u00bb global_colors_info=\u00a0\u00bb{}\u00a0\u00bb]&nbsp;<br \/>\n[\/et_pb_image][et_pb_text admin_label=\u00a0\u00bbTexto\u00a0\u00bb _builder_version=\u00a0\u00bb4.16&Prime; text_font_size=\u00a0\u00bb12&Prime; text_line_height=\u00a0\u00bb1.4em\u00a0\u00bb background_size=\u00a0\u00bbinitial\u00a0\u00bb background_position=\u00a0\u00bbtop_left\u00a0\u00bb background_repeat=\u00a0\u00bbrepeat\u00a0\u00bb use_border_color=\u00a0\u00bboff\u00a0\u00bb global_colors_info=\u00a0\u00bb{}\u00a0\u00bb]<\/p>\n<h4><strong>Fem dissante a la Pla\u00e7a d&rsquo;en Bar\u00f3!<\/strong><\/h4>\n<p><b>Urbanisme collaboratif avec les enfants de Santa Coloma de Gramenet.<\/b><\/p>\n<p><span style=\"font-weight: 400;\">Cette vid\u00e9o retrace les sessions participatives avec les enfants pour ce projet d\u2019espace public.\u00a0\u00a0<\/span><\/p>\n<p><span style=\"font-weight: 400;\">Vid\u00e9o r\u00e9alis\u00e9e en collaboration avec Andr\u00e9s Hermelo et Alba Sotelo.<\/span><\/p>\n<p><a href=\"https:\/\/equalsaree.org\/fr\/blog\/2019\/02\/01\/passons-le-samedi-a-placa-baro\/\" target=\"_blank\" rel=\"noopener\"><span style=\"font-weight: 400;\">Projet li\u00e9 &gt;<br \/><\/span><\/a><a href=\"https:\/\/www.youtube.com\/watch?v=a724KMgH-jk&amp;t=1s\" target=\"_blank\" rel=\"noopener\"><span style=\"font-weight: 400;\">Regardez-la sur youtube &gt;<\/span><\/a><\/p>\n<p>[\/et_pb_text][\/et_pb_column][et_pb_column type=\u00a0\u00bb1_4&Prime; _builder_version=\u00a0\u00bb4.16&Prime; custom_padding=\u00a0\u00bb|||\u00a0\u00bb global_colors_info=\u00a0\u00bb{}\u00a0\u00bb custom_padding__hover=\u00a0\u00bb|||\u00a0\u00bb][et_pb_image src=\u00a0\u00bbhttps:\/\/equalsaree.org\/wp-content\/uploads\/2019\/06\/02_Portada-Camina-Tamshi_Equal-Saree_3.jpg\u00a0\u00bb url=\u00a0\u00bbhttps:\/\/www.youtube.com\/watch?v=wX-XKbCEYzA&#038;t=16s\u00a0\u00bb url_new_window=\u00a0\u00bbon\u00a0\u00bb use_overlay=\u00a0\u00bbon\u00a0\u00bb overlay_icon_color=\u00a0\u00bb#ffffff\u00a0\u00bb hover_overlay_color=\u00a0\u00bb#5eb7b2&Prime; hover_icon=\u00a0\u00bb&#x49;||divi||400&Prime; align_tablet=\u00a0\u00bbcenter\u00a0\u00bb align_phone=\u00a0\u00bb\u00a0\u00bb align_last_edited=\u00a0\u00bbon|desktop\u00a0\u00bb admin_label=\u00a0\u00bbCamina\u00a0\u00bb _builder_version=\u00a0\u00bb4.16&Prime; animation_style=\u00a0\u00bbslide\u00a0\u00bb animation_direction=\u00a0\u00bbleft\u00a0\u00bb animation_duration=\u00a0\u00bb500ms\u00a0\u00bb animation_intensity_slide=\u00a0\u00bb10%\u00a0\u00bb use_border_color=\u00a0\u00bboff\u00a0\u00bb always_center_on_mobile=\u00a0\u00bbon\u00a0\u00bb global_colors_info=\u00a0\u00bb{}\u00a0\u00bb]&nbsp;<br \/>\n[\/et_pb_image][et_pb_text admin_label=\u00a0\u00bbTexto\u00a0\u00bb _builder_version=\u00a0\u00bb4.16&Prime; text_font_size=\u00a0\u00bb12&Prime; text_line_height=\u00a0\u00bb1.4em\u00a0\u00bb background_size=\u00a0\u00bbinitial\u00a0\u00bb background_position=\u00a0\u00bbtop_left\u00a0\u00bb background_repeat=\u00a0\u00bbrepeat\u00a0\u00bb use_border_color=\u00a0\u00bboff\u00a0\u00bb global_colors_info=\u00a0\u00bb{}\u00a0\u00bb]<\/p>\n<h4><strong>Camina Tamshi<\/strong><\/h4>\n<p><strong><b>Seminaire<\/b> \u201cLa ciutat de les dones.\u201d: Conciliaci\u00f3.<\/strong><\/p>\n<p><span style=\"font-weight: 400;\">La revendication d\u2019un espace pour les femmes qui offre des services faciliant la conciliation de la vie productive, familiale et personnelle des femmes est un th\u00e8me r\u00e9current depuis la fin du XIXe s. A partir de l\u2019exp\u00e9rience du projet Walking India et en se basant sur nos exp\u00e9riences ant\u00e9rieures, nous avons d\u00e9velopp\u00e9 le concept de \u201czone de ressources\u201d pour les femmes, comme ressources pour l\u2019autonomisation des femmes en Inde.<\/span><\/p>\n<p><a href=\"https:\/\/equalsaree.org\/fr\/blog\/2018\/03\/26\/camina-tamshi\/\" target=\"_blank\" rel=\"noopener\"><span style=\"font-weight: 400;\">Projet li\u00e9 &gt;<br \/><\/span><\/a><a href=\"https:\/\/www.youtube.com\/watch?v=wX-XKbCEYzA&amp;t=16s\" target=\"_blank\" rel=\"noopener\"><span style=\"font-weight: 400;\">Regardez-le sur youtube &gt;<\/span><\/a><\/p>\n<p>[\/et_pb_text][\/et_pb_column][\/et_pb_row][et_pb_row column_structure=\u00a0\u00bb1_4,1_4,1_4,1_4&Prime; admin_label=\u00a0\u00bbFila\u00a0\u00bb _builder_version=\u00a0\u00bb4.16&Prime; background_size=\u00a0\u00bbinitial\u00a0\u00bb background_position=\u00a0\u00bbtop_left\u00a0\u00bb background_repeat=\u00a0\u00bbrepeat\u00a0\u00bb global_colors_info=\u00a0\u00bb{}\u00a0\u00bb][et_pb_column type=\u00a0\u00bb1_4&Prime; _builder_version=\u00a0\u00bb4.16&Prime; custom_padding=\u00a0\u00bb|||\u00a0\u00bb global_colors_info=\u00a0\u00bb{}\u00a0\u00bb custom_padding__hover=\u00a0\u00bb|||\u00a0\u00bb][et_pb_image src=\u00a0\u00bbhttps:\/\/equalsaree.org\/wp-content\/uploads\/2019\/06\/01_Portada-Walking-India_Equal-Saree_3.jpg\u00a0\u00bb url=\u00a0\u00bbhttps:\/\/vimeo.com\/86435600&Prime; url_new_window=\u00a0\u00bbon\u00a0\u00bb use_overlay=\u00a0\u00bbon\u00a0\u00bb overlay_icon_color=\u00a0\u00bb#ffffff\u00a0\u00bb hover_overlay_color=\u00a0\u00bb#5eb7b2&Prime; hover_icon=\u00a0\u00bb&#x49;||divi||400&Prime; align_tablet=\u00a0\u00bbcenter\u00a0\u00bb align_phone=\u00a0\u00bb\u00a0\u00bb align_last_edited=\u00a0\u00bbon|desktop\u00a0\u00bb admin_label=\u00a0\u00bbWalking\u00a0\u00bb _builder_version=\u00a0\u00bb4.16&Prime; animation_style=\u00a0\u00bbslide\u00a0\u00bb animation_direction=\u00a0\u00bbleft\u00a0\u00bb animation_duration=\u00a0\u00bb500ms\u00a0\u00bb animation_intensity_slide=\u00a0\u00bb10%\u00a0\u00bb use_border_color=\u00a0\u00bboff\u00a0\u00bb always_center_on_mobile=\u00a0\u00bbon\u00a0\u00bb global_colors_info=\u00a0\u00bb{}\u00a0\u00bb]&nbsp;<br \/>\n[\/et_pb_image][et_pb_text admin_label=\u00a0\u00bbTexto\u00a0\u00bb _builder_version=\u00a0\u00bb4.16&Prime; text_font_size=\u00a0\u00bb12&Prime; text_line_height=\u00a0\u00bb1.4em\u00a0\u00bb background_size=\u00a0\u00bbinitial\u00a0\u00bb background_position=\u00a0\u00bbtop_left\u00a0\u00bb background_repeat=\u00a0\u00bbrepeat\u00a0\u00bb use_border_color=\u00a0\u00bboff\u00a0\u00bb global_colors_info=\u00a0\u00bb{}\u00a0\u00bb]<\/p>\n<h4><strong>Walking India<\/strong><\/h4>\n<p><strong>Equal Saree process. Walking step by step. <\/strong><\/p>\n<p><span style=\"font-weight: 400;\">C\u2019est l\u2019histoire d\u2019un groupe de femme en Inde rurale et de comme elle d\u00e9cident de changer leur futur. C\u2019est l\u2019histoire d\u2019un groupe de jeunes architectes qui connaissent des activistes indiennes avec qui elles d\u00e9cident de se battre, ensemble, pour les droits des femmes.<\/span><\/p>\n<p><a href=\"https:\/\/equalsaree.org\/fr\/blog\/2018\/03\/23\/walking-india\/\" target=\"_blank\" rel=\"noopener\"><span style=\"font-weight: 400;\">Projet li\u00e9 &gt;<br \/> <\/span><\/a><a href=\"https:\/\/vimeo.com\/86435600\" target=\"_blank\" rel=\"noopener noreferrer\"><span style=\"font-weight: 400;\">Regardez-la sur vimeo &gt;<\/span><\/a><\/p>\n<p>[\/et_pb_text][\/et_pb_column][et_pb_column type=\u00a0\u00bb1_4&Prime; _builder_version=\u00a0\u00bb4.16&Prime; custom_padding=\u00a0\u00bb|||\u00a0\u00bb global_colors_info=\u00a0\u00bb{}\u00a0\u00bb custom_padding__hover=\u00a0\u00bb|||\u00a0\u00bb][\/et_pb_column][et_pb_column type=\u00a0\u00bb1_4&Prime; _builder_version=\u00a0\u00bb4.16&Prime; custom_padding=\u00a0\u00bb|||\u00a0\u00bb global_colors_info=\u00a0\u00bb{}\u00a0\u00bb custom_padding__hover=\u00a0\u00bb|||\u00a0\u00bb][\/et_pb_column][et_pb_column type=\u00a0\u00bb1_4&Prime; _builder_version=\u00a0\u00bb4.16&Prime; custom_padding=\u00a0\u00bb|||\u00a0\u00bb global_colors_info=\u00a0\u00bb{}\u00a0\u00bb custom_padding__hover=\u00a0\u00bb|||\u00a0\u00bb][\/et_pb_column][\/et_pb_row][et_pb_row _builder_version=\u00a0\u00bb4.16&Prime; background_size=\u00a0\u00bbinitial\u00a0\u00bb background_position=\u00a0\u00bbtop_left\u00a0\u00bb background_repeat=\u00a0\u00bbrepeat\u00a0\u00bb global_colors_info=\u00a0\u00bb{}\u00a0\u00bb][et_pb_column type=\u00a0\u00bb4_4&Prime; _builder_version=\u00a0\u00bb4.16&Prime; custom_padding=\u00a0\u00bb|||\u00a0\u00bb global_colors_info=\u00a0\u00bb{}\u00a0\u00bb custom_padding__hover=\u00a0\u00bb|||\u00a0\u00bb][et_pb_text _builder_version=\u00a0\u00bb4.16&Prime; global_colors_info=\u00a0\u00bb{}\u00a0\u00bb]&nbsp;<\/p>\n<p><a href=\"#top\"><img loading=\"lazy\" decoding=\"async\" class=\"alignnone wp-image-445\" src=\"https:\/\/equalsaree.org\/wp-content\/uploads\/2016\/03\/FLECHA-1.png\" alt=\"FLECHA\" width=\"30\" height=\"34\" \/><\/a><br \/>\n[\/et_pb_text][\/et_pb_column][\/et_pb_row][\/et_pb_section][et_pb_section fb_built=\u00a0\u00bb1&Prime; admin_label=\u00a0\u00bbSecci\u00f3n\u00a0\u00bb _builder_version=\u00a0\u00bb4.16&Prime; locked=\u00a0\u00bboff\u00a0\u00bb global_colors_info=\u00a0\u00bb{}\u00a0\u00bb][et_pb_row module_id=\u00a0\u00bbmitjans\u00a0\u00bb _builder_version=\u00a0\u00bb4.16&Prime; global_colors_info=\u00a0\u00bb{}\u00a0\u00bb][et_pb_column type=\u00a0\u00bb4_4&Prime; _builder_version=\u00a0\u00bb4.16&Prime; custom_padding=\u00a0\u00bb|||\u00a0\u00bb global_colors_info=\u00a0\u00bb{}\u00a0\u00bb custom_padding__hover=\u00a0\u00bb|||\u00a0\u00bb][et_pb_text admin_label=\u00a0\u00bbImpacto\u00a0\u00bb _builder_version=\u00a0\u00bb4.16&Prime; global_colors_info=\u00a0\u00bb{}\u00a0\u00bb]<\/p>\n<h3><b>Impact sur les m\u00e9dias<\/b><\/h3>\n<p>[\/et_pb_text][et_pb_divider show_divider=\u00a0\u00bboff\u00a0\u00bb disabled_on=\u00a0\u00bbon|on|off\u00a0\u00bb admin_label=\u00a0\u00bbSeparador\u00a0\u00bb _builder_version=\u00a0\u00bb4.16&Prime; height=\u00a0\u00bb20px\u00a0\u00bb global_colors_info=\u00a0\u00bb{}\u00a0\u00bb]&nbsp;<br \/>\n[\/et_pb_divider][\/et_pb_column][\/et_pb_row][et_pb_row _builder_version=\u00a0\u00bb4.16&Prime; background_size=\u00a0\u00bbinitial\u00a0\u00bb background_position=\u00a0\u00bbtop_left\u00a0\u00bb background_repeat=\u00a0\u00bbrepeat\u00a0\u00bb global_colors_info=\u00a0\u00bb{}\u00a0\u00bb][et_pb_column type=\u00a0\u00bb4_4&Prime; _builder_version=\u00a0\u00bb4.16&Prime; custom_padding=\u00a0\u00bb|||\u00a0\u00bb global_colors_info=\u00a0\u00bb{}\u00a0\u00bb custom_padding__hover=\u00a0\u00bb|||\u00a0\u00bb][et_pb_text _builder_version=\u00a0\u00bb4.16&Prime; global_colors_info=\u00a0\u00bb{}\u00a0\u00bb]<\/p>\n<h4><b>Presse\u00a0<\/b><\/h4>\n<ul>\n<li aria-level=\"1\"><a href=\"https:\/\/www.rac1.cat\/programes\/criar-be\/20210723\/410624801703\/societat-masclista-ciutats-arquitectura-perspectiva-feminista-equal-saree-criar-be.html?utm_source=twitter&amp;utm_medium=social&amp;utm_content=rac1_programes&amp;fbclid=IwAR0oIuuJ5prG0p5pr3FWNcOjx7HPkQlsgX5vZCW0s1HiJIoSpdKZ52T6nEU\"><b>Entretien<\/b><\/a> <span style=\"font-weight: 400;\">para<\/span><b> Criar b\u00e9<\/b> <span style=\"font-weight: 400;\">de<\/span><b> RAC1 <\/b><i><span style=\"font-weight: 400;\">\u201cVivim en una societat masclista i les ciutats estan travessades per aquests valors socials\u201d<\/span><\/i><\/li>\n<li><b><\/b><a href=\"https:\/\/www.lanacion.com.ar\/opinion\/urbanismo-de-genero-las-grandes-ciudades-son-hostiles-a-las-mujeres-nid25072021\/?fbclid=IwAR3zJXi7guQgB2W57MMMIR3If7RJbD9tGp-yaQMqjxpPpC-wQQg9DWhD_SE\"><b>Entretien<\/b><\/a><span style=\"font-weight: 400;\"> para<\/span><b> El Berlin\u00e9s <\/b><span style=\"font-weight: 400;\">de<\/span><b> La Naci\u00f3n <\/b><i><span style=\"font-weight: 400;\">\u201c\u00bfLas grandes ciudades son hostiles a las mujeres?<\/span><\/i><span style=\"font-weight: 400;\">\u201d<\/span><strong><\/strong><\/li>\n<li><span style=\"font-weight: 400;\"><a href=\"https:\/\/www.urbislemag.fr\/des-espaces-publics-divers-et-hospitaliers-pour-tous-billet-624-urbis-le-mag.html\"><b>Entretien\u00a0<\/b><\/a>para<\/span><span style=\"font-weight: 400;\">\u00a0<b>Urbis le Mag \u201c<\/b>Comment concevoir des espaces Publics hospitaliers pour tous?\u201d<\/span><\/li>\n<li style=\"font-weight: 400;\" aria-level=\"1\"><strong><a href=\"https:\/\/www.traveler.es\/viajes-urbanos\/articulos\/ciudades-feministas-urbanismo-patriarcal-futuro-sostenible-e-integrador\/20573\">Entretien<\/a><\/strong><span style=\"font-weight: 400;\"> en<\/span><b> Traveler<\/b> <i><span style=\"font-weight: 400;\">\u201cCiudades feministas: hacia un futuro sostenible e integrador\u201d<\/span><\/i><\/li>\n<li style=\"font-weight: 400;\" aria-level=\"1\"><strong><a href=\"https:\/\/www.escolasert.com\/es\/blog\/expertas-urbanismo-tactico-barcelona?fbclid=IwAR0hAuKVAzIpZnut7mg4DWceZ9aq34DJTALW515fR0HXo6c3Kbxvm5-vPwI\">Article<\/a><\/strong><span style=\"font-weight: 400;\"> en<\/span><b> Escola Sert. <\/b><i><span style=\"font-weight: 400;\">\u201cEl urbanismo t\u00e1ctico en Barcelona, seg\u00fan las profesionales expertas\u201d.<\/span><\/i><\/li>\n<li><i><\/i><strong><a href=\"https:\/\/elpais.com\/mamas-papas\/2021-02-09\/patios-igualitarios-frente-al-futbolcentrismo-asi-deberia-ser-el-recreo-escolar.html?fbclid=IwAR2ux69JrksYEiLLlUoq5vxMk0RaJsLo6dgWnVIY9awNiElN86NjrCFBGZw\">Entretien<\/a><\/strong><span style=\"font-weight: 400;\"> en<\/span><b> El Pa\u00eds. \u201c<\/b><i><span style=\"font-weight: 400;\">Patios igualitarios frente al \u2018futbolcentrismo\u2019: as\u00ed deber\u00eda ser el recreo escolar\u201d<\/span><\/i><strong><\/strong><\/li>\n<li><strong><a href=\"https:\/\/www.detourbycitylinked.fr\/interview-de-julia-goula-mejon\/?fbclid=IwAR3wMahd9IJUAyWDwV0pm469VBWNOI-oDfASTNIFAfjU76omLsdthkTUjjI\" target=\"_blank\" rel=\"noopener\">Entretien<\/a><\/strong><span style=\"font-weight: 400;\">\u00a0dans <\/span><b>City Linked,\u00a0<\/b><i>\u201cInterview avec Equal Saree\u201d<\/i><\/li>\n<li><a href=\"https:\/\/www.vice.com\/it\/article\/ep4nnw\/urbanistica-femminista-citta-inclusive\" target=\"_blank\" rel=\"noopener\"><span style=\"font-weight: 400;\"><strong>Entretien<\/strong><\/span><\/a><span style=\"font-weight: 400;\">\u00a0dans <\/span><b>VICE,<\/b> <i><span style=\"font-weight: 400;\">\u201cLe citt\u00e0 non aiutano donne, minoranze e poveri. Come renderle inclusive?\u201d <\/span><\/i><\/li>\n<li><a href=\"http:\/\/diarieducacio.cat\/blogs\/educaciolocal\/2020\/01\/22\/el-pati-de-lescola-en-igualtat-una-proposta-per-coeducar-en-lus-dels-espais\/?fbclid=IwAR1cKzbAUAIvR424xLdWoEwdk3gNNCG4nO5AFW40w_ThmR4qWhSAXAiHq0s\" target=\"_blank\" rel=\"noopener\"><b>Article<\/b><\/a>\u00a0<span style=\"font-weight: 400;\">dans<\/span> <strong>El diari de l\u2019educaci\u00f3,<\/strong><em><em>\u00a0\u00ab\u00a0El pati de l\u2019escola en igualtat: una proposta per coeducar en l\u2019\u00fas dels espais\u00a0\u00bb<\/em><\/em><\/li>\n<li><a href=\"https:\/\/protagonistesja.files.wordpress.com\/2019\/12\/saree.pdf\" target=\"_blank\" rel=\"noopener\"><b>Article<\/b><\/a>\u00a0<span style=\"font-weight: 400;\">dans<\/span> <strong>Protagonistes ja!,\u00a0<\/strong><em>\u00ab\u00a0Co-crear una ciutat co-educadora\u00a0\u00bb<\/em><\/li>\n<li><a href=\"https:\/\/www.laburxa.org\/2019\/06\/canviar-el-pati-per-canviar-el-mon-com-coeduquem-en-lus-i-locupacio-dels-espais\/\" target=\"_blank\" rel=\"noopener\"><b>Article<\/b><\/a>\u00a0<span style=\"font-weight: 400;\">dans<\/span> <strong>La Burxa,<\/strong><em><em>\u00a0\u00ab\u00a0Canviar el pati per canviar el m\u00f3n. Com coeduquem en l&rsquo;\u00fas i l&rsquo;ocupaci\u00f3 dels espais?\u00a0\u00bb<\/em><\/em><\/li>\n<li><b>Article <span style=\"font-weight: 400;\">dans <\/span><a href=\"https:\/\/www.eldiario.es\/sociedad\/Patios-feministas-monopolio-futbol-cambia_0_907459365.html\" target=\"_blank\" rel=\"noopener\">eldiario.es<\/a><span style=\"font-weight: 400;\"> et dans <\/span><a href=\"https:\/\/eldiariodelaeducacion.com\/blog\/2019\/06\/10\/patios-feministas-contra-el-monopolio-del-futbol-asi-cambia-el-recreo-cuando-ninos-y-ninas-pueden-jugar-a-mas-cosas\/\" target=\"_blank\" rel=\"noopener\">El Diario de la Educaci\u00f3n<\/a> ,\u00a0<i><span style=\"font-weight: 400;\">\u201cPatios feministas contra el monopolio del f\u00fatbol: as\u00ed cambia el recreo cuando ni\u00f1os y ni\u00f1as pueden jugar a m\u00e1s cosas\u201d<\/span><\/i><\/b><\/li>\n<li><b><a href=\"https:\/\/www.eldiario.es\/sociedad\/Patios-feministas-monopolio-futbol-cambia_0_907459365.html\">Article<\/a> <span style=\"font-weight: 400;\">dans<\/span><\/b>\u00a0<b>Ara Criatures,\u00a0<\/b><i><span style=\"font-weight: 400;\">\u201cDe pati futbolc\u00e8ntric a espai de joc igualitari\u201d<\/span><\/i><\/li>\n<li><b><a href=\"https:\/\/directa.cat\/fer-ciutat-des-de-fora-del-despatx\/\" target=\"_blank\" rel=\"noopener\">Article<\/a> <span style=\"font-weight: 400;\">dans<\/span><\/b>\u00a0<b>La Directa,\u00a0<\/b><i><span style=\"font-weight: 400;\">\u201cFer ciutat des de fora del despatx\u00a0\u00bb<\/span><\/i><\/li>\n<li><b><a href=\"https:\/\/arqa.com\/arquitectura\/una-plaza-feminista-disenada-con-la-infancia.html?fbclid=IwAR2q0h5bi6T6I1aEqOgaqcVRTov6kjOeIUl-Zndsj4b67iNl3y4NR4KCj-E\" target=\"_blank\" rel=\"noopener\">Article<\/a> <span style=\"font-weight: 400;\">dans<\/span><\/b>\u00a0<b>Arqa,\u00a0<\/b><i><span style=\"font-weight: 400;\">\u201cUna plaza feminista dise\u00f1ada con la infancia\u00a0\u00bb<\/span><\/i><\/li>\n<li><b><a href=\"https:\/\/arqa.com\/arquitectura\/una-plaza-feminista-disenada-con-la-infancia.html?fbclid=IwAR2q0h5bi6T6I1aEqOgaqcVRTov6kjOeIUl-Zndsj4b67iNl3y4NR4KCj-E\" target=\"_blank\" rel=\"noopener\">Article<\/a> <span style=\"font-weight: 400;\">dans<\/span><\/b>\u00a0<b>El Pa\u00eds, Buenavida,\u00a0<\/b><i><span style=\"font-weight: 400;\">\u201cEsto es lo que pasa cuando el campo de f\u00fatbol deja de ser el centro del patio del colegio\u00a0\u00bb<\/span><\/i><\/li>\n<li><b><a href=\"http:\/\/diarieducacio.cat\/busquem-que-equilibri-proporcio-espai-pati-ocupen-els-diferents-alumnes\/?fbclid=IwAR11VJePLsil9-KBhNDDB1fSkx_eLXMiYimlSt7HgdiJfn83oQYSpakK_IM#prettyPhoto\" target=\"_blank\" rel=\"noopener\">Entretien<\/a> <span style=\"font-weight: 400;\">dans<\/span><\/b>\u00a0<b>Diari de l\u2019educaci\u00f3,\u00a0<\/b><i><span style=\"font-weight: 400;\">\u201cBusquem que s\u2019equilibri la proporci\u00f3 d\u2019espai del pati que ocupen els diferents alumnes\u00a0\u00bb<\/span><\/i><\/li>\n<li><b><a href=\"https:\/\/www.elcritic.cat\/opinio\/sergi-picazo\/no-sha-parlat-prou-de-que-la-majoria-de-patis-descola-son-futbolcentrics-13969\" target=\"_blank\" rel=\"noopener\">Opinion\u00a0<\/a><span style=\"font-weight: 400;\">de Sergi Picazo dans <\/span>El Critic,\u00a0<i><span style=\"font-weight: 400;\">\u201cNo s\u2019ha parlat prou que la majoria de patis d\u2019escola s\u00f3n futbolc\u00e8ntrics\u00a0\u00bb<\/span><\/i><\/b><\/li>\n<li><b><a href=\"http:\/\/diarieducacio.cat\/busquem-que-equilibri-proporcio-espai-pati-ocupen-els-diferents-alumnes\/?fbclid=IwAR11VJePLsil9-KBhNDDB1fSkx_eLXMiYimlSt7HgdiJfn83oQYSpakK_IM#prettyPhoto\" target=\"_blank\" rel=\"noopener\">Entretien<\/a><\/b>dans\u00a0<b>Diari digital El setembre,\u00a0<\/b>\u00ab\u00a0<i><span style=\"font-weight: 400;\">El 80% dels patis s\u00f3n &lsquo;futbolc\u00e8ntrics\u00a0\u00bb<\/span><\/i><\/li>\n<li><b><a href=\"https:\/\/www.lavanguardia.com\/local\/barcelones-nord\/20190202\/454215125273\/arquitectura-mirada-feminista-ciudad-santa-coloma.html\" target=\"_blank\" rel=\"noopener\">Article<\/a>\u00a0<span style=\"font-weight: 400;\">dans<\/span><\/b>\u00a0<b>La Vanguardia, \u201c<\/b><i><span style=\"font-weight: 400;\">Transformar la ciudad con mirada feminista\u201d<\/span><\/i><\/li>\n<li><b><a href=\"https:\/\/www.arabalears.cat\/societat\/dissenyen-ciutats_0_2191580969.html\" target=\"_blank\" rel=\"noopener\">Entretien<\/a> <span style=\"font-weight: 400;\">dans<\/span><\/b>\u00a0<b>Ara Balears,<\/b><i><span style=\"font-weight: 400;\"> \u201cPer a qui es dissenyen les ciutats?\u201d<\/span><\/i><\/li>\n<li><b><a href=\"https:\/\/www.ccma.cat\/catradio\/lofici-deducar\/sense-coeducacio-a-casa-i-a-lescola-no-eradicarem-la-violencia-de-genere\/noticia\/2898986\/\" target=\"_blank\" rel=\"noopener\">Article<\/a> <span style=\"font-weight: 400;\">sur le site de<\/span><\/b><span style=\"font-weight: 400;\">\u00a0<\/span><b>Catalunya R\u00e0dio<\/b><span style=\"font-weight: 400;\">, \u201c<\/span><i><span style=\"font-weight: 400;\">Sense coeducaci\u00f3 a casa i a l&rsquo;escola no eradicarem la viol\u00e8ncia de g\u00e8nere\u201d<\/span><\/i><\/li>\n<li><b><a href=\"https:\/\/www.hoy.es\/sociedad\/porterias-20180325003607-ntvo.html\" target=\"_blank\" rel=\"noopener\">Article<\/a> <span style=\"font-weight: 400;\">dans<\/span><\/b>\u00a0<b>Hoy<\/b><span style=\"font-weight: 400;\">, \u201c<\/span><i><span style=\"font-weight: 400;\">Algo m\u00e1s que porter\u00edas\u201d<\/span><\/i><\/li>\n<li><b><a href=\"https:\/\/www.catorze.cat\/noticia\/12139\/dictadura\/futbol\/escola\" target=\"_blank\" rel=\"noopener\">Article<\/a> <span style=\"font-weight: 400;\">dans<\/span><\/b>\u00a0<b>Catorze cultura viva<\/b><span style=\"font-weight: 400;\">, \u201c<\/span><i><span style=\"font-weight: 400;\">Algo m\u00e1s que porter\u00edas\u201d<\/span><\/i><\/li>\n<\/ul>\n<p>&nbsp;<\/p>\n<h4><span style=\"color: #000000;\"><strong>Blogs<\/strong><\/span><\/h4>\n<ul>\n<li><a href=\"https:\/\/www.ivoox.com\/plac-807-a-d-en-baro-769-santa-coloma-audios-mp3_rf_56943484_1.html?fbclid=IwAR1NXijKaJOBCX8yGC-NdH5CPhpGgAE8Om9HOw0mzQhH07yCAUEUkV1Bsh4\"><span style=\"font-weight: 400;\"><strong>Entretien<\/strong><\/span><\/a><strong><a href=\"https:\/\/www.ivoox.com\/plac-807-a-d-en-baro-769-santa-coloma-audios-mp3_rf_56943484_1.html?fbclid=IwAR1NXijKaJOBCX8yGC-NdH5CPhpGgAE8Om9HOw0mzQhH07yCAUEUkV1Bsh4\"><span style=\"font-weight: 400;\"><\/span><\/a><span style=\"font-weight: 400;\"> a <\/span><b>48h Open House Barcelona<\/b><span style=\"font-weight: 400;\"> \u201cPlac\u0327a d&rsquo;en Baro\u0301 de Santa Coloma\u201d<\/span><\/strong><\/li>\n<li><strong><a href=\"https:\/\/www.metalocus.es\/es\/noticias\/fem-dissabte-a-la-placa-den-baro-una-plaza-feminista-disenada-con-ninos-por-equal-saree\" target=\"_blank\" rel=\"noopener\">Publication<\/a><\/strong><span style=\"font-weight: 400;\">\u00a0dans \u00a0<\/span><b>Metalocus.es,\u00a0<\/b><i><span style=\"font-weight: 400;\">\u201cFem dissabte al pla\u00e7a d\u2019en bar\u00f3! Una plaza feminista dise\u00f1ada con ni\u00f1os por Equal Saree\u201d<\/span><\/i><\/li>\n<li><strong><a href=\"https:\/\/www.stepienybarno.es\/blog\/2020\/07\/29\/remodelacion-placa-baro-proyectodeldia\/?fbclid=IwAR3DOdHl408slNH9UTcMazEDZZu2NbzYTSJL2dce57-sLXdUUY950E8Gvk0\" target=\"_blank\" rel=\"noopener\">Publication<\/a><\/strong><span style=\"font-weight: 400;\">\u00a0dans <\/span><b>Stepienybarno.es,<\/b><span style=\"font-weight: 400;\">\u00a0<\/span><i><span style=\"font-weight: 400;\">\u201c<\/span><\/i><i><span style=\"font-weight: 400;\">Remodelaci\u00f3n Pla\u00e7a Bar\u00f3 #ProyectoDelD\u00eda\u201d<\/span><\/i><\/li>\n<li><strong><a href=\"https:\/\/fairspace.co\/creating-alternative-urban-realities-best-practices-in-urban-acupuncture\/?fbclid=IwAR0lW9s9TVYfdaG-0ZEURfjpoTN2wT3vwnH6sezFgxPkikVwmWKpB5M2rF0\" target=\"_blank\" rel=\"noopener\">Publication<\/a><\/strong><span style=\"font-weight: 400;\">\u00a0dans <\/span><b>Fairspace.co,<\/b><span style=\"font-weight: 400;\">\u00a0<\/span><i><span style=\"font-weight: 400;\">\u201cCreating alternative urban realities: best practices in urban acupunture\u201d<\/span><\/i><\/li>\n<li><strong><a href=\"https:\/\/diarieducacio.cat\/vint-i-quatre-llibres-sobre-educacio-collita-del-2019\/?fbclid=IwAR3uzx6bz7uNtICHCQABN9gwIUSO7dtXG66IlXx1EbmBv_tgS7kPcrHXaoo\" target=\"_blank\" rel=\"noopener\">Article<\/a><\/strong><span style=\"font-weight: 400;\">\u00a0dans <\/span><b>El Diari de l\u2019educaci\u00f3,\u00a0<\/b><i><span style=\"font-weight: 400;\">\u201cVint-i-quatre llibres sobre educaci\u00f3, collita del 2019\u201d<\/span><\/i><\/li>\n<li><strong><a href=\"https:\/\/arqa.com\/arquitectura\/una-plaza-feminista-disenada-con-la-infancia.html?fbclid=IwAR2q0h5bi6T6I1aEqOgaqcVRTov6kjOeIUl-Zndsj4b67iNl3y4NR4KCj-E\" target=\"_blank\" rel=\"noopener\">Publication<\/a><\/strong><span style=\"font-weight: 400;\">\u00a0dans <\/span><b>Arqa,\u00a0<\/b><i><span style=\"font-weight: 400;\">\u201cUna plaza feminista dise\u00f1ada con la infancia\u201d<\/span><\/i><\/li>\n<\/ul>\n<h4><\/h4>\n<p>&nbsp;<\/p>\n<h4><span style=\"color: #000000;\"><strong>Radio<\/strong><\/span><\/h4>\n<ul>\n<li><strong><b>Tertulia <\/b><\/strong>a <strong>RTVE<\/strong>, programa Lletra lligada<\/li>\n<li><strong><b><a href=\"https:\/\/open.spotify.com\/episode\/18occlJmlhUNpJjB9K9NHB\" target=\"_blank\" rel=\"noopener noreferrer\">Podcast<\/a> a R\u00e0dio 4, <span style=\"font-weight: 400;\">programa Feminismes.<\/span><\/b><\/strong><\/li>\n<li><strong><b><a href=\"https:\/\/open.spotify.com\/episode\/4Z1VZxh18WEy0wCHfygc0R?si=99AoAj7XQSWNaazvJs_pgQ\">Podcast<\/a> <span style=\"font-weight: 400;\">a<\/span> Gent de merda <span style=\"font-weight: 400;\">\u201cL\u2019hora del pati\u201d<\/span><\/b><\/strong><\/li>\n<li><strong><a href=\"https:\/\/castbox.fm\/episode\/%D8%A7%D9%BE%DB%8C%D8%B2%D9%88%D8%AF-%D8%B3%D9%88%D9%85%3A-%D8%A7%DB%8C%DA%A9%D9%88%D8%A7%D9%84-%D8%B3%D8%A7%D8%B1%DB%8C%D8%9B-%D9%85%D8%B9%D9%85%D8%A7%D8%B1%DB%8C-%D9%81%D9%85%DB%8C%D9%86%DB%8C%D8%B3%D8%AA%DB%8C-id3472798-id355382812?country=es\"><b>Podcast<\/b><\/a> <span>a<\/span><b> Radio Void <\/b><span>\u201cEqual Saree; Feminist Architecture\u201d<\/span><\/strong><\/li>\n<li><strong><a href=\"https:\/\/apuntmedia.es\/va\/a-la-carta\/programes\/escoltat-en-la-radio\/podriem-fer-ho-millor\/11102020-podriem-fer-ho-millor-part1?fbclid=IwAR0V25hP6FSbg1DJMu0XbqipnkNg8HkaGhbEN83k4c8lPu-1L5ZJTx4HAbQ\" target=\"_blank\" rel=\"noopener\">Entretien<\/a><\/strong><span style=\"font-weight: 400;\">\u00a0sur\u00a0<\/span><b>Punt R\u00e0dio<\/b><span style=\"font-weight: 400;\">, programa Podr\u00edem fer-ho millor.<\/span><\/li>\n<li><a href=\"https:\/\/www.ondacero.es\/emisoras\/catalunya\/audios-podcast\/ciutat\/els-arquitectes-proposen-replantejar-el-decret-dhabitabilitat-de-les-vivendes-despres-del-covid_202006105ee0de44a42efc00011ca885.html?fbclid=IwAR1q0_neg-Zh74EyCwJhubngEh5PEOwDkuWqPmibva4KW4GJqp_kC02nePs\" target=\"_blank\" rel=\"noopener\"><span style=\"font-weight: 400;\"><strong>Entretien<\/strong><\/span><\/a><span style=\"font-weight: 400;\">\u00a0sur <\/span><b>Onda Cero Catalunya<\/b><span style=\"font-weight: 400;\">, programa La Ciutat de M\u00f3nica G\u00fcnther i Marc Navarro.<\/span><\/li>\n<li><strong><a href=\"https:\/\/www.latest.facebook.com\/watch\/?v=587722365421099\" target=\"_blank\" rel=\"noopener\">Entetien<\/a> <span style=\"font-weight: 400;\">sur<\/span><\/strong>\u00a0<b>Cadena SER Catalunya<\/b>, programa Aqu\u00ed Cun\u00ed.<\/li>\n<li><a href=\"https:\/\/www.ccma.cat\/catradio\/alacarta\/les-dones-i-els-dies\/urbanisme-feminista-la-ciutat-repensada-per-les-dones\/audio\/1062271\/?fbclid=IwAR0bNnDp55tUHXi6ZXw4MpyqEQB4wULXqXITJAQZ1zvV_ON6eDDMw292ews#.XjaNJwqdkT8.twitter\" target=\"_blank\" rel=\"noopener\"><b>Entretien<\/b><\/a>\u00a0<span style=\"font-weight: 400;\">sur<\/span> <b>Catalunya R\u00e0dio<\/b>, programa Les dones i els dies.<\/li>\n<li><a href=\"https:\/\/archive.org\/details\/antimodulor1edit\" target=\"_blank\" rel=\"noopener\"><b>Tertulia<\/b><\/a>\u00a0cicle <strong>Antimodulor<\/strong>, \u00ab\u00a0<em>A jugar a la calle!\u00a0\u00bb<\/em><\/li>\n<li><a href=\"https:\/\/www.ccma.cat\/catradio\/alacarta\/el-mati-de-catalunya-radio\/el-mati-de-catalunya-radio-de-10-a-11-h-12092019\/audio\/1048707\/?fbclid=IwAR2_8xZXayqasBObr3GdQZwEml2vlcPiI1HqA3Rp7E31M0fEnOIKa5_qsJs\" target=\"_blank\" rel=\"noopener\"><b>Entretien<\/b><\/a>\u00a0<span style=\"font-weight: 400;\">sur<\/span> <b>Catalunya R\u00e0dio<\/b>, programa El Mat\u00ed, a partir del minut 16:00.<\/li>\n<li><a href=\"https:\/\/play.cadenaser.com\/audio\/1564736393_045016\/?fbclid=IwAR2IjLXIavHN0aH5kgXYlfxGV5yLOljCPCOct5qIYhd_zpLu8VL4B90aJ4o\" target=\"_blank\" rel=\"noopener\"><b>Entretien<\/b><\/a>\u00a0<span style=\"font-weight: 400;\">sur<\/span> <b>Cadena SER Catalunya<\/b>, programa Aqu\u00ed Cun\u00ed.<\/li>\n<li><b><a href=\"https:\/\/www.ccma.cat\/catradio\/alacarta\/lofici-deducar\/per-acabar-amb-la-violencia-de-genere-hem-deducar-per-a-landroginia\/audio\/1027274\/\" target=\"_blank\" rel=\"noopener\">Entretien<\/a> <span style=\"font-weight: 400;\">sur<\/span><\/b>\u00a0<b>Catalunya R\u00e0dio<\/b><span style=\"font-weight: 400;\">, programa l\u2019Ofici d\u2019educar.<\/span><\/li>\n<li><b><a href=\"https:\/\/ib3.org\/aldiaradio?pl=1&amp;cont=e551f0d6-3c4c-4ba3-9992-214f4fc3211d&amp;fbclid=IwAR1vTCd7iF89LUKI6ozj9qRUcP4vJI24eLyhS6mvHGsRWyC4tGqWZ-x9heQ\" target=\"_blank\" rel=\"noopener\">Entretien<\/a> <span style=\"font-weight: 400;\">sur<\/span><\/b>\u00a0\u00a0<b>IB3 R\u00e0dio<\/b><span style=\"font-weight: 400;\">, programa Al dia, <\/span><span style=\"font-weight: 400;\">a partir del minut 5:35<\/span><span style=\"font-weight: 400;\">.<\/span><\/li>\n<li><b><a href=\"https:\/\/www.ivoox.com\/submari-repensar-l-039-us-dels-patis-a-audios-mp3_rf_33976447_1.html\" target=\"_blank\" rel=\"noopener\">Entretien<\/a> <span style=\"font-weight: 400;\">sur<\/span><\/b>\u00a0<b>R\u00e0dio Terrassa<\/b><span style=\"font-weight: 400;\">, \u201c<\/span><i><span style=\"font-weight: 400;\">Repensar l\u2019\u00fas dels patis a Terrassa\u00a0\u00bb<\/span><\/i><\/li>\n<li><b><a href=\"https:\/\/enacast.com\/radiosantvicenc\/#!\/programs\/desfem\/radiosantvicenc_podcast_4850\" target=\"_blank\" rel=\"noopener\">Entretien<\/a>\u00a0<\/b>a la<b>\u00a0R\u00e0dio de l\u2019Ajuntament de Sant Vicen\u00e7 dels Horts<\/b><span style=\"font-weight: 400;\">, programme \u00ab\u00a0Desfem\u00a0\u00bb.<\/span><\/li>\n<\/ul>\n<p>&nbsp;<\/p>\n<h4><span style=\"color: #000000;\"><strong>TV<\/strong><\/span><\/h4>\n<ul>\n<li><b><a href=\"https:\/\/www.ccma.cat\/tv3\/alacarta\/quan-arribin-els-marcians\/fer-la-ciutat-habitable-\/video\/6119690\/\">Reportage<\/a> a Quan arribin els marcias de TV3 <i><span style=\"font-weight: 400;\">\u201cFer la ciutat habitable\u201d<\/span><\/i><\/b><\/li>\n<li><b><a href=\"http:\/\/bdncom.alacarta.cat\/badalona-tres60\/capitol\/11-de-marc-de-2021-tres60\">Entretien<\/a><span style=\"font-weight: 400;\"> a <\/span>Badalona Tres60, <span style=\"font-weight: 400;\">a partir de 1h:25:00<\/span><\/b><\/li>\n<li><b><a href=\"https:\/\/www.bbc.com\/news\/av\/world-50269778\/what-would-a-city-designed-by-women-be-like\" target=\"_blank\" rel=\"noopener\">Reportage<\/a><\/b>\u00a0<span style=\"font-weight: 400;\">sur<\/span><strong> BBC News,<\/strong> \u201c<em>What would a city designed by women look like?<\/em>\u201d<\/li>\n<li><b><a href=\"https:\/\/beteve.cat\/societat\/equal-playgrounds-recuperar-pati-escola-jocs\/?fbclid=IwAR3tj-NYkdPWWLFCPqF3VY-p7hMCkuyfvwbqRIbxe8E5wpDhHDlY_f3TLFU\" target=\"_blank\" rel=\"noopener\">Reportage\u00a0<\/a><\/b><span style=\"font-weight: 400;\">sur<\/span><b> BTV,\u00a0<\/b><i>\u201cEqual Playgrounds, o com recuperar l\u2019espai del pati de l\u2019escola\u00a0\u00bb<\/i><\/li>\n<li><a href=\"http:\/\/empordatv.alacarta.cat\/connecticat\/tall\/reforma-de-la-placa-den-baro-de-santa-coloma-de-gramanet\" target=\"_blank\" rel=\"noopener\"><b>Reportage<\/b><\/a>\u00a0<span style=\"font-weight: 400;\">sur<\/span><b>\u00a0CONNECTI\u00b7CAT,\u00a0<\/b>\u201cReforma de la pla\u00e7a d\u2019en Bar\u00f3 de Santa Coloma de Gramenet<i>\u201d<\/i><\/li>\n<li><b><a href=\"https:\/\/www.ccma.cat\/video\/embed\/5813959\/?fbclid=IwAR07GBKYJU9Y1Jc9tqn9HL2aUZ9JjSDTkTvPc70Kx8I7XPw5XZBf7V3gyik\" target=\"_blank\" rel=\"noopener\">Tertulia\u00a0<\/a><\/b><span style=\"font-weight: 400;\">sur<\/span><b> Els Matins de TV3, <\/b>\u00ab\u00a0<b><i><span style=\"font-weight: 400;\">Transformar el pati de les escoles\u00a0\u00bb<\/span><\/i><\/b><\/li>\n<li><b><a href=\"http:\/\/terrassadigital.cat\/terrassa-acull-una-jornada-per-repensar-lus-dels-patis-escolars-tenint-en-compte-la-perspectiva-de-genere\/\" target=\"_blank\" rel=\"noopener\">Reportage<\/a>\u00a0<span style=\"font-weight: 400;\">sur<\/span><span style=\"font-weight: 400;\">\u00a0<\/span>Terrassadigital.cat,\u00a0<\/b><em>\u00ab\u00a0Terrassa acull una jornada per repensar l\u2019\u00fas dels patis escolars tenint en compte la perspectiva de g\u00e8nere\u00a0\u00bb<\/em><\/li>\n<\/ul>\n<p>&nbsp;<\/p>\n<p><a href=\"#top\"><img loading=\"lazy\" decoding=\"async\" class=\"alignnone wp-image-445\" src=\"https:\/\/equalsaree.org\/wp-content\/uploads\/2016\/03\/FLECHA-1.png\" alt=\"FLECHA\" width=\"30\" height=\"34\" \/><\/a><\/p>\n<p>[\/et_pb_text][\/et_pb_column][\/et_pb_row][\/et_pb_section]<\/p>\n","protected":false},"excerpt":{"rendered":"<p>&nbsp; Publications &nbsp; &nbsp; Nos publications | Nos participation \u00e0 des publications\u00a0| Vid\u00e9os\u00a0| Impact dans les m\u00e9dias\u00a0Nos publications&nbsp; &nbsp; Faire la taille. Pour des territoires \u00e0 Hauteur d&rsquo;Enfants Cette \u00e9tude analyse 13 projets de conception d&rsquo;espaces publics en France ax\u00e9s sur l&rsquo;enfance, \u00e9valuant leur impact sur l&rsquo;am\u00e9lioration des conditions de vie de tou\u00b7te\u00b7s. \u00c0 travers [&hellip;]<\/p>\n","protected":false},"author":6,"featured_media":0,"parent":0,"menu_order":0,"comment_status":"closed","ping_status":"closed","template":"","meta":{"_seopress_robots_primary_cat":"","_seopress_titles_title":"","_seopress_titles_desc":"","_seopress_robots_index":"","_et_pb_use_builder":"on","_et_pb_old_content":"","_et_gb_content_width":"","footnotes":""},"class_list":["post-2825","page","type-page","status-publish","hentry"],"_links":{"self":[{"href":"https:\/\/equalsaree.org\/fr\/wp-json\/wp\/v2\/pages\/2825","targetHints":{"allow":["GET"]}}],"collection":[{"href":"https:\/\/equalsaree.org\/fr\/wp-json\/wp\/v2\/pages"}],"about":[{"href":"https:\/\/equalsaree.org\/fr\/wp-json\/wp\/v2\/types\/page"}],"author":[{"embeddable":true,"href":"https:\/\/equalsaree.org\/fr\/wp-json\/wp\/v2\/users\/6"}],"replies":[{"embeddable":true,"href":"https:\/\/equalsaree.org\/fr\/wp-json\/wp\/v2\/comments?post=2825"}],"version-history":[{"count":3,"href":"https:\/\/equalsaree.org\/fr\/wp-json\/wp\/v2\/pages\/2825\/revisions"}],"predecessor-version":[{"id":18206,"href":"https:\/\/equalsaree.org\/fr\/wp-json\/wp\/v2\/pages\/2825\/revisions\/18206"}],"wp:attachment":[{"href":"https:\/\/equalsaree.org\/fr\/wp-json\/wp\/v2\/media?parent=2825"}],"curies":[{"name":"wp","href":"https:\/\/api.w.org\/{rel}","templated":true}]}}