{"id":2809,"date":"2018-03-26T11:25:57","date_gmt":"2018-03-26T11:25:57","guid":{"rendered":"https:\/\/equalsaree.org\/?page_id=2809"},"modified":"2024-05-31T10:56:16","modified_gmt":"2024-05-31T10:56:16","slug":"manifeste","status":"publish","type":"page","link":"https:\/\/equalsaree.org\/fr\/manifeste\/","title":{"rendered":"Manifeste"},"content":{"rendered":"<p>[et_pb_section fb_built=\u00a0\u00bb1&Prime; admin_label=\u00a0\u00bbsection\u00a0\u00bb _builder_version=\u00a0\u00bb4.16&Prime; global_colors_info=\u00a0\u00bb{}\u00a0\u00bb][et_pb_row admin_label=\u00a0\u00bbrow\u00a0\u00bb _builder_version=\u00a0\u00bb4.16&Prime; background_size=\u00a0\u00bbinitial\u00a0\u00bb background_position=\u00a0\u00bbtop_left\u00a0\u00bb background_repeat=\u00a0\u00bbrepeat\u00a0\u00bb global_colors_info=\u00a0\u00bb{}\u00a0\u00bb][et_pb_column type=\u00a0\u00bb4_4&Prime; _builder_version=\u00a0\u00bb4.16&Prime; custom_padding=\u00a0\u00bb|||\u00a0\u00bb global_colors_info=\u00a0\u00bb{}\u00a0\u00bb custom_padding__hover=\u00a0\u00bb|||\u00a0\u00bb][et_pb_text admin_label=\u00a0\u00bbTexto\u00a0\u00bb _builder_version=\u00a0\u00bb4.16&Prime; use_border_color=\u00a0\u00bboff\u00a0\u00bb border_color=\u00a0\u00bb#ffffff\u00a0\u00bb border_style=\u00a0\u00bbsolid\u00a0\u00bb global_colors_info=\u00a0\u00bb{}\u00a0\u00bb]&nbsp;<\/p>\n<h1><span style=\"color: #54beb7;\"><b>Qu&rsquo;entendons-nous par architecture et urbanisme f\u00e9ministe?<\/b><\/span><\/h1>\n<p>&nbsp;<\/p>\n<p>&nbsp;<br \/>\n[\/et_pb_text][et_pb_divider show_divider=\u00a0\u00bboff\u00a0\u00bb disabled_on=\u00a0\u00bbon|on|off\u00a0\u00bb admin_label=\u00a0\u00bbSeparador\u00a0\u00bb _builder_version=\u00a0\u00bb4.16&Prime; height=\u00a0\u00bb5px\u00a0\u00bb hide_on_mobile=\u00a0\u00bbon\u00a0\u00bb global_colors_info=\u00a0\u00bb{}\u00a0\u00bb][\/et_pb_divider][\/et_pb_column][\/et_pb_row][et_pb_row admin_label=\u00a0\u00bbrow\u00a0\u00bb _builder_version=\u00a0\u00bb4.16&Prime; background_size=\u00a0\u00bbinitial\u00a0\u00bb background_position=\u00a0\u00bbtop_left\u00a0\u00bb background_repeat=\u00a0\u00bbrepeat\u00a0\u00bb global_colors_info=\u00a0\u00bb{}\u00a0\u00bb column_structure=\u00a0\u00bb1_2,1_2&Prime;][et_pb_column type=\u00a0\u00bb1_2&Prime; _builder_version=\u00a0\u00bb4.16&Prime; custom_padding=\u00a0\u00bb|||\u00a0\u00bb global_colors_info=\u00a0\u00bb{}\u00a0\u00bb custom_padding__hover=\u00a0\u00bb|||\u00a0\u00bb][et_pb_text admin_label=\u00a0\u00bbTexto\u00a0\u00bb _builder_version=\u00a0\u00bb4.16&Prime; text_font_size=\u00a0\u00bb12&Prime; text_line_height=\u00a0\u00bb1.4em\u00a0\u00bb use_border_color=\u00a0\u00bboff\u00a0\u00bb global_colors_info=\u00a0\u00bb{}\u00a0\u00bb]&nbsp;<\/p>\n<p><span style=\"font-weight: 400;\">Les f\u00e9minismes ont pour objectif de r\u00e9v\u00e9ler les in\u00e9galit\u00e9s sociales, politiques, \u00e9conomiques et juridiques que nous subissons, femmes et personnes avec des identit\u00e9s non normatives. D\u00e8s lors, nous consid\u00e9rons primordial de prendre en compte la diversit\u00e9 et la complexit\u00e9 de chacun\u00b7e\u00b7s et de d\u00e9construire les <\/span><b>st\u00e9r\u00e9otypes<\/b><span style=\"font-weight: 400;\"> et les <\/span><b>r\u00f4les de genre, <\/b><span style=\"font-weight: 400;\">de mani\u00e8re \u00e0 ce tout le monde puisse s\u2019\u00e9panouir en libert\u00e9, en partant de <\/span><b>l\u2019\u00e9galit\u00e9 d\u2019opportunit\u00e9s.<\/b><\/p>\n<p>&nbsp;<br \/>\n[\/et_pb_text][et_pb_divider show_divider=\u00a0\u00bboff\u00a0\u00bb disabled_on=\u00a0\u00bbon|on|off\u00a0\u00bb admin_label=\u00a0\u00bbSeparador\u00a0\u00bb _builder_version=\u00a0\u00bb4.16&Prime; height=\u00a0\u00bb5px\u00a0\u00bb hide_on_mobile=\u00a0\u00bbon\u00a0\u00bb global_colors_info=\u00a0\u00bb{}\u00a0\u00bb][\/et_pb_divider][\/et_pb_column][et_pb_column type=\u00a0\u00bb1_2&Prime; _builder_version=\u00a0\u00bb4.16&Prime; custom_padding=\u00a0\u00bb|||\u00a0\u00bb global_colors_info=\u00a0\u00bb{}\u00a0\u00bb custom_padding__hover=\u00a0\u00bb|||\u00a0\u00bb][et_pb_text admin_label=\u00a0\u00bbTexto\u00a0\u00bb _builder_version=\u00a0\u00bb4.16&Prime; text_font_size=\u00a0\u00bb12&Prime; text_line_height=\u00a0\u00bb1.4em\u00a0\u00bb use_border_color=\u00a0\u00bboff\u00a0\u00bb global_colors_info=\u00a0\u00bb{}\u00a0\u00bb]&nbsp;<\/p>\n<p><span style=\"font-weight: 400;\">L\u2019urbanisme est un outil cl\u00e9 pour la d\u00e9mocratisation de l\u2019usage des villes et joue un r\u00f4le fondamental pour garantir la qualit\u00e9 de vie des citoyen\u00b7ne\u00b7s. \u00c0 travers l\u2019urbanisme et l\u2019architecture f\u00e9ministe, nous cherchons, par le dessin des espaces et la planification urbaine \u00e0 penser, construire ou g\u00e9n\u00e9rer :<\/span><\/p>\n<p>&nbsp;<br \/>\n[\/et_pb_text][\/et_pb_column][\/et_pb_row][et_pb_row admin_label=\u00a0\u00bbrow\u00a0\u00bb _builder_version=\u00a0\u00bb4.16&Prime; background_size=\u00a0\u00bbinitial\u00a0\u00bb background_position=\u00a0\u00bbtop_left\u00a0\u00bb background_repeat=\u00a0\u00bbrepeat\u00a0\u00bb global_colors_info=\u00a0\u00bb{}\u00a0\u00bb column_structure=\u00a0\u00bb1_3,1_3,1_3&Prime;][et_pb_column type=\u00a0\u00bb1_3&Prime; _builder_version=\u00a0\u00bb4.16&Prime; custom_padding=\u00a0\u00bb|||\u00a0\u00bb global_colors_info=\u00a0\u00bb{}\u00a0\u00bb custom_padding__hover=\u00a0\u00bb|||\u00a0\u00bb][et_pb_image src=\u00a0\u00bbhttps:\/\/equalsaree.org\/wp-content\/uploads\/2019\/04\/Diversa-Web-1.jpg\u00a0\u00bb align_tablet=\u00a0\u00bbcenter\u00a0\u00bb align_last_edited=\u00a0\u00bbon|desktop\u00a0\u00bb admin_label=\u00a0\u00bbImagen\u00a0\u00bb _builder_version=\u00a0\u00bb4.16&Prime; animation_style=\u00a0\u00bbslide\u00a0\u00bb animation_direction=\u00a0\u00bbleft\u00a0\u00bb animation_duration=\u00a0\u00bb500ms\u00a0\u00bb animation_intensity_slide=\u00a0\u00bb10%\u00a0\u00bb use_border_color=\u00a0\u00bboff\u00a0\u00bb always_center_on_mobile=\u00a0\u00bbon\u00a0\u00bb global_colors_info=\u00a0\u00bb{}\u00a0\u00bb align_phone=\u00a0\u00bbcenter\u00a0\u00bb][\/et_pb_image][et_pb_text admin_label=\u00a0\u00bbTexto\u00a0\u00bb _builder_version=\u00a0\u00bb4.16&Prime; text_font_size=\u00a0\u00bb12&Prime; text_line_height=\u00a0\u00bb1.4em\u00a0\u00bb use_border_color=\u00a0\u00bboff\u00a0\u00bb global_colors_info=\u00a0\u00bb{}\u00a0\u00bb]<\/p>\n<h3 style=\"text-align: center;\"><span style=\"color: #d6202d;\">Villes diverses<\/span><\/h3>\n<p style=\"text-align: center;\"><span style=\"font-weight: 400;\">qui<\/span><span style=\"font-weight: 400;\"> ne reproduisent pas les in\u00e9galit\u00e9s li\u00e9es au genre, \u00e0 la condition sociale, \u00e0 l\u2019origine, \u00e0 l&rsquo;ethnie, \u00e0 l\u2019\u00e9tat de sant\u00e9, \u00e0 l\u2019orientation sexuelle ou \u00e0 l\u2019\u00e2ge, entre autres.<\/span><\/p>\n<p>&nbsp;<\/p>\n<p>&nbsp;<\/p>\n<p>&nbsp;<\/p>\n<p>[\/et_pb_text][\/et_pb_column][et_pb_column type=\u00a0\u00bb1_3&Prime; _builder_version=\u00a0\u00bb4.16&Prime; custom_padding=\u00a0\u00bb|||\u00a0\u00bb global_colors_info=\u00a0\u00bb{}\u00a0\u00bb custom_padding__hover=\u00a0\u00bb|||\u00a0\u00bb][et_pb_image src=\u00a0\u00bbhttps:\/\/equalsaree.org\/wp-content\/uploads\/2019\/04\/Cuidadora-Web.jpg\u00a0\u00bb align_tablet=\u00a0\u00bbcenter\u00a0\u00bb align_last_edited=\u00a0\u00bbon|desktop\u00a0\u00bb admin_label=\u00a0\u00bbImagen\u00a0\u00bb _builder_version=\u00a0\u00bb4.16&Prime; animation_style=\u00a0\u00bbslide\u00a0\u00bb animation_direction=\u00a0\u00bbleft\u00a0\u00bb animation_duration=\u00a0\u00bb500ms\u00a0\u00bb animation_intensity_slide=\u00a0\u00bb10%\u00a0\u00bb use_border_color=\u00a0\u00bboff\u00a0\u00bb always_center_on_mobile=\u00a0\u00bbon\u00a0\u00bb global_colors_info=\u00a0\u00bb{}\u00a0\u00bb align_phone=\u00a0\u00bbcenter\u00a0\u00bb][\/et_pb_image][et_pb_text admin_label=\u00a0\u00bbTexto\u00a0\u00bb _builder_version=\u00a0\u00bb4.16&Prime; text_font_size=\u00a0\u00bb12&Prime; text_line_height=\u00a0\u00bb1.4em\u00a0\u00bb use_border_color=\u00a0\u00bboff\u00a0\u00bb global_colors_info=\u00a0\u00bb{}\u00a0\u00bb]<\/p>\n<h3 style=\"text-align: center;\"><span style=\"color: #d6202d;\">Villes soigneuses<\/span><\/h3>\n<p style=\"text-align: center;\"><span style=\"font-weight: 400;\">qui situent les t\u00e2ches reproductives li\u00e9es au soin dans le domaine public de mani\u00e8re \u00e0 les visibiliser, les valoriser et collectiviser leur responsabilit\u00e9.<\/span><\/p>\n<p>&nbsp;<\/p>\n<p>&nbsp;<br \/>\n[\/et_pb_text][\/et_pb_column][et_pb_column type=\u00a0\u00bb1_3&Prime; _builder_version=\u00a0\u00bb4.16&Prime; custom_padding=\u00a0\u00bb|||\u00a0\u00bb global_colors_info=\u00a0\u00bb{}\u00a0\u00bb custom_padding__hover=\u00a0\u00bb|||\u00a0\u00bb][et_pb_image src=\u00a0\u00bbhttps:\/\/equalsaree.org\/wp-content\/uploads\/2019\/04\/Sostenible-Web.jpg\u00a0\u00bb align_tablet=\u00a0\u00bbcenter\u00a0\u00bb align_last_edited=\u00a0\u00bbon|desktop\u00a0\u00bb admin_label=\u00a0\u00bbImagen\u00a0\u00bb _builder_version=\u00a0\u00bb4.16&Prime; animation_style=\u00a0\u00bbslide\u00a0\u00bb animation_direction=\u00a0\u00bbleft\u00a0\u00bb animation_duration=\u00a0\u00bb500ms\u00a0\u00bb animation_intensity_slide=\u00a0\u00bb10%\u00a0\u00bb use_border_color=\u00a0\u00bboff\u00a0\u00bb always_center_on_mobile=\u00a0\u00bbon\u00a0\u00bb global_colors_info=\u00a0\u00bb{}\u00a0\u00bb align_phone=\u00a0\u00bbcenter\u00a0\u00bb][\/et_pb_image][et_pb_text admin_label=\u00a0\u00bbTexto\u00a0\u00bb _builder_version=\u00a0\u00bb4.16&Prime; text_font_size=\u00a0\u00bb12&Prime; text_line_height=\u00a0\u00bb1.4em\u00a0\u00bb use_border_color=\u00a0\u00bboff\u00a0\u00bb global_colors_info=\u00a0\u00bb{}\u00a0\u00bb]<\/p>\n<h3 style=\"text-align: center;\"><span style=\"color: #d6202d;\">Villes durables<\/span><\/h3>\n<p style=\"text-align: center;\"><span style=\"font-weight: 400;\">respectueuses de leur environnement et des communaut\u00e9s qui les habitent depuis une perspective <\/span><span style=\"font-weight: 400;\">\u00e9cologique, mais aussi \u00e9conomique et sociale.<\/span><\/p>\n<p>&nbsp;<\/p>\n<p>&nbsp;<\/p>\n<p>&nbsp;<br \/>\n[\/et_pb_text][\/et_pb_column][\/et_pb_row][et_pb_row admin_label=\u00a0\u00bbrow\u00a0\u00bb _builder_version=\u00a0\u00bb4.16&Prime; background_size=\u00a0\u00bbinitial\u00a0\u00bb background_position=\u00a0\u00bbtop_left\u00a0\u00bb background_repeat=\u00a0\u00bbrepeat\u00a0\u00bb global_colors_info=\u00a0\u00bb{}\u00a0\u00bb column_structure=\u00a0\u00bb1_2,1_2&Prime;][et_pb_column type=\u00a0\u00bb1_2&Prime; _builder_version=\u00a0\u00bb4.16&Prime; custom_padding=\u00a0\u00bb|||\u00a0\u00bb global_colors_info=\u00a0\u00bb{}\u00a0\u00bb custom_padding__hover=\u00a0\u00bb|||\u00a0\u00bb][et_pb_text admin_label=\u00a0\u00bbTexto\u00a0\u00bb _builder_version=\u00a0\u00bb4.16&Prime; text_font_size=\u00a0\u00bb12&Prime; text_line_height=\u00a0\u00bb1.4em\u00a0\u00bb use_border_color=\u00a0\u00bboff\u00a0\u00bb global_colors_info=\u00a0\u00bb{}\u00a0\u00bb]&nbsp;<\/p>\n<p><span style=\"font-weight: 400;\">Enfin, des<strong> villes inclusives<\/strong> qui prennent en compte et donnent des r\u00e9ponses aux n\u00e9cessit\u00e9s de la vie quotidienne de toutes les personnes.<\/span><\/p>\n<p>&nbsp;<br \/>\n[\/et_pb_text][\/et_pb_column][et_pb_column type=\u00a0\u00bb1_2&Prime; _builder_version=\u00a0\u00bb4.16&Prime; custom_padding=\u00a0\u00bb|||\u00a0\u00bb global_colors_info=\u00a0\u00bb{}\u00a0\u00bb custom_padding__hover=\u00a0\u00bb|||\u00a0\u00bb][et_pb_text admin_label=\u00a0\u00bbTexto\u00a0\u00bb _builder_version=\u00a0\u00bb4.16&Prime; text_font_size=\u00a0\u00bb12&Prime; text_line_height=\u00a0\u00bb1.4em\u00a0\u00bb use_border_color=\u00a0\u00bboff\u00a0\u00bb global_colors_info=\u00a0\u00bb{}\u00a0\u00bb]&nbsp;<\/p>\n<p><span style=\"font-weight: 400;\">Nous pensons n\u00e9cessaire de donner la parole aux personnes pour d\u00e9tecter les usages, les n\u00e9cessit\u00e9s et les d\u00e9sirs sp\u00e9cifiques des communaut\u00e9s qui habitent les diff\u00e9rents territoires. Nous misons d\u00e8s lors sur la <\/span><b>participation<\/b><span style=\"font-weight: 400;\"> active des collectifs qui bien souvent sont exclus des d\u00e9cisions sur leur environnement, comme le peuvent \u00eatre les enfants et les personnes \u00e2g\u00e9es. Nous croyons au pouvoir de <\/span><b>l\u2019\u00e9ducation transformatrice<\/b><span style=\"font-weight: 400;\"> qui, appliqu\u00e9e aux processus collectifs de prise de d\u00e9cision, se pr\u00e9sente comme un outil cl\u00e9 pour le <\/span><b>changement social<\/b><span style=\"font-weight: 400;\">. <\/span><\/p>\n<p>&nbsp;<br \/>\n[\/et_pb_text][\/et_pb_column][\/et_pb_row][et_pb_row admin_label=\u00a0\u00bbFila\u00a0\u00bb _builder_version=\u00a0\u00bb4.16&Prime; background_size=\u00a0\u00bbinitial\u00a0\u00bb background_position=\u00a0\u00bbtop_left\u00a0\u00bb background_repeat=\u00a0\u00bbrepeat\u00a0\u00bb global_colors_info=\u00a0\u00bb{}\u00a0\u00bb][et_pb_column type=\u00a0\u00bb4_4&Prime; _builder_version=\u00a0\u00bb4.16&Prime; custom_padding=\u00a0\u00bb|||\u00a0\u00bb global_colors_info=\u00a0\u00bb{}\u00a0\u00bb custom_padding__hover=\u00a0\u00bb|||\u00a0\u00bb][et_pb_divider show_divider=\u00a0\u00bboff\u00a0\u00bb disabled_on=\u00a0\u00bbon|on|off\u00a0\u00bb admin_label=\u00a0\u00bbSeparador\u00a0\u00bb _builder_version=\u00a0\u00bb4.16&Prime; height=\u00a0\u00bb30px\u00a0\u00bb hide_on_mobile=\u00a0\u00bbon\u00a0\u00bb global_colors_info=\u00a0\u00bb{}\u00a0\u00bb][\/et_pb_divider][et_pb_text admin_label=\u00a0\u00bbTexto\u00a0\u00bb _builder_version=\u00a0\u00bb4.16&Prime; text_font_size=\u00a0\u00bb12&Prime; use_border_color=\u00a0\u00bboff\u00a0\u00bb global_colors_info=\u00a0\u00bb{}\u00a0\u00bb]<\/p>\n<p>&nbsp;<\/p>\n<p><a href=\"https:\/\/equalsaree.org\/fr\/projects\/\"><strong><span style=\"color: #d6202d;\">En savoir plus sur les projets que nous avons r\u00e9alis\u00e9s &gt;<\/span><\/strong><\/a><\/p>\n<p>&nbsp;<\/p>\n<p>[\/et_pb_text][\/et_pb_column][\/et_pb_row][\/et_pb_section]<\/p>\n","protected":false},"excerpt":{"rendered":"<p>&nbsp; Qu&rsquo;entendons-nous par architecture et urbanisme f\u00e9ministe? &nbsp; &nbsp; &nbsp; Les f\u00e9minismes ont pour objectif de r\u00e9v\u00e9ler les in\u00e9galit\u00e9s sociales, politiques, \u00e9conomiques et juridiques que nous subissons, femmes et personnes avec des identit\u00e9s non normatives. D\u00e8s lors, nous consid\u00e9rons primordial de prendre en compte la diversit\u00e9 et la complexit\u00e9 de chacun\u00b7e\u00b7s et de d\u00e9construire les [&hellip;]<\/p>\n","protected":false},"author":6,"featured_media":0,"parent":0,"menu_order":0,"comment_status":"closed","ping_status":"closed","template":"","meta":{"_seopress_robots_primary_cat":"","_seopress_titles_title":"","_seopress_titles_desc":"","_seopress_robots_index":"","_et_pb_use_builder":"on","_et_pb_old_content":"","_et_gb_content_width":"","footnotes":""},"class_list":["post-2809","page","type-page","status-publish","hentry"],"_links":{"self":[{"href":"https:\/\/equalsaree.org\/fr\/wp-json\/wp\/v2\/pages\/2809","targetHints":{"allow":["GET"]}}],"collection":[{"href":"https:\/\/equalsaree.org\/fr\/wp-json\/wp\/v2\/pages"}],"about":[{"href":"https:\/\/equalsaree.org\/fr\/wp-json\/wp\/v2\/types\/page"}],"author":[{"embeddable":true,"href":"https:\/\/equalsaree.org\/fr\/wp-json\/wp\/v2\/users\/6"}],"replies":[{"embeddable":true,"href":"https:\/\/equalsaree.org\/fr\/wp-json\/wp\/v2\/comments?post=2809"}],"version-history":[{"count":1,"href":"https:\/\/equalsaree.org\/fr\/wp-json\/wp\/v2\/pages\/2809\/revisions"}],"predecessor-version":[{"id":16696,"href":"https:\/\/equalsaree.org\/fr\/wp-json\/wp\/v2\/pages\/2809\/revisions\/16696"}],"wp:attachment":[{"href":"https:\/\/equalsaree.org\/fr\/wp-json\/wp\/v2\/media?parent=2809"}],"curies":[{"name":"wp","href":"https:\/\/api.w.org\/{rel}","templated":true}]}}