{"id":16672,"date":"2024-05-03T15:37:53","date_gmt":"2024-05-03T15:37:53","guid":{"rendered":"https:\/\/equalsaree.org\/project\/hacia-una-participacion-feminista\/"},"modified":"2025-06-03T09:29:40","modified_gmt":"2025-06-03T09:29:40","slug":"hacia-una-participacion-feminista","status":"publish","type":"project","link":"https:\/\/equalsaree.org\/es\/project\/hacia-una-participacion-feminista\/","title":{"rendered":"Hacia una participaci\u00f3n feminista"},"content":{"rendered":"<p>[et_pb_section fb_built=\u00bb1&#8243; admin_label=\u00bbsection\u00bb _builder_version=\u00bb4.16&#8243; custom_padding=\u00bb||19px|||\u00bb global_colors_info=\u00bb{}\u00bb][et_pb_row column_structure=\u00bb1_2,1_2&#8243; admin_label=\u00bbrow\u00bb _builder_version=\u00bb4.16&#8243; background_size=\u00bbinitial\u00bb background_position=\u00bbtop_left\u00bb background_repeat=\u00bbrepeat\u00bb global_colors_info=\u00bb{}\u00bb][et_pb_column type=\u00bb1_2&#8243; _builder_version=\u00bb4.16&#8243; custom_padding=\u00bb|||\u00bb global_colors_info=\u00bb{}\u00bb custom_padding__hover=\u00bb|||\u00bb][et_pb_image src=\u00bbhttps:\/\/equalsaree.org\/wp-content\/uploads\/2024\/05\/04_Hacia-una-participacion-feminista.jpg\u00bb alt=\u00bbEqual Saree Barcelona urbanismo arquitectura feminista g\u00e9nero patios coeducativos infancia participaci\u00f3n la generadora formaci\u00f3n\u00bb title_text=\u00bb04_Hacia una participaci\u00f3n feminista\u00bb align_tablet=\u00bbcenter\u00bb align_phone=\u00bb\u00bb align_last_edited=\u00bbon|desktop\u00bb _builder_version=\u00bb4.23.1&#8243; always_center_on_mobile=\u00bbon\u00bb global_colors_info=\u00bb{}\u00bb][\/et_pb_image][\/et_pb_column][et_pb_column type=\u00bb1_2&#8243; _builder_version=\u00bb4.16&#8243; custom_padding=\u00bb|||\u00bb global_colors_info=\u00bb{}\u00bb custom_padding__hover=\u00bb|||\u00bb][et_pb_text admin_label=\u00bbTexto\u00bb _builder_version=\u00bb4.23.1&#8243; text_font_size=\u00bb12&#8243; text_line_height=\u00bb1.4em\u00bb background_size=\u00bbinitial\u00bb background_position=\u00bbtop_left\u00bb background_repeat=\u00bbrepeat\u00bb custom_padding=\u00bb||0px|||\u00bb use_border_color=\u00bboff\u00bb global_colors_info=\u00bb{}\u00bb]<\/p>\n<h2><strong><b>Curso online: Hacia una participaci\u00f3n feminista<br \/><\/b><\/strong><b><\/b><\/h2>\n<p><span style=\"font-weight: 400;\">Un curso virtual para profundizar en la participaci\u00f3n comunitaria con perspectiva feminista. Veremos como tenerla en cuenta en todas las fases de un proyecto participativo, compartiremos metodolog\u00edas, t\u00e9cnicas y tips para conseguir un proceso inclusivo y empoderador, conoceremos pr\u00e1cticas internacionales de la mano de colectivas invitadas y trabajaremos juntas en la revisi\u00f3n y mejora de las propuestas de las participantes. <\/span><\/p>\n<p><b><span>Martes 1, mi\u00e9rcoles 2 y jueves 3 de julio de 2025 de 16h a 18h (Hora de Espa\u00f1a)<br \/>Valor: 150 \u20ac <\/span><\/b><\/p>\n<p><b><span>El curso se imparte en espa\u00f1ol<br \/><\/span><\/b><\/p>\n<p><b><span><\/span><\/b><\/p>\n<p>[\/et_pb_text][et_pb_button button_url=\u00bbhttps:\/\/forms.gle\/8mzBNrovaojTwFY37&#8243; url_new_window=\u00bbon\u00bb button_text=\u00bb Inscr\u00edbete\u00bb _builder_version=\u00bb4.27.4&#8243; hover_enabled=\u00bb0&#8243; locked=\u00bboff\u00bb global_colors_info=\u00bb{}\u00bb sticky_enabled=\u00bb0&#8243;][\/et_pb_button][\/et_pb_column][\/et_pb_row][\/et_pb_section][et_pb_section fb_built=\u00bb1&#8243; custom_padding_last_edited=\u00bbon|desktop\u00bb admin_label=\u00bbSecci\u00f3n\u00bb _builder_version=\u00bb4.16&#8243; custom_padding_tablet=\u00bb50px|0|50px|0&#8243; custom_padding_phone=\u00bb\u00bb transparent_background=\u00bboff\u00bb padding_mobile=\u00bboff\u00bb make_fullwidth=\u00bboff\u00bb use_custom_width=\u00bboff\u00bb width_unit=\u00bbon\u00bb global_colors_info=\u00bb{}\u00bb][et_pb_row padding_mobile=\u00bboff\u00bb column_padding_mobile=\u00bbon\u00bb admin_label=\u00bbFila\u00bb module_id=\u00bbetapas\u00bb _builder_version=\u00bb4.16&#8243; background_size=\u00bbinitial\u00bb background_position=\u00bbtop_left\u00bb background_repeat=\u00bbrepeat\u00bb make_fullwidth=\u00bboff\u00bb use_custom_width=\u00bboff\u00bb width_unit=\u00bbon\u00bb global_colors_info=\u00bb{}\u00bb][et_pb_column type=\u00bb4_4&#8243; _builder_version=\u00bb4.16&#8243; custom_padding=\u00bb|||\u00bb global_colors_info=\u00bb{}\u00bb custom_padding__hover=\u00bb|||\u00bb][et_pb_text admin_label=\u00bbTexto\u00bb _builder_version=\u00bb4.27.4&#8243; background_size=\u00bbinitial\u00bb background_position=\u00bbtop_left\u00bb background_repeat=\u00bbrepeat\u00bb use_border_color=\u00bboff\u00bb global_colors_info=\u00bb{}\u00bb]<\/p>\n<h2><strong>Conoce m\u00e1s el curso<\/strong><\/h2>\n<p>[\/et_pb_text][\/et_pb_column][\/et_pb_row][et_pb_row admin_label=\u00bbFila\u00bb _builder_version=\u00bb4.16&#8243; background_size=\u00bbinitial\u00bb background_position=\u00bbtop_left\u00bb background_repeat=\u00bbrepeat\u00bb global_colors_info=\u00bb{}\u00bb][et_pb_column type=\u00bb4_4&#8243; _builder_version=\u00bb4.16&#8243; custom_padding=\u00bb|||\u00bb global_colors_info=\u00bb{}\u00bb custom_padding__hover=\u00bb|||\u00bb][et_pb_divider color=\u00bb#777777&#8243; divider_position=\u00bbcenter\u00bb disabled_on=\u00bbon|on|off\u00bb admin_label=\u00bbSeparador\u00bb _builder_version=\u00bb4.16&#8243; height=\u00bb80px\u00bb hide_on_mobile=\u00bbon\u00bb global_colors_info=\u00bb{}\u00bb]&nbsp;<br \/>\n[\/et_pb_divider][\/et_pb_column][\/et_pb_row][et_pb_row padding_mobile=\u00bboff\u00bb column_padding_mobile=\u00bbon\u00bb admin_label=\u00bbFila\u00bb module_id=\u00bbetapa1&#8243; _builder_version=\u00bb4.16&#8243; background_size=\u00bbinitial\u00bb background_position=\u00bbtop_left\u00bb background_repeat=\u00bbrepeat\u00bb global_colors_info=\u00bb{}\u00bb][et_pb_column type=\u00bb4_4&#8243; _builder_version=\u00bb4.16&#8243; custom_padding=\u00bb|||\u00bb global_colors_info=\u00bb{}\u00bb custom_padding__hover=\u00bb|||\u00bb][et_pb_text admin_label=\u00bbetapa 1&#8243; _builder_version=\u00bb4.23.1&#8243; text_font_size=\u00bb12&#8243; text_line_height=\u00bb1.4em\u00bb background_size=\u00bbinitial\u00bb background_position=\u00bbtop_left\u00bb background_repeat=\u00bbrepeat\u00bb use_border_color=\u00bboff\u00bb global_colors_info=\u00bb{}\u00bb]<\/p>\n<p><span style=\"font-weight: 400;\">El curso incluye tres sesiones virtuales de formaci\u00f3n y taller:<\/span><\/p>\n<p><b>Sesi\u00f3n 1: Claves para una participaci\u00f3n feminista<\/b><\/p>\n<p><span style=\"font-weight: 400;\">En la primera sesi\u00f3n compartimos consejos y recomendaciones, metodolog\u00edas y t\u00e9cnicas para conseguir un proceso inclusivo y empoderador, incluyendo la mirada feminista en todas sus fases.\u00a0<\/span><\/p>\n<p><b>Sesi\u00f3n 2: Experiencias internacionales (con <a href=\"https:\/\/taplink.cc\/licuadoragestora?fbclid=PAZXh0bgNhZW0CMTEAAabgr3hUHI8oNvYAn5CrlTnPrcwh6-LR3bGX_KCc5nkHzYg_9qspE8iUP5k_aem_kXhP1QoJbwzPeHcYc2y6-g\">Licuadora Gestora<\/a><\/b><b>)<\/b><\/p>\n<p><span style=\"font-weight: 400;\">En esta sesi\u00f3n conocemos un proyecto en profundidad de la mano de una colectiva invitada y experimentamos con una metodolog\u00eda propuesta por dicha colectiva. En esta edici\u00f3n nos acompa\u00f1a Licuadora Gestora desde Quito, Ecuador.\u00a0<\/span><\/p>\n<p><b><\/b><b>Sesi\u00f3n 3: Laboratorio. \u00a1Trae tu proyecto!\u00a0\u00a0<\/b><\/p>\n<p><span style=\"font-weight: 400;\">Trae tu idea, propuesta, proceso o proyecto y le pasamos el filtro violeta.<\/span><\/p>\n<p><span style=\"font-weight: 400;\"><\/span><\/p>\n<p><span style=\"font-weight: 400;\"><\/span><\/p>\n<p><span>Imparten el curso:<\/span><\/p>\n<p><span><b>Trilce Fortuna Chuch\u00f3n<\/b><\/span><\/p>\n<p><span>Arquitecta y dise\u00f1adora urbana, especialista en participaci\u00f3n ciudadana. Apuesta por la b\u00fasqueda de lugares comunes a trav\u00e9s del di\u00e1logo y la cooperaci\u00f3n, incorporando herramientas de la mediaci\u00f3n y la facilitaci\u00f3n de grupos y metodolog\u00edas participativas feministas. Cuenta con 12 a\u00f1os de experiencia en dise\u00f1o y dinamizaci\u00f3n de procesos participativos con perspectiva de g\u00e9nero e interseccional.<\/span><\/p>\n<p><span><b>Dafne Salda\u00f1a Blasco<\/b><\/span><\/p>\n<p><span>Arquitecta, Doctora en estudios de g\u00e9nere e investigadora feminista. Apasionada por la reinvenci\u00f3n conceptual, la exploraci\u00f3n metodol\u00f3gica y la divulgaci\u00f3n. Cuenta con 15 a\u00f1os de experiencia en proyectos de dise\u00f1o participativo con perspectiva de g\u00e9nero y en dis\u00f1o de metolog\u00edas participativas adaptadas a la infancia.\u00a0<\/span><\/p>\n<p>[\/et_pb_text][et_pb_text admin_label=\u00bbTexto\u00bb _builder_version=\u00bb4.22.2&#8243; background_size=\u00bbinitial\u00bb background_position=\u00bbtop_left\u00bb background_repeat=\u00bbrepeat\u00bb use_border_color=\u00bboff\u00bb global_colors_info=\u00bb{}\u00bb]<\/p>\n<h4><a href=\"#etapas\"><img loading=\"lazy\" decoding=\"async\" class=\"alignnone wp-image-445\" src=\"https:\/\/equalsaree.org\/wp-content\/uploads\/2016\/03\/FLECHA-1.png\" alt=\"FLECHA\" width=\"20\" height=\"22\" \/><\/a><\/h4>\n<p>[\/et_pb_text][\/et_pb_column][\/et_pb_row][et_pb_row admin_label=\u00bbFila\u00bb _builder_version=\u00bb4.16&#8243; background_size=\u00bbinitial\u00bb background_position=\u00bbtop_left\u00bb background_repeat=\u00bbrepeat\u00bb global_colors_info=\u00bb{}\u00bb][et_pb_column type=\u00bb4_4&#8243; _builder_version=\u00bb4.16&#8243; custom_padding=\u00bb|||\u00bb global_colors_info=\u00bb{}\u00bb custom_padding__hover=\u00bb|||\u00bb][et_pb_divider show_divider=\u00bboff\u00bb disabled_on=\u00bbon|on|off\u00bb admin_label=\u00bbSeparador\u00bb _builder_version=\u00bb4.22.2&#8243; hide_on_mobile=\u00bbon\u00bb global_colors_info=\u00bb{}\u00bb]&nbsp;<br \/>\n[\/et_pb_divider][et_pb_divider color=\u00bb#777777&#8243; divider_position=\u00bbcenter\u00bb disabled_on=\u00bbon|on|off\u00bb admin_label=\u00bbSeparador\u00bb _builder_version=\u00bb4.16&#8243; height=\u00bb80px\u00bb hide_on_mobile=\u00bbon\u00bb global_colors_info=\u00bb{}\u00bb]&nbsp;<br \/>\n[\/et_pb_divider][\/et_pb_column][\/et_pb_row][et_pb_row column_structure=\u00bb1_2,1_2&#8243; _builder_version=\u00bb4.27.4&#8243; _module_preset=\u00bbdefault\u00bb global_colors_info=\u00bb{}\u00bb][et_pb_column type=\u00bb1_2&#8243; _builder_version=\u00bb4.27.4&#8243; _module_preset=\u00bbdefault\u00bb global_colors_info=\u00bb{}\u00bb][et_pb_text admin_label=\u00bbTexto\u00bb _builder_version=\u00bb4.27.4&#8243; background_size=\u00bbinitial\u00bb background_position=\u00bbtop_left\u00bb background_repeat=\u00bbrepeat\u00bb use_border_color=\u00bboff\u00bb global_colors_info=\u00bb{}\u00bb]<\/p>\n<h2><strong>Otras ediciones<\/strong><\/h2>\n<p><b><span>1\u00aa Edici\u00f3n julio de 2024<br \/><\/span><\/b><\/p>\n<p><b><span>Colectiva invitada: V\u00e9rtice Urbano (Chile)<\/span><\/b><\/p>\n<p>[\/et_pb_text][\/et_pb_column][et_pb_column type=\u00bb1_2&#8243; _builder_version=\u00bb4.27.4&#8243; _module_preset=\u00bbdefault\u00bb global_colors_info=\u00bb{}\u00bb][et_pb_accordion _builder_version=\u00bb4.27.4&#8243; _module_preset=\u00bbdefault\u00bb global_colors_info=\u00bb{}\u00bb][et_pb_accordion_item open=\u00bbon\u00bb _builder_version=\u00bb4.27.4&#8243; _module_preset=\u00bbdefault\u00bb global_colors_info=\u00bb{}\u00bb]<\/p>\n<p><img loading=\"lazy\" decoding=\"async\" src=\"https:\/\/equalsaree.org\/wp-content\/uploads\/2025\/02\/Screenshot-web.jpg\" width=\"1725\" height=\"885\" alt=\"\" class=\"wp-image-17215 alignnone size-full\" srcset=\"https:\/\/equalsaree.org\/wp-content\/uploads\/2025\/02\/Screenshot-web.jpg 1725w, https:\/\/equalsaree.org\/wp-content\/uploads\/2025\/02\/Screenshot-web-1280x657.jpg 1280w, https:\/\/equalsaree.org\/wp-content\/uploads\/2025\/02\/Screenshot-web-980x503.jpg 980w, https:\/\/equalsaree.org\/wp-content\/uploads\/2025\/02\/Screenshot-web-480x246.jpg 480w\" sizes=\"(min-width: 0px) and (max-width: 480px) 480px, (min-width: 481px) and (max-width: 980px) 980px, (min-width: 981px) and (max-width: 1280px) 1280px, (min-width: 1281px) 1725px, 100vw\" \/><\/p>\n<p>[\/et_pb_accordion_item][\/et_pb_accordion][\/et_pb_column][\/et_pb_row][\/et_pb_section]<\/p>\n","protected":false},"excerpt":{"rendered":"<p>Curso online: Hacia una participaci\u00f3n feminista Un curso virtual para profundizar en la participaci\u00f3n comunitaria con perspectiva feminista. Veremos como tenerla en cuenta en todas las fases de un proyecto participativo, compartiremos metodolog\u00edas, t\u00e9cnicas y tips para conseguir un proceso inclusivo y empoderador, conoceremos pr\u00e1cticas internacionales de la mano de colectivas invitadas y trabajaremos juntas [&hellip;]<\/p>\n","protected":false},"author":7,"featured_media":0,"template":"","meta":{"_seopress_robots_primary_cat":"","_seopress_titles_title":"","_seopress_titles_desc":"","_seopress_robots_index":"yes","_et_pb_use_builder":"on","_et_pb_old_content":"","_et_gb_content_width":"","footnotes":""},"project_category":[],"project_tag":[],"class_list":["post-16672","project","type-project","status-publish","hentry"],"_links":{"self":[{"href":"https:\/\/equalsaree.org\/es\/wp-json\/wp\/v2\/project\/16672","targetHints":{"allow":["GET"]}}],"collection":[{"href":"https:\/\/equalsaree.org\/es\/wp-json\/wp\/v2\/project"}],"about":[{"href":"https:\/\/equalsaree.org\/es\/wp-json\/wp\/v2\/types\/project"}],"author":[{"embeddable":true,"href":"https:\/\/equalsaree.org\/es\/wp-json\/wp\/v2\/users\/7"}],"version-history":[{"count":3,"href":"https:\/\/equalsaree.org\/es\/wp-json\/wp\/v2\/project\/16672\/revisions"}],"predecessor-version":[{"id":17329,"href":"https:\/\/equalsaree.org\/es\/wp-json\/wp\/v2\/project\/16672\/revisions\/17329"}],"wp:attachment":[{"href":"https:\/\/equalsaree.org\/es\/wp-json\/wp\/v2\/media?parent=16672"}],"wp:term":[{"taxonomy":"project_category","embeddable":true,"href":"https:\/\/equalsaree.org\/es\/wp-json\/wp\/v2\/project_category?post=16672"},{"taxonomy":"project_tag","embeddable":true,"href":"https:\/\/equalsaree.org\/es\/wp-json\/wp\/v2\/project_tag?post=16672"}],"curies":[{"name":"wp","href":"https:\/\/api.w.org\/{rel}","templated":true}]}}