{"id":15561,"date":"2023-09-05T13:49:30","date_gmt":"2023-09-05T13:49:30","guid":{"rendered":"https:\/\/equalsaree.org\/project\/mamifera\/"},"modified":"2024-04-22T14:00:52","modified_gmt":"2024-04-22T14:00:52","slug":"mamifera","status":"publish","type":"project","link":"https:\/\/equalsaree.org\/es\/project\/mamifera\/","title":{"rendered":"Mam\u00edfera"},"content":{"rendered":"<p>[et_pb_section fb_built=\u00bb1&#8243; admin_label=\u00bbsection\u00bb _builder_version=\u00bb4.16&#8243; global_colors_info=\u00bb{}\u00bb][et_pb_row column_structure=\u00bb1_2,1_2&#8243; admin_label=\u00bbrow\u00bb _builder_version=\u00bb4.16&#8243; background_size=\u00bbinitial\u00bb background_position=\u00bbtop_left\u00bb background_repeat=\u00bbrepeat\u00bb global_colors_info=\u00bb{}\u00bb][et_pb_column type=\u00bb1_2&#8243; _builder_version=\u00bb4.16&#8243; custom_padding=\u00bb|||\u00bb global_colors_info=\u00bb{}\u00bb custom_padding__hover=\u00bb|||\u00bb][et_pb_image src=\u00bbhttps:\/\/equalsaree.org\/wp-content\/uploads\/2023\/09\/40-Mamifera.jpg\u00bb title_text=\u00bb40- Mam\u00edfera\u00bb _builder_version=\u00bb4.21.0&#8243; global_colors_info=\u00bb{}\u00bb][\/et_pb_image][\/et_pb_column][et_pb_column type=\u00bb1_2&#8243; _builder_version=\u00bb4.16&#8243; custom_padding=\u00bb|||\u00bb global_colors_info=\u00bb{}\u00bb custom_padding__hover=\u00bb|||\u00bb][et_pb_text admin_label=\u00bbTexto\u00bb _builder_version=\u00bb4.23.1&#8243; text_font_size=\u00bb12&#8243; text_line_height=\u00bb1.4em\u00bb background_size=\u00bbinitial\u00bb background_position=\u00bbtop_left\u00bb background_repeat=\u00bbrepeat\u00bb hover_enabled=\u00bb0&#8243; use_border_color=\u00bboff\u00bb global_colors_info=\u00bb{}\u00bb sticky_enabled=\u00bb0&#8243;]<\/p>\n<h2><b>Mam\u00edfera<\/b><\/h2>\n<h3><span style=\"color: #d51f00;\"><span style=\"font-weight: 400;\">Punto de lactancia en colectivo<\/span><\/span><\/h3>\n<p><span style=\"font-weight: 400;\">Mam\u00edfera es un espacio de libre acceso que ofrece facilidades a las personas que amamantan y alimentan lactantes, ya sea dando el pecho, el biber\u00f3n o a trav\u00e9s otros m\u00e9todos. Es un espacio visible, accesible, seguro y confortable, que cuenta con los elementos necesarios para poder amamantar y acompa\u00f1ar a las personas en periodo de lactancia. La instalaci\u00f3n quiere visibilizar la necesidad de espacios de cuidados en la ciudad, especialmente durante la lactancia, un momento clave en el desarrollo de la vida y que a\u00fan a d\u00eda de hoy genera conflictos en la hora de hacerlo en el espacio p\u00fablico. Mam\u00edfera pone en el centro la vida y la colectivizaci\u00f3n de los cuidados, reivindicaciones hist\u00f3ricas de los movimientos feministas.<\/span><\/p>\n<p><span style=\"font-weight: 400;\">Esta instalaci\u00f3n fue creada para Model. Festival de Arquitecturas de Barcelona Model. El festival, impulsado por el Ayuntamiento de Barcelona, se ha organizado a trav\u00e9s de la Fundaci\u00f3 Mies van der Rohe y ha contado con la direcci\u00f3n art\u00edstica de Eva Franch i Gilabert.<\/span><\/p>\n<p><b>Fecha y lugar: <\/b>Febrero 2023- Abril 2023. Barcelona<br \/><b>Comissariado: <\/b>Eva Franch i Gilabert<b><br \/><\/b><b>Cliente:<\/b> Fundaci\u00f3 Mies Van der Rohe i Ajuntament de Barcelona<br \/><b>Premios: <\/b><a href=\"https:\/\/www.model.barcelona\/edicio2023\/es\/actividades\/mamifera\"><span style=\"font-weight: 400;\">Premio Model<\/span><\/a><span style=\"font-weight: 400;\">. Festival de Arquitecturas de Barcelona. Finalista Premios <a href=\"https:\/\/prizes.new-european-bauhaus.europa.eu\/finalists\/applications\/champions\/regaining-a-sense-of-belonging\" target=\"_blank\" rel=\"noopener\">New European Bauhaus<\/a>.<br \/><\/span><strong>Colaboraciones: <\/strong>Dise\u00f1o y c\u00e1lculo de la estructura: Voltes Cooperativa d\u2019Arquitectura. Construcci\u00f3n y montaje: Brava! Performing arts. Comisariado: Eva Franch i Gilabert. Financiaci\u00f3n: Fundaci\u00f3n Mies van der Rohe, Ayuntamiento de Barcelona. An\u00e1lisis de datos e infograf\u00edas de la investigaci\u00f3n participativa: Diana Rueda, Clara Benet. Fotograf\u00edas: Conchi Berenguer. Audiovisual: Iv\u00e1n Correyero<\/p>\n<p>[\/et_pb_text][\/et_pb_column][\/et_pb_row][\/et_pb_section][et_pb_section fb_built=\u00bb1&#8243; custom_padding_last_edited=\u00bbon|desktop\u00bb admin_label=\u00bbSecci\u00f3n\u00bb _builder_version=\u00bb4.16&#8243; custom_padding=\u00bb17px|||||\u00bb custom_padding_tablet=\u00bb50px|0|50px|0&#8243; custom_padding_phone=\u00bb\u00bb transparent_background=\u00bboff\u00bb padding_mobile=\u00bboff\u00bb make_fullwidth=\u00bboff\u00bb use_custom_width=\u00bboff\u00bb width_unit=\u00bbon\u00bb locked=\u00bboff\u00bb global_colors_info=\u00bb{}\u00bb][et_pb_row padding_mobile=\u00bboff\u00bb column_padding_mobile=\u00bbon\u00bb admin_label=\u00bbFila\u00bb module_id=\u00bbetapas\u00bb _builder_version=\u00bb4.16&#8243; background_size=\u00bbinitial\u00bb background_position=\u00bbtop_left\u00bb background_repeat=\u00bbrepeat\u00bb make_fullwidth=\u00bboff\u00bb use_custom_width=\u00bboff\u00bb width_unit=\u00bbon\u00bb global_colors_info=\u00bb{}\u00bb][et_pb_column type=\u00bb4_4&#8243; _builder_version=\u00bb4.16&#8243; custom_padding=\u00bb|||\u00bb global_colors_info=\u00bb{}\u00bb custom_padding__hover=\u00bb|||\u00bb][et_pb_text admin_label=\u00bbTexto\u00bb _builder_version=\u00bb4.21.0&#8243; background_size=\u00bbinitial\u00bb background_position=\u00bbtop_left\u00bb background_repeat=\u00bbrepeat\u00bb use_border_color=\u00bboff\u00bb global_colors_info=\u00bb{}\u00bb]<\/p>\n<h2><strong>Conoce m\u00e1s el proyecto<\/strong><\/h2>\n<p><a href=\"#etapa1\">Model. Festival de Arquitecturas de Barcelona<\/a>\u00a0|<a title=\"Espais de participaci\u00f3 f\u00edsics\" href=\"#etapa2\"> El motivo<\/a> | <a href=\"#etapa3\">La instalaci\u00f3n<\/a> | <a href=\"#etapa4\">La programaci\u00f3n<\/a><\/p>\n<p>[\/et_pb_text][\/et_pb_column][\/et_pb_row][et_pb_row admin_label=\u00bbFila\u00bb _builder_version=\u00bb4.16&#8243; background_size=\u00bbinitial\u00bb background_position=\u00bbtop_left\u00bb background_repeat=\u00bbrepeat\u00bb global_colors_info=\u00bb{}\u00bb][et_pb_column type=\u00bb4_4&#8243; _builder_version=\u00bb4.16&#8243; custom_padding=\u00bb|||\u00bb global_colors_info=\u00bb{}\u00bb custom_padding__hover=\u00bb|||\u00bb][et_pb_divider color=\u00bb#777777&#8243; divider_position=\u00bbcenter\u00bb disabled_on=\u00bbon|on|off\u00bb admin_label=\u00bbSeparador\u00bb _builder_version=\u00bb4.16&#8243; height=\u00bb80px\u00bb hide_on_mobile=\u00bbon\u00bb global_colors_info=\u00bb{}\u00bb]\u00a0 [\/et_pb_divider][\/et_pb_column][\/et_pb_row][et_pb_row column_structure=\u00bb1_2,1_2&#8243; padding_mobile=\u00bboff\u00bb column_padding_mobile=\u00bbon\u00bb admin_label=\u00bb#etapa1&#8243; module_id=\u00bbetapa1&#8243; _builder_version=\u00bb4.16&#8243; background_size=\u00bbinitial\u00bb background_position=\u00bbtop_left\u00bb background_repeat=\u00bbrepeat\u00bb global_colors_info=\u00bb{}\u00bb][et_pb_column type=\u00bb1_2&#8243; _builder_version=\u00bb4.16&#8243; custom_padding=\u00bb|||\u00bb global_colors_info=\u00bb{}\u00bb custom_padding__hover=\u00bb|||\u00bb][et_pb_text admin_label=\u00bbetapa 1&#8243; _builder_version=\u00bb4.21.0&#8243; text_font_size=\u00bb12&#8243; text_line_height=\u00bb1.4em\u00bb background_size=\u00bbinitial\u00bb background_position=\u00bbtop_left\u00bb background_repeat=\u00bbrepeat\u00bb custom_padding=\u00bb||0px|||\u00bb use_border_color=\u00bboff\u00bb global_colors_info=\u00bb{}\u00bb]<\/p>\n<h3><b>Model. Festival de Arquitecturas de Barcelona<\/b><\/h3>\n<p><span style=\"font-weight: 400;\">Esta instalaci\u00f3n fue creada\u00a0 para Model. Festival de Arquitecturas de Barcelona. El festival, impulsado por el Ayuntamiento de Barcelona, se ha organizado a trav\u00e9s de la Fundaci\u00f3 Mies van der Rohe y ha contado con la direcci\u00f3n art\u00edstica de Eva Franch i Gilabert, en colaboraci\u00f3n con un amplio equipo de arquitectos y arquitectas, comisarios y comisarias y m\u00e1s de cincuenta instituciones y organizaciones de la ciudad seleccionadas a trav\u00e9s de una convocatoria abierta.<\/span><\/p>\n<p><span style=\"font-weight: 400;\">Model tiene como objetivo transformar el espacio urbano en una plataforma para el talento arquitect\u00f3nico y el dise\u00f1o emergente, la ciudad en un foro de encuentro para l\u00edderes de pensamiento de todas partes y, m\u00e1s significativamente, la arquitectura en un espacio de exploraci\u00f3n e inspiraci\u00f3n para toda la ciudadan\u00eda.<\/span><\/p>\n<p>[\/et_pb_text][et_pb_text admin_label=\u00bbTexto\u00bb _builder_version=\u00bb4.21.0&#8243; background_size=\u00bbinitial\u00bb background_position=\u00bbtop_left\u00bb background_repeat=\u00bbrepeat\u00bb use_border_color=\u00bboff\u00bb global_colors_info=\u00bb{}\u00bb]<\/p>\n<h4><a href=\"#etapas\"><img loading=\"lazy\" decoding=\"async\" class=\"alignnone wp-image-445\" src=\"https:\/\/equalsaree.org\/wp-content\/uploads\/2016\/03\/FLECHA-1.png\" alt=\"FLECHA\" width=\"20\" height=\"22\" \/><\/a><\/h4>\n<p>[\/et_pb_text][\/et_pb_column][et_pb_column type=\u00bb1_2&#8243; _builder_version=\u00bb4.16&#8243; custom_padding=\u00bb|||\u00bb global_colors_info=\u00bb{}\u00bb custom_padding__hover=\u00bb|||\u00bb][et_pb_gallery gallery_ids=\u00bb15483&#8243; fullwidth=\u00bbon\u00bb admin_label=\u00bbGaler\u00eda\u00bb _builder_version=\u00bb4.21.0&#8243; auto=\u00bbon\u00bb pagination_font_size_tablet=\u00bb51&#8243; pagination_line_height_tablet=\u00bb2&#8243; use_border_color=\u00bboff\u00bb global_colors_info=\u00bb{}\u00bb]\u00a0 [\/et_pb_gallery][\/et_pb_column][\/et_pb_row][et_pb_row admin_label=\u00bbFila\u00bb _builder_version=\u00bb4.16&#8243; background_size=\u00bbinitial\u00bb background_position=\u00bbtop_left\u00bb background_repeat=\u00bbrepeat\u00bb global_colors_info=\u00bb{}\u00bb][et_pb_column type=\u00bb4_4&#8243; _builder_version=\u00bb4.16&#8243; custom_padding=\u00bb|||\u00bb global_colors_info=\u00bb{}\u00bb custom_padding__hover=\u00bb|||\u00bb][et_pb_divider color=\u00bb#777777&#8243; divider_position=\u00bbcenter\u00bb disabled_on=\u00bbon|on|off\u00bb admin_label=\u00bbSeparador\u00bb _builder_version=\u00bb4.16&#8243; height=\u00bb80px\u00bb hide_on_mobile=\u00bbon\u00bb global_colors_info=\u00bb{}\u00bb]\u00a0 [\/et_pb_divider][\/et_pb_column][\/et_pb_row][et_pb_row column_structure=\u00bb1_2,1_2&#8243; padding_mobile=\u00bboff\u00bb column_padding_mobile=\u00bbon\u00bb admin_label=\u00bb#etapa2&#8243; module_id=\u00bbetapa2&#8243; _builder_version=\u00bb4.16&#8243; background_size=\u00bbinitial\u00bb background_position=\u00bbtop_left\u00bb background_repeat=\u00bbrepeat\u00bb global_colors_info=\u00bb{}\u00bb][et_pb_column type=\u00bb1_2&#8243; _builder_version=\u00bb4.16&#8243; custom_padding=\u00bb|||\u00bb global_colors_info=\u00bb{}\u00bb custom_padding__hover=\u00bb|||\u00bb][et_pb_text admin_label=\u00bbetapa2&#8243; _builder_version=\u00bb4.21.0&#8243; text_font_size=\u00bb12&#8243; text_line_height=\u00bb1.4em\u00bb background_size=\u00bbinitial\u00bb background_position=\u00bbtop_left\u00bb background_repeat=\u00bbrepeat\u00bb use_border_color=\u00bboff\u00bb global_colors_info=\u00bb{}\u00bb]<\/p>\n<h3><b>El motivo:<\/b><\/h3>\n<h4><b>Por unas lactancias p\u00fablicas y en colectivo<\/b><\/h4>\n<p><span style=\"font-weight: 400;\">El 52% de las mujeres participantes en un estudio de 2022 reconocen que se esconden para dar el pecho, el 63,5% se han sentido juzgadas y al 15% las han llegado a llamar la atenci\u00f3n mientras daban el pecho (LOLA MullenLowe i LinQ Market Research Espa\u00f1a S.A.).<\/span><\/p>\n<p><span style=\"font-weight: 400;\">La instalaci\u00f3n quiere visibilizar la necesidad de espacios de cuidados en la ciudad, especialmente durante la lactancia, un momento clave en el desarrollo de la vida y que todav\u00eda a d\u00eda de hoy genera conflictos a la hora de hacerlo en el espacio p\u00fablico.<\/span><\/p>\n<p><span style=\"font-weight: 400;\">Las dificultades para amamantar en el espacio p\u00fablico llevan a muchas mujeres a vivir la lactancia de manera individual y aislada. Mam\u00edfera reivindica la necesidad y los beneficios de una lactancia en colectivo. De esta manera da apoyo a la petici\u00f3n para llevar un anteproyecto de Ley al Parlamento para que reconozca el Derecho a la Lactancia en Espacios P\u00fablicos, para proteger los derechos de la infancia y de las mujeres frente a cualquier situaci\u00f3n de discriminaci\u00f3n en el espacio p\u00fablico.<\/span><\/p>\n<p>[\/et_pb_text][et_pb_text admin_label=\u00bbTexto\u00bb _builder_version=\u00bb4.16&#8243; background_size=\u00bbinitial\u00bb background_position=\u00bbtop_left\u00bb background_repeat=\u00bbrepeat\u00bb use_border_color=\u00bboff\u00bb global_colors_info=\u00bb{}\u00bb]<\/p>\n<h4><a href=\"#etapas\"><img loading=\"lazy\" decoding=\"async\" class=\"alignnone wp-image-445\" src=\"https:\/\/equalsaree.org\/wp-content\/uploads\/2016\/03\/FLECHA-1.png\" alt=\"FLECHA\" width=\"20\" height=\"22\" \/><\/a><\/h4>\n<p>[\/et_pb_text][\/et_pb_column][et_pb_column type=\u00bb1_2&#8243; _builder_version=\u00bb4.16&#8243; custom_padding=\u00bb|||\u00bb global_colors_info=\u00bb{}\u00bb custom_padding__hover=\u00bb|||\u00bb][et_pb_gallery gallery_ids=\u00bb15488,15492,15496&#8243; fullwidth=\u00bbon\u00bb admin_label=\u00bbGaler\u00eda\u00bb _builder_version=\u00bb4.21.0&#8243; auto=\u00bbon\u00bb pagination_font_size_tablet=\u00bb51&#8243; pagination_line_height_tablet=\u00bb2&#8243; use_border_color=\u00bboff\u00bb global_colors_info=\u00bb{}\u00bb]\u00a0 [\/et_pb_gallery][\/et_pb_column][\/et_pb_row][et_pb_row admin_label=\u00bbFila\u00bb _builder_version=\u00bb4.16&#8243; background_size=\u00bbinitial\u00bb background_position=\u00bbtop_left\u00bb background_repeat=\u00bbrepeat\u00bb global_colors_info=\u00bb{}\u00bb][et_pb_column type=\u00bb4_4&#8243; _builder_version=\u00bb4.16&#8243; custom_padding=\u00bb|||\u00bb global_colors_info=\u00bb{}\u00bb custom_padding__hover=\u00bb|||\u00bb][et_pb_divider color=\u00bb#777777&#8243; divider_position=\u00bbcenter\u00bb disabled_on=\u00bbon|on|off\u00bb admin_label=\u00bbSeparador\u00bb _builder_version=\u00bb4.16&#8243; height=\u00bb80px\u00bb hide_on_mobile=\u00bbon\u00bb global_colors_info=\u00bb{}\u00bb]\u00a0 [\/et_pb_divider][\/et_pb_column][\/et_pb_row][et_pb_row column_structure=\u00bb1_2,1_2&#8243; padding_mobile=\u00bboff\u00bb column_padding_mobile=\u00bbon\u00bb admin_label=\u00bb#etapa3&#8243; module_id=\u00bbetapa2&#8243; _builder_version=\u00bb4.16&#8243; background_size=\u00bbinitial\u00bb background_position=\u00bbtop_left\u00bb background_repeat=\u00bbrepeat\u00bb global_colors_info=\u00bb{}\u00bb][et_pb_column type=\u00bb1_2&#8243; _builder_version=\u00bb4.16&#8243; custom_padding=\u00bb|||\u00bb global_colors_info=\u00bb{}\u00bb custom_padding__hover=\u00bb|||\u00bb][et_pb_text admin_label=\u00bbetapa3&#8243; _builder_version=\u00bb4.21.0&#8243; text_font_size=\u00bb12&#8243; text_line_height=\u00bb1.4em\u00bb background_size=\u00bbinitial\u00bb background_position=\u00bbtop_left\u00bb background_repeat=\u00bbrepeat\u00bb use_border_color=\u00bboff\u00bb global_colors_info=\u00bb{}\u00bb]<\/p>\n<h3><b>La instalaci\u00f3n<\/b><\/h3>\n<h4><b>Un espacio colectivo para la lactancia<\/b><\/h4>\n<p><b>Colaboraci\u00f3n: <\/b><span style=\"font-weight: 400;\">Dise\u00f1o y c\u00e1lculo de estructura realizado por Voltes Cooperativa<\/span><\/p>\n<p><span style=\"font-weight: 400;\">Una estructura circular de madera*, con un banco circular para promover el encuentro y el compartir experiencias.<\/span><\/p>\n<p><b>Permeable y sostenible.<\/b><span style=\"font-weight: 400;\"> La estructura (modular de 8 pilares, 7m de di\u00e1metro y 3,5 de altura)* permite la visibilidad interior-exterior, promoviendo una lactancia visible y segura. La cara exterior incorpora un cartel luminoso que indica la ubicaci\u00f3n del espacio y lo hace visible cuando oscurece. La madera laminada cumple con los requisitos de producci\u00f3n sostenible y las empresas implicadas en su construcci\u00f3n son de proximidad y vinculadas a la econom\u00eda social y solidaria.<\/span><\/p>\n<p><b>Tranquila y equipada<\/b><span style=\"font-weight: 400;\">. El interior ofrece un espacio \u00edntimo y seguro que facilita dar el pecho, sacarse leche, cambiar el pa\u00f1al, preparar el biber\u00f3n, calentar la leche y lavar los utensilios o las manos. Est\u00e1 equipado con un mueble que incluye estas facilidades, con un fregadero y un punto de agua, una nevera, un microondas y un espacio que funciona como cambiador.<\/span><\/p>\n<p><b>Confortable y en colectivo<\/b><span style=\"font-weight: 400;\">. En el interior cuenta un banco circular de madera, para favorecer los cuidados colectivos y el soporte mutuo. Una parte del banco cuenta con respaldo. El suelo est\u00e1 cubierto por una alfombra f\u00facsia para jugar, gatear o sentarse. Est\u00e1 cubierta con lonas para dar sombra. Adem\u00e1s hay una monta\u00f1a de cojines de lactancia que se utilizan para amamantar o jugar.<\/span><\/p>\n<p>[\/et_pb_text][et_pb_text admin_label=\u00bbTexto\u00bb _builder_version=\u00bb4.16&#8243; background_size=\u00bbinitial\u00bb background_position=\u00bbtop_left\u00bb background_repeat=\u00bbrepeat\u00bb use_border_color=\u00bboff\u00bb global_colors_info=\u00bb{}\u00bb]<\/p>\n<h4><a href=\"#etapas\"><img loading=\"lazy\" decoding=\"async\" class=\"alignnone wp-image-445\" src=\"https:\/\/equalsaree.org\/wp-content\/uploads\/2016\/03\/FLECHA-1.png\" alt=\"FLECHA\" width=\"20\" height=\"22\" \/><\/a><\/h4>\n<p>[\/et_pb_text][\/et_pb_column][et_pb_column type=\u00bb1_2&#8243; _builder_version=\u00bb4.16&#8243; custom_padding=\u00bb|||\u00bb global_colors_info=\u00bb{}\u00bb custom_padding__hover=\u00bb|||\u00bb][et_pb_gallery gallery_ids=\u00bb15500,15504,15508,15512,15516,15520,15524,15528&#8243; fullwidth=\u00bbon\u00bb admin_label=\u00bbGaler\u00eda\u00bb _builder_version=\u00bb4.21.0&#8243; auto=\u00bbon\u00bb pagination_font_size_tablet=\u00bb51&#8243; pagination_line_height_tablet=\u00bb2&#8243; use_border_color=\u00bboff\u00bb global_colors_info=\u00bb{}\u00bb]\u00a0 [\/et_pb_gallery][\/et_pb_column][\/et_pb_row][et_pb_row admin_label=\u00bbFila\u00bb _builder_version=\u00bb4.16&#8243; background_size=\u00bbinitial\u00bb background_position=\u00bbtop_left\u00bb background_repeat=\u00bbrepeat\u00bb global_colors_info=\u00bb{}\u00bb][et_pb_column type=\u00bb4_4&#8243; _builder_version=\u00bb4.16&#8243; custom_padding=\u00bb|||\u00bb global_colors_info=\u00bb{}\u00bb custom_padding__hover=\u00bb|||\u00bb][et_pb_divider color=\u00bb#777777&#8243; divider_position=\u00bbcenter\u00bb disabled_on=\u00bbon|on|off\u00bb admin_label=\u00bbSeparador\u00bb _builder_version=\u00bb4.16&#8243; height=\u00bb80px\u00bb hide_on_mobile=\u00bbon\u00bb global_colors_info=\u00bb{}\u00bb]\u00a0 [\/et_pb_divider][\/et_pb_column][\/et_pb_row][et_pb_row column_structure=\u00bb1_2,1_2&#8243; padding_mobile=\u00bboff\u00bb column_padding_mobile=\u00bbon\u00bb admin_label=\u00bb#etapa4&#8243; module_id=\u00bbetapa2&#8243; _builder_version=\u00bb4.16&#8243; background_size=\u00bbinitial\u00bb background_position=\u00bbtop_left\u00bb background_repeat=\u00bbrepeat\u00bb global_colors_info=\u00bb{}\u00bb][et_pb_column type=\u00bb1_2&#8243; _builder_version=\u00bb4.16&#8243; custom_padding=\u00bb|||\u00bb global_colors_info=\u00bb{}\u00bb custom_padding__hover=\u00bb|||\u00bb][et_pb_text admin_label=\u00bbetapa4&#8243; _builder_version=\u00bb4.21.0&#8243; text_font_size=\u00bb12&#8243; text_line_height=\u00bb1.4em\u00bb background_size=\u00bbinitial\u00bb background_position=\u00bbtop_left\u00bb background_repeat=\u00bbrepeat\u00bb use_border_color=\u00bboff\u00bb global_colors_info=\u00bb{}\u00bb]<\/p>\n<h3><b>La programaci\u00f3n<\/b><\/h3>\n<h4><b>La importancia de colectivizar los cuidados<\/b><\/h4>\n<p><span style=\"font-weight: 400;\">Mam\u00edfera fue una de las 5 instalaciones internacionales ganadoras y estuvo expuesta en Barcelona entre el 20 y el 30 de abril de 2023. Durante este per\u00edodo acogi\u00f3 m\u00faltiples actividades culturales, participativas y de reflexi\u00f3n:<\/span><\/p>\n<ul>\n<li style=\"font-weight: 400;\" aria-level=\"1\"><span style=\"font-weight: 400;\">Taller participativo \u201c\u00bfC\u00f3mo queremos que sean los futuros puntos de lactancia en el espacio p\u00fablico?\u201d con la relatoria gr\u00e0fica de Clara Tanit.\u00a0<\/span><\/li>\n<li style=\"font-weight: 400;\" aria-level=\"1\"><span style=\"font-weight: 400;\">Encuesta abierta \u201c\u00bfC\u00f3mo deber\u00edan ser los puntos de lactancia en el espacio p\u00fablico?\u201d<\/span><\/li>\n<li style=\"font-weight: 400;\" aria-level=\"1\"><span style=\"font-weight: 400;\">Charla \u201cColectivizar los cuidados \u201c por Christel Keller\u00a0<\/span><\/li>\n<li style=\"font-weight: 400;\" aria-level=\"1\"><span style=\"font-weight: 400;\">Comida popular\u00a0<\/span><\/li>\n<li style=\"font-weight: 400;\" aria-level=\"1\"><span style=\"font-weight: 400;\">Grupos de lactancia y crianza de diferentes barrios de la ciudad.<\/span><\/li>\n<\/ul>\n<p>[\/et_pb_text][et_pb_text admin_label=\u00bbTexto\u00bb _builder_version=\u00bb4.16&#8243; background_size=\u00bbinitial\u00bb background_position=\u00bbtop_left\u00bb background_repeat=\u00bbrepeat\u00bb use_border_color=\u00bboff\u00bb global_colors_info=\u00bb{}\u00bb]<\/p>\n<h4><a href=\"#etapas\"><img loading=\"lazy\" decoding=\"async\" class=\"alignnone wp-image-445\" src=\"https:\/\/equalsaree.org\/wp-content\/uploads\/2016\/03\/FLECHA-1.png\" alt=\"FLECHA\" width=\"20\" height=\"22\" \/><\/a><\/h4>\n<p>[\/et_pb_text][\/et_pb_column][et_pb_column type=\u00bb1_2&#8243; _builder_version=\u00bb4.16&#8243; custom_padding=\u00bb|||\u00bb global_colors_info=\u00bb{}\u00bb custom_padding__hover=\u00bb|||\u00bb][et_pb_gallery gallery_ids=\u00bb15533,15537,15541,15545,15549,15553&#8243; fullwidth=\u00bbon\u00bb admin_label=\u00bbGaler\u00eda\u00bb _builder_version=\u00bb4.21.0&#8243; auto=\u00bbon\u00bb pagination_font_size_tablet=\u00bb51&#8243; pagination_line_height_tablet=\u00bb2&#8243; use_border_color=\u00bboff\u00bb global_colors_info=\u00bb{}\u00bb]\u00a0 [\/et_pb_gallery][\/et_pb_column][\/et_pb_row][et_pb_row admin_label=\u00bbFila\u00bb _builder_version=\u00bb4.16&#8243; background_size=\u00bbinitial\u00bb background_position=\u00bbtop_left\u00bb background_repeat=\u00bbrepeat\u00bb global_colors_info=\u00bb{}\u00bb][et_pb_column type=\u00bb4_4&#8243; _builder_version=\u00bb4.16&#8243; custom_padding=\u00bb|||\u00bb global_colors_info=\u00bb{}\u00bb custom_padding__hover=\u00bb|||\u00bb][et_pb_divider color=\u00bb#777777&#8243; divider_position=\u00bbcenter\u00bb disabled_on=\u00bbon|on|off\u00bb admin_label=\u00bbSeparador\u00bb _builder_version=\u00bb4.16&#8243; height=\u00bb80px\u00bb hide_on_mobile=\u00bbon\u00bb global_colors_info=\u00bb{}\u00bb]\u00a0 [\/et_pb_divider][\/et_pb_column][\/et_pb_row][et_pb_row admin_label=\u00bbFila\u00bb _builder_version=\u00bb4.16&#8243; background_size=\u00bbinitial\u00bb background_position=\u00bbtop_left\u00bb background_repeat=\u00bbrepeat\u00bb global_colors_info=\u00bb{}\u00bb][et_pb_column type=\u00bb4_4&#8243; _builder_version=\u00bb4.16&#8243; custom_padding=\u00bb|||\u00bb global_colors_info=\u00bb{}\u00bb custom_padding__hover=\u00bb|||\u00bb][et_pb_text admin_label=\u00bbTexto\u00bb _builder_version=\u00bb4.16&#8243; background_size=\u00bbinitial\u00bb background_position=\u00bbtop_left\u00bb background_repeat=\u00bbrepeat\u00bb use_border_color=\u00bboff\u00bb border_color=\u00bb#ffffff\u00bb border_style=\u00bbsolid\u00bb global_colors_info=\u00bb{}\u00bb]<\/p>\n<h2><strong>Otros proyectos<\/strong><\/h2>\n<p>[\/et_pb_text][et_pb_divider show_divider=\u00bboff\u00bb disabled_on=\u00bbon|on|off\u00bb admin_label=\u00bbSeparador\u00bb _builder_version=\u00bb4.16&#8243; hide_on_mobile=\u00bbon\u00bb global_colors_info=\u00bb{}\u00bb]\u00a0 [\/et_pb_divider][et_pb_blog fullwidth=\u00bboff\u00bb posts_number=\u00bb3&#8243; include_categories=\u00bb3&#8243; use_manual_excerpt=\u00bboff\u00bb show_more=\u00bbon\u00bb show_author=\u00bboff\u00bb show_date=\u00bboff\u00bb show_categories=\u00bboff\u00bb masonry_tile_background_color=\u00bb#ffffff\u00bb _builder_version=\u00bb4.21.0&#8243; header_font=\u00bb|on|||\u00bb body_line_height=\u00bb1.4em\u00bb border_width_all=\u00bb0px\u00bb border_color_all=\u00bb#ffffff\u00bb border_style_all=\u00bbsolid\u00bb border_width_all_fullwidth=\u00bb0px\u00bb border_color_all_fullwidth=\u00bb#ffffff\u00bb border_style_all_fullwidth=\u00bbsolid\u00bb use_border_color=\u00bbon\u00bb border_color=\u00bb#ffffff\u00bb border_width=\u00bb0px\u00bb border_style=\u00bbsolid\u00bb use_dropshadow=\u00bboff\u00bb global_colors_info=\u00bb{}\u00bb]\u00a0 [\/et_pb_blog][\/et_pb_column][\/et_pb_row][\/et_pb_section]<\/p>\n","protected":false},"excerpt":{"rendered":"<p>Mam\u00edfera Punto de lactancia en colectivo Mam\u00edfera es un espacio de libre acceso que ofrece facilidades a las personas que amamantan y alimentan lactantes, ya sea dando el pecho, el biber\u00f3n o a trav\u00e9s otros m\u00e9todos. Es un espacio visible, accesible, seguro y confortable, que cuenta con los elementos necesarios para poder amamantar y acompa\u00f1ar [&hellip;]<\/p>\n","protected":false},"author":4,"featured_media":15480,"template":"","meta":{"_seopress_robots_primary_cat":"","_seopress_titles_title":"","_seopress_titles_desc":"","_seopress_robots_index":"","_et_pb_use_builder":"on","_et_pb_old_content":"","_et_gb_content_width":"","footnotes":""},"project_category":[123],"project_tag":[],"class_list":["post-15561","project","type-project","status-publish","has-post-thumbnail","hentry","project_category-espacios-urbanos"],"_links":{"self":[{"href":"https:\/\/equalsaree.org\/es\/wp-json\/wp\/v2\/project\/15561","targetHints":{"allow":["GET"]}}],"collection":[{"href":"https:\/\/equalsaree.org\/es\/wp-json\/wp\/v2\/project"}],"about":[{"href":"https:\/\/equalsaree.org\/es\/wp-json\/wp\/v2\/types\/project"}],"author":[{"embeddable":true,"href":"https:\/\/equalsaree.org\/es\/wp-json\/wp\/v2\/users\/4"}],"version-history":[{"count":3,"href":"https:\/\/equalsaree.org\/es\/wp-json\/wp\/v2\/project\/15561\/revisions"}],"predecessor-version":[{"id":16598,"href":"https:\/\/equalsaree.org\/es\/wp-json\/wp\/v2\/project\/15561\/revisions\/16598"}],"wp:featuredmedia":[{"embeddable":true,"href":"https:\/\/equalsaree.org\/es\/wp-json\/wp\/v2\/media\/15480"}],"wp:attachment":[{"href":"https:\/\/equalsaree.org\/es\/wp-json\/wp\/v2\/media?parent=15561"}],"wp:term":[{"taxonomy":"project_category","embeddable":true,"href":"https:\/\/equalsaree.org\/es\/wp-json\/wp\/v2\/project_category?post=15561"},{"taxonomy":"project_tag","embeddable":true,"href":"https:\/\/equalsaree.org\/es\/wp-json\/wp\/v2\/project_tag?post=15561"}],"curies":[{"name":"wp","href":"https:\/\/api.w.org\/{rel}","templated":true}]}}