{"id":11549,"date":"2019-02-04T16:51:09","date_gmt":"2019-02-04T16:51:09","guid":{"rendered":"https:\/\/equalsaree.org\/project\/amb3cares\/"},"modified":"2024-03-14T15:31:53","modified_gmt":"2024-03-14T15:31:53","slug":"amb3cares","status":"publish","type":"project","link":"https:\/\/equalsaree.org\/es\/project\/amb3cares\/","title":{"rendered":"Amb3cares"},"content":{"rendered":"<p>[et_pb_section fb_built=\u00bb1&#8243; admin_label=\u00bbsection\u00bb _builder_version=\u00bb4.16&#8243; global_colors_info=\u00bb{}\u00bb][et_pb_row column_structure=\u00bb1_2,1_2&#8243; admin_label=\u00bbrow\u00bb _builder_version=\u00bb4.16&#8243; background_size=\u00bbinitial\u00bb background_position=\u00bbtop_left\u00bb background_repeat=\u00bbrepeat\u00bb global_colors_info=\u00bb{}\u00bb][et_pb_column type=\u00bb1_2&#8243; _builder_version=\u00bb4.16&#8243; custom_padding=\u00bb|||\u00bb global_colors_info=\u00bb{}\u00bb custom_padding__hover=\u00bb|||\u00bb][et_pb_image src=\u00bbhttps:\/\/equalsaree.org\/wp-content\/uploads\/2019\/03\/Concurs-1.jpg\u00bb align_tablet=\u00bbcenter\u00bb align_phone=\u00bb\u00bb align_last_edited=\u00bbon|desktop\u00bb _builder_version=\u00bb4.16&#8243; always_center_on_mobile=\u00bbon\u00bb global_colors_info=\u00bb{}\u00bb][\/et_pb_image][\/et_pb_column][et_pb_column type=\u00bb1_2&#8243; _builder_version=\u00bb4.16&#8243; custom_padding=\u00bb|||\u00bb global_colors_info=\u00bb{}\u00bb custom_padding__hover=\u00bb|||\u00bb][et_pb_text admin_label=\u00bbTexto\u00bb _builder_version=\u00bb4.23.1&#8243; text_font_size=\u00bb12&#8243; text_line_height=\u00bb1.4em\u00bb background_size=\u00bbinitial\u00bb background_position=\u00bbtop_left\u00bb background_repeat=\u00bbrepeat\u00bb hover_enabled=\u00bb0&#8243; use_border_color=\u00bboff\u00bb global_colors_info=\u00bb{}\u00bb sticky_enabled=\u00bb0&#8243;]<\/p>\n<h2><b>Amb3cares<\/b><\/h2>\n<h3><span style=\"color: #d6202d;\">32 viviendas p\u00fablicas en Can Llong<\/span><\/h3>\n<p><span style=\"font-weight: 400;\">Nuestra propuesta para este concurso apuesta por un <\/span><span style=\"font-weight: 400;\">dise\u00f1o de vivienda con perspectiva de g\u00e9nero, que<\/span>\u00a0trata de aplicar la mirada feminista en todas las escalas del proyecto para garantizar un uso m\u00e1s democr\u00e1tico de los espacios \u00edntimos y comunitarios.<\/p>\n<p>El tipo de agregaci\u00f3n prioriza que todas las viviendas gocen de las mismas condiciones de orientaci\u00f3n solar, vistas y ventilaci\u00f3n. Las tipolog\u00edas est\u00e1n dise\u00f1adas con la voluntad de desjerarquizar la vivienda y \u00a0facilitar el desarrollo de las tareas cotidianas, para que puedan ser habitadas por familias y unidades de convivencia diversas y para permitir usos flexibles a lo largo del tiempo.<\/p>\n<p>Tambi\u00e9n se ha tenido en cuenta que el acceso al edificio y la ubicaci\u00f3n de los locales comerciales potencie la percepci\u00f3n de seguridad y sume vitalidad al espacio p\u00fablico.<\/p>\n<p><b>Fecha y lugar:\u00a0<\/b>diciembre 2018, Sabadell<br \/><b>Equipo:<\/b>\u00a0Equal Saree y Ram\u00f3n Mart\u00ed.<br \/><b>Colaboraci\u00f3n:<\/b>\u00a0Societat Org\u00e0nica, Pablo Seral.<\/p>\n<p>[\/et_pb_text][\/et_pb_column][\/et_pb_row][\/et_pb_section][et_pb_section fb_built=\u00bb1&#8243; custom_padding_last_edited=\u00bbon|desktop\u00bb admin_label=\u00bbSecci\u00f3n\u00bb _builder_version=\u00bb4.16&#8243; custom_padding_tablet=\u00bb50px|0|50px|0&#8243; custom_padding_phone=\u00bb\u00bb transparent_background=\u00bboff\u00bb padding_mobile=\u00bboff\u00bb make_fullwidth=\u00bboff\u00bb use_custom_width=\u00bboff\u00bb width_unit=\u00bbon\u00bb global_colors_info=\u00bb{}\u00bb][et_pb_row padding_mobile=\u00bboff\u00bb column_padding_mobile=\u00bbon\u00bb admin_label=\u00bbFila\u00bb module_id=\u00bbetapas\u00bb _builder_version=\u00bb4.16&#8243; background_size=\u00bbinitial\u00bb background_position=\u00bbtop_left\u00bb background_repeat=\u00bbrepeat\u00bb make_fullwidth=\u00bboff\u00bb use_custom_width=\u00bboff\u00bb width_unit=\u00bbon\u00bb global_colors_info=\u00bb{}\u00bb][et_pb_column type=\u00bb4_4&#8243; _builder_version=\u00bb4.16&#8243; custom_padding=\u00bb|||\u00bb global_colors_info=\u00bb{}\u00bb custom_padding__hover=\u00bb|||\u00bb][et_pb_text admin_label=\u00bbTexto\u00bb _builder_version=\u00bb4.16&#8243; background_size=\u00bbinitial\u00bb background_position=\u00bbtop_left\u00bb background_repeat=\u00bbrepeat\u00bb use_border_color=\u00bboff\u00bb global_colors_info=\u00bb{}\u00bb]<\/p>\n<h2><strong>Conoce m\u00e1s sobre el proyecto<\/strong><\/h2>\n<p><a href=\"#etapa1\">Emplazamiento i ordenaci\u00f3n general del edificio<\/a>\u00a0|\u00a0<a href=\"#etapa2\">Propuesta de vivienda<\/a>\u00a0|\u00a0<a href=\"#etapa3\">Estrateria energ\u00e9tica<\/a><\/p>\n<p>[\/et_pb_text][\/et_pb_column][\/et_pb_row][et_pb_row admin_label=\u00bbFila\u00bb _builder_version=\u00bb4.16&#8243; background_size=\u00bbinitial\u00bb background_position=\u00bbtop_left\u00bb background_repeat=\u00bbrepeat\u00bb global_colors_info=\u00bb{}\u00bb][et_pb_column type=\u00bb4_4&#8243; _builder_version=\u00bb4.16&#8243; custom_padding=\u00bb|||\u00bb global_colors_info=\u00bb{}\u00bb custom_padding__hover=\u00bb|||\u00bb][et_pb_divider color=\u00bb#777777&#8243; divider_position=\u00bbcenter\u00bb disabled_on=\u00bbon|on|off\u00bb admin_label=\u00bbSeparador\u00bb _builder_version=\u00bb4.16&#8243; height=\u00bb80px\u00bb hide_on_mobile=\u00bbon\u00bb global_colors_info=\u00bb{}\u00bb][\/et_pb_divider][\/et_pb_column][\/et_pb_row][et_pb_row column_structure=\u00bb1_2,1_2&#8243; padding_mobile=\u00bboff\u00bb column_padding_mobile=\u00bbon\u00bb admin_label=\u00bbFila\u00bb module_id=\u00bbetapa1&#8243; _builder_version=\u00bb4.16&#8243; background_size=\u00bbinitial\u00bb background_position=\u00bbtop_left\u00bb background_repeat=\u00bbrepeat\u00bb global_colors_info=\u00bb{}\u00bb][et_pb_column type=\u00bb1_2&#8243; _builder_version=\u00bb4.16&#8243; custom_padding=\u00bb|||\u00bb global_colors_info=\u00bb{}\u00bb custom_padding__hover=\u00bb|||\u00bb][et_pb_text admin_label=\u00bbetapa 1&#8243; _builder_version=\u00bb4.16&#8243; text_font_size=\u00bb12&#8243; text_line_height=\u00bb1.4em\u00bb background_size=\u00bbinitial\u00bb background_position=\u00bbtop_left\u00bb background_repeat=\u00bbrepeat\u00bb use_border_color=\u00bboff\u00bb global_colors_info=\u00bb{}\u00bb]<\/p>\n<div class=\"et_pb_module et_pb_text et_pb_text_2 et_pb_text_align_left et_pb_bg_layout_light\">\n<div class=\"et_pb_text_inner\">\n<h3><b>Emplazamiento i o<\/b><b>rdenaci\u00f3n general del edificio<\/b><\/h3>\n<p>El edificio se ha proyectado a partir de las principales caracter\u00edsticas de su entorno: la alineaci\u00f3n con la v\u00eda principal (Ronda de Europa), las orientaciones de las diferentes fachadas de la parcela y la proximidad al futuro parque. A partir de la lectura del emplazamiento se propone un \u00fanico volumen compacto que sigue la direcci\u00f3n de la ronda de Europa y que gira para dar fachada el parque, generando un porche de acceso a las viviendas.<\/p>\n<p>La\u00a0<strong>agregaci\u00f3n\u00a0<\/strong>garantiza que todas las viviendas tengan las mismas condiciones de asoleamiento, vistas y ventilaci\u00f3n. Se ha priorizado, por una parte, que todas las unidades est\u00e9n bien orientadas, sean de 60m\u00b2 y tengan 2 habitaciones dobles. Y, por la otra, que el edificio tenga un \u00fanico n\u00facleo de acceso.<\/p>\n<p>El programa se compone de\u00a0<strong>32 viviendas<\/strong>\u00a0diferenciadas en dos agrupaciones: en cada planta, 3 de ellas se organizan en torno a un rellano compartido, iluminado y ventilado a trav\u00e9s de un patio que llega hasta el vest\u00edbulo de la planta baja. A las otras 4 viviendas se accede por una pasarela con vistas al espacio comunitario del interior de parcela. El volumen se retranquea en la planta quinta para fundirse con el parque.<\/p>\n<\/div>\n<\/div>\n<div class=\"et_pb_module et_pb_text et_pb_text_3 et_pb_text_align_left et_pb_bg_layout_light\">\n<div class=\"et_pb_text_inner\"><\/div>\n<\/div>\n<p>[\/et_pb_text][et_pb_text admin_label=\u00bbTexto\u00bb _builder_version=\u00bb4.16&#8243; background_size=\u00bbinitial\u00bb background_position=\u00bbtop_left\u00bb background_repeat=\u00bbrepeat\u00bb use_border_color=\u00bboff\u00bb border_color=\u00bb#ffffff\u00bb border_style=\u00bbsolid\u00bb global_colors_info=\u00bb{}\u00bb]<\/p>\n<h4><a href=\"#etapas\"><img loading=\"lazy\" decoding=\"async\" class=\"alignnone wp-image-445\" src=\"https:\/\/equalsaree.org\/wp-content\/uploads\/2016\/03\/FLECHA-1.png\" alt=\"FLECHA\" width=\"20\" height=\"22\" \/><\/a><\/h4>\n<p>[\/et_pb_text][\/et_pb_column][et_pb_column type=\u00bb1_2&#8243; _builder_version=\u00bb4.16&#8243; custom_padding=\u00bb|||\u00bb global_colors_info=\u00bb{}\u00bb custom_padding__hover=\u00bb|||\u00bb][et_pb_gallery gallery_ids=\u00bb4161,4162,4163,4168,4164,4175,4176&#8243; fullwidth=\u00bbon\u00bb admin_label=\u00bbGaler\u00eda\u00bb _builder_version=\u00bb4.16&#8243; auto=\u00bbon\u00bb pagination_font_size_tablet=\u00bb51&#8243; pagination_line_height_tablet=\u00bb2&#8243; use_border_color=\u00bboff\u00bb global_colors_info=\u00bb{}\u00bb][\/et_pb_gallery][\/et_pb_column][\/et_pb_row][et_pb_row admin_label=\u00bbFila\u00bb _builder_version=\u00bb4.16&#8243; background_size=\u00bbinitial\u00bb background_position=\u00bbtop_left\u00bb background_repeat=\u00bbrepeat\u00bb global_colors_info=\u00bb{}\u00bb][et_pb_column type=\u00bb4_4&#8243; _builder_version=\u00bb4.16&#8243; custom_padding=\u00bb|||\u00bb global_colors_info=\u00bb{}\u00bb custom_padding__hover=\u00bb|||\u00bb][et_pb_divider color=\u00bb#777777&#8243; divider_position=\u00bbcenter\u00bb disabled_on=\u00bbon|on|off\u00bb admin_label=\u00bbSeparador\u00bb _builder_version=\u00bb4.16&#8243; height=\u00bb80px\u00bb hide_on_mobile=\u00bbon\u00bb global_colors_info=\u00bb{}\u00bb][\/et_pb_divider][\/et_pb_column][\/et_pb_row][et_pb_row column_structure=\u00bb1_2,1_2&#8243; padding_mobile=\u00bboff\u00bb column_padding_mobile=\u00bbon\u00bb admin_label=\u00bbFila\u00bb module_id=\u00bbetapa2&#8243; _builder_version=\u00bb4.16&#8243; background_size=\u00bbinitial\u00bb background_position=\u00bbtop_left\u00bb background_repeat=\u00bbrepeat\u00bb global_colors_info=\u00bb{}\u00bb][et_pb_column type=\u00bb1_2&#8243; _builder_version=\u00bb4.16&#8243; custom_padding=\u00bb|||\u00bb global_colors_info=\u00bb{}\u00bb custom_padding__hover=\u00bb|||\u00bb][et_pb_text admin_label=\u00bbetapa 2&#8243; _builder_version=\u00bb4.16&#8243; text_font_size=\u00bb12&#8243; text_line_height=\u00bb1.4em\u00bb background_size=\u00bbinitial\u00bb background_position=\u00bbtop_left\u00bb background_repeat=\u00bbrepeat\u00bb use_border_color=\u00bboff\u00bb global_colors_info=\u00bb{}\u00bb]<\/p>\n<h3><b>Propuesta de vivienda<\/b><\/h3>\n<p>La tipolog\u00eda se ha pensado para facilitar la vida cotidiana de las diversas personas y unidades de convivencia.<\/p>\n<p>\u2022\u00a0<strong>Cocina<\/strong>: La cocina se propone semicerrada y en relaci\u00f3n con la sala, reduciendo la exclusi\u00f3n de la o las personas que cocinan y permitiendo su uso simult\u00e1neo por varias personas.<br \/>\n\u2022\u00a0<strong>Dormitorios<\/strong>: Todos los dormitorios tienen las mismas dimensiones (habitaciones dobles) permitiendo una convivencia sin jerarqu\u00eda. Se pueden vincular f\u00e1cilmente con otros espacios de la casa y ofrecen la posibilidad de tener un acceso independiente para adaptarse a las variaciones de los diferentes modelos familiares a lo largo del tiempo.<br \/>\n\u2022\u00a0<strong>C\u00e1mara de ba\u00f1o<\/strong>: Las viviendas disponen de un \u00fanico ba\u00f1o con ducha, con c\u00e1maras compartimentadas que permiten el uso simult\u00e1neo y con una capacidad dimensional suficiente para permitir la asistencia a segundas personas.<br \/>\n\u2022\u00a0<strong>Espacios exteriores<\/strong>: Todas las viviendas disfrutan de una terraza como ampliaci\u00f3n exterior de la sala.<\/p>\n<p>Adem\u00e1s, se han pensado con una distribuci\u00f3n que\u00a0<strong>facilita las tareas cotidianas.<\/strong><\/p>\n<p>\u2022\u00a0<strong>Almacenamiento<\/strong>: La vivienda cuenta con generosos espacios de almacenamiento distribuidos por toda la vivienda.<br \/>\n\u2022\u00a0<strong>Ciclo de la ropa<\/strong>: Se tiene en cuenta el ciclo completo. Se reserva un espacio para extender con conexi\u00f3n al exterior, un espacio de planchado y guardado pr\u00f3ximos minimizando los recorridos asociados.<br \/>\n[\/et_pb_text][et_pb_text admin_label=\u00bbTexto\u00bb _builder_version=\u00bb4.16&#8243; background_size=\u00bbinitial\u00bb background_position=\u00bbtop_left\u00bb background_repeat=\u00bbrepeat\u00bb use_border_color=\u00bboff\u00bb border_color=\u00bb#ffffff\u00bb border_style=\u00bbsolid\u00bb global_colors_info=\u00bb{}\u00bb]<\/p>\n<h4><a href=\"#etapas\"><img loading=\"lazy\" decoding=\"async\" class=\"alignnone wp-image-445\" src=\"https:\/\/equalsaree.org\/wp-content\/uploads\/2016\/03\/FLECHA-1.png\" alt=\"FLECHA\" width=\"20\" height=\"22\" \/><\/a><\/h4>\n<p>[\/et_pb_text][\/et_pb_column][et_pb_column type=\u00bb1_2&#8243; _builder_version=\u00bb4.16&#8243; custom_padding=\u00bb|||\u00bb global_colors_info=\u00bb{}\u00bb custom_padding__hover=\u00bb|||\u00bb][et_pb_gallery gallery_ids=\u00bb4166,4167,4169,4170,4199&#8243; fullwidth=\u00bbon\u00bb admin_label=\u00bbGaler\u00eda\u00bb _builder_version=\u00bb4.16&#8243; auto=\u00bbon\u00bb pagination_font_size_tablet=\u00bb51&#8243; pagination_line_height_tablet=\u00bb2&#8243; use_border_color=\u00bboff\u00bb global_colors_info=\u00bb{}\u00bb][\/et_pb_gallery][\/et_pb_column][\/et_pb_row][et_pb_row admin_label=\u00bbFila\u00bb _builder_version=\u00bb4.16&#8243; background_size=\u00bbinitial\u00bb background_position=\u00bbtop_left\u00bb background_repeat=\u00bbrepeat\u00bb global_colors_info=\u00bb{}\u00bb][et_pb_column type=\u00bb4_4&#8243; _builder_version=\u00bb4.16&#8243; custom_padding=\u00bb|||\u00bb global_colors_info=\u00bb{}\u00bb custom_padding__hover=\u00bb|||\u00bb][et_pb_divider color=\u00bb#777777&#8243; divider_position=\u00bbcenter\u00bb disabled_on=\u00bbon|on|off\u00bb admin_label=\u00bbSeparador\u00bb _builder_version=\u00bb4.16&#8243; height=\u00bb80px\u00bb hide_on_mobile=\u00bbon\u00bb global_colors_info=\u00bb{}\u00bb][\/et_pb_divider][\/et_pb_column][\/et_pb_row][et_pb_row column_structure=\u00bb1_2,1_2&#8243; padding_mobile=\u00bboff\u00bb column_padding_mobile=\u00bbon\u00bb admin_label=\u00bbFila\u00bb module_id=\u00bbetapa3&#8243; _builder_version=\u00bb4.16&#8243; background_size=\u00bbinitial\u00bb background_position=\u00bbtop_left\u00bb background_repeat=\u00bbrepeat\u00bb global_colors_info=\u00bb{}\u00bb][et_pb_column type=\u00bb1_2&#8243; _builder_version=\u00bb4.16&#8243; custom_padding=\u00bb|||\u00bb global_colors_info=\u00bb{}\u00bb custom_padding__hover=\u00bb|||\u00bb][et_pb_text admin_label=\u00bbetapa 3&#8243; _builder_version=\u00bb4.16&#8243; text_font_size=\u00bb12&#8243; text_line_height=\u00bb1.4em\u00bb background_size=\u00bbinitial\u00bb background_position=\u00bbtop_left\u00bb background_repeat=\u00bbrepeat\u00bb use_border_color=\u00bboff\u00bb global_colors_info=\u00bb{}\u00bb]<\/p>\n<div class=\"et_pb_module et_pb_text et_pb_text_6 et_pb_text_align_left et_pb_bg_layout_light\">\n<div class=\"et_pb_text_inner\">\n<h3><b>Estrategia energ\u00e9tica<\/b><\/h3>\n<p>Se propone una intervenci\u00f3n m\u00e1xima a nivel bioclim\u00e1tico y actuaciones de tipo pasivo para garantizar una m\u00ednima demanda energ\u00e9tica.<\/p>\n<p>\u2022\u00a0<strong>Buena orientaci\u00f3n y asoleamiento<\/strong>\u00a0de todas las viviendas, lo que lleva a la m\u00e1xima captaci\u00f3n solar.<br \/>\n\u2022\u00a0<strong>Ventilaci\u00f3n cruzada natural<\/strong>\u00a0en todas las viviendas: la agregaci\u00f3n de las viviendas garantiza la ventilaci\u00f3n cruzada.<\/p>\n<p>\u2022\u00a0<strong>Alto aislamiento y eliminaci\u00f3n de puentes t\u00e9rmicos<\/strong>: minimizaci\u00f3n de las p\u00e9rdidas energ\u00e9ticas.<br \/>\n\u2022\u00a0<strong>Factor forma<\/strong>: un \u00fanico volumen compacto para minimizar las superficies expuestas.<br \/>\n\u2022\u00a0<strong>Protecciones solares<\/strong>: sencillez de las protecciones solares con entrantes y persianas orientables.<\/p>\n<\/div>\n<\/div>\n<div class=\"et_pb_module et_pb_text et_pb_text_7 et_pb_text_align_left et_pb_bg_layout_light\">\n<div class=\"et_pb_text_inner\"><\/div>\n<\/div>\n<p>[\/et_pb_text][et_pb_text admin_label=\u00bbTexto\u00bb _builder_version=\u00bb4.16&#8243; background_size=\u00bbinitial\u00bb background_position=\u00bbtop_left\u00bb background_repeat=\u00bbrepeat\u00bb use_border_color=\u00bboff\u00bb border_color=\u00bb#ffffff\u00bb border_style=\u00bbsolid\u00bb global_colors_info=\u00bb{}\u00bb]<\/p>\n<h4><a href=\"#etapas\"><img loading=\"lazy\" decoding=\"async\" class=\"alignnone wp-image-445\" src=\"https:\/\/equalsaree.org\/wp-content\/uploads\/2016\/03\/FLECHA-1.png\" alt=\"FLECHA\" width=\"20\" height=\"22\" \/><\/a><\/h4>\n<p>[\/et_pb_text][\/et_pb_column][et_pb_column type=\u00bb1_2&#8243; _builder_version=\u00bb4.16&#8243; custom_padding=\u00bb|||\u00bb global_colors_info=\u00bb{}\u00bb custom_padding__hover=\u00bb|||\u00bb][et_pb_gallery gallery_ids=\u00bb4171,4172&#8243; fullwidth=\u00bbon\u00bb admin_label=\u00bbGaler\u00eda\u00bb _builder_version=\u00bb4.16&#8243; auto=\u00bbon\u00bb pagination_font_size_tablet=\u00bb51&#8243; pagination_line_height_tablet=\u00bb2&#8243; use_border_color=\u00bboff\u00bb global_colors_info=\u00bb{}\u00bb][\/et_pb_gallery][\/et_pb_column][\/et_pb_row][et_pb_row admin_label=\u00bbFila\u00bb _builder_version=\u00bb4.16&#8243; background_size=\u00bbinitial\u00bb background_position=\u00bbtop_left\u00bb background_repeat=\u00bbrepeat\u00bb global_colors_info=\u00bb{}\u00bb][et_pb_column type=\u00bb4_4&#8243; _builder_version=\u00bb4.16&#8243; custom_padding=\u00bb|||\u00bb global_colors_info=\u00bb{}\u00bb custom_padding__hover=\u00bb|||\u00bb][et_pb_divider color=\u00bb#777777&#8243; divider_position=\u00bbcenter\u00bb disabled_on=\u00bbon|on|off\u00bb admin_label=\u00bbSeparador\u00bb _builder_version=\u00bb4.16&#8243; height=\u00bb80px\u00bb hide_on_mobile=\u00bbon\u00bb global_colors_info=\u00bb{}\u00bb][\/et_pb_divider][\/et_pb_column][\/et_pb_row][et_pb_row admin_label=\u00bbFila\u00bb _builder_version=\u00bb4.16&#8243; background_size=\u00bbinitial\u00bb background_position=\u00bbtop_left\u00bb background_repeat=\u00bbrepeat\u00bb global_colors_info=\u00bb{}\u00bb][et_pb_column type=\u00bb4_4&#8243; _builder_version=\u00bb4.16&#8243; custom_padding=\u00bb|||\u00bb global_colors_info=\u00bb{}\u00bb custom_padding__hover=\u00bb|||\u00bb][et_pb_text admin_label=\u00bbTexto\u00bb _builder_version=\u00bb4.16&#8243; background_size=\u00bbinitial\u00bb background_position=\u00bbtop_left\u00bb background_repeat=\u00bbrepeat\u00bb use_border_color=\u00bboff\u00bb border_color=\u00bb#ffffff\u00bb border_style=\u00bbsolid\u00bb global_colors_info=\u00bb{}\u00bb]<\/p>\n<div class=\"et_pb_module et_pb_text et_pb_text_8 et_pb_text_align_left et_pb_bg_layout_light\">\n<div class=\"et_pb_text_inner\">\n<h2><strong>Otros proyectos<\/strong><\/h2>\n<\/div>\n<\/div>\n<p>[\/et_pb_text][et_pb_portfolio fullwidth=\u00bboff\u00bb posts_number=\u00bb4&#8243; include_categories=\u00bb116,112,113,123,114,115&#8243; show_categories=\u00bboff\u00bb _builder_version=\u00bb4.23.1&#8243; title_level=\u00bbh6&#8243; title_font=\u00bb|600|||||||\u00bb title_font_size=\u00bb12px\u00bb locked=\u00bboff\u00bb global_colors_info=\u00bb{}\u00bb][\/et_pb_portfolio][\/et_pb_column][\/et_pb_row][\/et_pb_section]<\/p>\n","protected":false},"excerpt":{"rendered":"<p>Amb3cares 32 viviendas p\u00fablicas en Can Llong Nuestra propuesta para este concurso apuesta por un dise\u00f1o de vivienda con perspectiva de g\u00e9nero, que\u00a0trata de aplicar la mirada feminista en todas las escalas del proyecto para garantizar un uso m\u00e1s democr\u00e1tico de los espacios \u00edntimos y comunitarios. El tipo de agregaci\u00f3n prioriza que todas las viviendas [&hellip;]<\/p>\n","protected":false},"author":7,"featured_media":11550,"template":"","meta":{"_seopress_robots_primary_cat":"","_seopress_titles_title":"","_seopress_titles_desc":"","_seopress_robots_index":"","_et_pb_use_builder":"on","_et_pb_old_content":"Welcome to WordPress. This is your first post. Edit or delete it, then start writing!","_et_gb_content_width":"","footnotes":""},"project_category":[123],"project_tag":[],"class_list":["post-11549","project","type-project","status-publish","has-post-thumbnail","hentry","project_category-espacios-urbanos"],"_links":{"self":[{"href":"https:\/\/equalsaree.org\/es\/wp-json\/wp\/v2\/project\/11549","targetHints":{"allow":["GET"]}}],"collection":[{"href":"https:\/\/equalsaree.org\/es\/wp-json\/wp\/v2\/project"}],"about":[{"href":"https:\/\/equalsaree.org\/es\/wp-json\/wp\/v2\/types\/project"}],"author":[{"embeddable":true,"href":"https:\/\/equalsaree.org\/es\/wp-json\/wp\/v2\/users\/7"}],"version-history":[{"count":2,"href":"https:\/\/equalsaree.org\/es\/wp-json\/wp\/v2\/project\/11549\/revisions"}],"predecessor-version":[{"id":16236,"href":"https:\/\/equalsaree.org\/es\/wp-json\/wp\/v2\/project\/11549\/revisions\/16236"}],"wp:featuredmedia":[{"embeddable":true,"href":"https:\/\/equalsaree.org\/es\/wp-json\/wp\/v2\/media\/11550"}],"wp:attachment":[{"href":"https:\/\/equalsaree.org\/es\/wp-json\/wp\/v2\/media?parent=11549"}],"wp:term":[{"taxonomy":"project_category","embeddable":true,"href":"https:\/\/equalsaree.org\/es\/wp-json\/wp\/v2\/project_category?post=11549"},{"taxonomy":"project_tag","embeddable":true,"href":"https:\/\/equalsaree.org\/es\/wp-json\/wp\/v2\/project_tag?post=11549"}],"curies":[{"name":"wp","href":"https:\/\/api.w.org\/{rel}","templated":true}]}}