{"id":11543,"date":"2019-02-09T16:47:43","date_gmt":"2019-02-09T16:47:43","guid":{"rendered":"https:\/\/equalsaree.org\/project\/empatitzem\/"},"modified":"2024-03-14T15:33:55","modified_gmt":"2024-03-14T15:33:55","slug":"empatitzem","status":"publish","type":"project","link":"https:\/\/equalsaree.org\/es\/project\/empatitzem\/","title":{"rendered":"Empatitzem"},"content":{"rendered":"<p>[et_pb_section fb_built=\u00bb1&#8243; admin_label=\u00bbsection\u00bb _builder_version=\u00bb4.16&#8243; global_colors_info=\u00bb{}\u00bb][et_pb_row column_structure=\u00bb1_2,1_2&#8243; admin_label=\u00bbrow\u00bb _builder_version=\u00bb4.16&#8243; background_size=\u00bbinitial\u00bb background_position=\u00bbtop_left\u00bb background_repeat=\u00bbrepeat\u00bb global_colors_info=\u00bb{}\u00bb][et_pb_column type=\u00bb1_2&#8243; _builder_version=\u00bb4.16&#8243; custom_padding=\u00bb|||\u00bb global_colors_info=\u00bb{}\u00bb custom_padding__hover=\u00bb|||\u00bb][et_pb_image src=\u00bbhttps:\/\/equalsaree.org\/wp-content\/uploads\/2022\/11\/Portada.jpg\u00bb title_text=\u00bbPortada\u00bb _builder_version=\u00bb4.16&#8243; global_colors_info=\u00bb{}\u00bb][\/et_pb_image][\/et_pb_column][et_pb_column type=\u00bb1_2&#8243; _builder_version=\u00bb4.16&#8243; custom_padding=\u00bb|||\u00bb global_colors_info=\u00bb{}\u00bb custom_padding__hover=\u00bb|||\u00bb][et_pb_text admin_label=\u00bbTexto\u00bb _builder_version=\u00bb4.23.1&#8243; text_font_size=\u00bb12&#8243; text_line_height=\u00bb1.4em\u00bb background_size=\u00bbinitial\u00bb background_position=\u00bbtop_left\u00bb background_repeat=\u00bbrepeat\u00bb hover_enabled=\u00bb0&#8243; use_border_color=\u00bboff\u00bb global_colors_info=\u00bb{}\u00bb sticky_enabled=\u00bb0&#8243;]<\/p>\n<h2><b>Empatitzem<\/b><\/h2>\n<h3><span style=\"color: #d6202d;\">Repensamos el uso de los patios escolares<\/span><\/h3>\n<p>Partiendo de la importancia del patio de la escuela como espacio de aprendizaje, de juego y convivencia, el proyecto \u201cEmpatitzem. Repensamos el uso de los patios escolares\u201d busca generar propuestas de reorganizaci\u00f3n que trabajen sobre la igualdad de g\u00e9nero, la cooperaci\u00f3n y los valores inclusivos.\u00a0M\u00e1s all\u00e1 de ser un proyecto para la transformaci\u00f3n del espacio, Empatitzem es tambi\u00e9n un proceso pedag\u00f3gico y participativo: la comunidad educativa analiza el espacio, reflexiona sobre las relaciones y los valores, imagina ideas y propuestas de mejora y, finalmente, consens\u00faa propuestas concretas que ser\u00e1n llevadas a la pr\u00e1ctica.\u00a0El proceso de an\u00e1lisis y de transformaci\u00f3n se ha llevado a cabo con el soporte de la gu\u00eda\u00a0<a href=\"https:\/\/ia600607.us.archive.org\/25\/items\/ElPatiDeLescolaEnIgualtatEqualSaree\/Guia_formatDigital.pdf\" target=\"_blank\" rel=\"noopener\">El pati de l\u2019escola en igualtat<\/a>, que ha estado especialmente adaptada para este proyecto. Como resultado, se obtienen <span style=\"font-weight: 400;\">dise\u00f1o de patio coeducativo: <\/span>con una distribuci\u00f3n m\u00e1s equitativa de los espacios, un aumento de las zonas de tranquilidad, un mejor aprovechamiento del espacio existente y m\u00e1s diversificaci\u00f3n en las opciones de juego.<\/p>\n<p><b>Fecha y lugar:\u00a0<\/b>Enero -Diciembre 2018, Santa Coloma de Gramenet.<br \/><b>Cliente:\u00a0<\/b>Ayuntamiento de Santa Coloma de Gramenet.<br \/><b>Escuelas participantes:\u00a0<\/b>CEIP Jaume Salvatella, CEIP Merc\u00e8 Rodoreda, CEIP Fray Luis de Le\u00f3n, CEIP Miguel de Unamuno i CEIP Llu\u00eds Millet.<br \/><strong>Premios:\u00a0<\/strong><a href=\"https:\/\/www.arquitectes.cat\/iframes\/mostres\/fitxa\/3578\" target=\"_blank\" rel=\"noopener\">3a Mostra d\u2019Arquitectura Catalana de Barcelona<\/a>\u00a0Proyecto seleccionado.<\/p>\n<p><a href=\"https:\/\/www.gramenet.cat\/es\/ayuntamiento\/areas-municipales\/educacion\/projectes-educatius\/empatitzem\/\" target=\"_blank\" rel=\"noopener\"><b>+ web del proyecto<\/b><\/a><\/p>\n<p>[\/et_pb_text][\/et_pb_column][\/et_pb_row][\/et_pb_section][et_pb_section fb_built=\u00bb1&#8243; custom_padding_last_edited=\u00bbon|desktop\u00bb admin_label=\u00bbSecci\u00f3n\u00bb _builder_version=\u00bb4.16&#8243; custom_padding=\u00bb2px|||||\u00bb custom_padding_tablet=\u00bb50px|0|50px|0&#8243; custom_padding_phone=\u00bb\u00bb transparent_background=\u00bboff\u00bb padding_mobile=\u00bboff\u00bb make_fullwidth=\u00bboff\u00bb use_custom_width=\u00bboff\u00bb width_unit=\u00bbon\u00bb global_colors_info=\u00bb{}\u00bb][et_pb_row padding_mobile=\u00bboff\u00bb column_padding_mobile=\u00bbon\u00bb admin_label=\u00bbFila\u00bb module_id=\u00bbetapas\u00bb _builder_version=\u00bb4.16&#8243; background_size=\u00bbinitial\u00bb background_position=\u00bbtop_left\u00bb background_repeat=\u00bbrepeat\u00bb make_fullwidth=\u00bboff\u00bb use_custom_width=\u00bboff\u00bb width_unit=\u00bbon\u00bb global_colors_info=\u00bb{}\u00bb][et_pb_column type=\u00bb4_4&#8243; _builder_version=\u00bb4.16&#8243; custom_padding=\u00bb|||\u00bb global_colors_info=\u00bb{}\u00bb custom_padding__hover=\u00bb|||\u00bb][et_pb_text admin_label=\u00bbTexto\u00bb _builder_version=\u00bb4.16&#8243; background_size=\u00bbinitial\u00bb background_position=\u00bbtop_left\u00bb background_repeat=\u00bbrepeat\u00bb use_border_color=\u00bboff\u00bb global_colors_info=\u00bb{}\u00bb]<\/p>\n<h2><strong>Conoce m\u00e1s sobre el proyecto<\/strong><\/h2>\n<p><a href=\"#etapa1\">Escuelas participantes<\/a> |<a href=\"#etapa2\">\u00a0Metodolog\u00eda<\/a>\u00a0|\u00a0<a href=\"#etapa3\">Actividades de diagnosis<\/a>\u00a0|\u00a0<a href=\"#etapa4\">Actividades de s\u00edntesis<\/a>\u00a0|\u00a0<a href=\"#etapa5\">Actividades de dise\u00f1o<\/a>\u00a0|\u00a0<a href=\"#etapa6\">Propuestas de mejora<\/a>\u00a0| <a href=\"#etapa7\">Evaluaci\u00f3n de las intervenciones<\/a><\/p>\n<p>[\/et_pb_text][\/et_pb_column][\/et_pb_row][et_pb_row admin_label=\u00bbFila\u00bb _builder_version=\u00bb4.16&#8243; background_size=\u00bbinitial\u00bb background_position=\u00bbtop_left\u00bb background_repeat=\u00bbrepeat\u00bb global_colors_info=\u00bb{}\u00bb][et_pb_column type=\u00bb4_4&#8243; _builder_version=\u00bb4.16&#8243; custom_padding=\u00bb|||\u00bb global_colors_info=\u00bb{}\u00bb custom_padding__hover=\u00bb|||\u00bb][et_pb_divider color=\u00bb#777777&#8243; divider_position=\u00bbcenter\u00bb disabled_on=\u00bbon|on|off\u00bb admin_label=\u00bbSeparador\u00bb _builder_version=\u00bb4.16&#8243; height=\u00bb80px\u00bb hide_on_mobile=\u00bbon\u00bb global_colors_info=\u00bb{}\u00bb]\u00a0[\/et_pb_divider][\/et_pb_column][\/et_pb_row][et_pb_row column_structure=\u00bb1_2,1_2&#8243; padding_mobile=\u00bboff\u00bb column_padding_mobile=\u00bbon\u00bb admin_label=\u00bbFila\u00bb module_id=\u00bbetapa1&#8243; _builder_version=\u00bb4.16&#8243; background_size=\u00bbinitial\u00bb background_position=\u00bbtop_left\u00bb background_repeat=\u00bbrepeat\u00bb global_colors_info=\u00bb{}\u00bb][et_pb_column type=\u00bb1_2&#8243; _builder_version=\u00bb4.16&#8243; custom_padding=\u00bb|||\u00bb global_colors_info=\u00bb{}\u00bb custom_padding__hover=\u00bb|||\u00bb][et_pb_text admin_label=\u00bbetapa 1&#8243; _builder_version=\u00bb4.16&#8243; text_font_size=\u00bb12&#8243; text_line_height=\u00bb1.4em\u00bb background_size=\u00bbinitial\u00bb background_position=\u00bbtop_left\u00bb background_repeat=\u00bbrepeat\u00bb use_border_color=\u00bboff\u00bb global_colors_info=\u00bb{}\u00bb]<\/p>\n<h3><b>Escuelas participantes<\/b><\/h3>\n<p>En octubre de 2018, el Ayuntamiento de Santa Coloma de Gramenet lanz\u00f3 un llamamiento abierto a todas las escuelas p\u00fablicas del municipio que estuviesen interesadas en participar en el proyecto Empatitzem. La presentaci\u00f3n p\u00fablica del proyecto se hizo el 9 de noviembre de 2018, con la asistencia de representantes de 14 centros educativos de la ciudad.\u00a0La presentaci\u00f3n cont\u00f3 con el taller\u00a0<a href=\"https:\/\/equalsaree.org\/es\/blog\/2018\/07\/24\/un-patio-mas-igualitario\/\">\u201cQueremos patios m\u00e1s igualitarios. \u00bfPor d\u00f3nde comenzamos?\u201d<\/a>\u00a0que sirvi\u00f3 para comenzar a tomar consciencia sobre las desigualdades que se producen en el patio de las escuelas de primaria y, adem\u00e1s, generar colectivamente criterios de dise\u00f1o para repensarlo incluyendo la dimensi\u00f3n de g\u00e9nero.\u00a0Un jurado integrado por personas t\u00e9cnicas y pol\u00edticas de los \u00e1mbitos de la educaci\u00f3n, igualdad y arquitectura seleccionaron a las 5 escuelas participantes del proyecto: CEIP Jaume Salvatella, CEIP Merc\u00e8 Rodoreda, CEIP Fray Luis de Le\u00f3n, CEIP Miguel de Unamuno i CEIP Llu\u00eds Millet.[\/et_pb_text][et_pb_text admin_label=\u00bbTexto\u00bb _builder_version=\u00bb4.16&#8243; background_size=\u00bbinitial\u00bb background_position=\u00bbtop_left\u00bb background_repeat=\u00bbrepeat\u00bb use_border_color=\u00bboff\u00bb border_color=\u00bb#ffffff\u00bb border_style=\u00bbsolid\u00bb global_colors_info=\u00bb{}\u00bb content__hover_enabled=\u00bboff|desktop\u00bb]<\/p>\n<h4><a href=\"#etapas\"><img loading=\"lazy\" decoding=\"async\" class=\"alignnone wp-image-445\" src=\"https:\/\/equalsaree.org\/wp-content\/uploads\/2016\/03\/FLECHA-1.png\" alt=\"FLECHA\" width=\"20\" height=\"22\" \/><\/a><\/h4>\n<p>[\/et_pb_text][\/et_pb_column][et_pb_column type=\u00bb1_2&#8243; _builder_version=\u00bb4.16&#8243; custom_padding=\u00bb|||\u00bb global_colors_info=\u00bb{}\u00bb custom_padding__hover=\u00bb|||\u00bb][et_pb_gallery gallery_ids=\u00bb3286,3287,3288,3289,3290,3291&#8243; fullwidth=\u00bbon\u00bb admin_label=\u00bbGaler\u00eda\u00bb _builder_version=\u00bb4.16&#8243; auto=\u00bbon\u00bb pagination_font_size_tablet=\u00bb51&#8243; pagination_line_height_tablet=\u00bb2&#8243; use_border_color=\u00bboff\u00bb global_colors_info=\u00bb{}\u00bb]\u00a0[\/et_pb_gallery][\/et_pb_column][\/et_pb_row][et_pb_row admin_label=\u00bbFila\u00bb _builder_version=\u00bb4.16&#8243; background_size=\u00bbinitial\u00bb background_position=\u00bbtop_left\u00bb background_repeat=\u00bbrepeat\u00bb global_colors_info=\u00bb{}\u00bb][et_pb_column type=\u00bb4_4&#8243; _builder_version=\u00bb4.16&#8243; custom_padding=\u00bb|||\u00bb global_colors_info=\u00bb{}\u00bb custom_padding__hover=\u00bb|||\u00bb][et_pb_divider color=\u00bb#777777&#8243; divider_position=\u00bbcenter\u00bb disabled_on=\u00bbon|on|off\u00bb admin_label=\u00bbSeparador\u00bb _builder_version=\u00bb4.16&#8243; height=\u00bb80px\u00bb hide_on_mobile=\u00bbon\u00bb global_colors_info=\u00bb{}\u00bb]\u00a0[\/et_pb_divider][\/et_pb_column][\/et_pb_row][et_pb_row column_structure=\u00bb1_2,1_2&#8243; padding_mobile=\u00bboff\u00bb column_padding_mobile=\u00bbon\u00bb admin_label=\u00bbFila\u00bb module_id=\u00bbetapa2&#8243; _builder_version=\u00bb4.16&#8243; background_size=\u00bbinitial\u00bb background_position=\u00bbtop_left\u00bb background_repeat=\u00bbrepeat\u00bb global_colors_info=\u00bb{}\u00bb][et_pb_column type=\u00bb1_2&#8243; _builder_version=\u00bb4.16&#8243; custom_padding=\u00bb|||\u00bb global_colors_info=\u00bb{}\u00bb custom_padding__hover=\u00bb|||\u00bb][et_pb_text admin_label=\u00bbetapa 2&#8243; _builder_version=\u00bb4.16&#8243; text_font_size=\u00bb12&#8243; text_line_height=\u00bb1.4em\u00bb background_size=\u00bbinitial\u00bb background_position=\u00bbtop_left\u00bb background_repeat=\u00bbrepeat\u00bb use_border_color=\u00bboff\u00bb global_colors_info=\u00bb{}\u00bb]<\/p>\n<div class=\"et_pb_module et_pb_text et_pb_text_4 et_pb_text_align_left et_pb_bg_layout_light\">\n<div class=\"et_pb_text_inner\">\n<h3><b>Metodolog\u00eda<\/b><\/h3>\n<p>Entre enero y mayo de 2018, las 5 escuelas seleccionadas han hecho un proceso de an\u00e1lisis cr\u00edtico de su patio, de generaci\u00f3n colectiva de propuestas de mejora y de dise\u00f1o colaborativo de las intervenciones.<\/p>\n<p>Para hacerlo, han seguido la metodolog\u00eda de \u00a0trabajo que propone\u00a0<a href=\"https:\/\/ia600607.us.archive.org\/25\/items\/ElPatiDeLescolaEnIgualtatEqualSaree\/Guia_formatDigital.pdf\">El pati de l\u2019escola en igualtat.Guia de diagnosi i d\u2019intervenci\u00f3 amb perspectiva de g\u00e8nere.<\/a>\u00a0Este documento propone un conjunto de actividades que se han hecho, a veces, con el soporte de Equal Saree y otras de forma aut\u00f3noma por parte de las escuelas. Por eso ha sido necesario trabajar con una Comisi\u00f3n de Seguimiento (CS) en cada escuela. Las CS est\u00e1n integradas por miembros de los equipos directivos, profesorado y familias y, en algunos casos, personal no docente. Sus miembros son encargados y encargadas de coordinar el proyecto en su centro.<\/p>\n<p>A lo largo del proceso han recibido 3 formaciones donde han adquirido las herramientas necesarias para poder desarrollar cada una de las fases del proyecto:\u00a0<i>Endendemos el patio, Imaginamos el patio y Transformamos el patio<\/i>.<\/p>\n<\/div>\n<\/div>\n<div class=\"et_pb_module et_pb_text et_pb_text_5 et_pb_text_align_left et_pb_bg_layout_light\">\n<div class=\"et_pb_text_inner\"><\/div>\n<\/div>\n<p>[\/et_pb_text][et_pb_text admin_label=\u00bbTexto\u00bb _builder_version=\u00bb4.16&#8243; background_size=\u00bbinitial\u00bb background_position=\u00bbtop_left\u00bb background_repeat=\u00bbrepeat\u00bb use_border_color=\u00bboff\u00bb border_color=\u00bb#ffffff\u00bb border_style=\u00bbsolid\u00bb global_colors_info=\u00bb{}\u00bb]<\/p>\n<h4><a href=\"#etapas\"><img loading=\"lazy\" decoding=\"async\" class=\"alignnone wp-image-445\" src=\"https:\/\/equalsaree.org\/wp-content\/uploads\/2016\/03\/FLECHA-1.png\" alt=\"FLECHA\" width=\"20\" height=\"22\" \/><\/a><\/h4>\n<p>[\/et_pb_text][\/et_pb_column][et_pb_column type=\u00bb1_2&#8243; _builder_version=\u00bb4.16&#8243; custom_padding=\u00bb|||\u00bb global_colors_info=\u00bb{}\u00bb custom_padding__hover=\u00bb|||\u00bb][et_pb_gallery gallery_ids=\u00bb3292,3293,3294,3295,3296,3297,3298&#8243; fullwidth=\u00bbon\u00bb admin_label=\u00bbGaler\u00eda\u00bb _builder_version=\u00bb4.16&#8243; auto=\u00bbon\u00bb pagination_font_size_tablet=\u00bb51&#8243; pagination_line_height_tablet=\u00bb2&#8243; use_border_color=\u00bboff\u00bb global_colors_info=\u00bb{}\u00bb]\u00a0[\/et_pb_gallery][\/et_pb_column][\/et_pb_row][et_pb_row admin_label=\u00bbFila\u00bb _builder_version=\u00bb4.16&#8243; background_size=\u00bbinitial\u00bb background_position=\u00bbtop_left\u00bb background_repeat=\u00bbrepeat\u00bb global_colors_info=\u00bb{}\u00bb][et_pb_column type=\u00bb4_4&#8243; _builder_version=\u00bb4.16&#8243; custom_padding=\u00bb|||\u00bb global_colors_info=\u00bb{}\u00bb custom_padding__hover=\u00bb|||\u00bb][et_pb_divider color=\u00bb#777777&#8243; divider_position=\u00bbcenter\u00bb disabled_on=\u00bbon|on|off\u00bb admin_label=\u00bbSeparador\u00bb _builder_version=\u00bb4.16&#8243; height=\u00bb80px\u00bb hide_on_mobile=\u00bbon\u00bb global_colors_info=\u00bb{}\u00bb]\u00a0[\/et_pb_divider][\/et_pb_column][\/et_pb_row][et_pb_row column_structure=\u00bb1_2,1_2&#8243; padding_mobile=\u00bboff\u00bb column_padding_mobile=\u00bbon\u00bb admin_label=\u00bbFila\u00bb module_id=\u00bbetapa3&#8243; _builder_version=\u00bb4.16&#8243; background_size=\u00bbinitial\u00bb background_position=\u00bbtop_left\u00bb background_repeat=\u00bbrepeat\u00bb global_colors_info=\u00bb{}\u00bb][et_pb_column type=\u00bb1_2&#8243; _builder_version=\u00bb4.16&#8243; custom_padding=\u00bb|||\u00bb global_colors_info=\u00bb{}\u00bb custom_padding__hover=\u00bb|||\u00bb][et_pb_text admin_label=\u00bbetapa 3&#8243; _builder_version=\u00bb4.16&#8243; text_font_size=\u00bb12&#8243; text_line_height=\u00bb1.4em\u00bb background_size=\u00bbinitial\u00bb background_position=\u00bbtop_left\u00bb background_repeat=\u00bbrepeat\u00bb use_border_color=\u00bboff\u00bb global_colors_info=\u00bb{}\u00bb]<\/p>\n<h3><b>Actividades de diagnosis<\/b><\/h3>\n<p>La primera fase\u00a0<i>Entendemos el patio<\/i>\u00a0integra las actividades de diagnosis y s\u00edntesis.<\/p>\n<p>Entre el 25 de enero y el 1 de marzo de 2018 se han desarrollado las actividades de diagnosis, con el objetivo de analizar y reflexionar sobre los usos y las relaciones que se producen en el patio de la escuela. Cada Comisi\u00f3n de Seguimiento ha coordinado las actividades de su escuela, involucrando a toda la comunidad educativa.<\/p>\n<p>Las actividades realizadas est\u00e1n propuestas en la gu\u00eda \u201c<a href=\"https:\/\/equalsaree.org\/es\/mediateca\/\"><b>El pati de l\u2019escola en igualtat<\/b><\/a>\u201c y se han dividido en 3 bloques:<\/p>\n<p><b>PREPARAMOS LA MIRADA:\u00a0<\/b>Tomamos consciencia sobre las diferentes problem\u00e1ticas que se producen en el patio, poniendo especial atenci\u00f3n a los estereotipos y las desigualdades de g\u00e9nero.<br \/>\n<b>OBSERVAMOS EL PATIO:\u00a0<\/b>Reflexionamos sobre el uso del espacio, las actividades y su relaci\u00f3n con los diferentes elementos del patio.<br \/>\n<b>ESCUCHAMOS AL ALUMNADO:<\/b>\u00a0Recogemos las percepciones del alumnado sobre el espacio de recreo, sus vivencias cotidianas y los conflictos.[\/et_pb_text][et_pb_text admin_label=\u00bbTexto\u00bb _builder_version=\u00bb4.16&#8243; background_size=\u00bbinitial\u00bb background_position=\u00bbtop_left\u00bb background_repeat=\u00bbrepeat\u00bb use_border_color=\u00bboff\u00bb border_color=\u00bb#ffffff\u00bb border_style=\u00bbsolid\u00bb global_colors_info=\u00bb{}\u00bb]<\/p>\n<h4><a href=\"#etapas\"><img loading=\"lazy\" decoding=\"async\" class=\"alignnone wp-image-445\" src=\"https:\/\/equalsaree.org\/wp-content\/uploads\/2016\/03\/FLECHA-1.png\" alt=\"FLECHA\" width=\"20\" height=\"22\" \/><\/a><\/h4>\n<p>[\/et_pb_text][\/et_pb_column][et_pb_column type=\u00bb1_2&#8243; _builder_version=\u00bb4.16&#8243; custom_padding=\u00bb|||\u00bb global_colors_info=\u00bb{}\u00bb custom_padding__hover=\u00bb|||\u00bb][et_pb_gallery gallery_ids=\u00bb3299,3300,3301,3302,3303,3304,3305,3306,3307&#8243; fullwidth=\u00bbon\u00bb admin_label=\u00bbGaler\u00eda\u00bb _builder_version=\u00bb4.16&#8243; auto=\u00bbon\u00bb pagination_font_size_tablet=\u00bb51&#8243; pagination_line_height_tablet=\u00bb2&#8243; use_border_color=\u00bboff\u00bb global_colors_info=\u00bb{}\u00bb]\u00a0[\/et_pb_gallery][\/et_pb_column][\/et_pb_row][et_pb_row admin_label=\u00bbFila\u00bb _builder_version=\u00bb4.16&#8243; background_size=\u00bbinitial\u00bb background_position=\u00bbtop_left\u00bb background_repeat=\u00bbrepeat\u00bb global_colors_info=\u00bb{}\u00bb][et_pb_column type=\u00bb4_4&#8243; _builder_version=\u00bb4.16&#8243; custom_padding=\u00bb|||\u00bb global_colors_info=\u00bb{}\u00bb custom_padding__hover=\u00bb|||\u00bb][et_pb_divider color=\u00bb#777777&#8243; divider_position=\u00bbcenter\u00bb disabled_on=\u00bbon|on|off\u00bb admin_label=\u00bbSeparador\u00bb _builder_version=\u00bb4.16&#8243; height=\u00bb80px\u00bb hide_on_mobile=\u00bbon\u00bb global_colors_info=\u00bb{}\u00bb]\u00a0[\/et_pb_divider][\/et_pb_column][\/et_pb_row][et_pb_row column_structure=\u00bb1_2,1_2&#8243; padding_mobile=\u00bboff\u00bb column_padding_mobile=\u00bbon\u00bb admin_label=\u00bbFila\u00bb module_id=\u00bbetapa4&#8243; _builder_version=\u00bb4.16&#8243; background_size=\u00bbinitial\u00bb background_position=\u00bbtop_left\u00bb background_repeat=\u00bbrepeat\u00bb global_colors_info=\u00bb{}\u00bb][et_pb_column type=\u00bb1_2&#8243; _builder_version=\u00bb4.16&#8243; custom_padding=\u00bb|||\u00bb global_colors_info=\u00bb{}\u00bb custom_padding__hover=\u00bb|||\u00bb][et_pb_text admin_label=\u00bbetapa 4&#8243; _builder_version=\u00bb4.16&#8243; text_font_size=\u00bb12&#8243; text_line_height=\u00bb1.4em\u00bb background_size=\u00bbinitial\u00bb background_position=\u00bbtop_left\u00bb background_repeat=\u00bbrepeat\u00bb use_border_color=\u00bboff\u00bb global_colors_info=\u00bb{}\u00bb]<\/p>\n<h3><b>Actividades de s\u00edntesis<\/b><\/h3>\n<p>Las actividades de s\u00edntesis se han desarrollado entre el 1 de marzo y el 12 de abril, y han tenido como objetivo\u00a0<b>resumir los resultados<\/b>\u00a0de la diagnosis y\u00a0<b>definir las estrategias<\/b>\u00a0de cara a las propuestas de mejora donde cada escuela genera los criterios de intervenci\u00f3n m\u00e1s adecuados para su caso concreto, teniendo en cuenta los resultados obtenidos. Las estrategias han sido definidas a partir de las siguientes actividades:<\/p>\n<p><b>MAPA COLECTIVO CON EL ALUMNADO:<\/b>\u00a0Ponemos en com\u00fan las problem\u00e1ticas detectadas en todas las aulas y escogemos los temas prioritarios a resolver.<br \/>\n<b>REDACCI\u00d3N DE ESTRATEGIAS CON LA COMISI\u00d3N DE SEGUIMIENTO:\u00a0<\/b>A partir de los criterios de la gu\u00eda \u00a0<b>El pati de l\u2019escola en igualtat<\/b>\u201d, los resultados de las actividades con el alumnado y con el apoyo de Equal Saree, generamos las l\u00edneas estrat\u00e9gicas de las intervenciones. Estas intervenciones se concretar\u00e1n en la siguiente fase de dise\u00f1o colaborativo.<\/p>\n<p>Las estrategias comunes a todos los patios son: redistribuci\u00f3n de los usos del patio, creaci\u00f3n de zonas de tranquilidad, generaci\u00f3n de espacios con juegos diversos, aprovechamiento de superficies verticales.[\/et_pb_text][et_pb_text admin_label=\u00bbTexto\u00bb _builder_version=\u00bb4.16&#8243; background_size=\u00bbinitial\u00bb background_position=\u00bbtop_left\u00bb background_repeat=\u00bbrepeat\u00bb use_border_color=\u00bboff\u00bb border_color=\u00bb#ffffff\u00bb border_style=\u00bbsolid\u00bb global_colors_info=\u00bb{}\u00bb]<\/p>\n<h4><a href=\"#etapas\"><img loading=\"lazy\" decoding=\"async\" class=\"alignnone wp-image-445\" src=\"https:\/\/equalsaree.org\/wp-content\/uploads\/2016\/03\/FLECHA-1.png\" alt=\"FLECHA\" width=\"20\" height=\"22\" \/><\/a><\/h4>\n<p>[\/et_pb_text][\/et_pb_column][et_pb_column type=\u00bb1_2&#8243; _builder_version=\u00bb4.16&#8243; custom_padding=\u00bb|||\u00bb global_colors_info=\u00bb{}\u00bb custom_padding__hover=\u00bb|||\u00bb][et_pb_gallery gallery_ids=\u00bb3309,3310,3311,3312,3313,3314,3315,3316,3685&#8243; fullwidth=\u00bbon\u00bb admin_label=\u00bbGaler\u00eda\u00bb _builder_version=\u00bb4.16&#8243; auto=\u00bbon\u00bb pagination_font_size_tablet=\u00bb51&#8243; pagination_line_height_tablet=\u00bb2&#8243; use_border_color=\u00bboff\u00bb global_colors_info=\u00bb{}\u00bb]\u00a0[\/et_pb_gallery][\/et_pb_column][\/et_pb_row][et_pb_row admin_label=\u00bbFila\u00bb _builder_version=\u00bb4.16&#8243; background_size=\u00bbinitial\u00bb background_position=\u00bbtop_left\u00bb background_repeat=\u00bbrepeat\u00bb global_colors_info=\u00bb{}\u00bb][et_pb_column type=\u00bb4_4&#8243; _builder_version=\u00bb4.16&#8243; custom_padding=\u00bb|||\u00bb global_colors_info=\u00bb{}\u00bb custom_padding__hover=\u00bb|||\u00bb][et_pb_divider color=\u00bb#777777&#8243; divider_position=\u00bbcenter\u00bb disabled_on=\u00bbon|on|off\u00bb admin_label=\u00bbSeparador\u00bb _builder_version=\u00bb4.16&#8243; height=\u00bb80px\u00bb hide_on_mobile=\u00bbon\u00bb global_colors_info=\u00bb{}\u00bb]\u00a0[\/et_pb_divider][\/et_pb_column][\/et_pb_row][et_pb_row column_structure=\u00bb1_2,1_2&#8243; padding_mobile=\u00bboff\u00bb column_padding_mobile=\u00bbon\u00bb admin_label=\u00bbFila\u00bb module_id=\u00bbetapa5&#8243; _builder_version=\u00bb4.16&#8243; background_size=\u00bbinitial\u00bb background_position=\u00bbtop_left\u00bb background_repeat=\u00bbrepeat\u00bb global_colors_info=\u00bb{}\u00bb][et_pb_column type=\u00bb1_2&#8243; _builder_version=\u00bb4.16&#8243; custom_padding=\u00bb|||\u00bb global_colors_info=\u00bb{}\u00bb custom_padding__hover=\u00bb|||\u00bb][et_pb_text admin_label=\u00bbetapa 5&#8243; _builder_version=\u00bb4.16&#8243; text_font_size=\u00bb12&#8243; text_line_height=\u00bb1.4em\u00bb background_size=\u00bbinitial\u00bb background_position=\u00bbtop_left\u00bb background_repeat=\u00bbrepeat\u00bb use_border_color=\u00bboff\u00bb global_colors_info=\u00bb{}\u00bb]<\/p>\n<div class=\"et_pb_module et_pb_text et_pb_text_10 et_pb_text_align_left et_pb_bg_layout_light\">\n<div class=\"et_pb_text_inner\">\n<h3><strong>Actividades de dise\u00f1o<\/strong><\/h3>\n<p>La segunda fase,\u00a0<i>Imaginamos el patio<\/i>, ha consistido en las actividades de dise\u00f1o y la redacci\u00f3n del proyecto t\u00e9cnico de las transformaciones. Entre el 12 de abril y el 18 de mayo se han hecho las actividades de dise\u00f1o colaborativo, donde el alumnado ha sido el principal protagonista. La propuesta final para cada patio se ha obtenido mediante las siguientes actividades:<\/p>\n<p><b>DISE\u00d1O COLABORATIVO:\u00a0<\/b>Exploramos las dimensiones de los espacios y sus posibilidades en relaci\u00f3n al propio cuerpo. Dise\u00f1amos espacios y elementos concretos para acoger las actividades imaginadas durante el proceso.<br \/>\n<b>CONSENSO COLECTIVO:<\/b>\u00a0Compartimos el trabajo realizado en las diferentes aulas y dise\u00f1amos conjuntamente la propuesta definitiva con la ayuda de una gran maqueta.<\/p>\n<\/div>\n<\/div>\n<div class=\"et_pb_module et_pb_text et_pb_text_11 et_pb_text_align_left et_pb_bg_layout_light\">\n<div class=\"et_pb_text_inner\"><\/div>\n<\/div>\n<p>[\/et_pb_text][et_pb_text admin_label=\u00bbTexto\u00bb _builder_version=\u00bb4.16&#8243; background_size=\u00bbinitial\u00bb background_position=\u00bbtop_left\u00bb background_repeat=\u00bbrepeat\u00bb use_border_color=\u00bboff\u00bb border_color=\u00bb#ffffff\u00bb border_style=\u00bbsolid\u00bb global_colors_info=\u00bb{}\u00bb]<\/p>\n<h4><a href=\"#etapas\"><img loading=\"lazy\" decoding=\"async\" class=\"alignnone wp-image-445\" src=\"https:\/\/equalsaree.org\/wp-content\/uploads\/2016\/03\/FLECHA-1.png\" alt=\"FLECHA\" width=\"20\" height=\"22\" \/><\/a><\/h4>\n<p>[\/et_pb_text][\/et_pb_column][et_pb_column type=\u00bb1_2&#8243; _builder_version=\u00bb4.16&#8243; custom_padding=\u00bb|||\u00bb global_colors_info=\u00bb{}\u00bb custom_padding__hover=\u00bb|||\u00bb][et_pb_gallery gallery_ids=\u00bb3317,3318,3319,3320,3321,3322,3323,3324,3325,3326,3327,3328,3329&#8243; fullwidth=\u00bbon\u00bb admin_label=\u00bbGaler\u00eda\u00bb _builder_version=\u00bb4.16&#8243; auto=\u00bbon\u00bb pagination_font_size_tablet=\u00bb51&#8243; pagination_line_height_tablet=\u00bb2&#8243; use_border_color=\u00bboff\u00bb global_colors_info=\u00bb{}\u00bb]\u00a0[\/et_pb_gallery][\/et_pb_column][\/et_pb_row][et_pb_row admin_label=\u00bbFila\u00bb _builder_version=\u00bb4.16&#8243; background_size=\u00bbinitial\u00bb background_position=\u00bbtop_left\u00bb background_repeat=\u00bbrepeat\u00bb global_colors_info=\u00bb{}\u00bb][et_pb_column type=\u00bb4_4&#8243; _builder_version=\u00bb4.16&#8243; custom_padding=\u00bb|||\u00bb global_colors_info=\u00bb{}\u00bb custom_padding__hover=\u00bb|||\u00bb][et_pb_divider color=\u00bb#777777&#8243; divider_position=\u00bbcenter\u00bb disabled_on=\u00bbon|on|off\u00bb admin_label=\u00bbSeparador\u00bb _builder_version=\u00bb4.16&#8243; height=\u00bb80px\u00bb hide_on_mobile=\u00bbon\u00bb global_colors_info=\u00bb{}\u00bb]\u00a0[\/et_pb_divider][\/et_pb_column][\/et_pb_row][et_pb_row column_structure=\u00bb1_2,1_2&#8243; padding_mobile=\u00bboff\u00bb column_padding_mobile=\u00bbon\u00bb admin_label=\u00bbFila\u00bb module_id=\u00bbetapa6&#8243; _builder_version=\u00bb4.16&#8243; background_size=\u00bbinitial\u00bb background_position=\u00bbtop_left\u00bb background_repeat=\u00bbrepeat\u00bb global_colors_info=\u00bb{}\u00bb][et_pb_column type=\u00bb1_2&#8243; _builder_version=\u00bb4.16&#8243; custom_padding=\u00bb|||\u00bb global_colors_info=\u00bb{}\u00bb custom_padding__hover=\u00bb|||\u00bb][et_pb_text admin_label=\u00bbetapa 6&#8243; _builder_version=\u00bb4.16&#8243; text_font_size=\u00bb12&#8243; text_line_height=\u00bb1.4em\u00bb background_size=\u00bbinitial\u00bb background_position=\u00bbtop_left\u00bb background_repeat=\u00bbrepeat\u00bb use_border_color=\u00bboff\u00bb global_colors_info=\u00bb{}\u00bb]<\/p>\n<h3><strong>Propuestas de mejora<\/strong><\/h3>\n<p><b>CEIP Jaume Salvatella: Nuevo franja l\u00fadica de acceso a la escuela.\u00a0<\/b>La idea principal es conectar los dos niveles actuales del patio a trav\u00e9s de una nueva grada que potencia el juego y, a la vez, permite el desarrollo de actividades tranquilas. Con este nuevo elemento se potencia el nuevo acceso a la escuela.<br \/>\n<b>CEIP Merc\u00e8 Rodoreda: Trabajemos la periferia para transformar el patio.\u00a0<\/b>Esta intervenci\u00f3n se centra en los espacios perif\u00e9ricos diversificando sus posibilidades de juego. Uno de los puntos clave es reubicar el juego de pelota para dar al espacio central un car\u00e1cter m\u00e1s multifuncional.<br \/>\n<b>CEIP Fray Luis de Le\u00f3n: Un patio m\u00e1s l\u00fadico y diverso.\u00a0<\/b>Transformamos un patio ocupado en su mayor parte por pistas deportivas en un patio con m\u00e1s opciones l\u00fadicas y nuevos espacios de descanso. Tambi\u00e9n conseguimos m\u00e1s riqueza de texturas y colores, en contraposici\u00f3n al hormig\u00f3n gris que predomina actualmente.<br \/>\n<b>CEIP Miguel de Unamuno: Diferenciemos espacios y sumemos posibilidades.\u00a0<\/b>Este patio, actualmente de cemento y con pocos elementos de juego, se transformar\u00e1 en un patio con m\u00e1s opciones l\u00fadicas, espacios de tranquilidad y vegetaci\u00f3n. Tambi\u00e9n se consigue que la pista deportiva deje de ser la \u00fanica protagonista del patio.<br \/>\n<b>CEIP Llu\u00eds Millet: Sumemos espacios al patio.\u00a0<\/b>La idea principal es aprovechar los espacios en desuso del patio para generar nuevos espacios que puedan integrarse en el proyecto pedag\u00f3gico del centro.[\/et_pb_text][et_pb_text admin_label=\u00bbTexto\u00bb _builder_version=\u00bb4.16&#8243; background_size=\u00bbinitial\u00bb background_position=\u00bbtop_left\u00bb background_repeat=\u00bbrepeat\u00bb use_border_color=\u00bboff\u00bb border_color=\u00bb#ffffff\u00bb border_style=\u00bbsolid\u00bb global_colors_info=\u00bb{}\u00bb]<\/p>\n<h4><a href=\"#etapas\"><img loading=\"lazy\" decoding=\"async\" class=\"alignnone wp-image-445\" src=\"https:\/\/equalsaree.org\/wp-content\/uploads\/2016\/03\/FLECHA-1.png\" alt=\"FLECHA\" width=\"20\" height=\"22\" \/><\/a><\/h4>\n<p>[\/et_pb_text][\/et_pb_column][et_pb_column type=\u00bb1_2&#8243; _builder_version=\u00bb4.16&#8243; custom_padding=\u00bb|||\u00bb global_colors_info=\u00bb{}\u00bb custom_padding__hover=\u00bb|||\u00bb][et_pb_gallery gallery_ids=\u00bb3685,3714,3715,14208,3712,3713,14204,3718,3709,14196,3716,3717,14192,3710,3711,14200&#8243; fullwidth=\u00bbon\u00bb admin_label=\u00bbGaler\u00eda\u00bb _builder_version=\u00bb4.16&#8243; auto=\u00bbon\u00bb pagination_font_size_tablet=\u00bb51&#8243; pagination_line_height_tablet=\u00bb2&#8243; use_border_color=\u00bboff\u00bb global_colors_info=\u00bb{}\u00bb]\u00a0[\/et_pb_gallery][\/et_pb_column][\/et_pb_row][et_pb_row admin_label=\u00bbFila\u00bb _builder_version=\u00bb4.16&#8243; background_size=\u00bbinitial\u00bb background_position=\u00bbtop_left\u00bb background_repeat=\u00bbrepeat\u00bb global_colors_info=\u00bb{}\u00bb][et_pb_column type=\u00bb4_4&#8243; _builder_version=\u00bb4.16&#8243; custom_padding=\u00bb|||\u00bb global_colors_info=\u00bb{}\u00bb custom_padding__hover=\u00bb|||\u00bb][et_pb_divider color=\u00bb#777777&#8243; divider_position=\u00bbcenter\u00bb disabled_on=\u00bbon|on|off\u00bb admin_label=\u00bbSeparador\u00bb _builder_version=\u00bb4.16&#8243; height=\u00bb80px\u00bb hide_on_mobile=\u00bbon\u00bb global_colors_info=\u00bb{}\u00bb]\u00a0[\/et_pb_divider][\/et_pb_column][\/et_pb_row][et_pb_row column_structure=\u00bb1_2,1_2&#8243; padding_mobile=\u00bboff\u00bb column_padding_mobile=\u00bbon\u00bb admin_label=\u00bbFila\u00bb module_id=\u00bbetapa7&#8243; _builder_version=\u00bb4.16&#8243; background_size=\u00bbinitial\u00bb background_position=\u00bbtop_left\u00bb background_repeat=\u00bbrepeat\u00bb global_colors_info=\u00bb{}\u00bb][et_pb_column type=\u00bb1_2&#8243; _builder_version=\u00bb4.16&#8243; custom_padding=\u00bb|||\u00bb global_colors_info=\u00bb{}\u00bb custom_padding__hover=\u00bb|||\u00bb][et_pb_text admin_label=\u00bbetapa 7&#8243; _builder_version=\u00bb4.16&#8243; text_font_size=\u00bb12&#8243; text_line_height=\u00bb1.4em\u00bb background_size=\u00bbinitial\u00bb background_position=\u00bbtop_left\u00bb background_repeat=\u00bbrepeat\u00bb use_border_color=\u00bboff\u00bb global_colors_info=\u00bb{}\u00bb]<\/p>\n<h3><b>Evaluaci\u00f3n de las intervenciones<\/b><\/h3>\n<p><span style=\"font-weight: 400;\">Las intervenciones de mejora se han llevado a cabo durante el curso escolar 2020-2021 y, desde entonces, las 5 escuelas disfrutan de los beneficios del cambio. Despu\u00e9s de realizar entrevistas con representantes de las escuelas y observaciones del patio durante la hora del recreo, se puede concluir que las opciones l\u00fadicas y el juego mixto entre los ni\u00f1os y ni\u00f1as ha aumentado. Los aspectos clave del \u00e9xito del proyecto han sido:<\/span><\/p>\n<p><b>Sectorizaci\u00f3n de los espacios.<\/b><span style=\"font-weight: 400;\"> Se reduce el porcentaje dedicado a pistas deportivas de un 70% a un 50%. Gracias a esta reducci\u00f3n, se aumentan los espacios dedicados al juego motriz, juego simb\u00f3lico y actividades de calma.<\/span><\/p>\n<p><b>Introducci\u00f3n de nuevos elementos.<\/b><span style=\"font-weight: 400;\"> La introducci\u00f3n de las alfombras de c\u00e9sped, las tarimas de madera y los troncos de equilibrio fomenta la realizaci\u00f3n de nuevas actividades y se identifica un juego m\u00e1s compartido entre ni\u00f1os y ni\u00f1as, especialmente en las alfombras.<\/span><\/p>\n<p><b>Gesti\u00f3n de usos.<\/b><span style=\"font-weight: 400;\"> Se detecta que el impacto de la intervenci\u00f3n f\u00edsica es mayor cuando la comunidad educativa se involucra en la gesti\u00f3n de los usos y actividades y cuando se avanza hacia una educaci\u00f3n coeducativa y no sexista.<\/span><\/p>\n<p><strong><b>Murales participativos.<\/b><span style=\"font-weight: 400;\"> Se destacan positivamente los murales art\u00edsticos realizados con el alumnado. Por un lado, por la aportaci\u00f3n est\u00e9tica a la intervenci\u00f3n y, por el alta, se aumenta el sentido de pertenencia y arraigo en el espacio.<\/span><\/strong><\/p>\n<p>[\/et_pb_text][et_pb_text admin_label=\u00bbTexto\u00bb _builder_version=\u00bb4.16&#8243; background_size=\u00bbinitial\u00bb background_position=\u00bbtop_left\u00bb background_repeat=\u00bbrepeat\u00bb use_border_color=\u00bboff\u00bb border_color=\u00bb#ffffff\u00bb border_style=\u00bbsolid\u00bb global_colors_info=\u00bb{}\u00bb]<\/p>\n<h4><a href=\"#etapas\"><img loading=\"lazy\" decoding=\"async\" class=\"alignnone wp-image-445\" src=\"https:\/\/equalsaree.org\/wp-content\/uploads\/2016\/03\/FLECHA-1.png\" alt=\"FLECHA\" width=\"20\" height=\"22\" \/><\/a><\/h4>\n<p>[\/et_pb_text][\/et_pb_column][et_pb_column type=\u00bb1_2&#8243; _builder_version=\u00bb4.16&#8243; custom_padding=\u00bb|||\u00bb global_colors_info=\u00bb{}\u00bb custom_padding__hover=\u00bb|||\u00bb][et_pb_gallery gallery_ids=\u00bb14147,14171,14167,14163,14159,14155,14151&#8243; fullwidth=\u00bbon\u00bb _builder_version=\u00bb4.16&#8243; auto=\u00bbon\u00bb global_colors_info=\u00bb{}\u00bb][\/et_pb_gallery][\/et_pb_column][\/et_pb_row][et_pb_row admin_label=\u00bbFila\u00bb _builder_version=\u00bb4.16&#8243; background_size=\u00bbinitial\u00bb background_position=\u00bbtop_left\u00bb background_repeat=\u00bbrepeat\u00bb global_colors_info=\u00bb{}\u00bb][et_pb_column type=\u00bb4_4&#8243; _builder_version=\u00bb4.16&#8243; custom_padding=\u00bb|||\u00bb global_colors_info=\u00bb{}\u00bb custom_padding__hover=\u00bb|||\u00bb][et_pb_divider color=\u00bb#777777&#8243; divider_position=\u00bbcenter\u00bb disabled_on=\u00bbon|on|off\u00bb admin_label=\u00bbSeparador\u00bb _builder_version=\u00bb4.16&#8243; height=\u00bb80px\u00bb hide_on_mobile=\u00bbon\u00bb global_colors_info=\u00bb{}\u00bb]\u00a0[\/et_pb_divider][\/et_pb_column][\/et_pb_row][et_pb_row admin_label=\u00bbFila\u00bb _builder_version=\u00bb4.16&#8243; background_size=\u00bbinitial\u00bb background_position=\u00bbtop_left\u00bb background_repeat=\u00bbrepeat\u00bb global_colors_info=\u00bb{}\u00bb][et_pb_column type=\u00bb4_4&#8243; _builder_version=\u00bb4.16&#8243; custom_padding=\u00bb|||\u00bb global_colors_info=\u00bb{}\u00bb custom_padding__hover=\u00bb|||\u00bb][et_pb_text admin_label=\u00bbTexto\u00bb _builder_version=\u00bb4.16&#8243; background_size=\u00bbinitial\u00bb background_position=\u00bbtop_left\u00bb background_repeat=\u00bbrepeat\u00bb use_border_color=\u00bboff\u00bb border_color=\u00bb#ffffff\u00bb border_style=\u00bbsolid\u00bb global_colors_info=\u00bb{}\u00bb]<\/p>\n<div class=\"et_pb_module et_pb_text et_pb_text_14 et_pb_text_align_left et_pb_bg_layout_light\">\n<div class=\"et_pb_text_inner\">\n<h2><strong>Otros proyectos<\/strong><\/h2>\n<\/div>\n<\/div>\n<p>[\/et_pb_text][et_pb_portfolio fullwidth=\u00bboff\u00bb posts_number=\u00bb4&#8243; include_categories=\u00bb116,112,113,123,114,115&#8243; show_categories=\u00bboff\u00bb _builder_version=\u00bb4.23.1&#8243; title_level=\u00bbh6&#8243; title_font=\u00bb|600|||||||\u00bb title_font_size=\u00bb12px\u00bb locked=\u00bboff\u00bb global_colors_info=\u00bb{}\u00bb][\/et_pb_portfolio][\/et_pb_column][\/et_pb_row][\/et_pb_section]<\/p>\n","protected":false},"excerpt":{"rendered":"<p>Empatitzem Repensamos el uso de los patios escolares Partiendo de la importancia del patio de la escuela como espacio de aprendizaje, de juego y convivencia, el proyecto \u201cEmpatitzem. Repensamos el uso de los patios escolares\u201d busca generar propuestas de reorganizaci\u00f3n que trabajen sobre la igualdad de g\u00e9nero, la cooperaci\u00f3n y los valores inclusivos.\u00a0M\u00e1s all\u00e1 de [&hellip;]<\/p>\n","protected":false},"author":7,"featured_media":11544,"template":"","meta":{"_seopress_robots_primary_cat":"","_seopress_titles_title":"","_seopress_titles_desc":"","_seopress_robots_index":"","_et_pb_use_builder":"on","_et_pb_old_content":"Welcome to WordPress. This is your first post. Edit or delete it, then start writing!","_et_gb_content_width":"","footnotes":""},"project_category":[113],"project_tag":[],"class_list":["post-11543","project","type-project","status-publish","has-post-thumbnail","hentry","project_category-espacios-educativos"],"_links":{"self":[{"href":"https:\/\/equalsaree.org\/es\/wp-json\/wp\/v2\/project\/11543","targetHints":{"allow":["GET"]}}],"collection":[{"href":"https:\/\/equalsaree.org\/es\/wp-json\/wp\/v2\/project"}],"about":[{"href":"https:\/\/equalsaree.org\/es\/wp-json\/wp\/v2\/types\/project"}],"author":[{"embeddable":true,"href":"https:\/\/equalsaree.org\/es\/wp-json\/wp\/v2\/users\/7"}],"version-history":[{"count":2,"href":"https:\/\/equalsaree.org\/es\/wp-json\/wp\/v2\/project\/11543\/revisions"}],"predecessor-version":[{"id":16237,"href":"https:\/\/equalsaree.org\/es\/wp-json\/wp\/v2\/project\/11543\/revisions\/16237"}],"wp:featuredmedia":[{"embeddable":true,"href":"https:\/\/equalsaree.org\/es\/wp-json\/wp\/v2\/media\/11544"}],"wp:attachment":[{"href":"https:\/\/equalsaree.org\/es\/wp-json\/wp\/v2\/media?parent=11543"}],"wp:term":[{"taxonomy":"project_category","embeddable":true,"href":"https:\/\/equalsaree.org\/es\/wp-json\/wp\/v2\/project_category?post=11543"},{"taxonomy":"project_tag","embeddable":true,"href":"https:\/\/equalsaree.org\/es\/wp-json\/wp\/v2\/project_tag?post=11543"}],"curies":[{"name":"wp","href":"https:\/\/api.w.org\/{rel}","templated":true}]}}