{"id":5134,"date":"2020-05-13T13:35:24","date_gmt":"2020-05-13T13:35:24","guid":{"rendered":"https:\/\/equalsaree.org\/?page_id=5134"},"modified":"2024-06-11T15:08:27","modified_gmt":"2024-06-11T15:08:27","slug":"formacion-urbanismo-perspectiva-genero","status":"publish","type":"page","link":"https:\/\/equalsaree.org\/es\/formacion-urbanismo-perspectiva-genero\/","title":{"rendered":"Formaci\u00f3n"},"content":{"rendered":"<p>[et_pb_section fb_built=\u00bb1&#8243; admin_label=\u00bbsection\u00bb _builder_version=\u00bb4.16&#8243; global_colors_info=\u00bb{}\u00bb][et_pb_row admin_label=\u00bbrow\u00bb _builder_version=\u00bb4.16&#8243; background_size=\u00bbinitial\u00bb background_position=\u00bbtop_left\u00bb background_repeat=\u00bbrepeat\u00bb global_colors_info=\u00bb{}\u00bb][et_pb_column type=\u00bb4_4&#8243; _builder_version=\u00bb4.16&#8243; custom_padding=\u00bb|||\u00bb global_colors_info=\u00bb{}\u00bb custom_padding__hover=\u00bb|||\u00bb][et_pb_text admin_label=\u00bbTexto\u00bb _builder_version=\u00bb4.23.1&#8243; text_font_size=\u00bb18&#8243; background_size=\u00bbinitial\u00bb background_position=\u00bbtop_left\u00bb background_repeat=\u00bbrepeat\u00bb use_border_color=\u00bboff\u00bb border_color=\u00bb#ffffff\u00bb border_style=\u00bbsolid\u00bb global_colors_info=\u00bb{}\u00bb]<\/p>\n<h1><span style=\"color: #54beb7;\"><strong><b>Formaci\u00f3n de urbanismo y arquitectura con perspectiva de g\u00e9nero<\/b><\/strong><\/span><\/h1>\n<p>[\/et_pb_text][\/et_pb_column][\/et_pb_row][et_pb_row column_structure=\u00bb1_2,1_2&#8243; admin_label=\u00bbrow\u00bb _builder_version=\u00bb4.16&#8243; background_size=\u00bbinitial\u00bb background_position=\u00bbtop_left\u00bb background_repeat=\u00bbrepeat\u00bb global_colors_info=\u00bb{}\u00bb][et_pb_column type=\u00bb1_2&#8243; _builder_version=\u00bb4.16&#8243; custom_padding=\u00bb|||\u00bb global_colors_info=\u00bb{}\u00bb custom_padding__hover=\u00bb|||\u00bb][\/et_pb_column][et_pb_column type=\u00bb1_2&#8243; _builder_version=\u00bb4.16&#8243; custom_padding=\u00bb|||\u00bb global_colors_info=\u00bb{}\u00bb custom_padding__hover=\u00bb|||\u00bb][et_pb_text admin_label=\u00bbTexto\u00bb _builder_version=\u00bb4.23.1&#8243; text_font_size=\u00bb18&#8243; background_size=\u00bbinitial\u00bb background_position=\u00bbtop_left\u00bb background_repeat=\u00bbrepeat\u00bb use_border_color=\u00bboff\u00bb border_color=\u00bb#ffffff\u00bb border_style=\u00bbsolid\u00bb global_colors_info=\u00bb{}\u00bb]<\/p>\n<p>&nbsp;<\/p>\n<p><b>\u00bfQu\u00e9 podemos hacer?<\/b><\/p>\n<p>[\/et_pb_text][\/et_pb_column][\/et_pb_row][et_pb_row column_structure=\u00bb1_2,1_2&#8243; admin_label=\u00bbFila\u00bb _builder_version=\u00bb4.16&#8243; background_size=\u00bbinitial\u00bb background_position=\u00bbtop_left\u00bb background_repeat=\u00bbrepeat\u00bb global_colors_info=\u00bb{}\u00bb][et_pb_column type=\u00bb1_2&#8243; _builder_version=\u00bb4.16&#8243; custom_padding=\u00bb|||\u00bb global_colors_info=\u00bb{}\u00bb custom_padding__hover=\u00bb|||\u00bb][et_pb_text admin_label=\u00bbTexto\u00bb _builder_version=\u00bb4.23.1&#8243; text_font_size=\u00bb12&#8243; text_line_height=\u00bb1.4em\u00bb background_size=\u00bbinitial\u00bb background_position=\u00bbtop_left\u00bb background_repeat=\u00bbrepeat\u00bb hover_enabled=\u00bb0&#8243; use_border_color=\u00bboff\u00bb border_color=\u00bb#ffffff\u00bb border_style=\u00bbsolid\u00bb global_colors_info=\u00bb{}\u00bb sticky_enabled=\u00bb0&#8243;]<\/p>\n<p><span style=\"font-weight: 400;\">Promover la reflexi\u00f3n cr\u00edtica sobre los usos, la configuraci\u00f3n y las percepciones de los espacios que habitamos es el primer paso hacia unos <strong>territorios m\u00e1s igualitarios y sostenibles<\/strong>. A trav\u00e9s de las formaciones y las acciones de sensibilizaci\u00f3n y divulgaci\u00f3n estimulamos la toma de conciencia, trabajamos para la<strong> reformulaci\u00f3n te\u00f3rica y conceptual y damos herramientas pr\u00e1cticas y metodol\u00f3gicas<\/strong> para implementar cambios a nivel personal, profesional y pol\u00edtico.<\/span><span style=\"font-weight: 400;\"><strong><span><\/span><\/strong><\/span><\/p>\n<p>[\/et_pb_text][\/et_pb_column][et_pb_column type=\u00bb1_2&#8243; _builder_version=\u00bb4.16&#8243; custom_padding=\u00bb|||\u00bb global_colors_info=\u00bb{}\u00bb custom_padding__hover=\u00bb|||\u00bb][et_pb_text admin_label=\u00bbTexto\u00bb _builder_version=\u00bb4.23.1&#8243; text_font_size=\u00bb12&#8243; text_line_height=\u00bb1.4em\u00bb background_size=\u00bbinitial\u00bb background_position=\u00bbtop_left\u00bb background_repeat=\u00bbrepeat\u00bb use_border_color=\u00bboff\u00bb border_color=\u00bb#ffffff\u00bb border_style=\u00bbsolid\u00bb global_colors_info=\u00bb{}\u00bb]<\/p>\n<ul>\n<li><b>Formaciones acad\u00e9micas y profesionales<\/b><\/li>\n<li><b>Acciones de divulgaci\u00f3n y sensibilizaci\u00f3n<\/b><\/li>\n<\/ul>\n<p>[\/et_pb_text][\/et_pb_column][\/et_pb_row][et_pb_row admin_label=\u00bbFila\u00bb _builder_version=\u00bb4.16&#8243; background_size=\u00bbinitial\u00bb background_position=\u00bbtop_left\u00bb background_repeat=\u00bbrepeat\u00bb global_colors_info=\u00bb{}\u00bb][et_pb_column type=\u00bb4_4&#8243; _builder_version=\u00bb4.16&#8243; custom_padding=\u00bb|||\u00bb global_colors_info=\u00bb{}\u00bb custom_padding__hover=\u00bb|||\u00bb][et_pb_divider show_divider=\u00bboff\u00bb disabled_on=\u00bbon|on|off\u00bb admin_label=\u00bbSeparador\u00bb _builder_version=\u00bb4.16&#8243; height=\u00bb20px\u00bb hide_on_mobile=\u00bbon\u00bb global_colors_info=\u00bb{}\u00bb]&nbsp;[\/et_pb_divider][\/et_pb_column][\/et_pb_row][et_pb_row admin_label=\u00bbFila\u00bb _builder_version=\u00bb4.16&#8243; background_size=\u00bbinitial\u00bb background_position=\u00bbtop_left\u00bb background_repeat=\u00bbrepeat\u00bb global_colors_info=\u00bb{}\u00bb][et_pb_column type=\u00bb4_4&#8243; _builder_version=\u00bb4.16&#8243; custom_padding=\u00bb|||\u00bb global_colors_info=\u00bb{}\u00bb custom_padding__hover=\u00bb|||\u00bb][et_pb_divider color=\u00bb#000000&#8243; divider_position=\u00bbcenter\u00bb disabled_on=\u00bbon|on|off\u00bb admin_label=\u00bbSeparador\u00bb _builder_version=\u00bb4.16&#8243; height=\u00bb80px\u00bb hide_on_mobile=\u00bbon\u00bb global_colors_info=\u00bb{}\u00bb]&nbsp;[\/et_pb_divider][\/et_pb_column][\/et_pb_row][et_pb_row column_structure=\u00bb1_2,1_2&#8243; admin_label=\u00bb#etapa1&#8243; _builder_version=\u00bb4.22.2&#8243; locked=\u00bboff\u00bb global_colors_info=\u00bb{}\u00bb][et_pb_column type=\u00bb1_2&#8243; _builder_version=\u00bb4.16&#8243; custom_padding=\u00bb|||\u00bb global_colors_info=\u00bb{}\u00bb custom_padding__hover=\u00bb|||\u00bb][et_pb_gallery gallery_ids=\u00bb16443&#8243; fullwidth=\u00bbon\u00bb admin_label=\u00bbGaler\u00eda\u00bb _builder_version=\u00bb4.23.1&#8243; auto=\u00bbon\u00bb pagination_font_size_tablet=\u00bb51&#8243; pagination_line_height_tablet=\u00bb2&#8243; use_border_color=\u00bboff\u00bb global_colors_info=\u00bb{}\u00bb]\u00a0 [\/et_pb_gallery][\/et_pb_column][et_pb_column type=\u00bb1_2&#8243; _builder_version=\u00bb4.16&#8243; custom_padding=\u00bb|||\u00bb global_colors_info=\u00bb{}\u00bb custom_padding__hover=\u00bb|||\u00bb][et_pb_text admin_label=\u00bbetapa 1&#8243; module_id=\u00bb#etapa1&#8243; _builder_version=\u00bb4.23.1&#8243; text_font_size=\u00bb12&#8243; text_line_height=\u00bb1.4em\u00bb background_size=\u00bbinitial\u00bb background_position=\u00bbtop_left\u00bb background_repeat=\u00bbrepeat\u00bb custom_padding=\u00bb||0px|||\u00bb use_border_color=\u00bboff\u00bb global_colors_info=\u00bb{}\u00bb]<\/p>\n<h3><b>Formaciones acad\u00e9micas y profesionales<\/b><\/h3>\n<p><span style=\"font-weight: 400;\">Ofrecemos formaciones te\u00f3rico-pr\u00e1cticas para incorporar metodolog\u00edas feministas y t\u00e9cnicas participativas en el an\u00e1lisis espacial y urbana as\u00ed como para aplicar criterios de justicia de g\u00e9nero en la formulaci\u00f3n y la implementaci\u00f3n de acciones de cambio.<\/span><\/p>\n<h5><b>La Generadora<\/b><\/h5>\n<p><span style=\"font-weight: 400;\">Es una iniciativa para la promoci\u00f3n del dise\u00f1o con perspectiva de g\u00e9nero, a partir de la innovaci\u00f3n, el intercambio y la formaci\u00f3n con un alcance iberoamericano.<\/span><\/p>\n<p><a href=\"https:\/\/equalsaree.org\/es\/lageneradora\/\" target=\"_blank\" rel=\"noopener\"><span style=\"font-weight: 400;\">&gt; Conoce todas las propuesta de La Generadora!<\/span><\/a><\/p>\n<h5><b>Workshops universitarios internacionales<\/b><\/h5>\n<p><span style=\"font-weight: 400;\">Impartimos talleres y conferencias para educaci\u00f3n superior universitaria (grados, posgrados y m\u00e1steres), en formato presencial y online.<\/span><\/p>\n<p><span style=\"color: #808080;\"><span style=\"font-weight: 400;\">Hemos trabajado con diferentes universidades como Domus Academy- Milan, <a href=\"https:\/\/www.aaschool.ac.uk\/\">Architectural Association School of Architecture<\/a>&#8211; London, Escuela T\u00e9cnica Superior de Arquitectura de Barcelona, Escuela T\u00e9cnica Superior de Arquitectura del Vall\u00e8s, Universidad de Barcelona, Escola T\u00e9cnica Superior de Arquitectura de Val\u00e8ncia, Master Genre et droits des femmes des deux rives de la m\u00e9dit\u00e9rran\u00e9e- Tanger, Escuela de Urbanismo de Par\u00eds y de la EIVP, Instituto de Arquitectura Avanzada de Barcelona (IAAC), Tecnol\u00f3gico de Monterrey, entre otras muchas.<\/span><\/span><\/p>\n<h5><b>Formaciones para administraci\u00f3n p\u00fablica<\/b><\/h5>\n<p><span style=\"font-weight: 400;\">Impartimos formaciones sobre aplicaci\u00f3n de la perspectiva de g\u00e9nero a los \u00e1mbitos del urbanismo, la participaci\u00f3n ciudadana y los equipamientos educativos para personal t\u00e9cnico y pol\u00edtico de diferentes departamentos de la administraci\u00f3n p\u00fablica.<\/span><\/p>\n<p><span style=\"font-weight: 400; color: #808080;\"><span style=\"font-weight: 400;\">Hemos realizado formaciones para INCASOL (Generalitat de Catalunya), Consell Regional del Bages y Ayuntamiento de Barcelona, entre otras.\u00a0 \u00a0 <\/span> <\/span><\/p>\n<p><span style=\"font-weight: 400;\"><\/span><\/p>\n<p><span style=\"font-weight: 400;\"><\/span><\/p>\n<h6><b>Proyectos de referencia: <\/b><\/h6>\n<ul>\n<li style=\"font-weight: 400;\" aria-level=\"1\"><a href=\"https:\/\/equalsaree.org\/es\/lageneradora\/\" target=\"_blank\" rel=\"noopener\"><span style=\"font-weight: 400;\">La Generadora<\/span><\/a><\/li>\n<\/ul>\n<p>[\/et_pb_text][et_pb_text admin_label=\u00bbTexto\u00bb _builder_version=\u00bb4.16&#8243; background_size=\u00bbinitial\u00bb background_position=\u00bbtop_left\u00bb background_repeat=\u00bbrepeat\u00bb use_border_color=\u00bboff\u00bb global_colors_info=\u00bb{}\u00bb]<\/p>\n<h4><a href=\"#etapas\"><img loading=\"lazy\" decoding=\"async\" class=\"alignnone wp-image-445\" src=\"https:\/\/equalsaree.org\/wp-content\/uploads\/2016\/03\/FLECHA-1.png\" alt=\"FLECHA\" width=\"20\" height=\"22\" \/><\/a><\/h4>\n<p>[\/et_pb_text][\/et_pb_column][\/et_pb_row][et_pb_row admin_label=\u00bbFila\u00bb _builder_version=\u00bb4.16&#8243; background_size=\u00bbinitial\u00bb background_position=\u00bbtop_left\u00bb background_repeat=\u00bbrepeat\u00bb locked=\u00bboff\u00bb global_colors_info=\u00bb{}\u00bb][et_pb_column type=\u00bb4_4&#8243; _builder_version=\u00bb4.16&#8243; custom_padding=\u00bb|||\u00bb global_colors_info=\u00bb{}\u00bb custom_padding__hover=\u00bb|||\u00bb][et_pb_divider color=\u00bb#000000&#8243; divider_position=\u00bbcenter\u00bb disabled_on=\u00bbon|on|off\u00bb admin_label=\u00bbSeparador\u00bb _builder_version=\u00bb4.16&#8243; height=\u00bb80px\u00bb hide_on_mobile=\u00bbon\u00bb global_colors_info=\u00bb{}\u00bb]&nbsp;[\/et_pb_divider][\/et_pb_column][\/et_pb_row][et_pb_row column_structure=\u00bb1_2,1_2&#8243; admin_label=\u00bb#etapa1&#8243; _builder_version=\u00bb4.22.2&#8243; locked=\u00bboff\u00bb global_colors_info=\u00bb{}\u00bb][et_pb_column type=\u00bb1_2&#8243; _builder_version=\u00bb4.16&#8243; custom_padding=\u00bb|||\u00bb global_colors_info=\u00bb{}\u00bb custom_padding__hover=\u00bb|||\u00bb][et_pb_gallery gallery_ids=\u00bb2089&#8243; fullwidth=\u00bbon\u00bb admin_label=\u00bbGaler\u00eda\u00bb _builder_version=\u00bb4.23.1&#8243; auto=\u00bbon\u00bb pagination_font_size_tablet=\u00bb51&#8243; pagination_line_height_tablet=\u00bb2&#8243; use_border_color=\u00bboff\u00bb global_colors_info=\u00bb{}\u00bb]\u00a0 [\/et_pb_gallery][\/et_pb_column][et_pb_column type=\u00bb1_2&#8243; _builder_version=\u00bb4.16&#8243; custom_padding=\u00bb|||\u00bb global_colors_info=\u00bb{}\u00bb custom_padding__hover=\u00bb|||\u00bb][et_pb_text admin_label=\u00bbetapa 1&#8243; module_id=\u00bb#etapa1&#8243; _builder_version=\u00bb4.23.1&#8243; text_font_size=\u00bb12&#8243; text_line_height=\u00bb1.4em\u00bb background_size=\u00bbinitial\u00bb background_position=\u00bbtop_left\u00bb background_repeat=\u00bbrepeat\u00bb custom_padding=\u00bb||0px|||\u00bb use_border_color=\u00bboff\u00bb global_colors_info=\u00bb{}\u00bb]<\/p>\n<h3><b>Acciones de divulgaci\u00f3n y sensibilizaci\u00f3n<\/b><\/h3>\n<p><span style=\"font-weight: 400;\">Estamos comprometidas en compartir y expandir una l\u00ednea de pensamiento y de pr\u00e1ctica innovadora m\u00e1s democr\u00e1tica sobre la ciudad, el urbanismo y el dise\u00f1o. Buscamos generar nuevas formas de producci\u00f3n del conocimiento, basadas en la horizontalidad, la transversalidad, la interdisciplinariedad y el trabajo en red. Al mismo tiempo, queremos promover un intercambio constante entre la teor\u00eda y la pr\u00e1ctica.<\/span><\/p>\n<h5><b>Conferencias<\/b><\/h5>\n<p><span style=\"font-weight: 400;\">Realizamos charlas para compartir los principios conceptuales y metodol\u00f3gicos de la arquitectura y el urbanismo feminista. Ilustramos los contenidos con experiencias pr\u00e1cticas y ejemplos de proyectos propios para hacerlos entendedores y aplicados a la pr\u00e1ctica profesional.<\/span><\/p>\n<h5><b>Publicaciones<\/b><\/h5>\n<p><span style=\"font-weight: 400;\">Redactamos por encargo documentos de diferentes formatos con car\u00e1cter t\u00e9cnico, acad\u00e9mico o divulgativo con conceptos, metodolog\u00edas y experiencias de arquitectura y urbanismo con perspectiva de g\u00e9nero. Algunas de nuestras publicaciones se han traducido a diferentes idiomas y han tenido un impacto internacional.<\/span><\/p>\n<p><a href=\"https:\/\/equalsaree.org\/es\/mediateca\/\" target=\"_blank\" rel=\"noopener\"><span style=\"font-weight: 400;\">&gt; Conoce nuestras publicaciones!\u00a0<\/span><\/a><\/p>\n<h5><b>Exposiciones y acciones ef\u00edmeras<\/b><\/h5>\n<p><span style=\"font-weight: 400;\">Participamos en exposiciones internacionales con nuestros proyectos o con contenido que elaboramos por encargo. Dise\u00f1amos acciones de sensibilizaci\u00f3n para promover la reflexi\u00f3n sobre las desigualdades de g\u00e9nero en el espacio p\u00fablico. <\/span><\/p>\n<p><span style=\"font-weight: 400;\"><\/span><\/p>\n<p><span style=\"font-weight: 400;\"><\/span><\/p>\n<h6><b>Proyectos de referencia: <\/b><\/h6>\n<ul>\n<li><a href=\"https:\/\/equalsaree.org\/es\/project\/morecongress\/\">MORE. Expanding Architecture from a Gender-Based Perspective.<\/a><\/li>\n<li><a href=\"https:\/\/librairie.ademe.fr\/urbanisme-et-batiment\/5998-a-pied-d-oeuvre-mettre-les-pietons-au-coeur-de-la-fabrique-des-espaces-publics.html\">A pied d&#8217;oeuvre. Mettre les pi\u00e9tons au coeur de la fabrique des espaces publics<\/a><\/li>\n<li><a href=\"https:\/\/www.unicef.es\/sites\/unicef.es\/files\/comunicacion\/Informe_ODS_CAT_2020_DEF.pdf\">Unicef. L\u2019agenda 2020 en clau d\u2019inf\u00e0ncia a Catalunya. 10 anys per a l\u2019acci\u00f3<\/a><\/li>\n<\/ul>\n<p>[\/et_pb_text][et_pb_text admin_label=\u00bbTexto\u00bb _builder_version=\u00bb4.16&#8243; background_size=\u00bbinitial\u00bb background_position=\u00bbtop_left\u00bb background_repeat=\u00bbrepeat\u00bb use_border_color=\u00bboff\u00bb global_colors_info=\u00bb{}\u00bb]<\/p>\n<h4><a href=\"#etapas\"><img loading=\"lazy\" decoding=\"async\" class=\"alignnone wp-image-445\" src=\"https:\/\/equalsaree.org\/wp-content\/uploads\/2016\/03\/FLECHA-1.png\" alt=\"FLECHA\" width=\"20\" height=\"22\" \/><\/a><\/h4>\n<p>[\/et_pb_text][\/et_pb_column][\/et_pb_row][\/et_pb_section]<\/p>\n","protected":false},"excerpt":{"rendered":"<p>Formaci\u00f3n de urbanismo y arquitectura con perspectiva de g\u00e9nero&nbsp; \u00bfQu\u00e9 podemos hacer?Promover la reflexi\u00f3n cr\u00edtica sobre los usos, la configuraci\u00f3n y las percepciones de los espacios que habitamos es el primer paso hacia unos territorios m\u00e1s igualitarios y sostenibles. A trav\u00e9s de las formaciones y las acciones de sensibilizaci\u00f3n y divulgaci\u00f3n estimulamos la toma de [&hellip;]<\/p>\n","protected":false},"author":7,"featured_media":0,"parent":0,"menu_order":0,"comment_status":"closed","ping_status":"closed","template":"","meta":{"_seopress_robots_primary_cat":"","_seopress_titles_title":"Formaci\u00f3n urbanismo y Arquitectura con perspectiva de g\u00e9nero","_seopress_titles_desc":"A trav\u00e9s de formaciones sobre Urbanismo y Arquitectura con perspectiva feminista estimulamos la toma de consciencia y damos herramientas para implementar cambios","_seopress_robots_index":"","_et_pb_use_builder":"on","_et_pb_old_content":"","_et_gb_content_width":"","footnotes":""},"class_list":["post-5134","page","type-page","status-publish","hentry"],"_links":{"self":[{"href":"https:\/\/equalsaree.org\/es\/wp-json\/wp\/v2\/pages\/5134","targetHints":{"allow":["GET"]}}],"collection":[{"href":"https:\/\/equalsaree.org\/es\/wp-json\/wp\/v2\/pages"}],"about":[{"href":"https:\/\/equalsaree.org\/es\/wp-json\/wp\/v2\/types\/page"}],"author":[{"embeddable":true,"href":"https:\/\/equalsaree.org\/es\/wp-json\/wp\/v2\/users\/7"}],"replies":[{"embeddable":true,"href":"https:\/\/equalsaree.org\/es\/wp-json\/wp\/v2\/comments?post=5134"}],"version-history":[{"count":3,"href":"https:\/\/equalsaree.org\/es\/wp-json\/wp\/v2\/pages\/5134\/revisions"}],"predecessor-version":[{"id":16801,"href":"https:\/\/equalsaree.org\/es\/wp-json\/wp\/v2\/pages\/5134\/revisions\/16801"}],"wp:attachment":[{"href":"https:\/\/equalsaree.org\/es\/wp-json\/wp\/v2\/media?parent=5134"}],"curies":[{"name":"wp","href":"https:\/\/api.w.org\/{rel}","templated":true}]}}