{"id":16770,"date":"2024-06-11T13:51:24","date_gmt":"2024-06-11T13:51:24","guid":{"rendered":"https:\/\/equalsaree.org\/espacios-de-lactancia\/"},"modified":"2024-06-11T14:33:09","modified_gmt":"2024-06-11T14:33:09","slug":"espacios-de-lactancia","status":"publish","type":"page","link":"https:\/\/equalsaree.org\/es\/espacios-de-lactancia\/","title":{"rendered":"Espacios de lactancia"},"content":{"rendered":"<p>[et_pb_section fb_built=\u00bb1&#8243; admin_label=\u00bbsection\u00bb _builder_version=\u00bb4.16&#8243; collapsed=\u00bboff\u00bb global_colors_info=\u00bb{}\u00bb][et_pb_row admin_label=\u00bbrow\u00bb _builder_version=\u00bb4.16&#8243; background_size=\u00bbinitial\u00bb background_position=\u00bbtop_left\u00bb background_repeat=\u00bbrepeat\u00bb global_colors_info=\u00bb{}\u00bb][et_pb_column type=\u00bb4_4&#8243; _builder_version=\u00bb4.16&#8243; custom_padding=\u00bb|||\u00bb global_colors_info=\u00bb{}\u00bb custom_padding__hover=\u00bb|||\u00bb][et_pb_text admin_label=\u00bbTexto\u00bb _builder_version=\u00bb4.23.1&#8243; text_font_size=\u00bb18&#8243; background_size=\u00bbinitial\u00bb background_position=\u00bbtop_left\u00bb background_repeat=\u00bbrepeat\u00bb use_border_color=\u00bboff\u00bb border_color=\u00bb#ffffff\u00bb border_style=\u00bbsolid\u00bb global_colors_info=\u00bb{}\u00bb]<\/p>\n<h1><span style=\"color: #54beb7;\"><strong><b>Espacios de lactancia #Mam\u00edfera<\/b><\/strong><\/span><\/h1>\n<p>[\/et_pb_text][\/et_pb_column][\/et_pb_row][et_pb_row column_structure=\u00bb1_2,1_2&#8243; admin_label=\u00bbrow\u00bb _builder_version=\u00bb4.16&#8243; background_size=\u00bbinitial\u00bb background_position=\u00bbtop_left\u00bb background_repeat=\u00bbrepeat\u00bb global_colors_info=\u00bb{}\u00bb][et_pb_column type=\u00bb1_2&#8243; _builder_version=\u00bb4.16&#8243; custom_padding=\u00bb|||\u00bb global_colors_info=\u00bb{}\u00bb custom_padding__hover=\u00bb|||\u00bb][\/et_pb_column][et_pb_column type=\u00bb1_2&#8243; _builder_version=\u00bb4.16&#8243; custom_padding=\u00bb|||\u00bb global_colors_info=\u00bb{}\u00bb custom_padding__hover=\u00bb|||\u00bb][et_pb_text admin_label=\u00bbTexto\u00bb _builder_version=\u00bb4.23.1&#8243; text_font_size=\u00bb18&#8243; background_size=\u00bbinitial\u00bb background_position=\u00bbtop_left\u00bb background_repeat=\u00bbrepeat\u00bb use_border_color=\u00bboff\u00bb border_color=\u00bb#ffffff\u00bb border_style=\u00bbsolid\u00bb global_colors_info=\u00bb{}\u00bb]<\/p>\n<p><b><\/b><\/p>\n<p><b>\u00bfQu\u00e9 podemos hacer?<\/b><\/p>\n<p>[\/et_pb_text][et_pb_divider show_divider=\u00bboff\u00bb disabled_on=\u00bbon|on|off\u00bb admin_label=\u00bbSeparador\u00bb _builder_version=\u00bb4.16&#8243; hide_on_mobile=\u00bbon\u00bb global_colors_info=\u00bb{}\u00bb]&nbsp;[\/et_pb_divider][\/et_pb_column][\/et_pb_row][et_pb_row column_structure=\u00bb1_2,1_2&#8243; admin_label=\u00bbFila\u00bb _builder_version=\u00bb4.16&#8243; background_size=\u00bbinitial\u00bb background_position=\u00bbtop_left\u00bb background_repeat=\u00bbrepeat\u00bb global_colors_info=\u00bb{}\u00bb][et_pb_column type=\u00bb1_2&#8243; _builder_version=\u00bb4.16&#8243; custom_padding=\u00bb|||\u00bb global_colors_info=\u00bb{}\u00bb custom_padding__hover=\u00bb|||\u00bb][et_pb_text admin_label=\u00bbTexto\u00bb _builder_version=\u00bb4.23.1&#8243; text_font_size=\u00bb12&#8243; text_line_height=\u00bb1.4em\u00bb background_size=\u00bbinitial\u00bb background_position=\u00bbtop_left\u00bb background_repeat=\u00bbrepeat\u00bb hover_enabled=\u00bb0&#8243; use_border_color=\u00bboff\u00bb border_color=\u00bb#ffffff\u00bb border_style=\u00bbsolid\u00bb global_colors_info=\u00bb{}\u00bb sticky_enabled=\u00bb0&#8243;]<\/p>\n<p><span style=\"font-weight: 400;\">La lactancia es un momento clave en el desarrollo de la vida y que a\u00fan a d\u00eda de hoy genera conflictos en el momento de hacerlo en el espacio p\u00fablico. Muchas mujeres se sienten inc\u00f3modas, observadas e incluso juzgadas y tienen dificultad para encontrar espacios adecuados para amamantar. Nuestros proyectos est\u00e1n especialmente <strong>dise\u00f1ados para facilitar la lactancia en p\u00fablico y en colectivo<\/strong>. Reivindican unas <strong>ciudades cuidadoras que protejan las lactancias<\/strong>: un derecho y una necesidad universal.<\/span><\/p>\n<p>[\/et_pb_text][\/et_pb_column][et_pb_column type=\u00bb1_2&#8243; _builder_version=\u00bb4.16&#8243; custom_padding=\u00bb|||\u00bb global_colors_info=\u00bb{}\u00bb custom_padding__hover=\u00bb|||\u00bb][et_pb_text admin_label=\u00bbTexto\u00bb _builder_version=\u00bb4.23.1&#8243; text_font_size=\u00bb12&#8243; text_line_height=\u00bb1.4em\u00bb background_size=\u00bbinitial\u00bb background_position=\u00bbtop_left\u00bb background_repeat=\u00bbrepeat\u00bb use_border_color=\u00bboff\u00bb border_color=\u00bb#ffffff\u00bb border_style=\u00bbsolid\u00bb global_colors_info=\u00bb{}\u00bb]<\/p>\n<ul>\n<li><b>Dise\u00f1o de espacios de lactancia<\/b><\/li>\n<li><b>Proyectos estrat\u00e9gicos y de investigaci\u00f3n<\/b><\/li>\n<\/ul>\n<p>[\/et_pb_text][\/et_pb_column][\/et_pb_row][et_pb_row admin_label=\u00bbFila\u00bb _builder_version=\u00bb4.16&#8243; background_size=\u00bbinitial\u00bb background_position=\u00bbtop_left\u00bb background_repeat=\u00bbrepeat\u00bb global_colors_info=\u00bb{}\u00bb][et_pb_column type=\u00bb4_4&#8243; _builder_version=\u00bb4.16&#8243; custom_padding=\u00bb|||\u00bb global_colors_info=\u00bb{}\u00bb custom_padding__hover=\u00bb|||\u00bb][et_pb_divider show_divider=\u00bboff\u00bb disabled_on=\u00bbon|on|off\u00bb admin_label=\u00bbSeparador\u00bb _builder_version=\u00bb4.16&#8243; height=\u00bb20px\u00bb hide_on_mobile=\u00bbon\u00bb global_colors_info=\u00bb{}\u00bb]&nbsp;[\/et_pb_divider][\/et_pb_column][\/et_pb_row][et_pb_row admin_label=\u00bbFila\u00bb _builder_version=\u00bb4.16&#8243; background_size=\u00bbinitial\u00bb background_position=\u00bbtop_left\u00bb background_repeat=\u00bbrepeat\u00bb global_colors_info=\u00bb{}\u00bb][et_pb_column type=\u00bb4_4&#8243; _builder_version=\u00bb4.16&#8243; custom_padding=\u00bb|||\u00bb global_colors_info=\u00bb{}\u00bb custom_padding__hover=\u00bb|||\u00bb][et_pb_divider color=\u00bb#000000&#8243; divider_position=\u00bbcenter\u00bb disabled_on=\u00bbon|on|off\u00bb admin_label=\u00bbSeparador\u00bb _builder_version=\u00bb4.16&#8243; height=\u00bb80px\u00bb hide_on_mobile=\u00bbon\u00bb global_colors_info=\u00bb{}\u00bb]&nbsp;[\/et_pb_divider][\/et_pb_column][\/et_pb_row][et_pb_row column_structure=\u00bb1_2,1_2&#8243; padding_mobile=\u00bboff\u00bb column_padding_mobile=\u00bbon\u00bb admin_label=\u00bb#etapa1&#8243; module_id=\u00bbetapa1&#8243; _builder_version=\u00bb4.22.2&#8243; background_size=\u00bbinitial\u00bb background_position=\u00bbtop_left\u00bb background_repeat=\u00bbrepeat\u00bb locked=\u00bboff\u00bb global_colors_info=\u00bb{}\u00bb][et_pb_column type=\u00bb1_2&#8243; _builder_version=\u00bb4.16&#8243; custom_padding=\u00bb|||\u00bb global_colors_info=\u00bb{}\u00bb custom_padding__hover=\u00bb|||\u00bb][et_pb_gallery gallery_ids=\u00bb15516&#8243; fullwidth=\u00bbon\u00bb admin_label=\u00bbGaler\u00eda\u00bb _builder_version=\u00bb4.23.1&#8243; auto=\u00bbon\u00bb pagination_font_size_tablet=\u00bb51&#8243; pagination_line_height_tablet=\u00bb2&#8243; use_border_color=\u00bboff\u00bb global_colors_info=\u00bb{}\u00bb]\u00a0 [\/et_pb_gallery][\/et_pb_column][et_pb_column type=\u00bb1_2&#8243; _builder_version=\u00bb4.16&#8243; custom_padding=\u00bb|||\u00bb global_colors_info=\u00bb{}\u00bb custom_padding__hover=\u00bb|||\u00bb][et_pb_text admin_label=\u00bbetapa 1&#8243; module_id=\u00bb#etapa1&#8243; _builder_version=\u00bb4.23.1&#8243; text_font_size=\u00bb12&#8243; text_line_height=\u00bb1.4em\u00bb background_size=\u00bbinitial\u00bb background_position=\u00bbtop_left\u00bb background_repeat=\u00bbrepeat\u00bb custom_padding=\u00bb||0px|||\u00bb use_border_color=\u00bboff\u00bb global_colors_info=\u00bb{}\u00bb]<\/p>\n<h3><b>Dise\u00f1o de espacios de lactancia<\/b><\/h3>\n<p><span style=\"font-weight: 400;\">Dise\u00f1amos espacios y elementos de mobiliario urbano para facilitar las lactancias, que incorporan todos los apoyos necesarios para dar el pecho, el biber\u00f3n o alimentar lactantes a trav\u00e9s otros m\u00e9todos.<\/span><\/p>\n<p><span style=\"font-weight: 400;\"><\/span><\/p>\n<p><span style=\"font-weight: 400;\"><\/span><\/p>\n<h5><b>Alquiler de punto de lactancia <\/b><\/h5>\n<p><span style=\"font-weight: 400;\">\u201cMam\u00edfera. Punto de lactancia en colectivo\u201d es una estructura circular de madera especialmente dise\u00f1ada para la lactancia en p\u00fablico y en colectivo: un espacio visible y seguro, al mismo tiempo que acogedor y equipado con todos los apoyos necesarios para amamantar y alimentar lactantes. Es un punto de encuentro por madres y familias, un espacio de juego y de divulgaci\u00f3n, un refugio clim\u00e1tico y mucho m\u00e1s.<\/span><\/p>\n<p><a href=\"https:\/\/equalsaree.org\/es\/contacto\/\" target=\"_blank\" rel=\"noopener\">Conoce m\u00e1s sobre la estructura y ll\u00e9vala a tu municipio o evento!<\/a><b><\/b><\/p>\n<h5><b>Dise\u00f1o de mobiliario urbano para la lactancia<\/b><\/h5>\n<p><span style=\"font-weight: 400;\">Nuestros dise\u00f1os se basan en la experiencia propia y compartida con otras personas lactantes as\u00ed como en estudios de investigaci\u00f3n-participativa para dar respuesta a las necesidades reales de las personas que amamantan y a las que las acompa\u00f1an en este periodo.<\/span><\/p>\n<h6><span style=\"text-decoration: underline;\"><strong><\/strong><\/span><\/h6>\n<p><span style=\"text-decoration: underline;\"><strong><\/strong><\/span><\/p>\n<h6><b>Proyectos de referencia: <\/b><\/h6>\n<ul>\n<li><a href=\"https:\/\/equalsaree.org\/es\/project\/mamifera\/\" target=\"_blank\" rel=\"noopener\"><span style=\"font-weight: 400;\">Mam\u00edfera. Punt de lact\u00e0ncia en col\u00b7lectiu<\/span><\/a><\/li>\n<\/ul>\n<p>[\/et_pb_text][et_pb_text admin_label=\u00bbTexto\u00bb _builder_version=\u00bb4.16&#8243; background_size=\u00bbinitial\u00bb background_position=\u00bbtop_left\u00bb background_repeat=\u00bbrepeat\u00bb use_border_color=\u00bboff\u00bb global_colors_info=\u00bb{}\u00bb]<\/p>\n<h4><a href=\"#etapas\"><img loading=\"lazy\" decoding=\"async\" class=\"alignnone wp-image-445\" src=\"https:\/\/equalsaree.org\/wp-content\/uploads\/2016\/03\/FLECHA-1.png\" alt=\"FLECHA\" width=\"20\" height=\"22\" \/><\/a><\/h4>\n<p>[\/et_pb_text][\/et_pb_column][\/et_pb_row][et_pb_row admin_label=\u00bbFila\u00bb _builder_version=\u00bb4.16&#8243; background_size=\u00bbinitial\u00bb background_position=\u00bbtop_left\u00bb background_repeat=\u00bbrepeat\u00bb locked=\u00bboff\u00bb global_colors_info=\u00bb{}\u00bb][et_pb_column type=\u00bb4_4&#8243; _builder_version=\u00bb4.16&#8243; custom_padding=\u00bb|||\u00bb global_colors_info=\u00bb{}\u00bb custom_padding__hover=\u00bb|||\u00bb][et_pb_divider color=\u00bb#000000&#8243; divider_position=\u00bbcenter\u00bb disabled_on=\u00bbon|on|off\u00bb admin_label=\u00bbSeparador\u00bb _builder_version=\u00bb4.16&#8243; height=\u00bb80px\u00bb hide_on_mobile=\u00bbon\u00bb global_colors_info=\u00bb{}\u00bb]&nbsp;[\/et_pb_divider][\/et_pb_column][\/et_pb_row][et_pb_row column_structure=\u00bb1_2,1_2&#8243; padding_mobile=\u00bboff\u00bb column_padding_mobile=\u00bbon\u00bb admin_label=\u00bb#etapa1&#8243; module_id=\u00bbetapa1&#8243; _builder_version=\u00bb4.22.2&#8243; background_size=\u00bbinitial\u00bb background_position=\u00bbtop_left\u00bb background_repeat=\u00bbrepeat\u00bb locked=\u00bboff\u00bb global_colors_info=\u00bb{}\u00bb][et_pb_column type=\u00bb1_2&#8243; _builder_version=\u00bb4.16&#8243; custom_padding=\u00bb|||\u00bb global_colors_info=\u00bb{}\u00bb custom_padding__hover=\u00bb|||\u00bb][et_pb_gallery gallery_ids=\u00bb15537&#8243; fullwidth=\u00bbon\u00bb admin_label=\u00bbGaler\u00eda\u00bb _builder_version=\u00bb4.23.1&#8243; auto=\u00bbon\u00bb pagination_font_size_tablet=\u00bb51&#8243; pagination_line_height_tablet=\u00bb2&#8243; use_border_color=\u00bboff\u00bb global_colors_info=\u00bb{}\u00bb]\u00a0 [\/et_pb_gallery][\/et_pb_column][et_pb_column type=\u00bb1_2&#8243; _builder_version=\u00bb4.16&#8243; custom_padding=\u00bb|||\u00bb global_colors_info=\u00bb{}\u00bb custom_padding__hover=\u00bb|||\u00bb][et_pb_text admin_label=\u00bbetapa 1&#8243; module_id=\u00bb#etapa1&#8243; _builder_version=\u00bb4.23.1&#8243; text_font_size=\u00bb12&#8243; text_line_height=\u00bb1.4em\u00bb background_size=\u00bbinitial\u00bb background_position=\u00bbtop_left\u00bb background_repeat=\u00bbrepeat\u00bb custom_padding=\u00bb||0px|||\u00bb use_border_color=\u00bboff\u00bb global_colors_info=\u00bb{}\u00bb]<\/p>\n<h3><span style=\"font-weight: 400;\"><b>Proyectos estrat\u00e9gicos y de investigaci\u00f3n<\/b><\/span><\/h3>\n<p><span style=\"font-weight: 400;\">Os acompa\u00f1amos a definir vuestra estrategia de apoyo a las lactancias. A partir de una diagnosis participada sobre lactancia y espacio p\u00fablico en vuestro territorio, definimos como dar respuesta a las necesidades de las personas lactantes y de sus familias a trav\u00e9s de la articulaci\u00f3n y mejora de las infraestructuras existentes y de nuevas propuestas. <\/span><\/p>\n<p>&nbsp;<\/p>\n<h5><b>Investigaci\u00f3n participativa sobre lactancias y espacio p\u00fablico<\/b><\/h5>\n<p><span style=\"font-weight: 400;\">A partir de metodolog\u00edas y t\u00e9cnicas participativas recogemos las dificultades, necesidades y deseos espec\u00edficos de las personas que amamantan en vuestro territorio. Esta investigaci\u00f3n tiene un triple objetivo: en primer lugar, conocer las carencias y oportunidades que existen en vuestro territorio en materia de apoyo a la lactancia; en segundo lugar, definir conjuntamente estrategias y propuestas para mejorar la situaci\u00f3n de partida; y por \u00faltimo, visibilizar la lactancia como un derecho de las mujeres y de la infancia, las dificultades y discriminaciones que todav\u00eda tienen que afrontar y avanzar en la normalizaci\u00f3n de la lactancia al espacio p\u00fablico.<\/span><\/p>\n<h5><b>Red urbana de apoyo a las lactancias<\/b><\/h5>\n<p><span style=\"font-weight: 400;\">Os ayudamos a dise\u00f1ar y articular la red de infraestructuras y espacios de apoyo a la lactancia en vuestro territorio. Partimos de las equipaciones y servicios existentes y, si procede, proponemos nuevos espacios o elementos de apoyo a la lactancia para dar respuesta a las necesidades concretas de vuestro municipio o comunidad.<\/span><\/p>\n<p><span style=\"font-weight: 400;\"><\/span><\/p>\n<h6><b>Proyectos de referencia: <\/b><\/h6>\n<ul>\n<li><a href=\"https:\/\/equalsaree.org\/es\/project\/mamifera\/\" target=\"_blank\" rel=\"noopener\"><span style=\"font-weight: 400;\">Mam\u00edfera. Punt de lact\u00e0ncia en col\u00b7lectiu<\/span><\/a><\/li>\n<\/ul>\n<ul><\/ul>\n<p>[\/et_pb_text][et_pb_text admin_label=\u00bbTexto\u00bb _builder_version=\u00bb4.16&#8243; background_size=\u00bbinitial\u00bb background_position=\u00bbtop_left\u00bb background_repeat=\u00bbrepeat\u00bb use_border_color=\u00bboff\u00bb global_colors_info=\u00bb{}\u00bb]<\/p>\n<h4><a href=\"#etapas\"><img loading=\"lazy\" decoding=\"async\" class=\"alignnone wp-image-445\" src=\"https:\/\/equalsaree.org\/wp-content\/uploads\/2016\/03\/FLECHA-1.png\" alt=\"FLECHA\" width=\"20\" height=\"22\" \/><\/a><\/h4>\n<p>[\/et_pb_text][\/et_pb_column][\/et_pb_row][\/et_pb_section]<\/p>\n","protected":false},"excerpt":{"rendered":"<p>Espacios de lactancia #Mam\u00edfera \u00bfQu\u00e9 podemos hacer?&nbsp;La lactancia es un momento clave en el desarrollo de la vida y que a\u00fan a d\u00eda de hoy genera conflictos en el momento de hacerlo en el espacio p\u00fablico. Muchas mujeres se sienten inc\u00f3modas, observadas e incluso juzgadas y tienen dificultad para encontrar espacios adecuados para amamantar. Nuestros [&hellip;]<\/p>\n","protected":false},"author":7,"featured_media":0,"parent":0,"menu_order":0,"comment_status":"closed","ping_status":"closed","template":"","meta":{"_seopress_robots_primary_cat":"","_seopress_titles_title":"Dise\u00f1o de espacios de lactancia #Mam\u00edfera","_seopress_titles_desc":"","_seopress_robots_index":"","_et_pb_use_builder":"on","_et_pb_old_content":"","_et_gb_content_width":"","footnotes":""},"class_list":["post-16770","page","type-page","status-publish","hentry"],"_links":{"self":[{"href":"https:\/\/equalsaree.org\/es\/wp-json\/wp\/v2\/pages\/16770","targetHints":{"allow":["GET"]}}],"collection":[{"href":"https:\/\/equalsaree.org\/es\/wp-json\/wp\/v2\/pages"}],"about":[{"href":"https:\/\/equalsaree.org\/es\/wp-json\/wp\/v2\/types\/page"}],"author":[{"embeddable":true,"href":"https:\/\/equalsaree.org\/es\/wp-json\/wp\/v2\/users\/7"}],"replies":[{"embeddable":true,"href":"https:\/\/equalsaree.org\/es\/wp-json\/wp\/v2\/comments?post=16770"}],"version-history":[{"count":3,"href":"https:\/\/equalsaree.org\/es\/wp-json\/wp\/v2\/pages\/16770\/revisions"}],"predecessor-version":[{"id":16795,"href":"https:\/\/equalsaree.org\/es\/wp-json\/wp\/v2\/pages\/16770\/revisions\/16795"}],"wp:attachment":[{"href":"https:\/\/equalsaree.org\/es\/wp-json\/wp\/v2\/media?parent=16770"}],"curies":[{"name":"wp","href":"https:\/\/api.w.org\/{rel}","templated":true}]}}