{"id":11463,"date":"2021-01-27T17:59:43","date_gmt":"2021-01-27T17:59:43","guid":{"rendered":"https:\/\/equalsaree.org\/serveis\/"},"modified":"2024-06-11T14:25:51","modified_gmt":"2024-06-11T14:25:51","slug":"servicios-urbanismo-arquitectura-genero","status":"publish","type":"page","link":"https:\/\/equalsaree.org\/es\/servicios-urbanismo-arquitectura-genero\/","title":{"rendered":"Servicios"},"content":{"rendered":"<p>[et_pb_section fb_built=\u00bb1&#8243; admin_label=\u00bbsection\u00bb _builder_version=\u00bb4.16&#8243; global_colors_info=\u00bb{}\u00bb][et_pb_row admin_label=\u00bbrow\u00bb _builder_version=\u00bb4.16&#8243; background_size=\u00bbinitial\u00bb background_position=\u00bbtop_left\u00bb background_repeat=\u00bbrepeat\u00bb collapsed=\u00bboff\u00bb global_colors_info=\u00bb{}\u00bb][et_pb_column type=\u00bb4_4&#8243; _builder_version=\u00bb4.16&#8243; custom_padding=\u00bb|||\u00bb global_colors_info=\u00bb{}\u00bb custom_padding__hover=\u00bb|||\u00bb][et_pb_text admin_label=\u00bbText\u00bb _builder_version=\u00bb4.16&#8243; background_size=\u00bbinitial\u00bb background_position=\u00bbtop_left\u00bb background_repeat=\u00bbrepeat\u00bb use_border_color=\u00bboff\u00bb border_color=\u00bb#ffffff\u00bb border_style=\u00bbsolid\u00bb global_colors_info=\u00bb{}\u00bb]<\/p>\n<h1><span style=\"color: #54beb7;\"><strong>Servicios<\/strong><\/span><\/h1>\n<p>[\/et_pb_text][et_pb_text _builder_version=\u00bb4.23.1&#8243; link_option_url=\u00bbhttps:\/\/equalsaree.org\/es\/espaciosurbanos\/\u00bb locked=\u00bboff\u00bb global_colors_info=\u00bb{}\u00bb]<\/p>\n<p><span>Nos especializamos en dise\u00f1o de espacio p\u00fablico con perspectiva de g\u00e9nero, dise\u00f1o de patios coeducativos y dinamizaci\u00f3n de procesos participativos inclusivos y con infancia.<\/span><\/p>\n<p>[\/et_pb_text][et_pb_divider show_divider=\u00bboff\u00bb _builder_version=\u00bb4.16&#8243; global_colors_info=\u00bb{}\u00bb][\/et_pb_divider][\/et_pb_column][\/et_pb_row][et_pb_row column_structure=\u00bb1_3,1_3,1_3&#8243; admin_label=\u00bbrow\u00bb _builder_version=\u00bb4.16&#8243; background_size=\u00bbinitial\u00bb background_position=\u00bbtop_left\u00bb background_repeat=\u00bbrepeat\u00bb collapsed=\u00bboff\u00bb global_colors_info=\u00bb{}\u00bb][et_pb_column type=\u00bb1_3&#8243; _builder_version=\u00bb4.16&#8243; custom_padding=\u00bb|||\u00bb global_colors_info=\u00bb{}\u00bb custom_padding__hover=\u00bb|||\u00bb][et_pb_image src=\u00bbhttps:\/\/equalsaree.org\/wp-content\/uploads\/2024\/03\/ESPAI-PUBLIC_EqualSaree.jpg\u00bb title_text=\u00bbESPAI P\u00daBLIC_EqualSaree\u00bb url=\u00bbhttps:\/\/equalsaree.org\/es\/espacios-publicos\/\u00bb _builder_version=\u00bb4.23.1&#8243; global_colors_info=\u00bb{}\u00bb][\/et_pb_image][et_pb_text _builder_version=\u00bb4.23.1&#8243; link_option_url=\u00bbhttps:\/\/equalsaree.org\/es\/espacios-publicos\/\u00bb global_colors_info=\u00bb{}\u00bb]<\/p>\n<p><strong>Dise\u00f1o de espacio p\u00fablico con perspectiva de g\u00e8nero<\/strong><\/p>\n<p>[\/et_pb_text][\/et_pb_column][et_pb_column type=\u00bb1_3&#8243; _builder_version=\u00bb4.16&#8243; custom_padding=\u00bb|||\u00bb global_colors_info=\u00bb{}\u00bb custom_padding__hover=\u00bb|||\u00bb][et_pb_image src=\u00bbhttps:\/\/equalsaree.org\/wp-content\/uploads\/2024\/06\/ESPAIS-LACTANCIA_EqualSaree.jpg\u00bb title_text=\u00bbESPAIS LACT\u00c0NCIA_EqualSaree\u00bb url=\u00bbhttps:\/\/equalsaree.org\/es\/espacios-de-lactancia\/\u00bb _builder_version=\u00bb4.23.1&#8243; hover_enabled=\u00bb0&#8243; global_colors_info=\u00bb{}\u00bb sticky_enabled=\u00bb0&#8243;][\/et_pb_image][et_pb_text _builder_version=\u00bb4.23.1&#8243; link_option_url=\u00bbhttps:\/\/equalsaree.org\/es\/espacios-de-lactancia\/\u00bb hover_enabled=\u00bb0&#8243; global_colors_info=\u00bb{}\u00bb sticky_enabled=\u00bb0&#8243;]<\/p>\n<p><strong>Espacios de lactancia #Mam\u00edfera<\/strong><\/p>\n<p>[\/et_pb_text][\/et_pb_column][et_pb_column type=\u00bb1_3&#8243; _builder_version=\u00bb4.16&#8243; custom_padding=\u00bb|||\u00bb global_colors_info=\u00bb{}\u00bb custom_padding__hover=\u00bb|||\u00bb][et_pb_image src=\u00bbhttps:\/\/equalsaree.org\/wp-content\/uploads\/2024\/03\/ESCOLES_EqualSaree.jpg\u00bb title_text=\u00bbESCOLES_EqualSaree\u00bb url=\u00bbhttps:\/\/equalsaree.org\/es\/diseno-patios-coeducativos\/\u00bb _builder_version=\u00bb4.23.1&#8243; global_colors_info=\u00bb{}\u00bb][\/et_pb_image][et_pb_text _builder_version=\u00bb4.23.1&#8243; link_option_url=\u00bbhttps:\/\/equalsaree.org\/es\/diseno-patios-coeducativos\/\u00bb global_colors_info=\u00bb{}\u00bb]<\/p>\n<p><strong>Dise\u00f1o de patios coeducativos<\/strong><\/p>\n<p>[\/et_pb_text][\/et_pb_column][\/et_pb_row][et_pb_row column_structure=\u00bb1_3,1_3,1_3&#8243; admin_label=\u00bbrow\u00bb _builder_version=\u00bb4.16&#8243; background_size=\u00bbinitial\u00bb background_position=\u00bbtop_left\u00bb background_repeat=\u00bbrepeat\u00bb locked=\u00bboff\u00bb collapsed=\u00bboff\u00bb global_colors_info=\u00bb{}\u00bb][et_pb_column type=\u00bb1_3&#8243; _builder_version=\u00bb4.16&#8243; custom_padding=\u00bb|||\u00bb global_colors_info=\u00bb{}\u00bb custom_padding__hover=\u00bb|||\u00bb][et_pb_image src=\u00bbhttps:\/\/equalsaree.org\/wp-content\/uploads\/2024\/03\/PARTICIPACIO_EqualSaree.jpg\u00bb title_text=\u00bbPARTICIPACI\u00d3_EqualSaree\u00bb url=\u00bbhttps:\/\/equalsaree.org\/es\/procesos-participativos\/\u00bb _builder_version=\u00bb4.23.1&#8243; global_colors_info=\u00bb{}\u00bb][\/et_pb_image][et_pb_text _builder_version=\u00bb4.23.1&#8243; link_option_url=\u00bbhttps:\/\/equalsaree.org\/es\/procesos-participativos\/\u00bb global_colors_info=\u00bb{}\u00bb]<\/p>\n<p><strong>Procesos participativos con perspectiva de g\u00e8nero<\/strong><\/p>\n<p>[\/et_pb_text][\/et_pb_column][et_pb_column type=\u00bb1_3&#8243; _builder_version=\u00bb4.16&#8243; custom_padding=\u00bb|||\u00bb global_colors_info=\u00bb{}\u00bb custom_padding__hover=\u00bb|||\u00bb][et_pb_image src=\u00bbhttps:\/\/equalsaree.org\/wp-content\/uploads\/2024\/03\/CONSULTORIA_EqualSaree.jpg\u00bb title_text=\u00bbCONSULTORIA_EqualSaree\u00bb url=\u00bbhttps:\/\/equalsaree.org\/es\/consultoria-urbanismo-perspectiva-genero\/\u00bb _builder_version=\u00bb4.23.1&#8243; global_colors_info=\u00bb{}\u00bb][\/et_pb_image][et_pb_text _builder_version=\u00bb4.23.1&#8243; link_option_url=\u00bbhttps:\/\/equalsaree.org\/es\/consultoria-urbanismo-perspectiva-genero\/\u00bb global_colors_info=\u00bb{}\u00bb]<\/p>\n<p><strong>Consultor\u00eda urbanismo y arquitectura<\/strong><\/p>\n<p>[\/et_pb_text][\/et_pb_column][et_pb_column type=\u00bb1_3&#8243; _builder_version=\u00bb4.16&#8243; custom_padding=\u00bb|||\u00bb global_colors_info=\u00bb{}\u00bb custom_padding__hover=\u00bb|||\u00bb][et_pb_image src=\u00bbhttps:\/\/equalsaree.org\/wp-content\/uploads\/2024\/03\/FORMACIONS_EqualSaree.jpg\u00bb title_text=\u00bbFORMACIONS_EqualSaree\u00bb url=\u00bbhttps:\/\/equalsaree.org\/es\/formacion-urbanismo-perspectiva-genero\/\u00bb _builder_version=\u00bb4.23.1&#8243; global_colors_info=\u00bb{}\u00bb][\/et_pb_image][et_pb_text _builder_version=\u00bb4.23.1&#8243; link_option_url=\u00bbhttps:\/\/equalsaree.org\/es\/formacion-urbanismo-perspectiva-genero\/\u00bb global_colors_info=\u00bb{}\u00bb]<\/p>\n<p><strong>Formaci\u00f3n de urbanismo y arquitectura<\/strong><\/p>\n<p>[\/et_pb_text][\/et_pb_column][\/et_pb_row][\/et_pb_section]<\/p>\n","protected":false},"excerpt":{"rendered":"<p>ServiciosNos especializamos en dise\u00f1o de espacio p\u00fablico con perspectiva de g\u00e9nero, dise\u00f1o de patios coeducativos y dinamizaci\u00f3n de procesos participativos inclusivos y con infancia.Dise\u00f1o de espacio p\u00fablico con perspectiva de g\u00e8neroEspacios de lactancia #Mam\u00edferaDise\u00f1o de patios coeducativosProcesos participativos con perspectiva de g\u00e8neroConsultor\u00eda urbanismo y arquitecturaFormaci\u00f3n de urbanismo y arquitectura<\/p>\n","protected":false},"author":7,"featured_media":0,"parent":0,"menu_order":0,"comment_status":"closed","ping_status":"closed","template":"","meta":{"_seopress_robots_primary_cat":"","_seopress_titles_title":"Servicios de Urbanismo y Arquitectura con perspectiva de g\u00e9nero","_seopress_titles_desc":"Nos especializamos en dise\u00f1o de espacio p\u00fablico con perspectiva de g\u00e9nero, dise\u00f1o de patios coeducativos y dinamizaci\u00f3n de procesos participativos inclusivos","_seopress_robots_index":"","_et_pb_use_builder":"on","_et_pb_old_content":"","_et_gb_content_width":"","footnotes":""},"class_list":["post-11463","page","type-page","status-publish","hentry"],"_links":{"self":[{"href":"https:\/\/equalsaree.org\/es\/wp-json\/wp\/v2\/pages\/11463","targetHints":{"allow":["GET"]}}],"collection":[{"href":"https:\/\/equalsaree.org\/es\/wp-json\/wp\/v2\/pages"}],"about":[{"href":"https:\/\/equalsaree.org\/es\/wp-json\/wp\/v2\/types\/page"}],"author":[{"embeddable":true,"href":"https:\/\/equalsaree.org\/es\/wp-json\/wp\/v2\/users\/7"}],"replies":[{"embeddable":true,"href":"https:\/\/equalsaree.org\/es\/wp-json\/wp\/v2\/comments?post=11463"}],"version-history":[{"count":3,"href":"https:\/\/equalsaree.org\/es\/wp-json\/wp\/v2\/pages\/11463\/revisions"}],"predecessor-version":[{"id":16791,"href":"https:\/\/equalsaree.org\/es\/wp-json\/wp\/v2\/pages\/11463\/revisions\/16791"}],"wp:attachment":[{"href":"https:\/\/equalsaree.org\/es\/wp-json\/wp\/v2\/media?parent=11463"}],"curies":[{"name":"wp","href":"https:\/\/api.w.org\/{rel}","templated":true}]}}